{"id":10299,"date":"2016-04-04T18:08:34","date_gmt":"2016-04-04T16:08:34","guid":{"rendered":"http:\/\/www.grupnexus.com\/es\/landing\/depilacio-laser-medica\/"},"modified":"2021-04-06T11:09:23","modified_gmt":"2021-04-06T09:09:23","slug":"depilacion-laser-medica-2","status":"publish","type":"page","link":"https:\/\/grupnexus.com\/es\/landing\/depilacion-laser-medica-2\/","title":{"rendered":"Depilaci\u00f3n l\u00e1ser m\u00e9dica"},"content":{"rendered":"<div class=\"row \"><div class=\"wpv-grid grid-1-1  wpv-first-level first unextended animation-fade-in animated-active\" style=\"padding-top:0px;padding-bottom:45px\" id=\"wpv-column-69a1283c44371ef61cbddb224318bb14\" ><div class=\"row \"><div class=\"wpv-grid grid-1-1  first unextended animation-from-left animated-active\" style=\"padding-top:0px;padding-bottom:0px\" id=\"wpv-column-5da46610f8f0a292cad7d7978d3360fc\" ><p><img loading=\"lazy\" class=\"aligncenter size-full wp-image-24276\" src=\"https:\/\/grupnexus.com\/wp-content\/uploads\/2021\/03\/depilacio-laser-nexus-lleida-1200x800-1.jpg\" alt=\"retocada imtges nexus\" width=\"900\" height=\"auto\" \/><\/p>\n<div style=\"padding: 0% 10% 2% 10%;\">\n<h1 style=\"color: #124577; text-align: center;\">DEPILACI\u00d3N L\u00c1SER\u00a0 LLEIDA<\/h1>\n<div class=\"push\" style='height:10px'><\/div>\n<p style=\"text-align: center; color: #35b5e6; font-size: 2em; line-height: 1em; font-weight: 600;\">Depilaci\u00f3n l\u00e1ser m\u00e9dica segura y eficaz.<\/p>\n<p style=\"text-align: center; color: #162e4d; font-size: 2em; line-height: 1em; font-weight: 600;\">Profesionales experimentados, supervisi\u00f3n m\u00e9dica,<br \/>\ntecnolog\u00eda de vanguardia.<\/p>\n<p class=\"textcenter\"><a href=\"tel:\/\/973279810\" target=\"_self\" style='font-size: 18px;' class=\"button vamtam-button accent1  button-border hover-accent1 \"><span class='icon shortcode  ' style=''>&#57490;<\/span><span class=\"btext\">Ll\u00e1manos al 973 279 810<\/span><\/a><\/p>\n<p class=\"textcenter\"><a href=\"https:\/\/api.whatsapp.com\/send?phone=34680315500&amp;text=Me%20interesa%20saber%20m%C3%A1s%20sobre%20la%20depilaci%C3%B3n%20l%C3%A1ser%20lleida\" target=\"_blank\" style='font-size: 18px;' class=\"button vamtam-button accent1  button-border hover-accent1 \"><span class='icon shortcode  ' style=''>&#57490;<\/span><span class=\"btext\">&#8211; Escr\u00edbenos un WhatsApp al 680 315 500<\/span><\/a><\/p>\n<\/div>\n<p style=\"text-align: center; color: #35b5e6; font-size: 1.3em; line-height: 2em; font-weight: 500;\">L\u00e1seres aprobados por la FDA, Cualquier color de vello, Todos los fototipos de piel, Cualquier zona del cuerpo,<br \/>\nIndolora, Sin efectos secundarios, Eliminaci\u00f3n permanente del vello<\/div><\/div>\n<div class=\"row \"><div class=\"wpv-grid grid-1-1  first unextended animation-from-left animated-active\" style=\"padding-top:0px;padding-bottom:0px\" id=\"wpv-column-c82be8012c75575266147125b9a648df\" ><p style=\"text-align: center; color: #162e4d; font-size: 2em; line-height: 1em; font-weight: 600;\">Opiniones y testimonios:<\/div><\/div>\n<div class=\"row \"><div class=\"wpv-grid grid-1-3  first unextended animation-from-left animated-active\" style=\"padding-top:0px;padding-bottom:0px\" id=\"wpv-column-9e233df8d71a26ddba7f184701e32ed4\" ><p><img loading=\"lazy\" class=\"aligncenter size-full wp-image-24276\" src=\"https:\/\/grupnexus.com\/wp-content\/uploads\/2021\/04\/paco-belloc.jpg\" alt=\"https:\/\/grupnexus.com\/wp-content\/uploads\/2021\/04\/paco-belloc.jpg\" width=\"full\" height=\"auto\" \/><\/p>\n<p style=\"text-align: center; color: #35b5e6; font-size: 1em; line-height: 2em; font-weight: 600;\"><a href=\"https:\/\/grupnexus.com\/es\/depilacion-laser-medica-testimonio-paco-belloc\/ \">Paco Belloc: Con solo 3 sesiones el pelo de mi torso ha desaparecido definitivamente<\/a><\/div>\n<div class=\"wpv-grid grid-1-3  unextended animation-from-left animated-active\" style=\"padding-top:0px;padding-bottom:0px\" id=\"wpv-column-cb87fb0021c2df90dbd18c48748733ab\" ><p><img loading=\"lazy\" class=\"aligncenter size-full wp-image-24276\" src=\"https:\/\/grupnexus.com\/wp-content\/uploads\/2021\/04\/judith-torrent-1.jpg\" alt=\"https:\/\/grupnexus.com\/wp-content\/uploads\/2021\/04\/judith-torrent-1.jpg\" width=\"full\" height=\"auto\" \/><\/p>\n<p style=\"text-align: center; color: #35b5e6; font-size: 1em; line-height: 2em; font-weight: 600;\"><a href=\"https:\/\/grupnexus.com\/es\/depilacio-laser-medica-testimonio-judithtorrent\/ \">Judith Torrent: Despu\u00e9s de probar la fotodepilaci\u00f3n en diferentes centros, me sent\u00ed enga\u00f1ada, pero en Nexus he conseguido una depilaci\u00f3n definitiva<\/a><\/div>\n<div class=\"wpv-grid grid-1-3  unextended animation-from-left animated-active\" style=\"padding-top:0px;padding-bottom:0px\" id=\"wpv-column-4bd295c19924e6e051183e8225732c75\" ><p><img loading=\"lazy\" class=\"aligncenter size-full wp-image-24276\" src=\"https:\/\/grupnexus.com\/wp-content\/uploads\/2021\/04\/laia-viudez-1.jpg\" alt=\"https:\/\/grupnexus.com\/wp-content\/uploads\/2021\/04\/laia-viudez-1.jpg\" width=\"full\" height=\"auto\" \/><\/p>\n<p style=\"text-align: center; color: #35b5e6; font-size: 1em; line-height: 2em; font-weight: 600;\"><a href=\"https:\/\/grupnexus.com\/es\/depilacion-laser-testimonio-laiaviudez\/ \">Laia Viudez: En pocas sesiones puedo afirmar que mi pelo ha desaparecido gracias a la profesionalidad, personalizaci\u00f3n y control m\u00e9dico de todo el equipo de Nexus<\/a><\/div><\/div><\/div><\/div>\n<div class=\"row \"><div class=\"wpv-grid grid-1-1  wpv-first-level first unextended animation-from-left animated-active\" style=\"padding-top:0px;padding-bottom:0px\" id=\"wpv-column-2e657f299a9e30bc2cbd42309df6db97\" ><p style=\"text-align: center; color: #162e4d; font-size: 2.3em; line-height: 1em; font-weight: 600;\">10 sistemas de depilaci\u00f3n l\u00e1ser m\u00e9dico de vanguardia para un resultado 10<\/p>\n<p><img loading=\"lazy\" class=\"aligncenter size-full wp-image-24276\" src=\"https:\/\/grupnexus.com\/wp-content\/uploads\/2021\/04\/IMG_0086-1.jpg\" alt=\"retocada imtges nexus\" width=\"600\" height=\"auto\" \/><\/p>\n<p style=\"text-align: center; color: #35b5e6; font-size: 2em; line-height: 1em; font-weight: 600;\"><a style=\"color: #35b5e6; font-size: 1em; line-height: 1em; font-weight: 600;\" href=\"https:\/\/grupnexus.com\/es\/10-sistemas-de-depilacion-laser-medico-de-vanguardia-para-un-resultado-10\/\">Consulta aqu\u00ed nuestros l\u00e1seres<\/a><\/p>\n<p style=\"text-align: center; color: #35b5e6; font-size: 2.5em; line-height: 1em; font-weight: 600;\">25 a\u00f1os cuidando de ti<\/p>\n<p style=\"text-align: center; color: #162e4d; font-size: 2em; line-height: 1em; font-weight: 600;\">\u00bfCual es la promoci\u00f3n en depilaci\u00f3n l\u00e1ser este mes?<\/p>\n<p class=\"textcenter\"><a href=\"tel:\/\/973279810\" target=\"_self\" style='font-size: 18px;' class=\"button vamtam-button accent1  button-border hover-accent1 \"><span class='icon shortcode  ' style=''>&#57490;<\/span><span class=\"btext\">Ll\u00e1manos al 973 279 810<\/span><\/a><\/p>\n<p class=\"textcenter\"><a href=\"https:\/\/api.whatsapp.com\/send?phone=34680315500&amp;text=Me%20interesa%20saber%20m%C3%A1s%20sobre%20la%20depilaci%C3%B3n%20l%C3%A1ser%20lleida\" target=\"_blank\" style='font-size: 18px;' class=\"button vamtam-button accent1  button-border hover-accent1 \"><span class='icon shortcode  ' style=''>&#57490;<\/span><span class=\"btext\">&#8211; Escr\u00edbenos un WhatsApp al 680 315 500<\/span><\/a><\/p><\/div><\/div>\n<div class=\"push\" ><\/div>\n","protected":false},"excerpt":{"rendered":"<p>DEPILACI\u00d3N L\u00c1SER\u00a0 LLEIDA Depilaci\u00f3n l\u00e1ser m\u00e9dica segura y eficaz. Profesionales experimentados, supervisi\u00f3n m\u00e9dica, tecnolog\u00eda de vanguardia. L\u00e1seres aprobados por la FDA, Cualquier color de vello, Todos los fototipos de piel, Cualquier zona del cuerpo, Indolora, Sin efectos secundarios, Eliminaci\u00f3n permanente del vello Opiniones y testimonios: Paco Belloc: Con solo 3 sesiones el pelo de mi&#8230;<\/p>\n","protected":false},"author":5,"featured_media":0,"parent":10292,"menu_order":0,"comment_status":"closed","ping_status":"closed","template":"","meta":[],"yoast_head":"<!-- This site is optimized with the Yoast SEO plugin v18.6 - https:\/\/yoast.com\/wordpress\/plugins\/seo\/ -->\n<title>Depilaci\u00f3n l\u00e1ser Lleida<\/title>\n<meta name=\"robots\" content=\"index, follow, max-snippet:-1, max-image-preview:large, max-video-preview:-1\" \/>\n<link rel=\"canonical\" href=\"https:\/\/grupnexus.com\/es\/landing\/depilacion-laser-medica-2\/\" \/>\n<meta property=\"og:locale\" content=\"es_ES\" \/>\n<meta property=\"og:type\" content=\"article\" \/>\n<meta property=\"og:title\" content=\"Depilaci\u00f3n l\u00e1ser Lleida\" \/>\n<meta property=\"og:description\" content=\"DEPILACI\u00d3N L\u00c1SER\u00a0 LLEIDA Depilaci\u00f3n l\u00e1ser m\u00e9dica segura y eficaz. Profesionales experimentados, supervisi\u00f3n m\u00e9dica, tecnolog\u00eda de vanguardia. L\u00e1seres aprobados por la FDA, Cualquier color de vello, Todos los fototipos de piel, Cualquier zona del cuerpo, Indolora, Sin efectos secundarios, Eliminaci\u00f3n permanente del vello Opiniones y testimonios: Paco Belloc: Con solo 3 sesiones el pelo de mi...\" \/>\n<meta property=\"og:url\" content=\"https:\/\/grupnexus.com\/es\/landing\/depilacion-laser-medica-2\/\" \/>\n<meta property=\"og:site_name\" content=\"Cl\u00ednica Nexus\" \/>\n<meta property=\"article:modified_time\" content=\"2021-04-06T09:09:23+00:00\" \/>\n<meta property=\"og:image\" content=\"https:\/\/grupnexus.com\/wp-content\/uploads\/2021\/03\/depilacio-laser-nexus-lleida-1200x800-1.jpg\" \/>\n<meta name=\"twitter:card\" content=\"summary\" \/>\n<meta name=\"twitter:label1\" content=\"Tiempo de lectura\" \/>\n\t<meta name=\"twitter:data1\" content=\"2 minutos\" \/>\n<script type=\"application\/ld+json\" class=\"yoast-schema-graph\">{\"@context\":\"https:\/\/schema.org\",\"@graph\":[{\"@type\":\"WebSite\",\"@id\":\"https:\/\/grupnexus.com\/es\/#website\",\"url\":\"https:\/\/grupnexus.com\/es\/\",\"name\":\"Cl\u00ednica Nexus\",\"description\":\"L\u00edders en Medicina Est\u00e8tica Avan\u00e7ada\",\"potentialAction\":[{\"@type\":\"SearchAction\",\"target\":{\"@type\":\"EntryPoint\",\"urlTemplate\":\"https:\/\/grupnexus.com\/es\/?s={search_term_string}\"},\"query-input\":\"required name=search_term_string\"}],\"inLanguage\":\"es\"},{\"@type\":\"ImageObject\",\"@id\":\"https:\/\/grupnexus.com\/es\/landing\/depilacion-laser-medica-2\/#primaryimage\",\"inLanguage\":\"es\",\"url\":\"https:\/\/grupnexus.com\/wp-content\/uploads\/2021\/03\/depilacio-laser-nexus-lleida-1200x800-1.jpg\",\"contentUrl\":\"https:\/\/grupnexus.com\/wp-content\/uploads\/2021\/03\/depilacio-laser-nexus-lleida-1200x800-1.jpg\",\"width\":1200,\"height\":800,\"caption\":\"Body Care. Underarm Laser Hair Removal. Beautician Removing Hair Of Young Woman's Armpit. Laser Epilation Treatment In Cosmetic Beauty Clinic. Hairless Smooth And Soft Skin. Health And Beauty Concept.\"},{\"@type\":\"WebPage\",\"@id\":\"https:\/\/grupnexus.com\/es\/landing\/depilacion-laser-medica-2\/#webpage\",\"url\":\"https:\/\/grupnexus.com\/es\/landing\/depilacion-laser-medica-2\/\",\"name\":\"Depilaci\u00f3n l\u00e1ser Lleida\",\"isPartOf\":{\"@id\":\"https:\/\/grupnexus.com\/es\/#website\"},\"primaryImageOfPage\":{\"@id\":\"https:\/\/grupnexus.com\/es\/landing\/depilacion-laser-medica-2\/#primaryimage\"},\"datePublished\":\"2016-04-04T16:08:34+00:00\",\"dateModified\":\"2021-04-06T09:09:23+00:00\",\"breadcrumb\":{\"@id\":\"https:\/\/grupnexus.com\/es\/landing\/depilacion-laser-medica-2\/#breadcrumb\"},\"inLanguage\":\"es\",\"potentialAction\":[{\"@type\":\"ReadAction\",\"target\":[\"https:\/\/grupnexus.com\/es\/landing\/depilacion-laser-medica-2\/\"]}]},{\"@type\":\"BreadcrumbList\",\"@id\":\"https:\/\/grupnexus.com\/es\/landing\/depilacion-laser-medica-2\/#breadcrumb\",\"itemListElement\":[{\"@type\":\"ListItem\",\"position\":1,\"name\":\"Portada\",\"item\":\"https:\/\/grupnexus.com\/es\/\"},{\"@type\":\"ListItem\",\"position\":2,\"name\":\"landing\",\"item\":\"https:\/\/grupnexus.com\/es\/landing\/\"},{\"@type\":\"ListItem\",\"position\":3,\"name\":\"Depilaci\u00f3n l\u00e1ser m\u00e9dica\"}]}]}<\/script>\n<!-- \/ Yoast SEO plugin. -->","yoast_head_json":{"title":"Depilaci\u00f3n l\u00e1ser Lleida","robots":{"index":"index","follow":"follow","max-snippet":"max-snippet:-1","max-image-preview":"max-image-preview:large","max-video-preview":"max-video-preview:-1"},"canonical":"https:\/\/grupnexus.com\/es\/landing\/depilacion-laser-medica-2\/","og_locale":"es_ES","og_type":"article","og_title":"Depilaci\u00f3n l\u00e1ser Lleida","og_description":"DEPILACI\u00d3N L\u00c1SER\u00a0 LLEIDA Depilaci\u00f3n l\u00e1ser m\u00e9dica segura y eficaz. Profesionales experimentados, supervisi\u00f3n m\u00e9dica, tecnolog\u00eda de vanguardia. L\u00e1seres aprobados por la FDA, Cualquier color de vello, Todos los fototipos de piel, Cualquier zona del cuerpo, Indolora, Sin efectos secundarios, Eliminaci\u00f3n permanente del vello Opiniones y testimonios: Paco Belloc: Con solo 3 sesiones el pelo de mi...","og_url":"https:\/\/grupnexus.com\/es\/landing\/depilacion-laser-medica-2\/","og_site_name":"Cl\u00ednica Nexus","article_modified_time":"2021-04-06T09:09:23+00:00","og_image":[{"url":"https:\/\/grupnexus.com\/wp-content\/uploads\/2021\/03\/depilacio-laser-nexus-lleida-1200x800-1.jpg"}],"twitter_card":"summary","twitter_misc":{"Tiempo de lectura":"2 minutos"},"schema":{"@context":"https:\/\/schema.org","@graph":[{"@type":"WebSite","@id":"https:\/\/grupnexus.com\/es\/#website","url":"https:\/\/grupnexus.com\/es\/","name":"Cl\u00ednica Nexus","description":"L\u00edders en Medicina Est\u00e8tica Avan\u00e7ada","potentialAction":[{"@type":"SearchAction","target":{"@type":"EntryPoint","urlTemplate":"https:\/\/grupnexus.com\/es\/?s={search_term_string}"},"query-input":"required name=search_term_string"}],"inLanguage":"es"},{"@type":"ImageObject","@id":"https:\/\/grupnexus.com\/es\/landing\/depilacion-laser-medica-2\/#primaryimage","inLanguage":"es","url":"https:\/\/grupnexus.com\/wp-content\/uploads\/2021\/03\/depilacio-laser-nexus-lleida-1200x800-1.jpg","contentUrl":"https:\/\/grupnexus.com\/wp-content\/uploads\/2021\/03\/depilacio-laser-nexus-lleida-1200x800-1.jpg","width":1200,"height":800,"caption":"Body Care. Underarm Laser Hair Removal. Beautician Removing Hair Of Young Woman's Armpit. Laser Epilation Treatment In Cosmetic Beauty Clinic. Hairless Smooth And Soft Skin. Health And Beauty Concept."},{"@type":"WebPage","@id":"https:\/\/grupnexus.com\/es\/landing\/depilacion-laser-medica-2\/#webpage","url":"https:\/\/grupnexus.com\/es\/landing\/depilacion-laser-medica-2\/","name":"Depilaci\u00f3n l\u00e1ser Lleida","isPartOf":{"@id":"https:\/\/grupnexus.com\/es\/#website"},"primaryImageOfPage":{"@id":"https:\/\/grupnexus.com\/es\/landing\/depilacion-laser-medica-2\/#primaryimage"},"datePublished":"2016-04-04T16:08:34+00:00","dateModified":"2021-04-06T09:09:23+00:00","breadcrumb":{"@id":"https:\/\/grupnexus.com\/es\/landing\/depilacion-laser-medica-2\/#breadcrumb"},"inLanguage":"es","potentialAction":[{"@type":"ReadAction","target":["https:\/\/grupnexus.com\/es\/landing\/depilacion-laser-medica-2\/"]}]},{"@type":"BreadcrumbList","@id":"https:\/\/grupnexus.com\/es\/landing\/depilacion-laser-medica-2\/#breadcrumb","itemListElement":[{"@type":"ListItem","position":1,"name":"Portada","item":"https:\/\/grupnexus.com\/es\/"},{"@type":"ListItem","position":2,"name":"landing","item":"https:\/\/grupnexus.com\/es\/landing\/"},{"@type":"ListItem","position":3,"name":"Depilaci\u00f3n l\u00e1ser m\u00e9dica"}]}]}},"_links":{"self":[{"href":"https:\/\/grupnexus.com\/es\/wp-json\/wp\/v2\/pages\/10299"}],"collection":[{"href":"https:\/\/grupnexus.com\/es\/wp-json\/wp\/v2\/pages"}],"about":[{"href":"https:\/\/grupnexus.com\/es\/wp-json\/wp\/v2\/types\/page"}],"author":[{"embeddable":true,"href":"https:\/\/grupnexus.com\/es\/wp-json\/wp\/v2\/users\/5"}],"replies":[{"embeddable":true,"href":"https:\/\/grupnexus.com\/es\/wp-json\/wp\/v2\/comments?post=10299"}],"version-history":[{"count":42,"href":"https:\/\/grupnexus.com\/es\/wp-json\/wp\/v2\/pages\/10299\/revisions"}],"predecessor-version":[{"id":47382,"href":"https:\/\/grupnexus.com\/es\/wp-json\/wp\/v2\/pages\/10299\/revisions\/47382"}],"up":[{"embeddable":true,"href":"https:\/\/grupnexus.com\/es\/wp-json\/wp\/v2\/pages\/10292"}],"wp:attachment":[{"href":"https:\/\/grupnexus.com\/es\/wp-json\/wp\/v2\/media?parent=10299"}],"curies":[{"name":"wp","href":"https:\/\/api.w.org\/{rel}","templated":true}]}}