{"id":104,"date":"2015-01-21T07:54:09","date_gmt":"2015-01-21T06:54:09","guid":{"rendered":"http:\/\/www.grupnexus.com\/?page_id=104"},"modified":"2018-02-11T00:41:12","modified_gmt":"2018-02-10T22:41:12","slug":"blog","status":"publish","type":"page","link":"https:\/\/grupnexus.com\/es\/blog\/","title":{"rendered":"Blog"},"content":{"rendered":"<div class=\"loop-wrapper clearfix news row small paginated\" data-columns=\"3\"  >\n\t\t<div class=\"page-content post-header grid-1-3 clearboth list-item post-50637 post type-post status-publish format-standard has-post-thumbnail hentry category-actualidad category-blog category-podcast tag-bellezaemocional-es tag-podcastsegre-es tag-nexus-es\" itemscope=\"itemscope\" itemtype=\"http:\/\/schema.org\/BlogPosting\">\n\t\t\t<div>\n\t\t\t\t<div class=\"post-article has-image-wrapper \">\n\t<meta itemscope itemprop=\"mainEntityOfPage\" itemid=\"https:\/\/grupnexus.com\/es\/como-cuidar-tu-piel-antiaging-y-wellaging\/\" \/><meta itemprop=\"datePublished\" content=\"2024-09-02\" \/><meta itemprop=\"dateModified\" content=\"2024-09-05\" \/><meta itemprop=\"headline\" content=\"Como cuidar tu piel Antiaging y Wellaging\" \/><div itemprop=\"publisher\" itemscope itemtype=\"https:\/\/schema.org\/Organization\"><meta itemprop=\"name\" content=\"Cl\u00ednica Nexus\"><meta itemprop=\"url\" content=\"https:\/\/grupnexus.com\/es\/\"><div itemprop=\"logo\" itemscope itemtype=\"https:\/\/schema.org\/ImageObject\"><meta itemprop=\"url\" content=\"https:\/\/grupnexus.com\/wp-content\/uploads\/LOGO-300x751.png\"><\/div><\/div><div itemscope itemprop=\"author\" itemtype=\"http:\/\/schema.org\/Person\"><meta itemprop=\"url\" content=\"https:\/\/grupnexus.com\/es\/author\/administrador\/\" \/><meta itemprop=\"name\" content=\"Nexus\" \/><\/div><div itemscope itemprop=\"image\" itemtype=\"http:\/\/schema.org\/ImageObject\"><meta itemprop=\"url\" content=\"https:\/\/grupnexus.com\/wp-content\/uploads\/2022\/06\/dr-pinos-podcast.jpg\" \/><meta itemprop=\"width\" content=\"386\" \/><meta itemprop=\"height\" content=\"234\" \/><\/div><div itemprop=\"interactionStatistic\" itemscope itemtype=\"http:\/\/schema.org\/InteractionCounter\"><meta itemprop=\"interactionType\" content=\"http:\/\/schema.org\/CommentAction\" \/><meta itemprop=\"userInteractionCount\" content=\"0\" \/><\/div>\t<div class=\"standard-post-format clearfix as-image \">\n\t\t\t<div class=\"thumbnail\">\n\t\t\t\t\t\t<img width=\"386\" height=\"234\" src=\"https:\/\/grupnexus.com\/wp-content\/uploads\/2022\/06\/dr-pinos-podcast.jpg\" class=\"attachment-post-small-3 size-post-small-3 wp-post-image\" alt=\"\" loading=\"lazy\" srcset=\"https:\/\/grupnexus.com\/wp-content\/uploads\/2022\/06\/dr-pinos-podcast.jpg 386w, https:\/\/grupnexus.com\/wp-content\/uploads\/2022\/06\/dr-pinos-podcast-300x182.jpg 300w, https:\/\/grupnexus.com\/wp-content\/uploads\/2022\/06\/dr-pinos-podcast-292x177.jpg 292w\" sizes=\"(min-width: 900px) 50vw, 100vw\" \/>\t\t\t<\/div>\n\n\t<div class=\"post-content-wrapper\">\n\t\t\t\t<header class=\"single\">\n\t\t\t<div class=\"content\">\n\t\t\t\t<h3>\n\t\t\t\t\t<a href=\"https:\/\/grupnexus.com\/es\/como-cuidar-tu-piel-antiaging-y-wellaging\/\" title=\"Como cuidar tu piel Antiaging y Wellaging\" class=\"entry-title\">Como cuidar tu piel Antiaging y Wellaging<\/a>\n\t\t\t\t<\/h3>\n\t\t\t<\/div>\n\t\t<\/header>\n\t\n\t\t<div class=\"post-actions-wrapper\">\n\t\t\t\t\t\t\t<div class=\"post-date\">\n\t\t\t\t\t2 septiembre, 2024\t\t\t\t<\/div>\n\t\t\t\t\t\t\t\t\t\t\n\t\t\t\t\t\t\t\t\t<\/div>\n\n\t\t<div class=\"post-content-outer\">\n\t\t\t<p>En esta segunda entrega de nuestro podcast \u201cBelleza emocional con Nexus\u201d hablamos con el doctor&#8230;<\/p>\n\t\t<\/div>\n\n\t\t\t\t\t<div class=\"post-content-meta\">\n\t\t\t\t<div>\n\t\t\t\t\tPosted in:  <a href=\"https:\/\/grupnexus.com\/es\/category\/blog\/actualidad\/\" rel=\"category tag\">Actualidad<\/a>, <a href=\"https:\/\/grupnexus.com\/es\/category\/blog\/\" rel=\"category tag\">Blog<\/a>, <a href=\"https:\/\/grupnexus.com\/es\/category\/prensa\/podcast\/\" rel=\"category tag\">Podcast<\/a>\t\t\t\t<\/div>\n\t\t\t\t<div class=\"the-tags\">Tags: <a href=\"https:\/\/grupnexus.com\/es\/tag\/bellezaemocional-es\/\" rel=\"tag\">#Bellezaemocional<\/a>, <a href=\"https:\/\/grupnexus.com\/es\/tag\/podcastsegre-es\/\" rel=\"tag\">#Podcastsegre<\/a>, <a href=\"https:\/\/grupnexus.com\/es\/tag\/nexus-es\/\" rel=\"tag\">nexus<\/a><\/div>\t\t\t<\/div>\n\t\t\t<\/div>\n\t<\/div>\n<\/div>\n\t\t\t<\/div>\n\t\t<\/div>\n\t\t<div class=\"page-content post-header grid-1-3 list-item post-50675 post type-post status-publish format-standard has-post-thumbnail hentry category-actualidad category-blog category-podcast tag-bellezaemocional-es tag-podcastsegre-es tag-nexus-es\" itemscope=\"itemscope\" itemtype=\"http:\/\/schema.org\/BlogPosting\">\n\t\t\t<div>\n\t\t\t\t<div class=\"post-article has-image-wrapper \">\n\t<meta itemscope itemprop=\"mainEntityOfPage\" itemid=\"https:\/\/grupnexus.com\/es\/tratamientos-medico-esteticos-especial-verano\/\" \/><meta itemprop=\"datePublished\" content=\"2024-06-21\" \/><meta itemprop=\"dateModified\" content=\"2024-09-05\" \/><meta itemprop=\"headline\" content=\"Tratamientos m\u00e9dico-est\u00e9ticos especial verano\" \/><div itemprop=\"publisher\" itemscope itemtype=\"https:\/\/schema.org\/Organization\"><meta itemprop=\"name\" content=\"Cl\u00ednica Nexus\"><meta itemprop=\"url\" content=\"https:\/\/grupnexus.com\/es\/\"><div itemprop=\"logo\" itemscope itemtype=\"https:\/\/schema.org\/ImageObject\"><meta itemprop=\"url\" content=\"https:\/\/grupnexus.com\/wp-content\/uploads\/LOGO-300x751.png\"><\/div><\/div><div itemscope itemprop=\"author\" itemtype=\"http:\/\/schema.org\/Person\"><meta itemprop=\"url\" content=\"https:\/\/grupnexus.com\/es\/author\/administrador\/\" \/><meta itemprop=\"name\" content=\"Nexus\" \/><\/div><div itemscope itemprop=\"image\" itemtype=\"http:\/\/schema.org\/ImageObject\"><meta itemprop=\"url\" content=\"https:\/\/grupnexus.com\/wp-content\/uploads\/2022\/03\/64d917b18ee008d11c4309792856d8df.jpg\" \/><meta itemprop=\"width\" content=\"720\" \/><meta itemprop=\"height\" content=\"720\" \/><\/div><div itemprop=\"interactionStatistic\" itemscope itemtype=\"http:\/\/schema.org\/InteractionCounter\"><meta itemprop=\"interactionType\" content=\"http:\/\/schema.org\/CommentAction\" \/><meta itemprop=\"userInteractionCount\" content=\"0\" \/><\/div>\t<div class=\"standard-post-format clearfix as-image \">\n\t\t\t<div class=\"thumbnail\">\n\t\t\t\t\t\t<img width=\"400\" height=\"307\" src=\"https:\/\/grupnexus.com\/wp-content\/uploads\/2022\/03\/64d917b18ee008d11c4309792856d8df-400x307.jpg\" class=\"attachment-post-small-3 size-post-small-3 wp-post-image\" alt=\"\" loading=\"lazy\" srcset=\"https:\/\/grupnexus.com\/wp-content\/uploads\/2022\/03\/64d917b18ee008d11c4309792856d8df-400x307.jpg 400w, https:\/\/grupnexus.com\/wp-content\/uploads\/2022\/03\/64d917b18ee008d11c4309792856d8df-480x369.jpg 480w, https:\/\/grupnexus.com\/wp-content\/uploads\/2022\/03\/64d917b18ee008d11c4309792856d8df-615x473.jpg 615w, https:\/\/grupnexus.com\/wp-content\/uploads\/2022\/03\/64d917b18ee008d11c4309792856d8df-292x225.jpg 292w\" sizes=\"(min-width: 900px) 50vw, 100vw\" \/>\t\t\t<\/div>\n\n\t<div class=\"post-content-wrapper\">\n\t\t\t\t<header class=\"single\">\n\t\t\t<div class=\"content\">\n\t\t\t\t<h3>\n\t\t\t\t\t<a href=\"https:\/\/grupnexus.com\/es\/tratamientos-medico-esteticos-especial-verano\/\" title=\"Tratamientos m\u00e9dico-est\u00e9ticos especial verano\" class=\"entry-title\">Tratamientos m\u00e9dico-est\u00e9ticos especial verano<\/a>\n\t\t\t\t<\/h3>\n\t\t\t<\/div>\n\t\t<\/header>\n\t\n\t\t<div class=\"post-actions-wrapper\">\n\t\t\t\t\t\t\t<div class=\"post-date\">\n\t\t\t\t\t21 junio, 2024\t\t\t\t<\/div>\n\t\t\t\t\t\t\t\t\t\t\n\t\t\t\t\t\t\t\t\t<\/div>\n\n\t\t<div class=\"post-content-outer\">\n\t\t\t<p>En nuestra tercera entrega del podcast \u201cBelleza emocional con Nexus\u201d, Montse Monjo, directora gerente de&#8230;<\/p>\n\t\t<\/div>\n\n\t\t\t\t\t<div class=\"post-content-meta\">\n\t\t\t\t<div>\n\t\t\t\t\tPosted in:  <a href=\"https:\/\/grupnexus.com\/es\/category\/blog\/actualidad\/\" rel=\"category tag\">Actualidad<\/a>, <a href=\"https:\/\/grupnexus.com\/es\/category\/blog\/\" rel=\"category tag\">Blog<\/a>, <a href=\"https:\/\/grupnexus.com\/es\/category\/prensa\/podcast\/\" rel=\"category tag\">Podcast<\/a>\t\t\t\t<\/div>\n\t\t\t\t<div class=\"the-tags\">Tags: <a href=\"https:\/\/grupnexus.com\/es\/tag\/bellezaemocional-es\/\" rel=\"tag\">#Bellezaemocional<\/a>, <a href=\"https:\/\/grupnexus.com\/es\/tag\/podcastsegre-es\/\" rel=\"tag\">#Podcastsegre<\/a>, <a href=\"https:\/\/grupnexus.com\/es\/tag\/nexus-es\/\" rel=\"tag\">nexus<\/a><\/div>\t\t\t<\/div>\n\t\t\t<\/div>\n\t<\/div>\n<\/div>\n\t\t\t<\/div>\n\t\t<\/div>\n\t\t<div class=\"page-content post-header grid-1-3 list-item post-51985 post type-post status-publish format-standard has-post-thumbnail hentry category-actualidad category-nota-de-prensa category-prensa\" itemscope=\"itemscope\" itemtype=\"http:\/\/schema.org\/BlogPosting\">\n\t\t\t<div>\n\t\t\t\t<div class=\"post-article has-image-wrapper \">\n\t<meta itemscope itemprop=\"mainEntityOfPage\" itemid=\"https:\/\/grupnexus.com\/es\/clinica-nexus-la-primera-del-estado-espanol-en-ofrecer-el-tratamiento-cynoglow\/\" \/><meta itemprop=\"datePublished\" content=\"2023-01-30\" \/><meta itemprop=\"dateModified\" content=\"2023-01-30\" \/><meta itemprop=\"headline\" content=\"Cl\u00ednica Nexus, la primera del estado espa\u00f1ol en ofrecer el tratamiento CYNOGLOW\" \/><div itemprop=\"publisher\" itemscope itemtype=\"https:\/\/schema.org\/Organization\"><meta itemprop=\"name\" content=\"Cl\u00ednica Nexus\"><meta itemprop=\"url\" content=\"https:\/\/grupnexus.com\/es\/\"><div itemprop=\"logo\" itemscope itemtype=\"https:\/\/schema.org\/ImageObject\"><meta itemprop=\"url\" content=\"https:\/\/grupnexus.com\/wp-content\/uploads\/LOGO-300x751.png\"><\/div><\/div><div itemscope itemprop=\"author\" itemtype=\"http:\/\/schema.org\/Person\"><meta itemprop=\"url\" content=\"https:\/\/grupnexus.com\/es\/author\/administrador\/\" \/><meta itemprop=\"name\" content=\"Nexus\" \/><\/div><div itemscope itemprop=\"image\" itemtype=\"http:\/\/schema.org\/ImageObject\"><meta itemprop=\"url\" content=\"https:\/\/grupnexus.com\/wp-content\/uploads\/2023\/01\/Dr-Pinos_Picosure-Pro.jpg\" \/><meta itemprop=\"width\" content=\"1920\" \/><meta itemprop=\"height\" content=\"1080\" \/><\/div><div itemprop=\"interactionStatistic\" itemscope itemtype=\"http:\/\/schema.org\/InteractionCounter\"><meta itemprop=\"interactionType\" content=\"http:\/\/schema.org\/CommentAction\" \/><meta itemprop=\"userInteractionCount\" content=\"0\" \/><\/div>\t<div class=\"standard-post-format clearfix as-image \">\n\t\t\t<div class=\"thumbnail\">\n\t\t\t\t\t\t<img width=\"400\" height=\"307\" src=\"https:\/\/grupnexus.com\/wp-content\/uploads\/2023\/01\/Dr-Pinos_Picosure-Pro-400x307.jpg\" class=\"attachment-post-small-3 size-post-small-3 wp-post-image\" alt=\"\" loading=\"lazy\" srcset=\"https:\/\/grupnexus.com\/wp-content\/uploads\/2023\/01\/Dr-Pinos_Picosure-Pro-400x307.jpg 400w, https:\/\/grupnexus.com\/wp-content\/uploads\/2023\/01\/Dr-Pinos_Picosure-Pro-480x369.jpg 480w, https:\/\/grupnexus.com\/wp-content\/uploads\/2023\/01\/Dr-Pinos_Picosure-Pro-1260x969.jpg 1260w, https:\/\/grupnexus.com\/wp-content\/uploads\/2023\/01\/Dr-Pinos_Picosure-Pro-615x473.jpg 615w, https:\/\/grupnexus.com\/wp-content\/uploads\/2023\/01\/Dr-Pinos_Picosure-Pro-292x225.jpg 292w\" sizes=\"(min-width: 900px) 50vw, 100vw\" \/>\t\t\t<\/div>\n\n\t<div class=\"post-content-wrapper\">\n\t\t\t\t<header class=\"single\">\n\t\t\t<div class=\"content\">\n\t\t\t\t<h3>\n\t\t\t\t\t<a href=\"https:\/\/grupnexus.com\/es\/clinica-nexus-la-primera-del-estado-espanol-en-ofrecer-el-tratamiento-cynoglow\/\" title=\"Cl\u00ednica Nexus, la primera del estado espa\u00f1ol en ofrecer el tratamiento CYNOGLOW\" class=\"entry-title\">Cl\u00ednica Nexus, la primera del estado espa\u00f1ol en ofrecer el tratamiento CYNOGLOW<\/a>\n\t\t\t\t<\/h3>\n\t\t\t<\/div>\n\t\t<\/header>\n\t\n\t\t<div class=\"post-actions-wrapper\">\n\t\t\t\t\t\t\t<div class=\"post-date\">\n\t\t\t\t\t30 enero, 2023\t\t\t\t<\/div>\n\t\t\t\t\t\t\t\t\t\t\n\t\t\t\t\t\t\t\t\t<\/div>\n\n\t\t<div class=\"post-content-outer\">\n\t\t\t<p>&nbsp; Cynoglow combina el l\u00e1ser Picosure Pro y su lente Focus junto a Potenza, la&#8230;<\/p>\n\t\t<\/div>\n\n\t\t\t\t\t<div class=\"post-content-meta\">\n\t\t\t\t<div>\n\t\t\t\t\tPosted in:  <a href=\"https:\/\/grupnexus.com\/es\/category\/blog\/actualidad\/\" rel=\"category tag\">Actualidad<\/a>, <a href=\"https:\/\/grupnexus.com\/es\/category\/prensa\/nota-de-prensa\/\" rel=\"category tag\">Notas de prensa<\/a>, <a href=\"https:\/\/grupnexus.com\/es\/category\/prensa\/\" rel=\"category tag\">Prensa<\/a>\t\t\t\t<\/div>\n\t\t\t\t\t\t\t<\/div>\n\t\t\t<\/div>\n\t<\/div>\n<\/div>\n\t\t\t<\/div>\n\t\t<\/div>\n\t\t<div class=\"page-content post-header grid-1-3 clearboth list-item post-51965 post type-post status-publish format-standard has-post-thumbnail hentry category-actualidad category-blog category-noticias category-prensa\" itemscope=\"itemscope\" itemtype=\"http:\/\/schema.org\/BlogPosting\">\n\t\t\t<div>\n\t\t\t\t<div class=\"post-article has-image-wrapper \">\n\t<meta itemscope itemprop=\"mainEntityOfPage\" itemid=\"https:\/\/grupnexus.com\/es\/open-padel-nexus-2023\/\" \/><meta itemprop=\"datePublished\" content=\"2023-01-24\" \/><meta itemprop=\"dateModified\" content=\"2023-01-24\" \/><meta itemprop=\"headline\" content=\"Open P\u00e1del Nexus 2023\" \/><div itemprop=\"publisher\" itemscope itemtype=\"https:\/\/schema.org\/Organization\"><meta itemprop=\"name\" content=\"Cl\u00ednica Nexus\"><meta itemprop=\"url\" content=\"https:\/\/grupnexus.com\/es\/\"><div itemprop=\"logo\" itemscope itemtype=\"https:\/\/schema.org\/ImageObject\"><meta itemprop=\"url\" content=\"https:\/\/grupnexus.com\/wp-content\/uploads\/LOGO-300x751.png\"><\/div><\/div><div itemscope itemprop=\"author\" itemtype=\"http:\/\/schema.org\/Person\"><meta itemprop=\"url\" content=\"https:\/\/grupnexus.com\/es\/author\/administrador\/\" \/><meta itemprop=\"name\" content=\"Nexus\" \/><\/div><div itemscope itemprop=\"image\" itemtype=\"http:\/\/schema.org\/ImageObject\"><meta itemprop=\"url\" content=\"https:\/\/grupnexus.com\/wp-content\/uploads\/2023\/01\/9385-scaled.jpg\" \/><meta itemprop=\"width\" content=\"2560\" \/><meta itemprop=\"height\" content=\"1920\" \/><\/div><div itemprop=\"interactionStatistic\" itemscope itemtype=\"http:\/\/schema.org\/InteractionCounter\"><meta itemprop=\"interactionType\" content=\"http:\/\/schema.org\/CommentAction\" \/><meta itemprop=\"userInteractionCount\" content=\"0\" \/><\/div>\t<div class=\"standard-post-format clearfix as-image \">\n\t\t\t<div class=\"thumbnail\">\n\t\t\t\t\t\t<img width=\"400\" height=\"307\" src=\"https:\/\/grupnexus.com\/wp-content\/uploads\/2023\/01\/9385-400x307.jpg\" class=\"attachment-post-small-3 size-post-small-3 wp-post-image\" alt=\"\" loading=\"lazy\" srcset=\"https:\/\/grupnexus.com\/wp-content\/uploads\/2023\/01\/9385-400x307.jpg 400w, https:\/\/grupnexus.com\/wp-content\/uploads\/2023\/01\/9385-480x369.jpg 480w, https:\/\/grupnexus.com\/wp-content\/uploads\/2023\/01\/9385-1260x969.jpg 1260w, https:\/\/grupnexus.com\/wp-content\/uploads\/2023\/01\/9385-615x473.jpg 615w, https:\/\/grupnexus.com\/wp-content\/uploads\/2023\/01\/9385-292x225.jpg 292w\" sizes=\"(min-width: 900px) 50vw, 100vw\" \/>\t\t\t<\/div>\n\n\t<div class=\"post-content-wrapper\">\n\t\t\t\t<header class=\"single\">\n\t\t\t<div class=\"content\">\n\t\t\t\t<h3>\n\t\t\t\t\t<a href=\"https:\/\/grupnexus.com\/es\/open-padel-nexus-2023\/\" title=\"Open P\u00e1del Nexus 2023\" class=\"entry-title\">Open P\u00e1del Nexus 2023<\/a>\n\t\t\t\t<\/h3>\n\t\t\t<\/div>\n\t\t<\/header>\n\t\n\t\t<div class=\"post-actions-wrapper\">\n\t\t\t\t\t\t\t<div class=\"post-date\">\n\t\t\t\t\t24 enero, 2023\t\t\t\t<\/div>\n\t\t\t\t\t\t\t\t\t\t\n\t\t\t\t\t\t\t\t\t<\/div>\n\n\t\t<div class=\"post-content-outer\">\n\t\t\t<p>&nbsp; Con el af\u00e1n de promover la salud y el deporte, Cl\u00ednica Nexus ha celebrado&#8230;<\/p>\n\t\t<\/div>\n\n\t\t\t\t\t<div class=\"post-content-meta\">\n\t\t\t\t<div>\n\t\t\t\t\tPosted in:  <a href=\"https:\/\/grupnexus.com\/es\/category\/blog\/actualidad\/\" rel=\"category tag\">Actualidad<\/a>, <a href=\"https:\/\/grupnexus.com\/es\/category\/blog\/\" rel=\"category tag\">Blog<\/a>, <a href=\"https:\/\/grupnexus.com\/es\/category\/prensa\/noticias\/\" rel=\"category tag\">Noticias<\/a>, <a href=\"https:\/\/grupnexus.com\/es\/category\/prensa\/\" rel=\"category tag\">Prensa<\/a>\t\t\t\t<\/div>\n\t\t\t\t\t\t\t<\/div>\n\t\t\t<\/div>\n\t<\/div>\n<\/div>\n\t\t\t<\/div>\n\t\t<\/div>\n\t\t<div class=\"page-content post-header grid-1-3 list-item post-1181 post type-post status-publish format-video hentry category-noticias post_format-post-format-video\" itemscope=\"itemscope\" itemtype=\"http:\/\/schema.org\/BlogPosting\">\n\t\t\t<div>\n\t\t\t\t<div class=\"post-article has-image-wrapper \">\n\t<meta itemscope itemprop=\"mainEntityOfPage\" itemid=\"https:\/\/grupnexus.com\/es\/criolipolisi-medica\/\" \/><meta itemprop=\"datePublished\" content=\"2022-11-23\" \/><meta itemprop=\"dateModified\" content=\"2022-11-23\" \/><meta itemprop=\"headline\" content=\"COOLTECH. \u00a1Reduce una talla por sesi\u00f3n mientras te refrescas!\" \/><div itemprop=\"publisher\" itemscope itemtype=\"https:\/\/schema.org\/Organization\"><meta itemprop=\"name\" content=\"Cl\u00ednica Nexus\"><meta itemprop=\"url\" content=\"https:\/\/grupnexus.com\/es\/\"><div itemprop=\"logo\" itemscope itemtype=\"https:\/\/schema.org\/ImageObject\"><meta itemprop=\"url\" content=\"https:\/\/grupnexus.com\/wp-content\/uploads\/LOGO-300x751.png\"><\/div><\/div><div itemscope itemprop=\"author\" itemtype=\"http:\/\/schema.org\/Person\"><meta itemprop=\"url\" content=\"https:\/\/grupnexus.com\/es\/author\/administrador\/\" \/><meta itemprop=\"name\" content=\"Nexus\" \/><\/div><div itemprop=\"interactionStatistic\" itemscope itemtype=\"http:\/\/schema.org\/InteractionCounter\"><meta itemprop=\"interactionType\" content=\"http:\/\/schema.org\/CommentAction\" \/><meta itemprop=\"userInteractionCount\" content=\"0\" \/><\/div>\t<div class=\"video-post-format clearfix as-normal \">\n\t\t\t<div class=\"thumbnail\">\n\t\t\t\t\t\t<div class=\"wpv-video-frame\"><iframe title=\"Cooltech Define Nexus\" width=\"1380\" height=\"776\" src=\"https:\/\/www.youtube.com\/embed\/F1XHbvNgEUM?feature=oembed\" frameborder=\"0\" allow=\"accelerometer; autoplay; clipboard-write; encrypted-media; gyroscope; picture-in-picture\" allowfullscreen><\/iframe><\/div>\t\t\t<\/div>\n\n\t<div class=\"post-content-wrapper\">\n\t\t\t\t<header class=\"single\">\n\t\t\t<div class=\"content\">\n\t\t\t\t<h3>\n\t\t\t\t\t<a href=\"https:\/\/grupnexus.com\/es\/criolipolisi-medica\/\" title=\"COOLTECH. \u00a1Reduce una talla por sesi\u00f3n mientras te refrescas!\" class=\"entry-title\">COOLTECH. \u00a1Reduce una talla por sesi\u00f3n mientras te refrescas!<\/a>\n\t\t\t\t<\/h3>\n\t\t\t<\/div>\n\t\t<\/header>\n\t\n\t\t<div class=\"post-actions-wrapper\">\n\t\t\t\t\t\t\t<div class=\"post-date\">\n\t\t\t\t\t23 noviembre, 2022\t\t\t\t<\/div>\n\t\t\t\t\t\t\t\t\t\t\n\t\t\t\t\t\t\t\t\t<\/div>\n\n\t\t<div class=\"post-content-outer\">\n\t\t\t<p>CRIO = fr\u00edo LIPO = grasa LISI = eliminaci\u00f3n &nbsp; ORIGEN La criolip\u00f3lisis m\u00e9dica selectiva,&#8230;<\/p>\n\t\t<\/div>\n\n\t\t\t\t\t<div class=\"post-content-meta\">\n\t\t\t\t<div>\n\t\t\t\t\tPosted in:  <a href=\"https:\/\/grupnexus.com\/es\/category\/prensa\/noticias\/\" rel=\"category tag\">Noticias<\/a>\t\t\t\t<\/div>\n\t\t\t\t\t\t\t<\/div>\n\t\t\t<\/div>\n\t<\/div>\n<\/div>\n\t\t\t<\/div>\n\t\t<\/div>\n\t\t<div class=\"page-content post-header grid-1-3 list-item post-51522 post type-post status-publish format-image has-post-thumbnail hentry category-actualidad category-blog category-noticias category-prensa post_format-post-format-image\" itemscope=\"itemscope\" itemtype=\"http:\/\/schema.org\/BlogPosting\">\n\t\t\t<div>\n\t\t\t\t<div class=\"post-article has-image-wrapper \">\n\t<meta itemscope itemprop=\"mainEntityOfPage\" itemid=\"https:\/\/grupnexus.com\/es\/nexus-asiste-al-wem-world-experts-meeting-de-este-ano\/\" \/><meta itemprop=\"datePublished\" content=\"2022-11-07\" \/><meta itemprop=\"dateModified\" content=\"2022-11-08\" \/><meta itemprop=\"headline\" content=\"Nexus asiste al WEM (World Experts Meeting) de este a\u00f1o\" \/><div itemprop=\"publisher\" itemscope itemtype=\"https:\/\/schema.org\/Organization\"><meta itemprop=\"name\" content=\"Cl\u00ednica Nexus\"><meta itemprop=\"url\" content=\"https:\/\/grupnexus.com\/es\/\"><div itemprop=\"logo\" itemscope itemtype=\"https:\/\/schema.org\/ImageObject\"><meta itemprop=\"url\" content=\"https:\/\/grupnexus.com\/wp-content\/uploads\/LOGO-300x751.png\"><\/div><\/div><div itemscope itemprop=\"author\" itemtype=\"http:\/\/schema.org\/Person\"><meta itemprop=\"url\" content=\"https:\/\/grupnexus.com\/es\/author\/administrador\/\" \/><meta itemprop=\"name\" content=\"Nexus\" \/><\/div><div itemscope itemprop=\"image\" itemtype=\"http:\/\/schema.org\/ImageObject\"><meta itemprop=\"url\" content=\"https:\/\/grupnexus.com\/wp-content\/uploads\/2022\/11\/IMG_3532.jpg\" \/><meta itemprop=\"width\" content=\"876\" \/><meta itemprop=\"height\" content=\"941\" \/><\/div><div itemprop=\"interactionStatistic\" itemscope itemtype=\"http:\/\/schema.org\/InteractionCounter\"><meta itemprop=\"interactionType\" content=\"http:\/\/schema.org\/CommentAction\" \/><meta itemprop=\"userInteractionCount\" content=\"0\" \/><\/div>\t<div class=\"image-post-format clearfix as-normal \">\n\t\t\t<div class=\"thumbnail\">\n\t\t\t\t\t\t<img width=\"400\" height=\"307\" src=\"https:\/\/grupnexus.com\/wp-content\/uploads\/2022\/11\/IMG_3532-400x307.jpg\" class=\"attachment-post-small-3 size-post-small-3 wp-post-image\" alt=\"\" loading=\"lazy\" srcset=\"https:\/\/grupnexus.com\/wp-content\/uploads\/2022\/11\/IMG_3532-400x307.jpg 400w, https:\/\/grupnexus.com\/wp-content\/uploads\/2022\/11\/IMG_3532-480x369.jpg 480w, https:\/\/grupnexus.com\/wp-content\/uploads\/2022\/11\/IMG_3532-615x473.jpg 615w, https:\/\/grupnexus.com\/wp-content\/uploads\/2022\/11\/IMG_3532-292x225.jpg 292w\" sizes=\"(min-width: 900px) 50vw, 100vw\" \/>\t\t\t<\/div>\n\n\t<div class=\"post-content-wrapper\">\n\t\t\t\t<header class=\"single\">\n\t\t\t<div class=\"content\">\n\t\t\t\t<h3>\n\t\t\t\t\t<a href=\"https:\/\/grupnexus.com\/es\/nexus-asiste-al-wem-world-experts-meeting-de-este-ano\/\" title=\"Nexus asiste al WEM (World Experts Meeting) de este a\u00f1o\" class=\"entry-title\">Nexus asiste al WEM (World Experts Meeting) de este a\u00f1o<\/a>\n\t\t\t\t<\/h3>\n\t\t\t<\/div>\n\t\t<\/header>\n\t\n\t\t<div class=\"post-actions-wrapper\">\n\t\t\t\t\t\t\t<div class=\"post-date\">\n\t\t\t\t\t7 noviembre, 2022\t\t\t\t<\/div>\n\t\t\t\t\t\t\t\t\t\t\n\t\t\t\t\t\t\t\t\t<\/div>\n\n\t\t<div class=\"post-content-outer\">\n\t\t\t<p>WEM (World Experts Meeting), organizado por Sinclair, convoca a los m\u00e1s prestigiosos cirujanos pl\u00e1sticos, m\u00e9dicos&#8230;<\/p>\n\t\t<\/div>\n\n\t\t\t\t\t<div class=\"post-content-meta\">\n\t\t\t\t<div>\n\t\t\t\t\tPosted in:  <a href=\"https:\/\/grupnexus.com\/es\/category\/blog\/actualidad\/\" rel=\"category tag\">Actualidad<\/a>, <a href=\"https:\/\/grupnexus.com\/es\/category\/blog\/\" rel=\"category tag\">Blog<\/a>, <a href=\"https:\/\/grupnexus.com\/es\/category\/prensa\/noticias\/\" rel=\"category tag\">Noticias<\/a>, <a href=\"https:\/\/grupnexus.com\/es\/category\/prensa\/\" rel=\"category tag\">Prensa<\/a>\t\t\t\t<\/div>\n\t\t\t\t\t\t\t<\/div>\n\t\t\t<\/div>\n\t<\/div>\n<\/div>\n\t\t\t<\/div>\n\t\t<\/div>\n\t\t<div class=\"page-content post-header grid-1-3 clearboth list-item post-51355 post type-post status-publish format-image has-post-thumbnail hentry category-actualidad category-blog post_format-post-format-image\" itemscope=\"itemscope\" itemtype=\"http:\/\/schema.org\/BlogPosting\">\n\t\t\t<div>\n\t\t\t\t<div class=\"post-article has-image-wrapper \">\n\t<meta itemscope itemprop=\"mainEntityOfPage\" itemid=\"https:\/\/grupnexus.com\/es\/nexus-marca-tendencia-y-asiste-al-congreso-baas-de-barcelona\/\" \/><meta itemprop=\"datePublished\" content=\"2022-09-26\" \/><meta itemprop=\"dateModified\" content=\"2022-11-23\" \/><meta itemprop=\"headline\" content=\"Nexus marca tendencia y asiste al Congreso BAAS de Barcelona\" \/><div itemprop=\"publisher\" itemscope itemtype=\"https:\/\/schema.org\/Organization\"><meta itemprop=\"name\" content=\"Cl\u00ednica Nexus\"><meta itemprop=\"url\" content=\"https:\/\/grupnexus.com\/es\/\"><div itemprop=\"logo\" itemscope itemtype=\"https:\/\/schema.org\/ImageObject\"><meta itemprop=\"url\" content=\"https:\/\/grupnexus.com\/wp-content\/uploads\/LOGO-300x751.png\"><\/div><\/div><div itemscope itemprop=\"author\" itemtype=\"http:\/\/schema.org\/Person\"><meta itemprop=\"url\" content=\"https:\/\/grupnexus.com\/es\/author\/administrador\/\" \/><meta itemprop=\"name\" content=\"Nexus\" \/><\/div><div itemscope itemprop=\"image\" itemtype=\"http:\/\/schema.org\/ImageObject\"><meta itemprop=\"url\" content=\"https:\/\/grupnexus.com\/wp-content\/uploads\/2022\/09\/congres-baas-nexus.jpg\" \/><meta itemprop=\"width\" content=\"600\" \/><meta itemprop=\"height\" content=\"400\" \/><\/div><div itemprop=\"interactionStatistic\" itemscope itemtype=\"http:\/\/schema.org\/InteractionCounter\"><meta itemprop=\"interactionType\" content=\"http:\/\/schema.org\/CommentAction\" \/><meta itemprop=\"userInteractionCount\" content=\"0\" \/><\/div>\t<div class=\"image-post-format clearfix as-normal \">\n\t\t\t<div class=\"thumbnail\">\n\t\t\t\t\t\t<img width=\"400\" height=\"307\" src=\"https:\/\/grupnexus.com\/wp-content\/uploads\/2022\/09\/congres-baas-nexus-400x307.jpg\" class=\"attachment-post-small-3 size-post-small-3 wp-post-image\" alt=\"\" loading=\"lazy\" srcset=\"https:\/\/grupnexus.com\/wp-content\/uploads\/2022\/09\/congres-baas-nexus-400x307.jpg 400w, https:\/\/grupnexus.com\/wp-content\/uploads\/2022\/09\/congres-baas-nexus-480x369.jpg 480w, https:\/\/grupnexus.com\/wp-content\/uploads\/2022\/09\/congres-baas-nexus-292x225.jpg 292w\" sizes=\"(min-width: 900px) 50vw, 100vw\" \/>\t\t\t<\/div>\n\n\t<div class=\"post-content-wrapper\">\n\t\t\t\t<header class=\"single\">\n\t\t\t<div class=\"content\">\n\t\t\t\t<h3>\n\t\t\t\t\t<a href=\"https:\/\/grupnexus.com\/es\/nexus-marca-tendencia-y-asiste-al-congreso-baas-de-barcelona\/\" title=\"Nexus marca tendencia y asiste al Congreso BAAS de Barcelona\" class=\"entry-title\">Nexus marca tendencia y asiste al Congreso BAAS de Barcelona<\/a>\n\t\t\t\t<\/h3>\n\t\t\t<\/div>\n\t\t<\/header>\n\t\n\t\t<div class=\"post-actions-wrapper\">\n\t\t\t\t\t\t\t<div class=\"post-date\">\n\t\t\t\t\t26 septiembre, 2022\t\t\t\t<\/div>\n\t\t\t\t\t\t\t\t\t\t\n\t\t\t\t\t\t\t\t\t<\/div>\n\n\t\t<div class=\"post-content-outer\">\n\t\t\t<p>La direcci\u00f3n de Cl\u00ednica Nexus siempre un paso adelante, en lo que se refiere a&#8230;<\/p>\n\t\t<\/div>\n\n\t\t\t\t\t<div class=\"post-content-meta\">\n\t\t\t\t<div>\n\t\t\t\t\tPosted in:  <a href=\"https:\/\/grupnexus.com\/es\/category\/blog\/actualidad\/\" rel=\"category tag\">Actualidad<\/a>, <a href=\"https:\/\/grupnexus.com\/es\/category\/blog\/\" rel=\"category tag\">Blog<\/a>\t\t\t\t<\/div>\n\t\t\t\t\t\t\t<\/div>\n\t\t\t<\/div>\n\t<\/div>\n<\/div>\n\t\t\t<\/div>\n\t\t<\/div>\n\t\t<div class=\"page-content post-header grid-1-3 list-item post-50916 post type-post status-publish format-image has-post-thumbnail hentry category-actualidad category-blog post_format-post-format-image\" itemscope=\"itemscope\" itemtype=\"http:\/\/schema.org\/BlogPosting\">\n\t\t\t<div>\n\t\t\t\t<div class=\"post-article has-image-wrapper \">\n\t<meta itemscope itemprop=\"mainEntityOfPage\" itemid=\"https:\/\/grupnexus.com\/es\/clinica-nexus-patrocina-el-torneo-de-padel-en-raimat-golf-club\/\" \/><meta itemprop=\"datePublished\" content=\"2022-07-20\" \/><meta itemprop=\"dateModified\" content=\"2022-07-25\" \/><meta itemprop=\"headline\" content=\"Cl\u00ednica Nexus patrocina el Torneo de P\u00e1del en Ra\u00efmat Golf Club\" \/><div itemprop=\"publisher\" itemscope itemtype=\"https:\/\/schema.org\/Organization\"><meta itemprop=\"name\" content=\"Cl\u00ednica Nexus\"><meta itemprop=\"url\" content=\"https:\/\/grupnexus.com\/es\/\"><div itemprop=\"logo\" itemscope itemtype=\"https:\/\/schema.org\/ImageObject\"><meta itemprop=\"url\" content=\"https:\/\/grupnexus.com\/wp-content\/uploads\/LOGO-300x751.png\"><\/div><\/div><div itemscope itemprop=\"author\" itemtype=\"http:\/\/schema.org\/Person\"><meta itemprop=\"url\" content=\"https:\/\/grupnexus.com\/es\/author\/administrador\/\" \/><meta itemprop=\"name\" content=\"Nexus\" \/><\/div><div itemscope itemprop=\"image\" itemtype=\"http:\/\/schema.org\/ImageObject\"><meta itemprop=\"url\" content=\"https:\/\/grupnexus.com\/wp-content\/uploads\/2022\/07\/Grup-Nexus-padel-golf-6.jpg\" \/><meta itemprop=\"width\" content=\"1024\" \/><meta itemprop=\"height\" content=\"758\" \/><\/div><div itemprop=\"interactionStatistic\" itemscope itemtype=\"http:\/\/schema.org\/InteractionCounter\"><meta itemprop=\"interactionType\" content=\"http:\/\/schema.org\/CommentAction\" \/><meta itemprop=\"userInteractionCount\" content=\"0\" \/><\/div>\t<div class=\"image-post-format clearfix as-normal \">\n\t\t\t<div class=\"thumbnail\">\n\t\t\t\t\t\t<img width=\"400\" height=\"307\" src=\"https:\/\/grupnexus.com\/wp-content\/uploads\/2022\/07\/Grup-Nexus-padel-golf-6-400x307.jpg\" class=\"attachment-post-small-3 size-post-small-3 wp-post-image\" alt=\"\" loading=\"lazy\" srcset=\"https:\/\/grupnexus.com\/wp-content\/uploads\/2022\/07\/Grup-Nexus-padel-golf-6-400x307.jpg 400w, https:\/\/grupnexus.com\/wp-content\/uploads\/2022\/07\/Grup-Nexus-padel-golf-6-480x369.jpg 480w, https:\/\/grupnexus.com\/wp-content\/uploads\/2022\/07\/Grup-Nexus-padel-golf-6-615x473.jpg 615w, https:\/\/grupnexus.com\/wp-content\/uploads\/2022\/07\/Grup-Nexus-padel-golf-6-292x225.jpg 292w\" sizes=\"(min-width: 900px) 50vw, 100vw\" \/>\t\t\t<\/div>\n\n\t<div class=\"post-content-wrapper\">\n\t\t\t\t<header class=\"single\">\n\t\t\t<div class=\"content\">\n\t\t\t\t<h3>\n\t\t\t\t\t<a href=\"https:\/\/grupnexus.com\/es\/clinica-nexus-patrocina-el-torneo-de-padel-en-raimat-golf-club\/\" title=\"Cl\u00ednica Nexus patrocina el Torneo de P\u00e1del en Ra\u00efmat Golf Club\" class=\"entry-title\">Cl\u00ednica Nexus patrocina el Torneo de P\u00e1del en Ra\u00efmat Golf Club<\/a>\n\t\t\t\t<\/h3>\n\t\t\t<\/div>\n\t\t<\/header>\n\t\n\t\t<div class=\"post-actions-wrapper\">\n\t\t\t\t\t\t\t<div class=\"post-date\">\n\t\t\t\t\t20 julio, 2022\t\t\t\t<\/div>\n\t\t\t\t\t\t\t\t\t\t\n\t\t\t\t\t\t\t\t\t<\/div>\n\n\t\t<div class=\"post-content-outer\">\n\t\t\t<p>El pasado 15 de julio tuvimos el placer de patrocinar el torneo de p\u00e1del que&#8230;<\/p>\n\t\t<\/div>\n\n\t\t\t\t\t<div class=\"post-content-meta\">\n\t\t\t\t<div>\n\t\t\t\t\tPosted in:  <a href=\"https:\/\/grupnexus.com\/es\/category\/blog\/actualidad\/\" rel=\"category tag\">Actualidad<\/a>, <a href=\"https:\/\/grupnexus.com\/es\/category\/blog\/\" rel=\"category tag\">Blog<\/a>\t\t\t\t<\/div>\n\t\t\t\t\t\t\t<\/div>\n\t\t\t<\/div>\n\t<\/div>\n<\/div>\n\t\t\t<\/div>\n\t\t<\/div>\n\t\t<div class=\"page-content post-header grid-1-3 list-item post-50715 post type-post status-publish format-video hentry category-actualidad category-blog category-prensa post_format-post-format-video\" itemscope=\"itemscope\" itemtype=\"http:\/\/schema.org\/BlogPosting\">\n\t\t\t<div>\n\t\t\t\t<div class=\"post-article has-image-wrapper \">\n\t<meta itemscope itemprop=\"mainEntityOfPage\" itemid=\"https:\/\/grupnexus.com\/es\/clinica-nexus-asiste-a-la-cena-empresarial-ser-empresarios\/\" \/><meta itemprop=\"datePublished\" content=\"2022-07-01\" \/><meta itemprop=\"dateModified\" content=\"2022-07-01\" \/><meta itemprop=\"headline\" content=\"Cl\u00ednica Nexus asiste a la cena empresarial SER Empresarios\" \/><div itemprop=\"publisher\" itemscope itemtype=\"https:\/\/schema.org\/Organization\"><meta itemprop=\"name\" content=\"Cl\u00ednica Nexus\"><meta itemprop=\"url\" content=\"https:\/\/grupnexus.com\/es\/\"><div itemprop=\"logo\" itemscope itemtype=\"https:\/\/schema.org\/ImageObject\"><meta itemprop=\"url\" content=\"https:\/\/grupnexus.com\/wp-content\/uploads\/LOGO-300x751.png\"><\/div><\/div><div itemscope itemprop=\"author\" itemtype=\"http:\/\/schema.org\/Person\"><meta itemprop=\"url\" content=\"https:\/\/grupnexus.com\/es\/author\/administrador\/\" \/><meta itemprop=\"name\" content=\"Nexus\" \/><\/div><div itemprop=\"interactionStatistic\" itemscope itemtype=\"http:\/\/schema.org\/InteractionCounter\"><meta itemprop=\"interactionType\" content=\"http:\/\/schema.org\/CommentAction\" \/><meta itemprop=\"userInteractionCount\" content=\"0\" \/><\/div>\t<div class=\"video-post-format clearfix as-normal \">\n\t\t\t<div class=\"thumbnail\">\n\t\t\t\t\t\t<div class=\"wpv-video-frame\"><iframe title=\"Cl\u00ednica Nexus assisteix al sopar empresarial SER Empresarios 2022\" width=\"1380\" height=\"776\" src=\"https:\/\/www.youtube.com\/embed\/bYv8RyoGD5Q?feature=oembed\" frameborder=\"0\" allow=\"accelerometer; autoplay; clipboard-write; encrypted-media; gyroscope; picture-in-picture\" allowfullscreen><\/iframe><\/div>\t\t\t<\/div>\n\n\t<div class=\"post-content-wrapper\">\n\t\t\t\t<header class=\"single\">\n\t\t\t<div class=\"content\">\n\t\t\t\t<h3>\n\t\t\t\t\t<a href=\"https:\/\/grupnexus.com\/es\/clinica-nexus-asiste-a-la-cena-empresarial-ser-empresarios\/\" title=\"Cl\u00ednica Nexus asiste a la cena empresarial SER Empresarios\" class=\"entry-title\">Cl\u00ednica Nexus asiste a la cena empresarial SER Empresarios<\/a>\n\t\t\t\t<\/h3>\n\t\t\t<\/div>\n\t\t<\/header>\n\t\n\t\t<div class=\"post-actions-wrapper\">\n\t\t\t\t\t\t\t<div class=\"post-date\">\n\t\t\t\t\t1 julio, 2022\t\t\t\t<\/div>\n\t\t\t\t\t\t\t\t\t\t\n\t\t\t\t\t\t\t\t\t<\/div>\n\n\t\t<div class=\"post-content-outer\">\n\t\t\t<p>Cl\u00ednica Nexus asisti\u00f3 como invitada a la cena empresarial Ser Empresarios, de esta temporada, un&#8230;<\/p>\n\t\t<\/div>\n\n\t\t\t\t\t<div class=\"post-content-meta\">\n\t\t\t\t<div>\n\t\t\t\t\tPosted in:  <a href=\"https:\/\/grupnexus.com\/es\/category\/blog\/actualidad\/\" rel=\"category tag\">Actualidad<\/a>, <a href=\"https:\/\/grupnexus.com\/es\/category\/blog\/\" rel=\"category tag\">Blog<\/a>, <a href=\"https:\/\/grupnexus.com\/es\/category\/prensa\/\" rel=\"category tag\">Prensa<\/a>\t\t\t\t<\/div>\n\t\t\t\t\t\t\t<\/div>\n\t\t\t<\/div>\n\t<\/div>\n<\/div>\n\t\t\t<\/div>\n\t\t<\/div>\n\t\t<div class=\"page-content post-header grid-1-3 clearboth list-item post-50625 post type-post status-publish format-image has-post-thumbnail hentry category-actualidad category-blog category-testimonios tag-alopecia tag-trasplantament-capillar-es tag-trasplante-capilar post_format-post-format-image\" itemscope=\"itemscope\" itemtype=\"http:\/\/schema.org\/BlogPosting\">\n\t\t\t<div>\n\t\t\t\t<div class=\"post-article has-image-wrapper \">\n\t<meta itemscope itemprop=\"mainEntityOfPage\" itemid=\"https:\/\/grupnexus.com\/es\/clinica-nexus-patrocinador-del-8o-open-solidario-del-club-natacio-lleida\/\" \/><meta itemprop=\"datePublished\" content=\"2022-06-20\" \/><meta itemprop=\"dateModified\" content=\"2022-06-20\" \/><meta itemprop=\"headline\" content=\"Cl\u00ednica Nexus patrocinador del 8\u00ba Open Solidario del Club Nataci\u00f3 Lleida\" \/><div itemprop=\"publisher\" itemscope itemtype=\"https:\/\/schema.org\/Organization\"><meta itemprop=\"name\" content=\"Cl\u00ednica Nexus\"><meta itemprop=\"url\" content=\"https:\/\/grupnexus.com\/es\/\"><div itemprop=\"logo\" itemscope itemtype=\"https:\/\/schema.org\/ImageObject\"><meta itemprop=\"url\" content=\"https:\/\/grupnexus.com\/wp-content\/uploads\/LOGO-300x751.png\"><\/div><\/div><div itemscope itemprop=\"author\" itemtype=\"http:\/\/schema.org\/Person\"><meta itemprop=\"url\" content=\"https:\/\/grupnexus.com\/es\/author\/administrador\/\" \/><meta itemprop=\"name\" content=\"Nexus\" \/><\/div><div itemscope itemprop=\"image\" itemtype=\"http:\/\/schema.org\/ImageObject\"><meta itemprop=\"url\" content=\"https:\/\/grupnexus.com\/wp-content\/uploads\/2022\/06\/Grup-Nexus-club-nexus-8e.jpg\" \/><meta itemprop=\"width\" content=\"1024\" \/><meta itemprop=\"height\" content=\"758\" \/><\/div><div itemprop=\"interactionStatistic\" itemscope itemtype=\"http:\/\/schema.org\/InteractionCounter\"><meta itemprop=\"interactionType\" content=\"http:\/\/schema.org\/CommentAction\" \/><meta itemprop=\"userInteractionCount\" content=\"0\" \/><\/div>\t<div class=\"image-post-format clearfix as-normal \">\n\t\t\t<div class=\"thumbnail\">\n\t\t\t\t\t\t<img width=\"400\" height=\"307\" src=\"https:\/\/grupnexus.com\/wp-content\/uploads\/2022\/06\/Grup-Nexus-club-nexus-8e-400x307.jpg\" class=\"attachment-post-small-3 size-post-small-3 wp-post-image\" alt=\"\" loading=\"lazy\" srcset=\"https:\/\/grupnexus.com\/wp-content\/uploads\/2022\/06\/Grup-Nexus-club-nexus-8e-400x307.jpg 400w, https:\/\/grupnexus.com\/wp-content\/uploads\/2022\/06\/Grup-Nexus-club-nexus-8e-480x369.jpg 480w, https:\/\/grupnexus.com\/wp-content\/uploads\/2022\/06\/Grup-Nexus-club-nexus-8e-615x473.jpg 615w, https:\/\/grupnexus.com\/wp-content\/uploads\/2022\/06\/Grup-Nexus-club-nexus-8e-292x225.jpg 292w\" sizes=\"(min-width: 900px) 50vw, 100vw\" \/>\t\t\t<\/div>\n\n\t<div class=\"post-content-wrapper\">\n\t\t\t\t<header class=\"single\">\n\t\t\t<div class=\"content\">\n\t\t\t\t<h3>\n\t\t\t\t\t<a href=\"https:\/\/grupnexus.com\/es\/clinica-nexus-patrocinador-del-8o-open-solidario-del-club-natacio-lleida\/\" title=\"Cl\u00ednica Nexus patrocinador del 8\u00ba Open Solidario del Club Nataci\u00f3 Lleida\" class=\"entry-title\">Cl\u00ednica Nexus patrocinador del 8\u00ba Open Solidario del Club Nataci\u00f3 Lleida<\/a>\n\t\t\t\t<\/h3>\n\t\t\t<\/div>\n\t\t<\/header>\n\t\n\t\t<div class=\"post-actions-wrapper\">\n\t\t\t\t\t\t\t<div class=\"post-date\">\n\t\t\t\t\t20 junio, 2022\t\t\t\t<\/div>\n\t\t\t\t\t\t\t\t\t\t\n\t\t\t\t\t\t\t\t\t<\/div>\n\n\t\t<div class=\"post-content-outer\">\n\t\t\t<p>Cl\u00ednica Nexus, un a\u00f1o m\u00e1s, ha participado en el 8\u00ba Open Solidario del Club Nataci\u00f3&#8230;<\/p>\n\t\t<\/div>\n\n\t\t\t\t\t<div class=\"post-content-meta\">\n\t\t\t\t<div>\n\t\t\t\t\tPosted in:  <a href=\"https:\/\/grupnexus.com\/es\/category\/blog\/actualidad\/\" rel=\"category tag\">Actualidad<\/a>, <a href=\"https:\/\/grupnexus.com\/es\/category\/blog\/\" rel=\"category tag\">Blog<\/a>, <a href=\"https:\/\/grupnexus.com\/es\/category\/testimonios\/\" rel=\"category tag\">Testimonios<\/a>\t\t\t\t<\/div>\n\t\t\t\t<div class=\"the-tags\">Tags: <a href=\"https:\/\/grupnexus.com\/es\/tag\/alopecia\/\" rel=\"tag\">alopecia<\/a>, <a href=\"https:\/\/grupnexus.com\/es\/tag\/trasplantament-capillar-es\/\" rel=\"tag\">trasplantament capil\u00b7lar<\/a>, <a href=\"https:\/\/grupnexus.com\/es\/tag\/trasplante-capilar\/\" rel=\"tag\">trasplante capilar<\/a><\/div>\t\t\t<\/div>\n\t\t\t<\/div>\n\t<\/div>\n<\/div>\n\t\t\t<\/div>\n\t\t<\/div>\n\t\t<div class=\"page-content post-header grid-1-3 list-item post-50503 post type-post status-publish format-video hentry category-actualidad category-blog category-testimonios tag-alopecia tag-trasplantament-capillar-es tag-trasplante-capilar post_format-post-format-video\" itemscope=\"itemscope\" itemtype=\"http:\/\/schema.org\/BlogPosting\">\n\t\t\t<div>\n\t\t\t\t<div class=\"post-article has-image-wrapper \">\n\t<meta itemscope itemprop=\"mainEntityOfPage\" itemid=\"https:\/\/grupnexus.com\/es\/trasplante-capilar-testimonio-miguel-perez\/\" \/><meta itemprop=\"datePublished\" content=\"2022-06-01\" \/><meta itemprop=\"dateModified\" content=\"2022-06-01\" \/><meta itemprop=\"headline\" content=\"Trasplante capilar. Testimonio Miguel P\u00e9rez\" \/><div itemprop=\"publisher\" itemscope itemtype=\"https:\/\/schema.org\/Organization\"><meta itemprop=\"name\" content=\"Cl\u00ednica Nexus\"><meta itemprop=\"url\" content=\"https:\/\/grupnexus.com\/es\/\"><div itemprop=\"logo\" itemscope itemtype=\"https:\/\/schema.org\/ImageObject\"><meta itemprop=\"url\" content=\"https:\/\/grupnexus.com\/wp-content\/uploads\/LOGO-300x751.png\"><\/div><\/div><div itemscope itemprop=\"author\" itemtype=\"http:\/\/schema.org\/Person\"><meta itemprop=\"url\" content=\"https:\/\/grupnexus.com\/es\/author\/administrador\/\" \/><meta itemprop=\"name\" content=\"Nexus\" \/><\/div><div itemprop=\"interactionStatistic\" itemscope itemtype=\"http:\/\/schema.org\/InteractionCounter\"><meta itemprop=\"interactionType\" content=\"http:\/\/schema.org\/CommentAction\" \/><meta itemprop=\"userInteractionCount\" content=\"0\" \/><\/div>\t<div class=\"video-post-format clearfix as-normal \">\n\t\t\t<div class=\"thumbnail\">\n\t\t\t\t\t\t<div class=\"wpv-video-frame\"><iframe title=\"Trasplantament capil\u00b7lar. Testimoni de Miguel P\u00e9rez\" width=\"1380\" height=\"776\" src=\"https:\/\/www.youtube.com\/embed\/U7b4ESf60Y4?feature=oembed\" frameborder=\"0\" allow=\"accelerometer; autoplay; clipboard-write; encrypted-media; gyroscope; picture-in-picture\" allowfullscreen><\/iframe><\/div>\t\t\t<\/div>\n\n\t<div class=\"post-content-wrapper\">\n\t\t\t\t<header class=\"single\">\n\t\t\t<div class=\"content\">\n\t\t\t\t<h3>\n\t\t\t\t\t<a href=\"https:\/\/grupnexus.com\/es\/trasplante-capilar-testimonio-miguel-perez\/\" title=\"Trasplante capilar. Testimonio Miguel P\u00e9rez\" class=\"entry-title\">Trasplante capilar. Testimonio Miguel P\u00e9rez<\/a>\n\t\t\t\t<\/h3>\n\t\t\t<\/div>\n\t\t<\/header>\n\t\n\t\t<div class=\"post-actions-wrapper\">\n\t\t\t\t\t\t\t<div class=\"post-date\">\n\t\t\t\t\t1 junio, 2022\t\t\t\t<\/div>\n\t\t\t\t\t\t\t\t\t\t\n\t\t\t\t\t\t\t\t\t<\/div>\n\n\t\t<div class=\"post-content-outer\">\n\t\t\t<p>La alopecia o p\u00e9rdida de cabello es una de las mayores preocupaciones est\u00e9ticas de la&#8230;<\/p>\n\t\t<\/div>\n\n\t\t\t\t\t<div class=\"post-content-meta\">\n\t\t\t\t<div>\n\t\t\t\t\tPosted in:  <a href=\"https:\/\/grupnexus.com\/es\/category\/blog\/actualidad\/\" rel=\"category tag\">Actualidad<\/a>, <a href=\"https:\/\/grupnexus.com\/es\/category\/blog\/\" rel=\"category tag\">Blog<\/a>, <a href=\"https:\/\/grupnexus.com\/es\/category\/testimonios\/\" rel=\"category tag\">Testimonios<\/a>\t\t\t\t<\/div>\n\t\t\t\t<div class=\"the-tags\">Tags: <a href=\"https:\/\/grupnexus.com\/es\/tag\/alopecia\/\" rel=\"tag\">alopecia<\/a>, <a href=\"https:\/\/grupnexus.com\/es\/tag\/trasplantament-capillar-es\/\" rel=\"tag\">trasplantament capil\u00b7lar<\/a>, <a href=\"https:\/\/grupnexus.com\/es\/tag\/trasplante-capilar\/\" rel=\"tag\">trasplante capilar<\/a><\/div>\t\t\t<\/div>\n\t\t\t<\/div>\n\t<\/div>\n<\/div>\n\t\t\t<\/div>\n\t\t<\/div>\n\t\t<div class=\"page-content post-header grid-1-3 list-item post-50262 post type-post status-publish format-standard has-post-thumbnail hentry category-actualidad category-blog tag-bellesa-es tag-belleza-es\" itemscope=\"itemscope\" itemtype=\"http:\/\/schema.org\/BlogPosting\">\n\t\t\t<div>\n\t\t\t\t<div class=\"post-article has-image-wrapper \">\n\t<meta itemscope itemprop=\"mainEntityOfPage\" itemid=\"https:\/\/grupnexus.com\/es\/coffee-talk-inteligencia-emocional-en-accion\/\" \/><meta itemprop=\"datePublished\" content=\"2022-05-02\" \/><meta itemprop=\"dateModified\" content=\"2022-05-02\" \/><meta itemprop=\"headline\" content=\"Coffee Talk \u201cInteligencia emocional en acci\u00f3n\u201d\" \/><div itemprop=\"publisher\" itemscope itemtype=\"https:\/\/schema.org\/Organization\"><meta itemprop=\"name\" content=\"Cl\u00ednica Nexus\"><meta itemprop=\"url\" content=\"https:\/\/grupnexus.com\/es\/\"><div itemprop=\"logo\" itemscope itemtype=\"https:\/\/schema.org\/ImageObject\"><meta itemprop=\"url\" content=\"https:\/\/grupnexus.com\/wp-content\/uploads\/LOGO-300x751.png\"><\/div><\/div><div itemscope itemprop=\"author\" itemtype=\"http:\/\/schema.org\/Person\"><meta itemprop=\"url\" content=\"https:\/\/grupnexus.com\/es\/author\/administrador\/\" \/><meta itemprop=\"name\" content=\"Nexus\" \/><\/div><div itemscope itemprop=\"image\" itemtype=\"http:\/\/schema.org\/ImageObject\"><meta itemprop=\"url\" content=\"https:\/\/grupnexus.com\/wp-content\/uploads\/2022\/05\/coffee-talk-nexus-mayo-4.jpg\" \/><meta itemprop=\"width\" content=\"1024\" \/><meta itemprop=\"height\" content=\"758\" \/><\/div><div itemprop=\"interactionStatistic\" itemscope itemtype=\"http:\/\/schema.org\/InteractionCounter\"><meta itemprop=\"interactionType\" content=\"http:\/\/schema.org\/CommentAction\" \/><meta itemprop=\"userInteractionCount\" content=\"0\" \/><\/div>\t<div class=\"standard-post-format clearfix as-image \">\n\t\t\t<div class=\"thumbnail\">\n\t\t\t\t\t\t<img width=\"400\" height=\"307\" src=\"https:\/\/grupnexus.com\/wp-content\/uploads\/2022\/05\/coffee-talk-nexus-mayo-4-400x307.jpg\" class=\"attachment-post-small-3 size-post-small-3 wp-post-image\" alt=\"\" loading=\"lazy\" srcset=\"https:\/\/grupnexus.com\/wp-content\/uploads\/2022\/05\/coffee-talk-nexus-mayo-4-400x307.jpg 400w, https:\/\/grupnexus.com\/wp-content\/uploads\/2022\/05\/coffee-talk-nexus-mayo-4-480x369.jpg 480w, https:\/\/grupnexus.com\/wp-content\/uploads\/2022\/05\/coffee-talk-nexus-mayo-4-615x473.jpg 615w, https:\/\/grupnexus.com\/wp-content\/uploads\/2022\/05\/coffee-talk-nexus-mayo-4-292x225.jpg 292w\" sizes=\"(min-width: 900px) 50vw, 100vw\" \/>\t\t\t<\/div>\n\n\t<div class=\"post-content-wrapper\">\n\t\t\t\t<header class=\"single\">\n\t\t\t<div class=\"content\">\n\t\t\t\t<h3>\n\t\t\t\t\t<a href=\"https:\/\/grupnexus.com\/es\/coffee-talk-inteligencia-emocional-en-accion\/\" title=\"Coffee Talk \u201cInteligencia emocional en acci\u00f3n\u201d\" class=\"entry-title\">Coffee Talk \u201cInteligencia emocional en acci\u00f3n\u201d<\/a>\n\t\t\t\t<\/h3>\n\t\t\t<\/div>\n\t\t<\/header>\n\t\n\t\t<div class=\"post-actions-wrapper\">\n\t\t\t\t\t\t\t<div class=\"post-date\">\n\t\t\t\t\t2 mayo, 2022\t\t\t\t<\/div>\n\t\t\t\t\t\t\t\t\t\t\n\t\t\t\t\t\t\t\t\t<\/div>\n\n\t\t<div class=\"post-content-outer\">\n\t\t\t<p>Una hora de acci\u00f3n en la que aprendimos la f\u00f3rmula del bienestar, de forma pr\u00e1ctica,&#8230;<\/p>\n\t\t<\/div>\n\n\t\t\t\t\t<div class=\"post-content-meta\">\n\t\t\t\t<div>\n\t\t\t\t\tPosted in:  <a href=\"https:\/\/grupnexus.com\/es\/category\/blog\/actualidad\/\" rel=\"category tag\">Actualidad<\/a>, <a href=\"https:\/\/grupnexus.com\/es\/category\/blog\/\" rel=\"category tag\">Blog<\/a>\t\t\t\t<\/div>\n\t\t\t\t<div class=\"the-tags\">Tags: <a href=\"https:\/\/grupnexus.com\/es\/tag\/bellesa-es\/\" rel=\"tag\">bellesa<\/a>, <a href=\"https:\/\/grupnexus.com\/es\/tag\/belleza-es\/\" rel=\"tag\">belleza<\/a><\/div>\t\t\t<\/div>\n\t\t\t<\/div>\n\t<\/div>\n<\/div>\n\t\t\t<\/div>\n\t\t<\/div>\n\t\t<div class=\"page-content post-header grid-1-3 clearboth list-item post-50127 post type-post status-publish format-standard has-post-thumbnail hentry category-actualidad category-blog tag-bellesa-es tag-belleza-es\" itemscope=\"itemscope\" itemtype=\"http:\/\/schema.org\/BlogPosting\">\n\t\t\t<div>\n\t\t\t\t<div class=\"post-article has-image-wrapper \">\n\t<meta itemscope itemprop=\"mainEntityOfPage\" itemid=\"https:\/\/grupnexus.com\/es\/adios-a-la-flacidez-con-potenza\/\" \/><meta itemprop=\"datePublished\" content=\"2022-04-08\" \/><meta itemprop=\"dateModified\" content=\"2022-04-12\" \/><meta itemprop=\"headline\" content=\"Adi\u00f3s a la flacidez con Potenza. El sistema de Radiofrecuencia y Microonedling\" \/><div itemprop=\"publisher\" itemscope itemtype=\"https:\/\/schema.org\/Organization\"><meta itemprop=\"name\" content=\"Cl\u00ednica Nexus\"><meta itemprop=\"url\" content=\"https:\/\/grupnexus.com\/es\/\"><div itemprop=\"logo\" itemscope itemtype=\"https:\/\/schema.org\/ImageObject\"><meta itemprop=\"url\" content=\"https:\/\/grupnexus.com\/wp-content\/uploads\/LOGO-300x751.png\"><\/div><\/div><div itemscope itemprop=\"author\" itemtype=\"http:\/\/schema.org\/Person\"><meta itemprop=\"url\" content=\"https:\/\/grupnexus.com\/es\/author\/administrador\/\" \/><meta itemprop=\"name\" content=\"Nexus\" \/><\/div><div itemscope itemprop=\"image\" itemtype=\"http:\/\/schema.org\/ImageObject\"><meta itemprop=\"url\" content=\"https:\/\/grupnexus.com\/wp-content\/uploads\/2022\/04\/potenza-7.jpg\" \/><meta itemprop=\"width\" content=\"600\" \/><meta itemprop=\"height\" content=\"400\" \/><\/div><div itemprop=\"interactionStatistic\" itemscope itemtype=\"http:\/\/schema.org\/InteractionCounter\"><meta itemprop=\"interactionType\" content=\"http:\/\/schema.org\/CommentAction\" \/><meta itemprop=\"userInteractionCount\" content=\"0\" \/><\/div>\t<div class=\"standard-post-format clearfix as-image \">\n\t\t\t<div class=\"thumbnail\">\n\t\t\t\t\t\t<img width=\"400\" height=\"307\" src=\"https:\/\/grupnexus.com\/wp-content\/uploads\/2022\/04\/potenza-7-400x307.jpg\" class=\"attachment-post-small-3 size-post-small-3 wp-post-image\" alt=\"\" loading=\"lazy\" srcset=\"https:\/\/grupnexus.com\/wp-content\/uploads\/2022\/04\/potenza-7-400x307.jpg 400w, https:\/\/grupnexus.com\/wp-content\/uploads\/2022\/04\/potenza-7-480x369.jpg 480w, https:\/\/grupnexus.com\/wp-content\/uploads\/2022\/04\/potenza-7-292x225.jpg 292w\" sizes=\"(min-width: 900px) 50vw, 100vw\" \/>\t\t\t<\/div>\n\n\t<div class=\"post-content-wrapper\">\n\t\t\t\t<header class=\"single\">\n\t\t\t<div class=\"content\">\n\t\t\t\t<h3>\n\t\t\t\t\t<a href=\"https:\/\/grupnexus.com\/es\/adios-a-la-flacidez-con-potenza\/\" title=\"Adi\u00f3s a la flacidez con Potenza. El sistema de Radiofrecuencia y Microonedling\" class=\"entry-title\">Adi\u00f3s a la flacidez con Potenza. El sistema de Radiofrecuencia y Microonedling<\/a>\n\t\t\t\t<\/h3>\n\t\t\t<\/div>\n\t\t<\/header>\n\t\n\t\t<div class=\"post-actions-wrapper\">\n\t\t\t\t\t\t\t<div class=\"post-date\">\n\t\t\t\t\t8 abril, 2022\t\t\t\t<\/div>\n\t\t\t\t\t\t\t\t\t\t\n\t\t\t\t\t\t\t\t\t<\/div>\n\n\t\t<div class=\"post-content-outer\">\n\t\t\t<p>La flacidez es una de las causas que m\u00e1s preocupa a partir de cierta edad&#8230;.<\/p>\n\t\t<\/div>\n\n\t\t\t\t\t<div class=\"post-content-meta\">\n\t\t\t\t<div>\n\t\t\t\t\tPosted in:  <a href=\"https:\/\/grupnexus.com\/es\/category\/blog\/actualidad\/\" rel=\"category tag\">Actualidad<\/a>, <a href=\"https:\/\/grupnexus.com\/es\/category\/blog\/\" rel=\"category tag\">Blog<\/a>\t\t\t\t<\/div>\n\t\t\t\t<div class=\"the-tags\">Tags: <a href=\"https:\/\/grupnexus.com\/es\/tag\/bellesa-es\/\" rel=\"tag\">bellesa<\/a>, <a href=\"https:\/\/grupnexus.com\/es\/tag\/belleza-es\/\" rel=\"tag\">belleza<\/a><\/div>\t\t\t<\/div>\n\t\t\t<\/div>\n\t<\/div>\n<\/div>\n\t\t\t<\/div>\n\t\t<\/div>\n\t\t<div class=\"page-content post-header grid-1-3 list-item post-49972 post type-post status-publish format-standard has-post-thumbnail hentry category-actualidad category-blog tag-bellesa-es tag-belleza-es\" itemscope=\"itemscope\" itemtype=\"http:\/\/schema.org\/BlogPosting\">\n\t\t\t<div>\n\t\t\t\t<div class=\"post-article has-image-wrapper \">\n\t<meta itemscope itemprop=\"mainEntityOfPage\" itemid=\"https:\/\/grupnexus.com\/es\/coffee-talk-wellaging-potenza\/\" \/><meta itemprop=\"datePublished\" content=\"2022-04-07\" \/><meta itemprop=\"dateModified\" content=\"2022-04-12\" \/><meta itemprop=\"headline\" content=\"Coffee Talk. \u201cWellaging. C\u00f3mo conseguir un efecto lifting con Potenza\u201d\" \/><div itemprop=\"publisher\" itemscope itemtype=\"https:\/\/schema.org\/Organization\"><meta itemprop=\"name\" content=\"Cl\u00ednica Nexus\"><meta itemprop=\"url\" content=\"https:\/\/grupnexus.com\/es\/\"><div itemprop=\"logo\" itemscope itemtype=\"https:\/\/schema.org\/ImageObject\"><meta itemprop=\"url\" content=\"https:\/\/grupnexus.com\/wp-content\/uploads\/LOGO-300x751.png\"><\/div><\/div><div itemscope itemprop=\"author\" itemtype=\"http:\/\/schema.org\/Person\"><meta itemprop=\"url\" content=\"https:\/\/grupnexus.com\/es\/author\/administrador\/\" \/><meta itemprop=\"name\" content=\"Nexus\" \/><\/div><div itemscope itemprop=\"image\" itemtype=\"http:\/\/schema.org\/ImageObject\"><meta itemprop=\"url\" content=\"https:\/\/grupnexus.com\/wp-content\/uploads\/2022\/04\/16Coffee-Nexus.jpg\" \/><meta itemprop=\"width\" content=\"600\" \/><meta itemprop=\"height\" content=\"400\" \/><\/div><div itemprop=\"interactionStatistic\" itemscope itemtype=\"http:\/\/schema.org\/InteractionCounter\"><meta itemprop=\"interactionType\" content=\"http:\/\/schema.org\/CommentAction\" \/><meta itemprop=\"userInteractionCount\" content=\"0\" \/><\/div>\t<div class=\"standard-post-format clearfix as-image \">\n\t\t\t<div class=\"thumbnail\">\n\t\t\t\t\t\t<img width=\"400\" height=\"307\" src=\"https:\/\/grupnexus.com\/wp-content\/uploads\/2022\/04\/16Coffee-Nexus-400x307.jpg\" class=\"attachment-post-small-3 size-post-small-3 wp-post-image\" alt=\"\" loading=\"lazy\" srcset=\"https:\/\/grupnexus.com\/wp-content\/uploads\/2022\/04\/16Coffee-Nexus-400x307.jpg 400w, https:\/\/grupnexus.com\/wp-content\/uploads\/2022\/04\/16Coffee-Nexus-480x369.jpg 480w, https:\/\/grupnexus.com\/wp-content\/uploads\/2022\/04\/16Coffee-Nexus-292x225.jpg 292w\" sizes=\"(min-width: 900px) 50vw, 100vw\" \/>\t\t\t<\/div>\n\n\t<div class=\"post-content-wrapper\">\n\t\t\t\t<header class=\"single\">\n\t\t\t<div class=\"content\">\n\t\t\t\t<h3>\n\t\t\t\t\t<a href=\"https:\/\/grupnexus.com\/es\/coffee-talk-wellaging-potenza\/\" title=\"Coffee Talk. \u201cWellaging. C\u00f3mo conseguir un efecto lifting con Potenza\u201d\" class=\"entry-title\">Coffee Talk. \u201cWellaging. C\u00f3mo conseguir un efecto lifting con Potenza\u201d<\/a>\n\t\t\t\t<\/h3>\n\t\t\t<\/div>\n\t\t<\/header>\n\t\n\t\t<div class=\"post-actions-wrapper\">\n\t\t\t\t\t\t\t<div class=\"post-date\">\n\t\t\t\t\t7 abril, 2022\t\t\t\t<\/div>\n\t\t\t\t\t\t\t\t\t\t\n\t\t\t\t\t\t\t\t\t<\/div>\n\n\t\t<div class=\"post-content-outer\">\n\t\t\t<p>Una de las preocupaciones que nos hac\u00e9is llegar a consulta, es la de la flacidez,&#8230;<\/p>\n\t\t<\/div>\n\n\t\t\t\t\t<div class=\"post-content-meta\">\n\t\t\t\t<div>\n\t\t\t\t\tPosted in:  <a href=\"https:\/\/grupnexus.com\/es\/category\/blog\/actualidad\/\" rel=\"category tag\">Actualidad<\/a>, <a href=\"https:\/\/grupnexus.com\/es\/category\/blog\/\" rel=\"category tag\">Blog<\/a>\t\t\t\t<\/div>\n\t\t\t\t<div class=\"the-tags\">Tags: <a href=\"https:\/\/grupnexus.com\/es\/tag\/bellesa-es\/\" rel=\"tag\">bellesa<\/a>, <a href=\"https:\/\/grupnexus.com\/es\/tag\/belleza-es\/\" rel=\"tag\">belleza<\/a><\/div>\t\t\t<\/div>\n\t\t\t<\/div>\n\t<\/div>\n<\/div>\n\t\t\t<\/div>\n\t\t<\/div>\n\t\t<div class=\"page-content post-header grid-1-3 list-item post-49765 post type-post status-publish format-standard has-post-thumbnail hentry category-actualidad category-blog tag-alimentacion-saludable tag-bellesa-es tag-belleza-es tag-eliminacion-de-acne tag-eliminacion-de-cicatrices tag-eliminacion-de-estrias tag-tonificacion-muscular\" itemscope=\"itemscope\" itemtype=\"http:\/\/schema.org\/BlogPosting\">\n\t\t\t<div>\n\t\t\t\t<div class=\"post-article has-image-wrapper \">\n\t<meta itemscope itemprop=\"mainEntityOfPage\" itemid=\"https:\/\/grupnexus.com\/es\/nexus-informa-a-los-jovenes-modelos-de-lleida-sobre-estetica\/\" \/><meta itemprop=\"datePublished\" content=\"2022-03-22\" \/><meta itemprop=\"dateModified\" content=\"2022-03-22\" \/><meta itemprop=\"headline\" content=\"Nexus informa a los j\u00f3venes modelos de Lleida sobre est\u00e9tica\" \/><div itemprop=\"publisher\" itemscope itemtype=\"https:\/\/schema.org\/Organization\"><meta itemprop=\"name\" content=\"Cl\u00ednica Nexus\"><meta itemprop=\"url\" content=\"https:\/\/grupnexus.com\/es\/\"><div itemprop=\"logo\" itemscope itemtype=\"https:\/\/schema.org\/ImageObject\"><meta itemprop=\"url\" content=\"https:\/\/grupnexus.com\/wp-content\/uploads\/LOGO-300x751.png\"><\/div><\/div><div itemscope itemprop=\"author\" itemtype=\"http:\/\/schema.org\/Person\"><meta itemprop=\"url\" content=\"https:\/\/grupnexus.com\/es\/author\/administrador\/\" \/><meta itemprop=\"name\" content=\"Nexus\" \/><\/div><div itemscope itemprop=\"image\" itemtype=\"http:\/\/schema.org\/ImageObject\"><meta itemprop=\"url\" content=\"https:\/\/grupnexus.com\/wp-content\/uploads\/2022\/03\/nexus-informa-jovenes-2.jpg\" \/><meta itemprop=\"width\" content=\"800\" \/><meta itemprop=\"height\" content=\"600\" \/><\/div><div itemprop=\"interactionStatistic\" itemscope itemtype=\"http:\/\/schema.org\/InteractionCounter\"><meta itemprop=\"interactionType\" content=\"http:\/\/schema.org\/CommentAction\" \/><meta itemprop=\"userInteractionCount\" content=\"0\" \/><\/div>\t<div class=\"standard-post-format clearfix as-image \">\n\t\t\t<div class=\"thumbnail\">\n\t\t\t\t\t\t<img width=\"400\" height=\"307\" src=\"https:\/\/grupnexus.com\/wp-content\/uploads\/2022\/03\/nexus-informa-jovenes-2-400x307.jpg\" class=\"attachment-post-small-3 size-post-small-3 wp-post-image\" alt=\"\" loading=\"lazy\" srcset=\"https:\/\/grupnexus.com\/wp-content\/uploads\/2022\/03\/nexus-informa-jovenes-2-400x307.jpg 400w, https:\/\/grupnexus.com\/wp-content\/uploads\/2022\/03\/nexus-informa-jovenes-2-480x369.jpg 480w, https:\/\/grupnexus.com\/wp-content\/uploads\/2022\/03\/nexus-informa-jovenes-2-615x473.jpg 615w, https:\/\/grupnexus.com\/wp-content\/uploads\/2022\/03\/nexus-informa-jovenes-2-292x225.jpg 292w\" sizes=\"(min-width: 900px) 50vw, 100vw\" \/>\t\t\t<\/div>\n\n\t<div class=\"post-content-wrapper\">\n\t\t\t\t<header class=\"single\">\n\t\t\t<div class=\"content\">\n\t\t\t\t<h3>\n\t\t\t\t\t<a href=\"https:\/\/grupnexus.com\/es\/nexus-informa-a-los-jovenes-modelos-de-lleida-sobre-estetica\/\" title=\"Nexus informa a los j\u00f3venes modelos de Lleida sobre est\u00e9tica\" class=\"entry-title\">Nexus informa a los j\u00f3venes modelos de Lleida sobre est\u00e9tica<\/a>\n\t\t\t\t<\/h3>\n\t\t\t<\/div>\n\t\t<\/header>\n\t\n\t\t<div class=\"post-actions-wrapper\">\n\t\t\t\t\t\t\t<div class=\"post-date\">\n\t\t\t\t\t22 marzo, 2022\t\t\t\t<\/div>\n\t\t\t\t\t\t\t\t\t\t\n\t\t\t\t\t\t\t\t\t<\/div>\n\n\t\t<div class=\"post-content-outer\">\n\t\t\t<p>El cuidado facial y corporal es la base para que un buen modelo pueda triunfar&#8230;<\/p>\n\t\t<\/div>\n\n\t\t\t\t\t<div class=\"post-content-meta\">\n\t\t\t\t<div>\n\t\t\t\t\tPosted in:  <a href=\"https:\/\/grupnexus.com\/es\/category\/blog\/actualidad\/\" rel=\"category tag\">Actualidad<\/a>, <a href=\"https:\/\/grupnexus.com\/es\/category\/blog\/\" rel=\"category tag\">Blog<\/a>\t\t\t\t<\/div>\n\t\t\t\t<div class=\"the-tags\">Tags: <a href=\"https:\/\/grupnexus.com\/es\/tag\/alimentacion-saludable\/\" rel=\"tag\">alimentaci\u00f3n saludable<\/a>, <a href=\"https:\/\/grupnexus.com\/es\/tag\/bellesa-es\/\" rel=\"tag\">bellesa<\/a>, <a href=\"https:\/\/grupnexus.com\/es\/tag\/belleza-es\/\" rel=\"tag\">belleza<\/a>, <a href=\"https:\/\/grupnexus.com\/es\/tag\/eliminacion-de-acne\/\" rel=\"tag\">eliminaci\u00f3n de acne<\/a>, <a href=\"https:\/\/grupnexus.com\/es\/tag\/eliminacion-de-cicatrices\/\" rel=\"tag\">eliminaci\u00f3n de cicatrices<\/a>, <a href=\"https:\/\/grupnexus.com\/es\/tag\/eliminacion-de-estrias\/\" rel=\"tag\">eliminaci\u00f3n de estr\u00edas<\/a>, <a href=\"https:\/\/grupnexus.com\/es\/tag\/tonificacion-muscular\/\" rel=\"tag\">tonificaci\u00f3n muscular<\/a><\/div>\t\t\t<\/div>\n\t\t\t<\/div>\n\t<\/div>\n<\/div>\n\t\t\t<\/div>\n\t\t<\/div>\n\t\t<div class=\"page-content post-header grid-1-3 clearboth list-item post-49747 post type-post status-publish format-standard has-post-thumbnail hentry category-actualidad category-blog category-podcast tag-bellezaemocional-es tag-podcastsegre-es tag-nexus-es\" itemscope=\"itemscope\" itemtype=\"http:\/\/schema.org\/BlogPosting\">\n\t\t\t<div>\n\t\t\t\t<div class=\"post-article has-image-wrapper \">\n\t<meta itemscope itemprop=\"mainEntityOfPage\" itemid=\"https:\/\/grupnexus.com\/es\/belleza-emocional-con-nexus\/\" \/><meta itemprop=\"datePublished\" content=\"2022-03-22\" \/><meta itemprop=\"dateModified\" content=\"2022-03-22\" \/><meta itemprop=\"headline\" content=\"Belleza emocional con Nexus\" \/><div itemprop=\"publisher\" itemscope itemtype=\"https:\/\/schema.org\/Organization\"><meta itemprop=\"name\" content=\"Cl\u00ednica Nexus\"><meta itemprop=\"url\" content=\"https:\/\/grupnexus.com\/es\/\"><div itemprop=\"logo\" itemscope itemtype=\"https:\/\/schema.org\/ImageObject\"><meta itemprop=\"url\" content=\"https:\/\/grupnexus.com\/wp-content\/uploads\/LOGO-300x751.png\"><\/div><\/div><div itemscope itemprop=\"author\" itemtype=\"http:\/\/schema.org\/Person\"><meta itemprop=\"url\" content=\"https:\/\/grupnexus.com\/es\/author\/administrador\/\" \/><meta itemprop=\"name\" content=\"Nexus\" \/><\/div><div itemscope itemprop=\"image\" itemtype=\"http:\/\/schema.org\/ImageObject\"><meta itemprop=\"url\" content=\"https:\/\/grupnexus.com\/wp-content\/uploads\/2022\/03\/64d917b18ee008d11c4309792856d8df.jpg\" \/><meta itemprop=\"width\" content=\"720\" \/><meta itemprop=\"height\" content=\"720\" \/><\/div><div itemprop=\"interactionStatistic\" itemscope itemtype=\"http:\/\/schema.org\/InteractionCounter\"><meta itemprop=\"interactionType\" content=\"http:\/\/schema.org\/CommentAction\" \/><meta itemprop=\"userInteractionCount\" content=\"0\" \/><\/div>\t<div class=\"standard-post-format clearfix as-image \">\n\t\t\t<div class=\"thumbnail\">\n\t\t\t\t\t\t<img width=\"400\" height=\"307\" src=\"https:\/\/grupnexus.com\/wp-content\/uploads\/2022\/03\/64d917b18ee008d11c4309792856d8df-400x307.jpg\" class=\"attachment-post-small-3 size-post-small-3 wp-post-image\" alt=\"\" loading=\"lazy\" srcset=\"https:\/\/grupnexus.com\/wp-content\/uploads\/2022\/03\/64d917b18ee008d11c4309792856d8df-400x307.jpg 400w, https:\/\/grupnexus.com\/wp-content\/uploads\/2022\/03\/64d917b18ee008d11c4309792856d8df-480x369.jpg 480w, https:\/\/grupnexus.com\/wp-content\/uploads\/2022\/03\/64d917b18ee008d11c4309792856d8df-615x473.jpg 615w, https:\/\/grupnexus.com\/wp-content\/uploads\/2022\/03\/64d917b18ee008d11c4309792856d8df-292x225.jpg 292w\" sizes=\"(min-width: 900px) 50vw, 100vw\" \/>\t\t\t<\/div>\n\n\t<div class=\"post-content-wrapper\">\n\t\t\t\t<header class=\"single\">\n\t\t\t<div class=\"content\">\n\t\t\t\t<h3>\n\t\t\t\t\t<a href=\"https:\/\/grupnexus.com\/es\/belleza-emocional-con-nexus\/\" title=\"Belleza emocional con Nexus\" class=\"entry-title\">Belleza emocional con Nexus<\/a>\n\t\t\t\t<\/h3>\n\t\t\t<\/div>\n\t\t<\/header>\n\t\n\t\t<div class=\"post-actions-wrapper\">\n\t\t\t\t\t\t\t<div class=\"post-date\">\n\t\t\t\t\t22 marzo, 2022\t\t\t\t<\/div>\n\t\t\t\t\t\t\t\t\t\t\n\t\t\t\t\t\t\t\t\t<\/div>\n\n\t\t<div class=\"post-content-outer\">\n\t\t\t<p>Abrimos nuevo canal mensual de comunicaci\u00f3n. Queremos acompa\u00f1arte en esos momentos donde solo est\u00e1s t\u00fa&#8230;<\/p>\n\t\t<\/div>\n\n\t\t\t\t\t<div class=\"post-content-meta\">\n\t\t\t\t<div>\n\t\t\t\t\tPosted in:  <a href=\"https:\/\/grupnexus.com\/es\/category\/blog\/actualidad\/\" rel=\"category tag\">Actualidad<\/a>, <a href=\"https:\/\/grupnexus.com\/es\/category\/blog\/\" rel=\"category tag\">Blog<\/a>, <a href=\"https:\/\/grupnexus.com\/es\/category\/prensa\/podcast\/\" rel=\"category tag\">Podcast<\/a>\t\t\t\t<\/div>\n\t\t\t\t<div class=\"the-tags\">Tags: <a href=\"https:\/\/grupnexus.com\/es\/tag\/bellezaemocional-es\/\" rel=\"tag\">#Bellezaemocional<\/a>, <a href=\"https:\/\/grupnexus.com\/es\/tag\/podcastsegre-es\/\" rel=\"tag\">#Podcastsegre<\/a>, <a href=\"https:\/\/grupnexus.com\/es\/tag\/nexus-es\/\" rel=\"tag\">nexus<\/a><\/div>\t\t\t<\/div>\n\t\t\t<\/div>\n\t<\/div>\n<\/div>\n\t\t\t<\/div>\n\t\t<\/div>\n\t\t<div class=\"page-content post-header grid-1-3 list-item post-49515 post type-post status-publish format-standard has-post-thumbnail hentry category-actualidad category-blog tag-allskinmed-es tag-cantabrialabs-es tag-coffeetalks-es tag-cosmeticamedica-es tag-empoderatambnexus-es\" itemscope=\"itemscope\" itemtype=\"http:\/\/schema.org\/BlogPosting\">\n\t\t\t<div>\n\t\t\t\t<div class=\"post-article has-image-wrapper \">\n\t<meta itemscope itemprop=\"mainEntityOfPage\" itemid=\"https:\/\/grupnexus.com\/es\/rituales-de-belleza-efecto-wow\/\" \/><meta itemprop=\"datePublished\" content=\"2022-03-04\" \/><meta itemprop=\"dateModified\" content=\"2022-03-07\" \/><meta itemprop=\"headline\" content=\"Rituales de belleza efecto WOW!\" \/><div itemprop=\"publisher\" itemscope itemtype=\"https:\/\/schema.org\/Organization\"><meta itemprop=\"name\" content=\"Cl\u00ednica Nexus\"><meta itemprop=\"url\" content=\"https:\/\/grupnexus.com\/es\/\"><div itemprop=\"logo\" itemscope itemtype=\"https:\/\/schema.org\/ImageObject\"><meta itemprop=\"url\" content=\"https:\/\/grupnexus.com\/wp-content\/uploads\/LOGO-300x751.png\"><\/div><\/div><div itemscope itemprop=\"author\" itemtype=\"http:\/\/schema.org\/Person\"><meta itemprop=\"url\" content=\"https:\/\/grupnexus.com\/es\/author\/administrador\/\" \/><meta itemprop=\"name\" content=\"Nexus\" \/><\/div><div itemscope itemprop=\"image\" itemtype=\"http:\/\/schema.org\/ImageObject\"><meta itemprop=\"url\" content=\"https:\/\/grupnexus.com\/wp-content\/uploads\/2022\/03\/nexus-asm-2.jpg\" \/><meta itemprop=\"width\" content=\"900\" \/><meta itemprop=\"height\" content=\"600\" \/><\/div><div itemprop=\"interactionStatistic\" itemscope itemtype=\"http:\/\/schema.org\/InteractionCounter\"><meta itemprop=\"interactionType\" content=\"http:\/\/schema.org\/CommentAction\" \/><meta itemprop=\"userInteractionCount\" content=\"0\" \/><\/div>\t<div class=\"standard-post-format clearfix as-image \">\n\t\t\t<div class=\"thumbnail\">\n\t\t\t\t\t\t<img width=\"400\" height=\"307\" src=\"https:\/\/grupnexus.com\/wp-content\/uploads\/2022\/03\/nexus-asm-2-400x307.jpg\" class=\"attachment-post-small-3 size-post-small-3 wp-post-image\" alt=\"\" loading=\"lazy\" srcset=\"https:\/\/grupnexus.com\/wp-content\/uploads\/2022\/03\/nexus-asm-2-400x307.jpg 400w, https:\/\/grupnexus.com\/wp-content\/uploads\/2022\/03\/nexus-asm-2-480x369.jpg 480w, https:\/\/grupnexus.com\/wp-content\/uploads\/2022\/03\/nexus-asm-2-615x473.jpg 615w, https:\/\/grupnexus.com\/wp-content\/uploads\/2022\/03\/nexus-asm-2-292x225.jpg 292w\" sizes=\"(min-width: 900px) 50vw, 100vw\" \/>\t\t\t<\/div>\n\n\t<div class=\"post-content-wrapper\">\n\t\t\t\t<header class=\"single\">\n\t\t\t<div class=\"content\">\n\t\t\t\t<h3>\n\t\t\t\t\t<a href=\"https:\/\/grupnexus.com\/es\/rituales-de-belleza-efecto-wow\/\" title=\"Rituales de belleza efecto WOW!\" class=\"entry-title\">Rituales de belleza efecto WOW!<\/a>\n\t\t\t\t<\/h3>\n\t\t\t<\/div>\n\t\t<\/header>\n\t\n\t\t<div class=\"post-actions-wrapper\">\n\t\t\t\t\t\t\t<div class=\"post-date\">\n\t\t\t\t\t4 marzo, 2022\t\t\t\t<\/div>\n\t\t\t\t\t\t\t\t\t\t\n\t\t\t\t\t\t\t\t\t<\/div>\n\n\t\t<div class=\"post-content-outer\">\n\t\t\t<p>En medio de infusiones y zumos detox, compart\u00edamos conversaciones entre amigas durante los \u201cCoffee Talks&#8230;<\/p>\n\t\t<\/div>\n\n\t\t\t\t\t<div class=\"post-content-meta\">\n\t\t\t\t<div>\n\t\t\t\t\tPosted in:  <a href=\"https:\/\/grupnexus.com\/es\/category\/blog\/actualidad\/\" rel=\"category tag\">Actualidad<\/a>, <a href=\"https:\/\/grupnexus.com\/es\/category\/blog\/\" rel=\"category tag\">Blog<\/a>\t\t\t\t<\/div>\n\t\t\t\t<div class=\"the-tags\">Tags: <a href=\"https:\/\/grupnexus.com\/es\/tag\/allskinmed-es\/\" rel=\"tag\">#AllSkinMed<\/a>, <a href=\"https:\/\/grupnexus.com\/es\/tag\/cantabrialabs-es\/\" rel=\"tag\">#CantabriaLabs<\/a>, <a href=\"https:\/\/grupnexus.com\/es\/tag\/coffeetalks-es\/\" rel=\"tag\">#CoffeeTalks<\/a>, <a href=\"https:\/\/grupnexus.com\/es\/tag\/cosmeticamedica-es\/\" rel=\"tag\">#cosmeticamedica<\/a>, <a href=\"https:\/\/grupnexus.com\/es\/tag\/empoderatambnexus-es\/\" rel=\"tag\">#EmpoderatambNexus<\/a><\/div>\t\t\t<\/div>\n\t\t\t<\/div>\n\t<\/div>\n<\/div>\n\t\t\t<\/div>\n\t\t<\/div>\n\t\t<div class=\"page-content post-header grid-1-3 list-item post-49418 post type-post status-publish format-standard has-post-thumbnail hentry category-actualidad category-blog tag-allskinmed-es tag-cantabrialabs-es tag-coffeetalks-es tag-cosmeticamedica-es tag-empoderatambnexus-es\" itemscope=\"itemscope\" itemtype=\"http:\/\/schema.org\/BlogPosting\">\n\t\t\t<div>\n\t\t\t\t<div class=\"post-article has-image-wrapper \">\n\t<meta itemscope itemprop=\"mainEntityOfPage\" itemid=\"https:\/\/grupnexus.com\/es\/coffee-talks-empoderate-con-nexus\/\" \/><meta itemprop=\"datePublished\" content=\"2022-03-01\" \/><meta itemprop=\"dateModified\" content=\"2022-03-04\" \/><meta itemprop=\"headline\" content=\"Coffee Talks. Empod\u00e9rate con Nexus\" \/><div itemprop=\"publisher\" itemscope itemtype=\"https:\/\/schema.org\/Organization\"><meta itemprop=\"name\" content=\"Cl\u00ednica Nexus\"><meta itemprop=\"url\" content=\"https:\/\/grupnexus.com\/es\/\"><div itemprop=\"logo\" itemscope itemtype=\"https:\/\/schema.org\/ImageObject\"><meta itemprop=\"url\" content=\"https:\/\/grupnexus.com\/wp-content\/uploads\/LOGO-300x751.png\"><\/div><\/div><div itemscope itemprop=\"author\" itemtype=\"http:\/\/schema.org\/Person\"><meta itemprop=\"url\" content=\"https:\/\/grupnexus.com\/es\/author\/administrador\/\" \/><meta itemprop=\"name\" content=\"Nexus\" \/><\/div><div itemscope itemprop=\"image\" itemtype=\"http:\/\/schema.org\/ImageObject\"><meta itemprop=\"url\" content=\"https:\/\/grupnexus.com\/wp-content\/uploads\/2022\/03\/00-Portada.jpg\" \/><meta itemprop=\"width\" content=\"1371\" \/><meta itemprop=\"height\" content=\"771\" \/><\/div><div itemprop=\"interactionStatistic\" itemscope itemtype=\"http:\/\/schema.org\/InteractionCounter\"><meta itemprop=\"interactionType\" content=\"http:\/\/schema.org\/CommentAction\" \/><meta itemprop=\"userInteractionCount\" content=\"0\" \/><\/div>\t<div class=\"standard-post-format clearfix as-image \">\n\t\t\t<div class=\"thumbnail\">\n\t\t\t\t\t\t<img width=\"400\" height=\"307\" src=\"https:\/\/grupnexus.com\/wp-content\/uploads\/2022\/03\/00-Portada-400x307.jpg\" class=\"attachment-post-small-3 size-post-small-3 wp-post-image\" alt=\"\" loading=\"lazy\" srcset=\"https:\/\/grupnexus.com\/wp-content\/uploads\/2022\/03\/00-Portada-400x307.jpg 400w, https:\/\/grupnexus.com\/wp-content\/uploads\/2022\/03\/00-Portada-480x369.jpg 480w, https:\/\/grupnexus.com\/wp-content\/uploads\/2022\/03\/00-Portada-615x473.jpg 615w, https:\/\/grupnexus.com\/wp-content\/uploads\/2022\/03\/00-Portada-292x225.jpg 292w\" sizes=\"(min-width: 900px) 50vw, 100vw\" \/>\t\t\t<\/div>\n\n\t<div class=\"post-content-wrapper\">\n\t\t\t\t<header class=\"single\">\n\t\t\t<div class=\"content\">\n\t\t\t\t<h3>\n\t\t\t\t\t<a href=\"https:\/\/grupnexus.com\/es\/coffee-talks-empoderate-con-nexus\/\" title=\"Coffee Talks. Empod\u00e9rate con Nexus\" class=\"entry-title\">Coffee Talks. Empod\u00e9rate con Nexus<\/a>\n\t\t\t\t<\/h3>\n\t\t\t<\/div>\n\t\t<\/header>\n\t\n\t\t<div class=\"post-actions-wrapper\">\n\t\t\t\t\t\t\t<div class=\"post-date\">\n\t\t\t\t\t1 marzo, 2022\t\t\t\t<\/div>\n\t\t\t\t\t\t\t\t\t\t\n\t\t\t\t\t\t\t\t\t<\/div>\n\n\t\t<div class=\"post-content-outer\">\n\t\t\t<p>Ponemos en marcha una nueva iniciativa pensando en ti, paciente de Nexus, que conf\u00edas en&#8230;<\/p>\n\t\t<\/div>\n\n\t\t\t\t\t<div class=\"post-content-meta\">\n\t\t\t\t<div>\n\t\t\t\t\tPosted in:  <a href=\"https:\/\/grupnexus.com\/es\/category\/blog\/actualidad\/\" rel=\"category tag\">Actualidad<\/a>, <a href=\"https:\/\/grupnexus.com\/es\/category\/blog\/\" rel=\"category tag\">Blog<\/a>\t\t\t\t<\/div>\n\t\t\t\t<div class=\"the-tags\">Tags: <a href=\"https:\/\/grupnexus.com\/es\/tag\/allskinmed-es\/\" rel=\"tag\">#AllSkinMed<\/a>, <a href=\"https:\/\/grupnexus.com\/es\/tag\/cantabrialabs-es\/\" rel=\"tag\">#CantabriaLabs<\/a>, <a href=\"https:\/\/grupnexus.com\/es\/tag\/coffeetalks-es\/\" rel=\"tag\">#CoffeeTalks<\/a>, <a href=\"https:\/\/grupnexus.com\/es\/tag\/cosmeticamedica-es\/\" rel=\"tag\">#cosmeticamedica<\/a>, <a href=\"https:\/\/grupnexus.com\/es\/tag\/empoderatambnexus-es\/\" rel=\"tag\">#EmpoderatambNexus<\/a><\/div>\t\t\t<\/div>\n\t\t\t<\/div>\n\t<\/div>\n<\/div>\n\t\t\t<\/div>\n\t\t<\/div>\n\t\t<div class=\"page-content post-header grid-1-3 clearboth list-item post-48249 post type-post status-publish format-standard has-post-thumbnail hentry category-actualidad category-blog tag-alopecia tag-cirugia-de-injerto-capilar tag-implante-capilar tag-implante-de-pelo tag-injerto-capilar tag-trasplantament-capillar-es tag-trasplante-capilar tag-tratamientos-capilares\" itemscope=\"itemscope\" itemtype=\"http:\/\/schema.org\/BlogPosting\">\n\t\t\t<div>\n\t\t\t\t<div class=\"post-article has-image-wrapper \">\n\t<meta itemscope itemprop=\"mainEntityOfPage\" itemid=\"https:\/\/grupnexus.com\/es\/la-zona-donante-del-injerto-capilar\/\" \/><meta itemprop=\"datePublished\" content=\"2021-09-21\" \/><meta itemprop=\"dateModified\" content=\"2021-09-22\" \/><meta itemprop=\"headline\" content=\"La zona donante del injerto capilar\" \/><div itemprop=\"publisher\" itemscope itemtype=\"https:\/\/schema.org\/Organization\"><meta itemprop=\"name\" content=\"Cl\u00ednica Nexus\"><meta itemprop=\"url\" content=\"https:\/\/grupnexus.com\/es\/\"><div itemprop=\"logo\" itemscope itemtype=\"https:\/\/schema.org\/ImageObject\"><meta itemprop=\"url\" content=\"https:\/\/grupnexus.com\/wp-content\/uploads\/LOGO-300x751.png\"><\/div><\/div><div itemscope itemprop=\"author\" itemtype=\"http:\/\/schema.org\/Person\"><meta itemprop=\"url\" content=\"https:\/\/grupnexus.com\/es\/author\/hst\/\" \/><meta itemprop=\"name\" content=\"Cl\u00ednica Nexus\" \/><\/div><div itemscope itemprop=\"image\" itemtype=\"http:\/\/schema.org\/ImageObject\"><meta itemprop=\"url\" content=\"https:\/\/grupnexus.com\/wp-content\/uploads\/2021\/09\/zona-donante-injerto-capilar-ok.png\" \/><meta itemprop=\"width\" content=\"1147\" \/><meta itemprop=\"height\" content=\"768\" \/><\/div><div itemprop=\"interactionStatistic\" itemscope itemtype=\"http:\/\/schema.org\/InteractionCounter\"><meta itemprop=\"interactionType\" content=\"http:\/\/schema.org\/CommentAction\" \/><meta itemprop=\"userInteractionCount\" content=\"0\" \/><\/div>\t<div class=\"standard-post-format clearfix as-image \">\n\t\t\t<div class=\"thumbnail\">\n\t\t\t\t\t\t<img width=\"400\" height=\"307\" src=\"https:\/\/grupnexus.com\/wp-content\/uploads\/2021\/09\/zona-donante-injerto-capilar-ok-400x307.png\" class=\"attachment-post-small-3 size-post-small-3 wp-post-image\" alt=\"injerto capilar\" loading=\"lazy\" srcset=\"https:\/\/grupnexus.com\/wp-content\/uploads\/2021\/09\/zona-donante-injerto-capilar-ok-400x307.png 400w, https:\/\/grupnexus.com\/wp-content\/uploads\/2021\/09\/zona-donante-injerto-capilar-ok-480x369.png 480w, https:\/\/grupnexus.com\/wp-content\/uploads\/2021\/09\/zona-donante-injerto-capilar-ok-615x473.png 615w, https:\/\/grupnexus.com\/wp-content\/uploads\/2021\/09\/zona-donante-injerto-capilar-ok-292x225.png 292w\" sizes=\"(min-width: 900px) 50vw, 100vw\" \/>\t\t\t<\/div>\n\n\t<div class=\"post-content-wrapper\">\n\t\t\t\t<header class=\"single\">\n\t\t\t<div class=\"content\">\n\t\t\t\t<h3>\n\t\t\t\t\t<a href=\"https:\/\/grupnexus.com\/es\/la-zona-donante-del-injerto-capilar\/\" title=\"La zona donante del injerto capilar\" class=\"entry-title\">La zona donante del injerto capilar<\/a>\n\t\t\t\t<\/h3>\n\t\t\t<\/div>\n\t\t<\/header>\n\t\n\t\t<div class=\"post-actions-wrapper\">\n\t\t\t\t\t\t\t<div class=\"post-date\">\n\t\t\t\t\t21 septiembre, 2021\t\t\t\t<\/div>\n\t\t\t\t\t\t\t\t\t\t\n\t\t\t\t\t\t\t\t\t<\/div>\n\n\t\t<div class=\"post-content-outer\">\n\t\t\t<p>Nuestro cirujano pl\u00e1stico, especialista en trasplantes capilares, nos explica la importancia de la\u00a0zona donante del&#8230;<\/p>\n\t\t<\/div>\n\n\t\t\t\t\t<div class=\"post-content-meta\">\n\t\t\t\t<div>\n\t\t\t\t\tPosted in:  <a href=\"https:\/\/grupnexus.com\/es\/category\/blog\/actualidad\/\" rel=\"category tag\">Actualidad<\/a>, <a href=\"https:\/\/grupnexus.com\/es\/category\/blog\/\" rel=\"category tag\">Blog<\/a>\t\t\t\t<\/div>\n\t\t\t\t<div class=\"the-tags\">Tags: <a href=\"https:\/\/grupnexus.com\/es\/tag\/alopecia\/\" rel=\"tag\">alopecia<\/a>, <a href=\"https:\/\/grupnexus.com\/es\/tag\/cirugia-de-injerto-capilar\/\" rel=\"tag\">cirug\u00eda de injerto capilar<\/a>, <a href=\"https:\/\/grupnexus.com\/es\/tag\/implante-capilar\/\" rel=\"tag\">implante capilar<\/a>, <a href=\"https:\/\/grupnexus.com\/es\/tag\/implante-de-pelo\/\" rel=\"tag\">implante de pelo<\/a>, <a href=\"https:\/\/grupnexus.com\/es\/tag\/injerto-capilar\/\" rel=\"tag\">injerto capilar<\/a>, <a href=\"https:\/\/grupnexus.com\/es\/tag\/trasplantament-capillar-es\/\" rel=\"tag\">trasplantament capil\u00b7lar<\/a>, <a href=\"https:\/\/grupnexus.com\/es\/tag\/trasplante-capilar\/\" rel=\"tag\">trasplante capilar<\/a>, <a href=\"https:\/\/grupnexus.com\/es\/tag\/tratamientos-capilares\/\" rel=\"tag\">tratamientos capilares<\/a><\/div>\t\t\t<\/div>\n\t\t\t<\/div>\n\t<\/div>\n<\/div>\n\t\t\t<\/div>\n\t\t<\/div>\n\t\t<div class=\"page-content post-header grid-1-3 list-item post-48228 post type-post status-publish format-standard has-post-thumbnail hentry category-actualidad category-blog category-testimonios tag-aumento-de-pecho tag-cirugia-de-mamas tag-cirugia-estetica tag-mamoplastia tag-tratamientos-corporales\" itemscope=\"itemscope\" itemtype=\"http:\/\/schema.org\/BlogPosting\">\n\t\t\t<div>\n\t\t\t\t<div class=\"post-article has-image-wrapper \">\n\t<meta itemscope itemprop=\"mainEntityOfPage\" itemid=\"https:\/\/grupnexus.com\/es\/testimonio-mamoplastia-de-aumento\/\" \/><meta itemprop=\"datePublished\" content=\"2021-09-17\" \/><meta itemprop=\"dateModified\" content=\"2021-09-22\" \/><meta itemprop=\"headline\" content=\"\u00abEn 20 d\u00edas he conseguido lo que quer\u00eda desde hac\u00eda 20 a\u00f1os gracias a Cl\u00ednica Nexus\u00bb\" \/><div itemprop=\"publisher\" itemscope itemtype=\"https:\/\/schema.org\/Organization\"><meta itemprop=\"name\" content=\"Cl\u00ednica Nexus\"><meta itemprop=\"url\" content=\"https:\/\/grupnexus.com\/es\/\"><div itemprop=\"logo\" itemscope itemtype=\"https:\/\/schema.org\/ImageObject\"><meta itemprop=\"url\" content=\"https:\/\/grupnexus.com\/wp-content\/uploads\/LOGO-300x751.png\"><\/div><\/div><div itemscope itemprop=\"author\" itemtype=\"http:\/\/schema.org\/Person\"><meta itemprop=\"url\" content=\"https:\/\/grupnexus.com\/es\/author\/hst\/\" \/><meta itemprop=\"name\" content=\"Cl\u00ednica Nexus\" \/><\/div><div itemscope itemprop=\"image\" itemtype=\"http:\/\/schema.org\/ImageObject\"><meta itemprop=\"url\" content=\"https:\/\/grupnexus.com\/wp-content\/uploads\/2021\/09\/antesdespues-mama.jpg\" \/><meta itemprop=\"width\" content=\"1024\" \/><meta itemprop=\"height\" content=\"1024\" \/><\/div><div itemprop=\"interactionStatistic\" itemscope itemtype=\"http:\/\/schema.org\/InteractionCounter\"><meta itemprop=\"interactionType\" content=\"http:\/\/schema.org\/CommentAction\" \/><meta itemprop=\"userInteractionCount\" content=\"0\" \/><\/div>\t<div class=\"standard-post-format clearfix as-image \">\n\t\t\t<div class=\"thumbnail\">\n\t\t\t\t\t\t<img width=\"400\" height=\"307\" src=\"https:\/\/grupnexus.com\/wp-content\/uploads\/2021\/09\/antesdespues-mama-400x307.jpg\" class=\"attachment-post-small-3 size-post-small-3 wp-post-image\" alt=\"cirug\u00eda de mama\" loading=\"lazy\" srcset=\"https:\/\/grupnexus.com\/wp-content\/uploads\/2021\/09\/antesdespues-mama-400x307.jpg 400w, https:\/\/grupnexus.com\/wp-content\/uploads\/2021\/09\/antesdespues-mama-480x369.jpg 480w, https:\/\/grupnexus.com\/wp-content\/uploads\/2021\/09\/antesdespues-mama-615x473.jpg 615w, https:\/\/grupnexus.com\/wp-content\/uploads\/2021\/09\/antesdespues-mama-292x225.jpg 292w\" sizes=\"(min-width: 900px) 50vw, 100vw\" \/>\t\t\t<\/div>\n\n\t<div class=\"post-content-wrapper\">\n\t\t\t\t<header class=\"single\">\n\t\t\t<div class=\"content\">\n\t\t\t\t<h3>\n\t\t\t\t\t<a href=\"https:\/\/grupnexus.com\/es\/testimonio-mamoplastia-de-aumento\/\" title=\"\u00abEn 20 d\u00edas he conseguido lo que quer\u00eda desde hac\u00eda 20 a\u00f1os gracias a Cl\u00ednica Nexus\u00bb\" class=\"entry-title\">\u00abEn 20 d\u00edas he conseguido lo que quer\u00eda desde hac\u00eda 20 a\u00f1os gracias a Cl\u00ednica Nexus\u00bb<\/a>\n\t\t\t\t<\/h3>\n\t\t\t<\/div>\n\t\t<\/header>\n\t\n\t\t<div class=\"post-actions-wrapper\">\n\t\t\t\t\t\t\t<div class=\"post-date\">\n\t\t\t\t\t17 septiembre, 2021\t\t\t\t<\/div>\n\t\t\t\t\t\t\t\t\t\t\n\t\t\t\t\t\t\t\t\t<\/div>\n\n\t\t<div class=\"post-content-outer\">\n\t\t\t<p>Tener mejor apariencia f\u00edsica, ganar autoestima y confianza en s\u00ed misma; ver la silueta m\u00e1s&#8230;<\/p>\n\t\t<\/div>\n\n\t\t\t\t\t<div class=\"post-content-meta\">\n\t\t\t\t<div>\n\t\t\t\t\tPosted in:  <a href=\"https:\/\/grupnexus.com\/es\/category\/blog\/actualidad\/\" rel=\"category tag\">Actualidad<\/a>, <a href=\"https:\/\/grupnexus.com\/es\/category\/blog\/\" rel=\"category tag\">Blog<\/a>, <a href=\"https:\/\/grupnexus.com\/es\/category\/testimonios\/\" rel=\"category tag\">Testimonios<\/a>\t\t\t\t<\/div>\n\t\t\t\t<div class=\"the-tags\">Tags: <a href=\"https:\/\/grupnexus.com\/es\/tag\/aumento-de-pecho\/\" rel=\"tag\">aumento de pecho<\/a>, <a href=\"https:\/\/grupnexus.com\/es\/tag\/cirugia-de-mamas\/\" rel=\"tag\">cirug\u00eda de mamas<\/a>, <a href=\"https:\/\/grupnexus.com\/es\/tag\/cirugia-estetica\/\" rel=\"tag\">cirug\u00eda est\u00e9tica<\/a>, <a href=\"https:\/\/grupnexus.com\/es\/tag\/mamoplastia\/\" rel=\"tag\">mamoplastia<\/a>, <a href=\"https:\/\/grupnexus.com\/es\/tag\/tratamientos-corporales\/\" rel=\"tag\">tratamientos corporales<\/a><\/div>\t\t\t<\/div>\n\t\t\t<\/div>\n\t<\/div>\n<\/div>\n\t\t\t<\/div>\n\t\t<\/div>\n<\/div>\n\n<div class=\"wp-pagenavi\"><span class=\"pages\">Page 1 of 18<\/span><span aria-current=\"page\" class=\"page-numbers current\">1<\/span>\n<a class=\"page-numbers\" href=\"https:\/\/grupnexus.com\/es\/wp-json\/wp\/v2\/pages\/104\/page\/2\/\">2<\/a>\n<a class=\"page-numbers\" href=\"https:\/\/grupnexus.com\/es\/wp-json\/wp\/v2\/pages\/104\/page\/3\/\">3<\/a>\n<span class=\"page-numbers dots\">&hellip;<\/span>\n<a class=\"page-numbers\" href=\"https:\/\/grupnexus.com\/es\/wp-json\/wp\/v2\/pages\/104\/page\/18\/\">18<\/a>\n<a class=\"next page-numbers\" href=\"https:\/\/grupnexus.com\/es\/wp-json\/wp\/v2\/pages\/104\/page\/2\/\">Next<\/a><\/div>\n","protected":false},"excerpt":{"rendered":"<p>Tener mejor apariencia f\u00edsica, ganar autoestima y confianza en s\u00ed misma; ver la silueta m\u00e1s proporcionada o tener sensaci\u00f3n de juventud pueden ser algunos de los motivos que llevan a una mujer a querer aumentar el tama\u00f1o de sus pechos. El resultado se obtiene despu\u00e9s de una intervenci\u00f3n quir\u00fargica: la mamoplastia, ya sea de aumento&#8230;<\/p>\n","protected":false},"author":5,"featured_media":0,"parent":0,"menu_order":0,"comment_status":"closed","ping_status":"open","template":"","meta":[],"yoast_head":"<!-- This site is optimized with the Yoast SEO plugin v18.6 - https:\/\/yoast.com\/wordpress\/plugins\/seo\/ -->\n<title>Blog - Cl\u00ednica Nexus<\/title>\n<meta name=\"robots\" content=\"index, follow, max-snippet:-1, max-image-preview:large, max-video-preview:-1\" \/>\n<link rel=\"canonical\" href=\"https:\/\/grupnexus.com\/es\/blog\/\" \/>\n<meta property=\"og:locale\" content=\"es_ES\" \/>\n<meta property=\"og:type\" content=\"article\" \/>\n<meta property=\"og:title\" content=\"Blog - Cl\u00ednica Nexus\" \/>\n<meta property=\"og:description\" content=\"Tener mejor apariencia f\u00edsica, ganar autoestima y confianza en s\u00ed misma; ver la silueta m\u00e1s proporcionada o tener sensaci\u00f3n de juventud pueden ser algunos de los motivos que llevan a una mujer a querer aumentar el tama\u00f1o de sus pechos. El resultado se obtiene despu\u00e9s de una intervenci\u00f3n quir\u00fargica: la mamoplastia, ya sea de aumento...\" \/>\n<meta property=\"og:url\" content=\"https:\/\/grupnexus.com\/es\/blog\/\" \/>\n<meta property=\"og:site_name\" content=\"Cl\u00ednica Nexus\" \/>\n<meta property=\"article:modified_time\" content=\"2018-02-10T22:41:12+00:00\" \/>\n<meta name=\"twitter:card\" content=\"summary\" \/>\n<script type=\"application\/ld+json\" class=\"yoast-schema-graph\">{\"@context\":\"https:\/\/schema.org\",\"@graph\":[{\"@type\":\"WebSite\",\"@id\":\"https:\/\/grupnexus.com\/es\/#website\",\"url\":\"https:\/\/grupnexus.com\/es\/\",\"name\":\"Cl\u00ednica Nexus\",\"description\":\"L\u00edders en Medicina Est\u00e8tica Avan\u00e7ada\",\"potentialAction\":[{\"@type\":\"SearchAction\",\"target\":{\"@type\":\"EntryPoint\",\"urlTemplate\":\"https:\/\/grupnexus.com\/es\/?s={search_term_string}\"},\"query-input\":\"required name=search_term_string\"}],\"inLanguage\":\"es\"},{\"@type\":\"WebPage\",\"@id\":\"https:\/\/grupnexus.com\/es\/blog\/#webpage\",\"url\":\"https:\/\/grupnexus.com\/es\/blog\/\",\"name\":\"Blog - Cl\u00ednica Nexus\",\"isPartOf\":{\"@id\":\"https:\/\/grupnexus.com\/es\/#website\"},\"datePublished\":\"2015-01-21T06:54:09+00:00\",\"dateModified\":\"2018-02-10T22:41:12+00:00\",\"breadcrumb\":{\"@id\":\"https:\/\/grupnexus.com\/es\/blog\/#breadcrumb\"},\"inLanguage\":\"es\",\"potentialAction\":[{\"@type\":\"ReadAction\",\"target\":[\"https:\/\/grupnexus.com\/es\/blog\/\"]}]},{\"@type\":\"BreadcrumbList\",\"@id\":\"https:\/\/grupnexus.com\/es\/blog\/#breadcrumb\",\"itemListElement\":[{\"@type\":\"ListItem\",\"position\":1,\"name\":\"Portada\",\"item\":\"https:\/\/grupnexus.com\/es\/\"},{\"@type\":\"ListItem\",\"position\":2,\"name\":\"Blog\"}]}]}<\/script>\n<!-- \/ Yoast SEO plugin. -->","yoast_head_json":{"title":"Blog - Cl\u00ednica Nexus","robots":{"index":"index","follow":"follow","max-snippet":"max-snippet:-1","max-image-preview":"max-image-preview:large","max-video-preview":"max-video-preview:-1"},"canonical":"https:\/\/grupnexus.com\/es\/blog\/","og_locale":"es_ES","og_type":"article","og_title":"Blog - Cl\u00ednica Nexus","og_description":"Tener mejor apariencia f\u00edsica, ganar autoestima y confianza en s\u00ed misma; ver la silueta m\u00e1s proporcionada o tener sensaci\u00f3n de juventud pueden ser algunos de los motivos que llevan a una mujer a querer aumentar el tama\u00f1o de sus pechos. El resultado se obtiene despu\u00e9s de una intervenci\u00f3n quir\u00fargica: la mamoplastia, ya sea de aumento...","og_url":"https:\/\/grupnexus.com\/es\/blog\/","og_site_name":"Cl\u00ednica Nexus","article_modified_time":"2018-02-10T22:41:12+00:00","twitter_card":"summary","schema":{"@context":"https:\/\/schema.org","@graph":[{"@type":"WebSite","@id":"https:\/\/grupnexus.com\/es\/#website","url":"https:\/\/grupnexus.com\/es\/","name":"Cl\u00ednica Nexus","description":"L\u00edders en Medicina Est\u00e8tica Avan\u00e7ada","potentialAction":[{"@type":"SearchAction","target":{"@type":"EntryPoint","urlTemplate":"https:\/\/grupnexus.com\/es\/?s={search_term_string}"},"query-input":"required name=search_term_string"}],"inLanguage":"es"},{"@type":"WebPage","@id":"https:\/\/grupnexus.com\/es\/blog\/#webpage","url":"https:\/\/grupnexus.com\/es\/blog\/","name":"Blog - Cl\u00ednica Nexus","isPartOf":{"@id":"https:\/\/grupnexus.com\/es\/#website"},"datePublished":"2015-01-21T06:54:09+00:00","dateModified":"2018-02-10T22:41:12+00:00","breadcrumb":{"@id":"https:\/\/grupnexus.com\/es\/blog\/#breadcrumb"},"inLanguage":"es","potentialAction":[{"@type":"ReadAction","target":["https:\/\/grupnexus.com\/es\/blog\/"]}]},{"@type":"BreadcrumbList","@id":"https:\/\/grupnexus.com\/es\/blog\/#breadcrumb","itemListElement":[{"@type":"ListItem","position":1,"name":"Portada","item":"https:\/\/grupnexus.com\/es\/"},{"@type":"ListItem","position":2,"name":"Blog"}]}]}},"_links":{"self":[{"href":"https:\/\/grupnexus.com\/es\/wp-json\/wp\/v2\/pages\/104"}],"collection":[{"href":"https:\/\/grupnexus.com\/es\/wp-json\/wp\/v2\/pages"}],"about":[{"href":"https:\/\/grupnexus.com\/es\/wp-json\/wp\/v2\/types\/page"}],"author":[{"embeddable":true,"href":"https:\/\/grupnexus.com\/es\/wp-json\/wp\/v2\/users\/5"}],"replies":[{"embeddable":true,"href":"https:\/\/grupnexus.com\/es\/wp-json\/wp\/v2\/comments?post=104"}],"version-history":[{"count":3,"href":"https:\/\/grupnexus.com\/es\/wp-json\/wp\/v2\/pages\/104\/revisions"}],"predecessor-version":[{"id":14771,"href":"https:\/\/grupnexus.com\/es\/wp-json\/wp\/v2\/pages\/104\/revisions\/14771"}],"wp:attachment":[{"href":"https:\/\/grupnexus.com\/es\/wp-json\/wp\/v2\/media?parent=104"}],"curies":[{"name":"wp","href":"https:\/\/api.w.org\/{rel}","templated":true}]}}