{"id":1060,"date":"2015-02-06T07:54:11","date_gmt":"2015-02-06T06:54:11","guid":{"rendered":"http:\/\/www.grupnexus.com\/tractaments\/plataforma-laser\/"},"modified":"2024-04-29T15:26:31","modified_gmt":"2024-04-29T13:26:31","slug":"plataforma-laser","status":"publish","type":"page","link":"https:\/\/grupnexus.com\/es\/tratamientos\/plataforma-laser\/","title":{"rendered":"Plataforma l\u00e1ser"},"content":{"rendered":"<div class=\"row \"><div class=\"wpv-grid grid-3-4  wpv-first-level first unextended\" style=\"padding-top:0px;padding-bottom:0px\" id=\"wpv-column-053112477b6fbbc078b0714faca2497a\" >\t\t<h2 class=\"text-divider-double\">\t\t\t\nPlataforma l\u00e1ser\t\t<\/h2>\t\t<div class=\"sep\"><\/div>\t<\/div>\n<div class=\"wpv-grid grid-1-4  wpv-first-level unextended\" style=\"padding-top:0px;padding-bottom:0px\" id=\"wpv-column-e4064bff6d8e3a39d1c64021ff0f1b5e\" ><div class=\"push\" style='height:44px'><\/div>\n<!-- Widget Shortcode --><div id=\"search-11\" class=\"widget widget_search widget-shortcode area-wpv_sidebar-tractament-est-facial-cat-left \"><form role=\"search\" method=\"get\" class=\"searchform clearfix\" action=\"https:\/\/grupnexus.com\/es\/\">\n\t<label for=\"search-text-widget\" class=\"visuallyhidden\">Search for:<\/label>\n\t<input id=\"search-text-widget\" type=\"text\" value=\"\" name=\"s\" placeholder=\"Buscar\" required=\"required\" \/>\n\t<input type=\"submit\" value=\"Buscar\" \/>\n\t\t\t<input type=\"hidden\" name=\"lang\" value=\"es\"\/>\n\t<\/form><\/div><!-- \/Widget Shortcode --><\/div><\/div>\n<div class=\"row \"><div class=\"wpv-grid grid-1-4  wpv-first-level first unextended\" style=\"padding-top:0px;padding-bottom:0px\" id=\"wpv-column-537b7526831a3aaf8d91a1bc78c7bb45\" ><!-- Widget Shortcode --><div id=\"nav_menu-21\" class=\"widget widget_nav_menu widget-shortcode area-wpv_sidebar-tratamientos-es-left \"><h2 class=\"widgettitle\">Tratamientos<\/h2><div class=\"menu-menu-tratamientos-es-container\"><ul id=\"menu-menu-tratamientos-es\" class=\"menu\"><li id=\"menu-item-9584\" class=\"menu-item menu-item-type-post_type menu-item-object-page menu-item-9584\"><a href=\"https:\/\/grupnexus.com\/es\/tratamientos\/medicina-estetica-facial\/\">Medicina est\u00e9tica facial<\/a><\/li>\n<li id=\"menu-item-9583\" class=\"menu-item menu-item-type-post_type menu-item-object-page menu-item-9583\"><a href=\"https:\/\/grupnexus.com\/es\/tratamientos\/medicina-estetica-corporal\/\">Medicina est\u00e9tica corporal<\/a><\/li>\n<li id=\"menu-item-9667\" class=\"menu-item menu-item-type-post_type menu-item-object-page menu-item-9667\"><a href=\"https:\/\/grupnexus.com\/es\/tratamientos\/plataforma-laser\/\">Plataforma l\u00e1ser<\/a><\/li>\n<li id=\"menu-item-9578\" class=\"menu-item menu-item-type-post_type menu-item-object-page menu-item-9578\"><a href=\"https:\/\/grupnexus.com\/es\/tratamientos\/cirugia-estetica\/\">Cirug\u00eda est\u00e9tica<\/a><\/li>\n<li id=\"menu-item-9581\" class=\"menu-item menu-item-type-post_type menu-item-object-page menu-item-9581\"><a href=\"https:\/\/grupnexus.com\/es\/tratamientos\/medicina-antiaging\/\">Medicina Antiaging Preventiva<\/a><\/li>\n<li id=\"menu-item-9582\" class=\"menu-item menu-item-type-post_type menu-item-object-page menu-item-9582\"><a href=\"https:\/\/grupnexus.com\/es\/tratamientos\/medicina-biologica\/\">Medicina biol\u00f3gica<\/a><\/li>\n<li id=\"menu-item-9580\" class=\"menu-item menu-item-type-post_type menu-item-object-page menu-item-9580\"><a href=\"https:\/\/grupnexus.com\/es\/tratamientos\/estetica-avanzada\/\">Est\u00e9tica avanzada<\/a><\/li>\n<\/ul><\/div><\/div><!-- \/Widget Shortcode --><\/div>\n<div class=\"wpv-grid grid-3-4  wpv-first-level unextended\" style=\"padding-top:0px;padding-bottom:0px\" id=\"wpv-column-21329ade3a1a5dafc753354ba0219059\" ><p><img loading=\"lazy\" class=\"wp-image-24309 size-full aligncenter\" src=\"https:\/\/grupnexus.com\/wp-content\/uploads\/depilacio-laser-nexus-lleida-1200x800.jpg\" alt=\"\" width=\"1200\" height=\"800\" srcset=\"https:\/\/grupnexus.com\/wp-content\/uploads\/depilacio-laser-nexus-lleida-1200x800.jpg 1200w, https:\/\/grupnexus.com\/wp-content\/uploads\/depilacio-laser-nexus-lleida-1200x800-510x340.jpg 510w, https:\/\/grupnexus.com\/wp-content\/uploads\/depilacio-laser-nexus-lleida-1200x800-300x200.jpg 300w, https:\/\/grupnexus.com\/wp-content\/uploads\/depilacio-laser-nexus-lleida-1200x800-768x512.jpg 768w, https:\/\/grupnexus.com\/wp-content\/uploads\/depilacio-laser-nexus-lleida-1200x800-1024x683.jpg 1024w, https:\/\/grupnexus.com\/wp-content\/uploads\/depilacio-laser-nexus-lleida-1200x800-1140x760.jpg 1140w, https:\/\/grupnexus.com\/wp-content\/uploads\/depilacio-laser-nexus-lleida-1200x800-555x370.jpg 555w, https:\/\/grupnexus.com\/wp-content\/uploads\/depilacio-laser-nexus-lleida-1200x800-360x240.jpg 360w, https:\/\/grupnexus.com\/wp-content\/uploads\/depilacio-laser-nexus-lleida-1200x800-262x175.jpg 262w\" sizes=\"(max-width: 1200px) 100vw, 1200px\" \/><\/p>\n<div class=\"row \"><div class=\"wpv-grid grid-1-1  first unextended\" style=\"padding-top:0px;padding-bottom:0px\" id=\"wpv-column-be4925e6a68dd787b545ef0925c3f9bf\" ><p><strong>Los rasgos fundamentales de la actividad como centro de medicina est\u00e9tica y salud son<\/strong>, por una parte, <strong>la amplia gama de servicios y<\/strong>, por otra, <strong>la evoluci\u00f3n constante en la implantaci\u00f3n de t\u00e9cnicas innovadoras.<\/strong>La especializaci\u00f3n, la preparaci\u00f3n cient\u00edfica del equipo profesional y la aparatolog\u00eda de \u00faltima generaci\u00f3n hacen del centro Nexus el primer centro de est\u00e9tica integral para la belleza y la salud.<\/p>\n<p><strong>Dentro de la Plataforma l\u00e1ser y de fototerapia de Nexus encontramos diferentes tratamientos especializados para:<\/strong><\/p>\n<h3>Depilaci\u00f3n l\u00e1ser m\u00e9dica\u00a0\u2013 Elimina el vello no deseado de forma permanente<\/h3>\n<p>La depilaci\u00f3n l\u00e1ser es la tecnolog\u00eda m\u00e9dica que se utiliza para eliminar el vello no deseado en cualquier zona del cuerpo. Ello se consigue mediante la emisi\u00f3n de un rayo l\u00e1ser que inactiva el fol\u00edculo piloso sin da\u00f1ar la piel. De este modo, eliminamos el vello e impedimos que este vuelva a crecer. Cl\u00ednica Nexus ha sido y es la pionera en Espa\u00f1a en <strong>Depilaci\u00f3n L\u00e1ser M\u00e9dica<\/strong>. Tiene m\u00e1s de 21 a\u00f1os de experiencia en este campo, miles de tratamientos finalizados con \u00e9xito y miles en curso. Ello permite que su personal sea el m\u00e1s experimentado y, por tanto, es una garant\u00eda para evitar los riesgos de la utilizaci\u00f3n de esta nueva tecnolog\u00eda por manos inexpertas. \u00a0En Cl\u00ednica Nexus solo utilizamos los equipos que ha aprobado la FDA americana como de efecto permanente, estos los tenemos todos, y en sus \u00faltimas versiones \u00abm\u00e1s eficaces y menos dolorosos\u00bb, que nos permite personalizar al m\u00e1ximo el tratamiento y obtener los mejores resultados en menos sesiones.<\/p>\n<p>En Cl\u00ednica Nexus disponemos de <a href=\"https:\/\/grupnexus.com\/es\/10-sistemes-de-depilacio-laser-medic-davantguarda-per-a-un-resultat-10\/\">10 sistemas de Depilaci\u00f3n L\u00e1ser M\u00e9dico de vanguardia para un resultado 10<\/a><\/p>\n<p>&nbsp;<\/p>\n<h3>Lesiones vasculares<\/h3>\n<p>Resultado inigualable con tecnolog\u00edas de vanguardia Esta secci\u00f3n es uno de los puntos referenciales de Nexus Biom\u00e8dic. Est\u00e1 integrada por 3 l\u00e1sers distintos, y a la vez complementarios, para el tratamiento y la eliminaci\u00f3n de las lesiones vasculares benignas y varices. En <strong>Nexus Biomedic<\/strong> partimos de la pertinente historia cl\u00ednica y exploraci\u00f3n para dise\u00f1ar el tratamiento m\u00e1s id\u00f3neo para el paciente. Algunas de las lesiones vasculares benignas que tratamos en Nexus Biom\u00e8dic son:<\/p>\n<ul>\n<li>Varices superficiales y profundas.<\/li>\n<li>Telangiectasias.<\/li>\n<li>Hemangiomas.<\/li>\n<li>Manchas \u201cvino de Oporto\u201d.<\/li>\n<li>Ros\u00e1ceas.<\/li>\n<li>Malformaciones venosas.<\/li>\n<\/ul>\n<p><img loading=\"lazy\" class=\"alignnone wp-image-23900 size-full\" src=\"https:\/\/grupnexus.com\/wp-content\/uploads\/Lesions_vasculars.jpg\" alt=\"Lesions_vasculars\" width=\"652\" height=\"397\" data-id=\"659\" srcset=\"https:\/\/grupnexus.com\/wp-content\/uploads\/Lesions_vasculars.jpg 652w, https:\/\/grupnexus.com\/wp-content\/uploads\/Lesions_vasculars-510x311.jpg 510w, https:\/\/grupnexus.com\/wp-content\/uploads\/Lesions_vasculars-300x183.jpg 300w\" sizes=\"(max-width: 652px) 100vw, 652px\" \/><\/p>\n<h3>Lesiones pigmentadas<\/h3>\n<p>Elimina los tatuajes de cualquier color Mediante la tecnolog\u00eda IPL y m\u00faltiples sistemas l\u00e1ser, solos o combinados, eliminamos pr\u00e1cticamente todas las lesiones pigmentadas benignas. La estrella de esta secci\u00f3n es, sin duda, ell\u00e1ser TriVantage, l\u00e1ser de referencia a nivel mundial por su incomparable eficacia en el tratamiento de estas lesiones y la eliminaci\u00f3n de tatuajes de cualquier color y que\u00a0Nexus Biom\u00e8dic, siempre a la vanguardia de la tecnolog\u00eda m\u00e1s puntera y efectiva, ha incorporado a su plataforma l\u00e1ser en\u00a0primicia en toda Espa\u00f1a. Esta t\u00e9cnica permite el tratamiento de lesiones pigmentadas benignas como:<\/p>\n<ul>\n<li>Lentigos solares y seniles.<\/li>\n<li>Manchas \u201ccaf\u00e9 con leche\u201d.<\/li>\n<li>Pecas.<\/li>\n<li>Nevus.<\/li>\n<li>Queratosis seborreicas.<\/li>\n<li>Eliminaci\u00f3n de tatuajes.<\/li>\n<\/ul>\n<p><img loading=\"lazy\" class=\"alignnone wp-image-23901 size-full\" src=\"https:\/\/grupnexus.com\/wp-content\/uploads\/Lesions_pigmentaries.jpg\" alt=\"Lesions_pigmentaries\" width=\"652\" height=\"397\" data-id=\"660\" srcset=\"https:\/\/grupnexus.com\/wp-content\/uploads\/Lesions_pigmentaries.jpg 652w, https:\/\/grupnexus.com\/wp-content\/uploads\/Lesions_pigmentaries-510x311.jpg 510w, https:\/\/grupnexus.com\/wp-content\/uploads\/Lesions_pigmentaries-300x183.jpg 300w\" sizes=\"(max-width: 652px) 100vw, 652px\" \/><\/p>\n<h3><\/h3>\n<h3>Lesiones dermatol\u00f3gicas y cicatrices<\/h3>\n<p><strong>Elimina las imperfecciones de la piel<\/strong> Mediante la combinaci\u00f3n de un amplio abanico de l\u00e1sers, tratamos, del modo menos traum\u00e1tico y m\u00e1s est\u00e9tico posible, todo tipo de lesiones dermatol\u00f3gicas benignas, como verrugas, nevus, xantelasmas\u2026 Cabe destacar especialmente el tratamiento de las cicatrices y lesiones de los queloides con fototerapia l\u00e1ser o combinada con otras t\u00e9cnicas de relleno tisular, que mejoran su aspecto. Gracias a este amplio abanico del que dispone Nexus,\u00a0<strong>podemos individualizar el tratamiento en cada caso.<\/strong><\/p>\n<h3>Fotorrejuvenecimiento<\/h3>\n<p><strong>Elimina los signos del paso del tiempo de la cara, el cuello, el escote y las manos<\/strong> Tanto en sus vertientes ablativas como en las no ablativas, disponemos de una amplia gama de l\u00e1sers, equipos de IPL y sistemas LED que nos permiten seleccionar la aparatolog\u00eda m\u00e1s adecuada, sola o combinada, para cada caso en particular. Mediante estos sistemas se consigue mejorar todas las caracter\u00edsticas de la piel, eliminar arrugas y manchas y, en definitiva, todos los signos que el sol y el paso del tiempo dejan en nuestra piel.<\/p>\n<p><img loading=\"lazy\" class=\"alignnone wp-image-23870 size-full\" src=\"https:\/\/grupnexus.com\/wp-content\/uploads\/Tractaments_MedicinaAntiaging.jpg\" alt=\"Tractaments_MedicinaAntiaging\" width=\"1000\" height=\"667\" data-id=\"575\" srcset=\"https:\/\/grupnexus.com\/wp-content\/uploads\/Tractaments_MedicinaAntiaging.jpg 1000w, https:\/\/grupnexus.com\/wp-content\/uploads\/Tractaments_MedicinaAntiaging-510x340.jpg 510w, https:\/\/grupnexus.com\/wp-content\/uploads\/Tractaments_MedicinaAntiaging-300x200.jpg 300w\" sizes=\"(max-width: 1000px) 100vw, 1000px\" \/><\/p>\n<h3>Fototerapia LED<\/h3>\n<p><strong>Elimina las manchas cut\u00e1neas y el acn\u00e9<\/strong> La \u00faltima tendencia en dermatolog\u00eda est\u00e9tica es desarrollar t\u00e9cnicas muy eficientes pero que no requieran periodo de recuperaci\u00f3n. Una de estas t\u00e9cnicas es la fototerapia LED (Omnilux), una tecnolog\u00eda lum\u00ednica que ya es una aut\u00e9ntica revoluci\u00f3n dentro del campo m\u00e9dico-est\u00e9tico por su versatilidad, comodidad de aplicaci\u00f3n y excelentes resultados. Adem\u00e1s, complementa multitud de tratamientos y puede combinarse con sustancias fotosensibles (terapia fotodin\u00e1mica) para incrementar sus resultados o ampliar sus indicaciones.<\/p>\n<p><img loading=\"lazy\" class=\"alignnone wp-image-23882 size-full\" src=\"https:\/\/grupnexus.com\/wp-content\/uploads\/Tractaments_MedicinaEsteticaFacial_Acne.jpg\" alt=\"Tractaments_MedicinaEsteticaFacial_Acne\" width=\"628\" height=\"463\" data-id=\"591\" srcset=\"https:\/\/grupnexus.com\/wp-content\/uploads\/Tractaments_MedicinaEsteticaFacial_Acne.jpg 628w, https:\/\/grupnexus.com\/wp-content\/uploads\/Tractaments_MedicinaEsteticaFacial_Acne-510x376.jpg 510w, https:\/\/grupnexus.com\/wp-content\/uploads\/Tractaments_MedicinaEsteticaFacial_Acne-300x221.jpg 300w\" sizes=\"(max-width: 628px) 100vw, 628px\" \/><\/p>\n<h3>Terapia fotodin\u00e1mica. TFD<\/h3>\n<p><strong>Elimina las manchas cut\u00e1neas y el acn\u00e9<\/strong> Ciertos tipos de fototerapia se pueden combinar con \u00e1cidos fotosensibles aplicados t\u00f3picamente para intensificar o complementar sus resultados. Esta combinaci\u00f3n es especialmente \u00fatil, entre otras aplicaciones, en:<\/p>\n<ul>\n<li>Tratamiento del acn\u00e9: erradica la bacteria y tiene un efecto antiinflamatorio sobre las lesiones.<\/li>\n<li>Fotorrejuvenecimiento: incrementa la s\u00edntesis de col\u00e1geno y mejora el tono y la textura de la piel.<\/li>\n<li>Lesiones precancerosas cut\u00e1neas.<\/li>\n<li>Eliminaci\u00f3n de varices.<\/li>\n<\/ul><\/div><\/div><\/div><\/div>\n<div class=\"sep\"><\/div>\n<div class=\"row \"><div class=\"wpv-grid grid-1-1  wpv-first-level first unextended\" style=\"padding-top:0px;padding-bottom:0px\" id=\"wpv-column-a8660931dd02702901f8454b0838e53b\" ><p><strong><span class=\"buscar\">Quiz\u00e1 estaba buscando:<\/span><\/strong><br \/>\n<span class=\"paraules\">Tratamientos l\u00e1ser Lleida, depilaci\u00f3n L\u00e1ser Lleida, plataforma l\u00e1ser Lleida, depilaci\u00f3n m\u00e9dica l\u00e1ser Lleida, depilaci\u00f3n profesional l\u00e1ser Lleida, fotodepilaci\u00f3n l\u00e1ser Lleida, l\u00e1ser diodo Lleida, eliminaci\u00f3n lesiones vasculares con l\u00e1ser, eliminar tatuaje l\u00e1ser, eliminar manchas faciales, l\u00e1ser TriVantage, eliminar manchas de la piel, eliminar arrugas, laser varices Lleida.<\/span><\/div><\/div>\n","protected":false},"excerpt":{"rendered":"<p>Los rasgos fundamentales de la actividad como centro de medicina est\u00e9tica y salud son, por una parte, la amplia gama de servicios y, por otra, la evoluci\u00f3n constante en la implantaci\u00f3n de t\u00e9cnicas innovadoras.La especializaci\u00f3n, la preparaci\u00f3n cient\u00edfica del equipo profesional y la aparatolog\u00eda de \u00faltima generaci\u00f3n hacen del centro Nexus el primer centro de&#8230;<\/p>\n","protected":false},"author":5,"featured_media":10913,"parent":1021,"menu_order":0,"comment_status":"closed","ping_status":"closed","template":"","meta":[],"yoast_head":"<!-- This site is optimized with the Yoast SEO plugin v18.6 - https:\/\/yoast.com\/wordpress\/plugins\/seo\/ -->\n<title>Depilaci\u00f3n l\u00e1ser m\u00e9dica Lleida<\/title>\n<meta name=\"description\" content=\"El equipo profesional y la aparatolog\u00eda de \u00faltima generaci\u00f3n hacen del centro Nexus el primer centro de est\u00e9tica integral para la belleza y la salud.\" \/>\n<meta name=\"robots\" content=\"index, follow, max-snippet:-1, max-image-preview:large, max-video-preview:-1\" \/>\n<link rel=\"canonical\" href=\"https:\/\/grupnexus.com\/es\/tratamientos\/plataforma-laser\/\" \/>\n<meta property=\"og:locale\" content=\"es_ES\" \/>\n<meta property=\"og:type\" content=\"article\" \/>\n<meta property=\"og:title\" content=\"Depilaci\u00f3n l\u00e1ser m\u00e9dica Lleida\" \/>\n<meta property=\"og:description\" content=\"El equipo profesional y la aparatolog\u00eda de \u00faltima generaci\u00f3n hacen del centro Nexus el primer centro de est\u00e9tica integral para la belleza y la salud.\" \/>\n<meta property=\"og:url\" content=\"https:\/\/grupnexus.com\/es\/tratamientos\/plataforma-laser\/\" \/>\n<meta property=\"og:site_name\" content=\"Cl\u00ednica Nexus\" \/>\n<meta property=\"article:modified_time\" content=\"2024-04-29T13:26:31+00:00\" \/>\n<meta property=\"og:image\" content=\"https:\/\/grupnexus.com\/wp-content\/uploads\/depilacio-laser-nexus-lleida-1200x800.jpg\" \/>\n\t<meta property=\"og:image:width\" content=\"1200\" \/>\n\t<meta property=\"og:image:height\" content=\"800\" \/>\n\t<meta property=\"og:image:type\" content=\"image\/jpeg\" \/>\n<meta name=\"twitter:card\" content=\"summary\" \/>\n<meta name=\"twitter:label1\" content=\"Tiempo de lectura\" \/>\n\t<meta name=\"twitter:data1\" content=\"7 minutos\" \/>\n<script type=\"application\/ld+json\" class=\"yoast-schema-graph\">{\"@context\":\"https:\/\/schema.org\",\"@graph\":[{\"@type\":\"WebSite\",\"@id\":\"https:\/\/grupnexus.com\/es\/#website\",\"url\":\"https:\/\/grupnexus.com\/es\/\",\"name\":\"Cl\u00ednica Nexus\",\"description\":\"L\u00edders en Medicina Est\u00e8tica Avan\u00e7ada\",\"potentialAction\":[{\"@type\":\"SearchAction\",\"target\":{\"@type\":\"EntryPoint\",\"urlTemplate\":\"https:\/\/grupnexus.com\/es\/?s={search_term_string}\"},\"query-input\":\"required name=search_term_string\"}],\"inLanguage\":\"es\"},{\"@type\":\"ImageObject\",\"@id\":\"https:\/\/grupnexus.com\/es\/tratamientos\/plataforma-laser\/#primaryimage\",\"inLanguage\":\"es\",\"url\":\"https:\/\/grupnexus.com\/wp-content\/uploads\/depilacio-laser-nexus-lleida-1200x800.jpg\",\"contentUrl\":\"https:\/\/grupnexus.com\/wp-content\/uploads\/depilacio-laser-nexus-lleida-1200x800.jpg\",\"width\":1200,\"height\":800},{\"@type\":\"WebPage\",\"@id\":\"https:\/\/grupnexus.com\/es\/tratamientos\/plataforma-laser\/#webpage\",\"url\":\"https:\/\/grupnexus.com\/es\/tratamientos\/plataforma-laser\/\",\"name\":\"Depilaci\u00f3n l\u00e1ser m\u00e9dica Lleida\",\"isPartOf\":{\"@id\":\"https:\/\/grupnexus.com\/es\/#website\"},\"primaryImageOfPage\":{\"@id\":\"https:\/\/grupnexus.com\/es\/tratamientos\/plataforma-laser\/#primaryimage\"},\"datePublished\":\"2015-02-06T06:54:11+00:00\",\"dateModified\":\"2024-04-29T13:26:31+00:00\",\"description\":\"El equipo profesional y la aparatolog\u00eda de \u00faltima generaci\u00f3n hacen del centro Nexus el primer centro de est\u00e9tica integral para la belleza y la salud.\",\"breadcrumb\":{\"@id\":\"https:\/\/grupnexus.com\/es\/tratamientos\/plataforma-laser\/#breadcrumb\"},\"inLanguage\":\"es\",\"potentialAction\":[{\"@type\":\"ReadAction\",\"target\":[\"https:\/\/grupnexus.com\/es\/tratamientos\/plataforma-laser\/\"]}]},{\"@type\":\"BreadcrumbList\",\"@id\":\"https:\/\/grupnexus.com\/es\/tratamientos\/plataforma-laser\/#breadcrumb\",\"itemListElement\":[{\"@type\":\"ListItem\",\"position\":1,\"name\":\"Portada\",\"item\":\"https:\/\/grupnexus.com\/es\/\"},{\"@type\":\"ListItem\",\"position\":2,\"name\":\"Tratamientos\",\"item\":\"https:\/\/grupnexus.com\/es\/tratamientos\/\"},{\"@type\":\"ListItem\",\"position\":3,\"name\":\"Plataforma l\u00e1ser\"}]}]}<\/script>\n<!-- \/ Yoast SEO plugin. -->","yoast_head_json":{"title":"Depilaci\u00f3n l\u00e1ser m\u00e9dica Lleida","description":"El equipo profesional y la aparatolog\u00eda de \u00faltima generaci\u00f3n hacen del centro Nexus el primer centro de est\u00e9tica integral para la belleza y la salud.","robots":{"index":"index","follow":"follow","max-snippet":"max-snippet:-1","max-image-preview":"max-image-preview:large","max-video-preview":"max-video-preview:-1"},"canonical":"https:\/\/grupnexus.com\/es\/tratamientos\/plataforma-laser\/","og_locale":"es_ES","og_type":"article","og_title":"Depilaci\u00f3n l\u00e1ser m\u00e9dica Lleida","og_description":"El equipo profesional y la aparatolog\u00eda de \u00faltima generaci\u00f3n hacen del centro Nexus el primer centro de est\u00e9tica integral para la belleza y la salud.","og_url":"https:\/\/grupnexus.com\/es\/tratamientos\/plataforma-laser\/","og_site_name":"Cl\u00ednica Nexus","article_modified_time":"2024-04-29T13:26:31+00:00","og_image":[{"width":1200,"height":800,"url":"https:\/\/grupnexus.com\/wp-content\/uploads\/depilacio-laser-nexus-lleida-1200x800.jpg","type":"image\/jpeg"}],"twitter_card":"summary","twitter_misc":{"Tiempo de lectura":"7 minutos"},"schema":{"@context":"https:\/\/schema.org","@graph":[{"@type":"WebSite","@id":"https:\/\/grupnexus.com\/es\/#website","url":"https:\/\/grupnexus.com\/es\/","name":"Cl\u00ednica Nexus","description":"L\u00edders en Medicina Est\u00e8tica Avan\u00e7ada","potentialAction":[{"@type":"SearchAction","target":{"@type":"EntryPoint","urlTemplate":"https:\/\/grupnexus.com\/es\/?s={search_term_string}"},"query-input":"required name=search_term_string"}],"inLanguage":"es"},{"@type":"ImageObject","@id":"https:\/\/grupnexus.com\/es\/tratamientos\/plataforma-laser\/#primaryimage","inLanguage":"es","url":"https:\/\/grupnexus.com\/wp-content\/uploads\/depilacio-laser-nexus-lleida-1200x800.jpg","contentUrl":"https:\/\/grupnexus.com\/wp-content\/uploads\/depilacio-laser-nexus-lleida-1200x800.jpg","width":1200,"height":800},{"@type":"WebPage","@id":"https:\/\/grupnexus.com\/es\/tratamientos\/plataforma-laser\/#webpage","url":"https:\/\/grupnexus.com\/es\/tratamientos\/plataforma-laser\/","name":"Depilaci\u00f3n l\u00e1ser m\u00e9dica Lleida","isPartOf":{"@id":"https:\/\/grupnexus.com\/es\/#website"},"primaryImageOfPage":{"@id":"https:\/\/grupnexus.com\/es\/tratamientos\/plataforma-laser\/#primaryimage"},"datePublished":"2015-02-06T06:54:11+00:00","dateModified":"2024-04-29T13:26:31+00:00","description":"El equipo profesional y la aparatolog\u00eda de \u00faltima generaci\u00f3n hacen del centro Nexus el primer centro de est\u00e9tica integral para la belleza y la salud.","breadcrumb":{"@id":"https:\/\/grupnexus.com\/es\/tratamientos\/plataforma-laser\/#breadcrumb"},"inLanguage":"es","potentialAction":[{"@type":"ReadAction","target":["https:\/\/grupnexus.com\/es\/tratamientos\/plataforma-laser\/"]}]},{"@type":"BreadcrumbList","@id":"https:\/\/grupnexus.com\/es\/tratamientos\/plataforma-laser\/#breadcrumb","itemListElement":[{"@type":"ListItem","position":1,"name":"Portada","item":"https:\/\/grupnexus.com\/es\/"},{"@type":"ListItem","position":2,"name":"Tratamientos","item":"https:\/\/grupnexus.com\/es\/tratamientos\/"},{"@type":"ListItem","position":3,"name":"Plataforma l\u00e1ser"}]}]}},"_links":{"self":[{"href":"https:\/\/grupnexus.com\/es\/wp-json\/wp\/v2\/pages\/1060"}],"collection":[{"href":"https:\/\/grupnexus.com\/es\/wp-json\/wp\/v2\/pages"}],"about":[{"href":"https:\/\/grupnexus.com\/es\/wp-json\/wp\/v2\/types\/page"}],"author":[{"embeddable":true,"href":"https:\/\/grupnexus.com\/es\/wp-json\/wp\/v2\/users\/5"}],"replies":[{"embeddable":true,"href":"https:\/\/grupnexus.com\/es\/wp-json\/wp\/v2\/comments?post=1060"}],"version-history":[{"count":7,"href":"https:\/\/grupnexus.com\/es\/wp-json\/wp\/v2\/pages\/1060\/revisions"}],"predecessor-version":[{"id":55143,"href":"https:\/\/grupnexus.com\/es\/wp-json\/wp\/v2\/pages\/1060\/revisions\/55143"}],"up":[{"embeddable":true,"href":"https:\/\/grupnexus.com\/es\/wp-json\/wp\/v2\/pages\/1021"}],"wp:featuredmedia":[{"embeddable":true,"href":"https:\/\/grupnexus.com\/es\/wp-json\/wp\/v2\/media\/10913"}],"wp:attachment":[{"href":"https:\/\/grupnexus.com\/es\/wp-json\/wp\/v2\/media?parent=1060"}],"curies":[{"name":"wp","href":"https:\/\/api.w.org\/{rel}","templated":true}]}}