{"id":1079,"date":"2015-02-06T08:29:40","date_gmt":"2015-02-06T07:29:40","guid":{"rendered":"http:\/\/www.grupnexus.com\/tractaments\/estetica-avanzada\/packs-facials\/"},"modified":"2020-07-14T10:02:38","modified_gmt":"2020-07-14T08:02:38","slug":"packs-faciales","status":"publish","type":"page","link":"https:\/\/grupnexus.com\/es\/tratamientos\/estetica-avanzada\/packs-faciales\/","title":{"rendered":"Packs faciales"},"content":{"rendered":"<div class=\"row \"><div class=\"wpv-grid grid-3-4  wpv-first-level first unextended\" style=\"padding-top:0px;padding-bottom:0px\" id=\"wpv-column-1f8edd261ffb09666b9ff5908cc7d9ed\" >\t\t<h2 class=\"text-divider-double\">\t\t\t\nPacks faciales\t\t<\/h2>\t\t<div class=\"sep\"><\/div>\t<\/div>\n<div class=\"wpv-grid grid-1-4  wpv-first-level unextended\" style=\"padding-top:0px;padding-bottom:0px\" id=\"wpv-column-bd49f3829c6e7001fb310507527a046a\" ><div class=\"push\" style='height:44px'><\/div>\n<!-- Widget Shortcode --><div id=\"search-11\" class=\"widget widget_search widget-shortcode area-wpv_sidebar-tractament-est-facial-cat-left \"><form role=\"search\" method=\"get\" class=\"searchform clearfix\" action=\"https:\/\/grupnexus.com\/es\/\">\n\t<label for=\"search-text-widget\" class=\"visuallyhidden\">Search for:<\/label>\n\t<input id=\"search-text-widget\" type=\"text\" value=\"\" name=\"s\" placeholder=\"Buscar\" required=\"required\" \/>\n\t<input type=\"submit\" value=\"Buscar\" \/>\n\t\t\t<input type=\"hidden\" name=\"lang\" value=\"es\"\/>\n\t<\/form><\/div><!-- \/Widget Shortcode --><\/div><\/div>\n<div class=\"row \"><div class=\"wpv-grid grid-1-4  wpv-first-level first unextended\" style=\"padding-top:0px;padding-bottom:0px\" id=\"wpv-column-a99d5f303d566c11cc16e62d0b3cce58\" ><!-- Widget Shortcode --><div id=\"nav_menu-14\" class=\"widget widget_nav_menu widget-shortcode area-wpv_sidebar-tractaments-estetica-avancada-cat-left \"><h2 class=\"widgettitle\">Est\u00e9tica avanzada<\/h2><div class=\"menu-tractaments-med-est-avan-es-container\"><ul id=\"menu-tractaments-med-est-avan-es\" class=\"menu\"><li id=\"menu-item-9613\" class=\"menu-item menu-item-type-post_type menu-item-object-page menu-item-9613\"><a href=\"https:\/\/grupnexus.com\/es\/tratamientos\/estetica-avanzada\/dermocosmetica\/\">Dermocosm\u00e9tica<\/a><\/li>\n<li id=\"menu-item-9614\" class=\"menu-item menu-item-type-post_type menu-item-object-page menu-item-9614\"><a href=\"https:\/\/grupnexus.com\/es\/tratamientos\/estetica-avanzada\/energia-vital\/\">Energ\u00eda vital<\/a><\/li>\n<li id=\"menu-item-9616\" class=\"menu-item menu-item-type-post_type menu-item-object-page menu-item-9616\"><a href=\"https:\/\/grupnexus.com\/es\/tratamientos\/estetica-avanzada\/packs-corporales\/\">Packs corporales<\/a><\/li>\n<li id=\"menu-item-9617\" class=\"menu-item menu-item-type-post_type menu-item-object-page menu-item-9617\"><a href=\"https:\/\/grupnexus.com\/es\/tratamientos\/estetica-avanzada\/packs-faciales\/\">Packs faciales<\/a><\/li>\n<li id=\"menu-item-9618\" class=\"menu-item menu-item-type-post_type menu-item-object-page menu-item-9618\"><a href=\"https:\/\/grupnexus.com\/es\/tratamientos\/estetica-avanzada\/spa-termal\/\">Spa-termal<\/a><\/li>\n<\/ul><\/div><\/div><!-- \/Widget Shortcode --><\/div>\n<div class=\"wpv-grid grid-3-4  wpv-first-level unextended\" style=\"padding-top:0px;padding-bottom:0px\" id=\"wpv-column-3a8ab5a37f131d2d9e05c07f05992cde\" ><p><img loading=\"lazy\" class=\"alignleft size-full wp-image-579\" src=\"\/wp-content\/uploads\/Tractaments_EsteticaAvan\u00e7ada.jpg\" alt=\"Tractaments_EsteticaAvan\u00e7ada\" width=\"1000\" height=\"667\" srcset=\"https:\/\/grupnexus.com\/wp-content\/uploads\/Tractaments_EsteticaAvan\u00e7ada.jpg 1000w, https:\/\/grupnexus.com\/wp-content\/uploads\/Tractaments_EsteticaAvan\u00e7ada-510x340.jpg 510w, https:\/\/grupnexus.com\/wp-content\/uploads\/Tractaments_EsteticaAvan\u00e7ada-300x200.jpg 300w\" sizes=\"(max-width: 1000px) 100vw, 1000px\" \/><\/p>\n<div class=\"row \"><div class=\"wpv-grid grid-1-1  first unextended\" style=\"padding-top:0px;padding-bottom:0px\" id=\"wpv-column-37c7f462660447c7dfa2ba6843187201\" ><h3><span class=\"notranslate\">Una nueva propuesta de servicio Nexus Bioest\u00e8tic.<\/span><\/h3>\n<p><span class=\"notranslate\">Los packs y tratamientos faciales est\u00e1n basados \u200b\u200ben la experiencia y la profesionalidad del primer centro integral de belleza y salud.<\/span><\/p>\n<h3><span class=\"notranslate\">Higiene facial mediante diferentes procedimientos cosmetol\u00f3gicos combinados con la aparatolog\u00eda m\u00e1s avanzada.<\/span><\/h3>\n<ul>\n<li><span class=\"notranslate\">glicopeeling<\/span><\/li>\n<li><span class=\"notranslate\">salic\u00edlico<\/span><\/li>\n<li><span class=\"notranslate\">peelings Ultrasonics<\/span><\/li>\n<li><span class=\"notranslate\">oxigenaci\u00f3n<\/span><\/li>\n<li><span class=\"notranslate\">microdermoabrasi\u00f3n<\/span><\/li>\n<\/ul>\n<h3><span class=\"notranslate\">Tratamientos despigmentantes<\/span><\/h3>\n<p><span class=\"notranslate\">Tratamientos para todo tipo de manchas pigmentadas<\/span><br \/>\n<span class=\"notranslate\">Estudio y correcci\u00f3n de las causas que las generan<\/span><br \/>\n<span class=\"notranslate\">Utilizaci\u00f3n d&#8217;aparatologia espec\u00edfica y procedimientos cosmetol\u00f3gicos despigmentantes<\/span><br \/>\n<span class=\"notranslate\">Resultados permanentes con mantenimientos cosm\u00e9ticos<\/span><\/p>\n<h3><a href=\"\/es\/cosmetica-zo-skin\/\">Tratamientos con cosm\u00e9tica Zo Skin (ver m\u00e1s informaci\u00f3n)<\/a><\/h3>\n<h3><\/h3>\n<h3><span class=\"notranslate\">Tratamientos para pieles sensibles<\/span><\/h3>\n<p><span class=\"notranslate\">Tratamientos calmantes y dermoprotectores<\/span><br \/>\n<span class=\"notranslate\">Prevenci\u00f3n y refuerzo de capilares rotos<\/span><br \/>\n<span class=\"notranslate\">Reafirmaci\u00f3n tisular y m\u00fascular<\/span><br \/>\n<span class=\"notranslate\">Con productos antial\u00e9rgicos espec\u00edficos<\/span><br \/>\n<span class=\"notranslate\">Omnilux<\/span><\/p>\n<h3><span class=\"notranslate\">Tratamientos para el acn\u00e9<\/span><\/h3>\n<p><span class=\"notranslate\">Estudio individualizado<\/span><br \/>\n<span class=\"notranslate\">Reequilibrio de la funci\u00f3n seborreica con productos y protocolos espec\u00edficos<\/span><br \/>\n<span class=\"notranslate\">Omnilux<\/span><br \/>\n<span class=\"notranslate\">Fototerapia + TFD<\/span><br \/>\n<span class=\"notranslate\">Tratamientos de marcas y cicatrices post acn\u00e9<\/span><\/p>\n<h3><span class=\"notranslate\">Tratamientos Antiedad (Revitalizaci\u00f3n, redensificaci\u00f3n y Rejuvenecimiento)<\/span><\/h3>\n<p><span class=\"notranslate\">Disminuci\u00f3n de l\u00edneas de la expresi\u00f3n<\/span><br \/>\n<span class=\"notranslate\">Tratamientos de luminosidad<\/span><br \/>\n<span class=\"notranslate\">Hidrataci\u00f3n profunda: velo de col\u00e1geno<\/span><br \/>\n<span class=\"notranslate\">Nutrici\u00f3n profunda: trat.<\/span> <span class=\"notranslate\">Orqu\u00eddea, trat.<\/span> <span class=\"notranslate\">Caviar<\/span><br \/>\n<span class=\"notranslate\">Lifting facial: Cosmetic (Botoskin Sytem) y con aparatolog\u00eda (Expression Face)<\/span><br \/>\n<span class=\"notranslate\">Reafirmaci\u00f3n muscular y del tejido de la cara, cuello y escote (Hydrofor Antiaging)<\/span><\/p>\n<h3><\/h3>\n<p>&nbsp;<\/div><\/div><\/div><\/div>\n<div class=\"sep\"><\/div>\n<div class=\"row \"><div class=\"wpv-grid grid-1-1  wpv-first-level first unextended\" style=\"padding-top:0px;padding-bottom:0px\" id=\"wpv-column-8d1c6d24f922d780bad93a80df6f5916\" ><p><strong><span class=\"buscar\">Quiz\u00e1 estaba buscando:<\/span><\/strong><br \/>\n<span class=\"paraules\">Tratamiento antiestr\u00e9s Lleida, quiromasaje Lleida, Tratamiento celulitis Lleida, grasa localizada Lleida, lipomassatge Lleida, tratamiento de algas Lleida,<\/span><\/div><\/div>\n","protected":false},"excerpt":{"rendered":"<p>Una nueva propuesta de servicio Nexus Bioest\u00e8tic. Los packs y tratamientos faciales est\u00e1n basados \u200b\u200ben la experiencia y la profesionalidad del primer centro integral de belleza y salud. Higiene facial mediante diferentes procedimientos cosmetol\u00f3gicos combinados con la aparatolog\u00eda m\u00e1s avanzada. glicopeeling salic\u00edlico peelings Ultrasonics oxigenaci\u00f3n microdermoabrasi\u00f3n Tratamientos despigmentantes Tratamientos para todo tipo de manchas pigmentadas&#8230;<\/p>\n","protected":false},"author":5,"featured_media":0,"parent":1055,"menu_order":0,"comment_status":"closed","ping_status":"closed","template":"","meta":[],"yoast_head":"<!-- This site is optimized with the Yoast SEO plugin v18.6 - https:\/\/yoast.com\/wordpress\/plugins\/seo\/ -->\n<title>Tratamientos faciales Lleida<\/title>\n<meta name=\"description\" content=\"Los packs y tratamientos faciales est\u00e1n basados \u200b\u200ben la experiencia y la profesionalidad del primer centro integral de belleza y salud.\" \/>\n<meta name=\"robots\" content=\"index, follow, max-snippet:-1, max-image-preview:large, max-video-preview:-1\" \/>\n<link rel=\"canonical\" href=\"https:\/\/grupnexus.com\/es\/tratamientos\/estetica-avanzada\/packs-faciales\/\" \/>\n<meta property=\"og:locale\" content=\"es_ES\" \/>\n<meta property=\"og:type\" content=\"article\" \/>\n<meta property=\"og:title\" content=\"Tratamientos faciales Lleida\" \/>\n<meta property=\"og:description\" content=\"Los packs y tratamientos faciales est\u00e1n basados \u200b\u200ben la experiencia y la profesionalidad del primer centro integral de belleza y salud.\" \/>\n<meta property=\"og:url\" content=\"https:\/\/grupnexus.com\/es\/tratamientos\/estetica-avanzada\/packs-faciales\/\" \/>\n<meta property=\"og:site_name\" content=\"Cl\u00ednica Nexus\" \/>\n<meta property=\"article:modified_time\" content=\"2020-07-14T08:02:38+00:00\" \/>\n<meta property=\"og:image\" content=\"https:\/\/grupnexus.com\/wp-content\/uploads\/Tractaments_EsteticaAvan\u00e7ada.jpg\" \/>\n<meta name=\"twitter:card\" content=\"summary\" \/>\n<meta name=\"twitter:label1\" content=\"Tiempo de lectura\" \/>\n\t<meta name=\"twitter:data1\" content=\"3 minutos\" \/>\n<script type=\"application\/ld+json\" class=\"yoast-schema-graph\">{\"@context\":\"https:\/\/schema.org\",\"@graph\":[{\"@type\":\"WebSite\",\"@id\":\"https:\/\/grupnexus.com\/es\/#website\",\"url\":\"https:\/\/grupnexus.com\/es\/\",\"name\":\"Cl\u00ednica Nexus\",\"description\":\"L\u00edders en Medicina Est\u00e8tica Avan\u00e7ada\",\"potentialAction\":[{\"@type\":\"SearchAction\",\"target\":{\"@type\":\"EntryPoint\",\"urlTemplate\":\"https:\/\/grupnexus.com\/es\/?s={search_term_string}\"},\"query-input\":\"required name=search_term_string\"}],\"inLanguage\":\"es\"},{\"@type\":\"WebPage\",\"@id\":\"https:\/\/grupnexus.com\/es\/tratamientos\/estetica-avanzada\/packs-faciales\/#webpage\",\"url\":\"https:\/\/grupnexus.com\/es\/tratamientos\/estetica-avanzada\/packs-faciales\/\",\"name\":\"Tratamientos faciales Lleida\",\"isPartOf\":{\"@id\":\"https:\/\/grupnexus.com\/es\/#website\"},\"datePublished\":\"2015-02-06T07:29:40+00:00\",\"dateModified\":\"2020-07-14T08:02:38+00:00\",\"description\":\"Los packs y tratamientos faciales est\u00e1n basados \u200b\u200ben la experiencia y la profesionalidad del primer centro integral de belleza y salud.\",\"breadcrumb\":{\"@id\":\"https:\/\/grupnexus.com\/es\/tratamientos\/estetica-avanzada\/packs-faciales\/#breadcrumb\"},\"inLanguage\":\"es\",\"potentialAction\":[{\"@type\":\"ReadAction\",\"target\":[\"https:\/\/grupnexus.com\/es\/tratamientos\/estetica-avanzada\/packs-faciales\/\"]}]},{\"@type\":\"BreadcrumbList\",\"@id\":\"https:\/\/grupnexus.com\/es\/tratamientos\/estetica-avanzada\/packs-faciales\/#breadcrumb\",\"itemListElement\":[{\"@type\":\"ListItem\",\"position\":1,\"name\":\"Portada\",\"item\":\"https:\/\/grupnexus.com\/es\/\"},{\"@type\":\"ListItem\",\"position\":2,\"name\":\"Tratamientos\",\"item\":\"https:\/\/grupnexus.com\/es\/tratamientos\/\"},{\"@type\":\"ListItem\",\"position\":3,\"name\":\"Est\u00e9tica avanzada\",\"item\":\"https:\/\/grupnexus.com\/es\/tratamientos\/estetica-avanzada\/\"},{\"@type\":\"ListItem\",\"position\":4,\"name\":\"Packs faciales\"}]}]}<\/script>\n<!-- \/ Yoast SEO plugin. -->","yoast_head_json":{"title":"Tratamientos faciales Lleida","description":"Los packs y tratamientos faciales est\u00e1n basados \u200b\u200ben la experiencia y la profesionalidad del primer centro integral de belleza y salud.","robots":{"index":"index","follow":"follow","max-snippet":"max-snippet:-1","max-image-preview":"max-image-preview:large","max-video-preview":"max-video-preview:-1"},"canonical":"https:\/\/grupnexus.com\/es\/tratamientos\/estetica-avanzada\/packs-faciales\/","og_locale":"es_ES","og_type":"article","og_title":"Tratamientos faciales Lleida","og_description":"Los packs y tratamientos faciales est\u00e1n basados \u200b\u200ben la experiencia y la profesionalidad del primer centro integral de belleza y salud.","og_url":"https:\/\/grupnexus.com\/es\/tratamientos\/estetica-avanzada\/packs-faciales\/","og_site_name":"Cl\u00ednica Nexus","article_modified_time":"2020-07-14T08:02:38+00:00","og_image":[{"url":"https:\/\/grupnexus.com\/wp-content\/uploads\/Tractaments_EsteticaAvan\u00e7ada.jpg"}],"twitter_card":"summary","twitter_misc":{"Tiempo de lectura":"3 minutos"},"schema":{"@context":"https:\/\/schema.org","@graph":[{"@type":"WebSite","@id":"https:\/\/grupnexus.com\/es\/#website","url":"https:\/\/grupnexus.com\/es\/","name":"Cl\u00ednica Nexus","description":"L\u00edders en Medicina Est\u00e8tica Avan\u00e7ada","potentialAction":[{"@type":"SearchAction","target":{"@type":"EntryPoint","urlTemplate":"https:\/\/grupnexus.com\/es\/?s={search_term_string}"},"query-input":"required name=search_term_string"}],"inLanguage":"es"},{"@type":"WebPage","@id":"https:\/\/grupnexus.com\/es\/tratamientos\/estetica-avanzada\/packs-faciales\/#webpage","url":"https:\/\/grupnexus.com\/es\/tratamientos\/estetica-avanzada\/packs-faciales\/","name":"Tratamientos faciales Lleida","isPartOf":{"@id":"https:\/\/grupnexus.com\/es\/#website"},"datePublished":"2015-02-06T07:29:40+00:00","dateModified":"2020-07-14T08:02:38+00:00","description":"Los packs y tratamientos faciales est\u00e1n basados \u200b\u200ben la experiencia y la profesionalidad del primer centro integral de belleza y salud.","breadcrumb":{"@id":"https:\/\/grupnexus.com\/es\/tratamientos\/estetica-avanzada\/packs-faciales\/#breadcrumb"},"inLanguage":"es","potentialAction":[{"@type":"ReadAction","target":["https:\/\/grupnexus.com\/es\/tratamientos\/estetica-avanzada\/packs-faciales\/"]}]},{"@type":"BreadcrumbList","@id":"https:\/\/grupnexus.com\/es\/tratamientos\/estetica-avanzada\/packs-faciales\/#breadcrumb","itemListElement":[{"@type":"ListItem","position":1,"name":"Portada","item":"https:\/\/grupnexus.com\/es\/"},{"@type":"ListItem","position":2,"name":"Tratamientos","item":"https:\/\/grupnexus.com\/es\/tratamientos\/"},{"@type":"ListItem","position":3,"name":"Est\u00e9tica avanzada","item":"https:\/\/grupnexus.com\/es\/tratamientos\/estetica-avanzada\/"},{"@type":"ListItem","position":4,"name":"Packs faciales"}]}]}},"_links":{"self":[{"href":"https:\/\/grupnexus.com\/es\/wp-json\/wp\/v2\/pages\/1079"}],"collection":[{"href":"https:\/\/grupnexus.com\/es\/wp-json\/wp\/v2\/pages"}],"about":[{"href":"https:\/\/grupnexus.com\/es\/wp-json\/wp\/v2\/types\/page"}],"author":[{"embeddable":true,"href":"https:\/\/grupnexus.com\/es\/wp-json\/wp\/v2\/users\/5"}],"replies":[{"embeddable":true,"href":"https:\/\/grupnexus.com\/es\/wp-json\/wp\/v2\/comments?post=1079"}],"version-history":[{"count":4,"href":"https:\/\/grupnexus.com\/es\/wp-json\/wp\/v2\/pages\/1079\/revisions"}],"predecessor-version":[{"id":18079,"href":"https:\/\/grupnexus.com\/es\/wp-json\/wp\/v2\/pages\/1079\/revisions\/18079"}],"up":[{"embeddable":true,"href":"https:\/\/grupnexus.com\/es\/wp-json\/wp\/v2\/pages\/1055"}],"wp:attachment":[{"href":"https:\/\/grupnexus.com\/es\/wp-json\/wp\/v2\/media?parent=1079"}],"curies":[{"name":"wp","href":"https:\/\/api.w.org\/{rel}","templated":true}]}}