{"id":11209,"date":"2016-10-04T11:58:42","date_gmt":"2016-10-04T09:58:42","guid":{"rendered":"http:\/\/www.grupnexus.com\/es\/nexus-solidari\/"},"modified":"2017-01-22T23:16:07","modified_gmt":"2017-01-22T21:16:07","slug":"nexus-solidario","status":"publish","type":"page","link":"https:\/\/grupnexus.com\/es\/nexus-solidario\/","title":{"rendered":"Nexus Solidario &#8211; Empresa Socialmente Responsable"},"content":{"rendered":"<div class=\"row \"><div class=\"wpv-grid grid-1-1  wpv-first-level first has-background unextended\" style=\"background-color:#ffffff;padding-top:50px;padding-bottom:50px\" id=\"wpv-column-18da572ffca0322cfc4c3ae5770fe346\" ><style scoped>#wpv-column-18da572ffca0322cfc4c3ae5770fe346 p,#wpv-column-18da572ffca0322cfc4c3ae5770fe346 em,#wpv-column-18da572ffca0322cfc4c3ae5770fe346 .column-title,#wpv-column-18da572ffca0322cfc4c3ae5770fe346 .sep-text h2.regular-title-wrapper,#wpv-column-18da572ffca0322cfc4c3ae5770fe346 .text-divider-double,#wpv-column-18da572ffca0322cfc4c3ae5770fe346 .sep-text .sep-text-line,#wpv-column-18da572ffca0322cfc4c3ae5770fe346 .sep,#wpv-column-18da572ffca0322cfc4c3ae5770fe346 .sep-2,#wpv-column-18da572ffca0322cfc4c3ae5770fe346 .sep-3,#wpv-column-18da572ffca0322cfc4c3ae5770fe346 td,#wpv-column-18da572ffca0322cfc4c3ae5770fe346 th,#wpv-column-18da572ffca0322cfc4c3ae5770fe346 caption{color:#808080;}#wpv-column-18da572ffca0322cfc4c3ae5770fe346:before{background-color:transparent;}<\/style><p><img loading=\"lazy\" class=\"alignright wp-image-11333 \" src=\"https:\/\/grupnexus.com\/wp-content\/uploads\/Nexus-Solidario-1024x498.png\" width=\"606\" height=\"295\" srcset=\"https:\/\/grupnexus.com\/wp-content\/uploads\/Nexus-Solidario-1024x498.png 1024w, https:\/\/grupnexus.com\/wp-content\/uploads\/Nexus-Solidario-510x248.png 510w, https:\/\/grupnexus.com\/wp-content\/uploads\/Nexus-Solidario-300x146.png 300w, https:\/\/grupnexus.com\/wp-content\/uploads\/Nexus-Solidario-768x374.png 768w, https:\/\/grupnexus.com\/wp-content\/uploads\/Nexus-Solidario-1140x555.png 1140w, https:\/\/grupnexus.com\/wp-content\/uploads\/Nexus-Solidario-555x270.png 555w, https:\/\/grupnexus.com\/wp-content\/uploads\/Nexus-Solidario-360x175.png 360w, https:\/\/grupnexus.com\/wp-content\/uploads\/Nexus-Solidario-262x128.png 262w, https:\/\/grupnexus.com\/wp-content\/uploads\/Nexus-Solidario.png 1200w\" sizes=\"(max-width: 606px) 100vw, 606px\" \/><\/p>\n<p>En Nexus somos profesionales al servicio del bienestar y la salud de las personas y<strong> ayudar a los dem\u00e1s<\/strong> forma parte de <strong>nuestros valores<\/strong> m\u00e1s intr\u00ednsecos.<\/p>\n<p>Por ello, estamos convencidos de que Nexus Solidario es el <strong>coraz\u00f3n del grupo<\/strong>, un <strong>coraz\u00f3n late\u00a0por la solidaridad. <\/strong><\/p>\n<p>Nexus Solidario es <strong>nuestro compromiso de responsabilidad social con el territorio y las personas<\/strong> que m\u00e1s lo necesitan. Por eso colaboramos desde hace muchos a\u00f1os con numerosas entidades de Lleida. Este a\u00f1o 2016 hemos contribuido con la Asociaci\u00f3n Espa\u00f1ola Contra el C\u00e1ncer (Lleida), los Hogares del Seminario, la Fundaci\u00f3n Jeric\u00f3, La Marat\u00f3 de TV3, Sed Lleida, entre muchas otras.<\/p>\n<p>Nuestra ayuda no es s\u00f3lo a nivel econ\u00f3mico: Fomentamos el <strong>voluntariado<\/strong> de nuestro equipo creando un esp\u00edritu colaborativo y reforzando los v\u00ednculos en torno a una buena causa.<\/p>\n<p>Nexus Solidario, un coraz\u00f3n que cada d\u00eda se mueve m\u00e1s y late con m\u00e1s fuerza!<\/p>\n<p>No se pierdan la secci\u00f3n de noticias solidarias donde os iremos informando de las acciones que iremos llevando a cabo.<\/div><\/div>\n<div class=\"row \"><div class=\"wpv-grid grid-1-1  wpv-first-level first has-background unextended\" style=\"background-color:#efefef;padding-top:30px;padding-bottom:30px\" id=\"wpv-column-4c66b810f7d5e373d88df6d591a0a1d4\" ><style scoped>#wpv-column-4c66b810f7d5e373d88df6d591a0a1d4 p,#wpv-column-4c66b810f7d5e373d88df6d591a0a1d4 em,#wpv-column-4c66b810f7d5e373d88df6d591a0a1d4 .column-title,#wpv-column-4c66b810f7d5e373d88df6d591a0a1d4 .sep-text h2.regular-title-wrapper,#wpv-column-4c66b810f7d5e373d88df6d591a0a1d4 .text-divider-double,#wpv-column-4c66b810f7d5e373d88df6d591a0a1d4 .sep-text .sep-text-line,#wpv-column-4c66b810f7d5e373d88df6d591a0a1d4 .sep,#wpv-column-4c66b810f7d5e373d88df6d591a0a1d4 .sep-2,#wpv-column-4c66b810f7d5e373d88df6d591a0a1d4 .sep-3,#wpv-column-4c66b810f7d5e373d88df6d591a0a1d4 td,#wpv-column-4c66b810f7d5e373d88df6d591a0a1d4 th,#wpv-column-4c66b810f7d5e373d88df6d591a0a1d4 caption{color:#707070;}#wpv-column-4c66b810f7d5e373d88df6d591a0a1d4:before{background-color:transparent;}<\/style><div class=\"row \"><div class=\"wpv-grid grid-1-1  first unextended animation-fade-in animated-active\" style=\"padding-top:0px;padding-bottom:0px\" id=\"wpv-column-e2fb19d1843a2426786c99c9c25bb3fe\" >\t\t<h2 class=\"text-divider-double\">\t\t\tNoticias solidarias\t\t<\/h2>\t\t<div class=\"sep\"><\/div>\t<div class=\"loop-wrapper clearfix news scroll-x\">\n\t<div class=\"vamtam-cubeportfolio cbp cbp-slider-edge\" data-options=\"{&quot;layoutMode&quot;:&quot;slider&quot;,&quot;drag&quot;:true,&quot;auto&quot;:false,&quot;autoTimeout&quot;:5000,&quot;autoPauseOnHover&quot;:true,&quot;showNavigation&quot;:true,&quot;showPagination&quot;:false,&quot;scrollByPage&quot;:false,&quot;gridAdjustment&quot;:&quot;responsive&quot;,&quot;mediaQueries&quot;:[{&quot;width&quot;:1260,&quot;cols&quot;:4},{&quot;width&quot;:937.5,&quot;cols&quot;:3},{&quot;width&quot;:615,&quot;cols&quot;:2},{&quot;width&quot;:292.5,&quot;cols&quot;:1}],&quot;gapHorizontal&quot;:0,&quot;gapVertical&quot;:30,&quot;displayTypeSpeed&quot;:100}\">\n\t\t\t\t\t\t<div class=\"page-content post-head list-item cbp-item post-46268 post type-post status-publish format-standard has-post-thumbnail hentry category-actualidad category-nexus-solidario tag-campanassolidarias-es tag-campanyessolidaries-es tag-colaborar-es tag-humanitari-es tag-nexussolidari-es tag-recogidaalimentos-es tag-recollidaaliments-es tag-rsc-es tag-solidaridad tag-solidaritat\">\n\t\t\t\t\t<div class=\"post-article has-image-wrapper \">\n\t<meta itemscope itemprop=\"mainEntityOfPage\" itemid=\"https:\/\/grupnexus.com\/es\/nexusolidari-colabora-con-el-proyecto-gestoamable\/\" \/><meta itemprop=\"datePublished\" content=\"2021-01-04\" \/><meta itemprop=\"dateModified\" content=\"2021-01-05\" \/><meta itemprop=\"headline\" content=\"Nexusolidari colabora con el proyecto Gestoamable\" \/><div itemprop=\"publisher\" itemscope itemtype=\"https:\/\/schema.org\/Organization\"><meta itemprop=\"name\" content=\"Cl\u00ednica Nexus\"><meta itemprop=\"url\" content=\"https:\/\/grupnexus.com\/es\/\"><div itemprop=\"logo\" itemscope itemtype=\"https:\/\/schema.org\/ImageObject\"><meta itemprop=\"url\" content=\"https:\/\/grupnexus.com\/wp-content\/uploads\/LOGO-300x751.png\"><\/div><\/div><div itemscope itemprop=\"author\" itemtype=\"http:\/\/schema.org\/Person\"><meta itemprop=\"url\" content=\"https:\/\/grupnexus.com\/es\/author\/nexus-mkt\/\" \/><meta itemprop=\"name\" content=\"Laura Sanchez\" \/><\/div><div itemscope itemprop=\"image\" itemtype=\"http:\/\/schema.org\/ImageObject\"><meta itemprop=\"url\" content=\"https:\/\/grupnexus.com\/wp-content\/uploads\/2021\/01\/gestoamable.jpg\" \/><meta itemprop=\"width\" content=\"859\" \/><meta itemprop=\"height\" content=\"780\" \/><\/div><div itemprop=\"interactionStatistic\" itemscope itemtype=\"http:\/\/schema.org\/InteractionCounter\"><meta itemprop=\"interactionType\" content=\"http:\/\/schema.org\/CommentAction\" \/><meta itemprop=\"userInteractionCount\" content=\"0\" \/><\/div>\t<div class=\"standard-post-format clearfix as-image \">\n\t\t\t<div class=\"thumbnail\">\n\t\t\t\t\t\t<img width=\"262\" height=\"201\" src=\"https:\/\/grupnexus.com\/wp-content\/uploads\/2021\/01\/gestoamable-262x201.jpg\" class=\"attachment-post-small-4 size-post-small-4 wp-post-image\" alt=\"\" loading=\"lazy\" srcset=\"https:\/\/grupnexus.com\/wp-content\/uploads\/2021\/01\/gestoamable-262x201.jpg 262w, https:\/\/grupnexus.com\/wp-content\/uploads\/2021\/01\/gestoamable-480x369.jpg 480w, https:\/\/grupnexus.com\/wp-content\/uploads\/2021\/01\/gestoamable-555x426.jpg 555w, https:\/\/grupnexus.com\/wp-content\/uploads\/2021\/01\/gestoamable-360x276.jpg 360w\" sizes=\"(min-width: 900px) 50vw, 100vw\" \/>\t\t\t<\/div>\n\n\t<div class=\"post-content-wrapper\">\n\t\t\t\t<header class=\"single\">\n\t\t\t<div class=\"content\">\n\t\t\t\t<h3>\n\t\t\t\t\t<a href=\"https:\/\/grupnexus.com\/es\/nexusolidari-colabora-con-el-proyecto-gestoamable\/\" title=\"Nexusolidari colabora con el proyecto Gestoamable\" class=\"entry-title\">Nexusolidari colabora con el proyecto Gestoamable<\/a>\n\t\t\t\t<\/h3>\n\t\t\t<\/div>\n\t\t<\/header>\n\t\n\t\t<div class=\"post-actions-wrapper\">\n\t\t\t\t\t\t\t<div class=\"post-date\">\n\t\t\t\t\t4 enero, 2021\t\t\t\t<\/div>\n\t\t\t\t\t\t\t\t\t\t\n\t\t\t\t\t\t\t\t\t<\/div>\n\n\t\t<div class=\"post-content-outer\">\n\t\t\t<p>&nbsp; Una nueva acci\u00f3n solidaria nos mueve a Nexus, dentro de nuestra \u00e1rea Nexusolidari. En&#8230;<\/p>\n\t\t<\/div>\n\n\t\t\t\t\t<div class=\"post-content-meta\">\n\t\t\t\t<div>\n\t\t\t\t\tPosted in:  <a href=\"https:\/\/grupnexus.com\/es\/category\/blog\/actualidad\/\" rel=\"category tag\">Actualidad<\/a>, <a href=\"https:\/\/grupnexus.com\/es\/category\/blog\/nexus-solidario\/\" rel=\"category tag\">Nexus Solidario<\/a>\t\t\t\t<\/div>\n\t\t\t\t<div class=\"the-tags\">Tags: <a href=\"https:\/\/grupnexus.com\/es\/tag\/campanassolidarias-es\/\" rel=\"tag\">campa\u00f1assolidarias<\/a>, <a href=\"https:\/\/grupnexus.com\/es\/tag\/campanyessolidaries-es\/\" rel=\"tag\">campanyessolidaries<\/a>, <a href=\"https:\/\/grupnexus.com\/es\/tag\/colaborar-es\/\" rel=\"tag\">colaborar<\/a>, <a href=\"https:\/\/grupnexus.com\/es\/tag\/humanitari-es\/\" rel=\"tag\">humanitari<\/a>, <a href=\"https:\/\/grupnexus.com\/es\/tag\/nexussolidari-es\/\" rel=\"tag\">nexussolidari<\/a>, <a href=\"https:\/\/grupnexus.com\/es\/tag\/recogidaalimentos-es\/\" rel=\"tag\">recogidaalimentos<\/a>, <a href=\"https:\/\/grupnexus.com\/es\/tag\/recollidaaliments-es\/\" rel=\"tag\">recollidaaliments<\/a>, <a href=\"https:\/\/grupnexus.com\/es\/tag\/rsc-es\/\" rel=\"tag\">RSC<\/a>, <a href=\"https:\/\/grupnexus.com\/es\/tag\/solidaridad\/\" rel=\"tag\">solidaridad<\/a>, <a href=\"https:\/\/grupnexus.com\/es\/tag\/solidaritat\/\" rel=\"tag\">solidaritat<\/a><\/div>\t\t\t<\/div>\n\t\t\t<\/div>\n\t<\/div>\n<\/div>\n\t\t\t\t<\/div>\n\t\t\t\t\t\t\t<div class=\"page-content post-head list-item cbp-item post-41964 post type-post status-publish format-standard has-post-thumbnail hentry category-actualidad category-blog category-nexus-solidario\">\n\t\t\t\t\t<div class=\"post-article has-image-wrapper \">\n\t<meta itemscope itemprop=\"mainEntityOfPage\" itemid=\"https:\/\/grupnexus.com\/es\/pujada-seu-vella-2019-marato-2019\/\" \/><meta itemprop=\"datePublished\" content=\"2019-12-16\" \/><meta itemprop=\"dateModified\" content=\"2019-12-16\" \/><meta itemprop=\"headline\" content=\"NexusSolidari a favor de la Marat\u00f3 de TV3 y la XXXIX Pujada a la Seu Vella\" \/><div itemprop=\"publisher\" itemscope itemtype=\"https:\/\/schema.org\/Organization\"><meta itemprop=\"name\" content=\"Cl\u00ednica Nexus\"><meta itemprop=\"url\" content=\"https:\/\/grupnexus.com\/es\/\"><div itemprop=\"logo\" itemscope itemtype=\"https:\/\/schema.org\/ImageObject\"><meta itemprop=\"url\" content=\"https:\/\/grupnexus.com\/wp-content\/uploads\/LOGO-300x751.png\"><\/div><\/div><div itemscope itemprop=\"author\" itemtype=\"http:\/\/schema.org\/Person\"><meta itemprop=\"url\" content=\"https:\/\/grupnexus.com\/es\/author\/hst\/\" \/><meta itemprop=\"name\" content=\"Cl\u00ednica Nexus\" \/><\/div><div itemscope itemprop=\"image\" itemtype=\"http:\/\/schema.org\/ImageObject\"><meta itemprop=\"url\" content=\"https:\/\/grupnexus.com\/wp-content\/uploads\/2019\/12\/Cartell-Marat\u00f3-2019_2.png\" \/><meta itemprop=\"width\" content=\"992\" \/><meta itemprop=\"height\" content=\"558\" \/><\/div><div itemprop=\"interactionStatistic\" itemscope itemtype=\"http:\/\/schema.org\/InteractionCounter\"><meta itemprop=\"interactionType\" content=\"http:\/\/schema.org\/CommentAction\" \/><meta itemprop=\"userInteractionCount\" content=\"0\" \/><\/div>\t<div class=\"standard-post-format clearfix as-image \">\n\t\t\t<div class=\"thumbnail\">\n\t\t\t\t\t\t<img width=\"262\" height=\"201\" src=\"https:\/\/grupnexus.com\/wp-content\/uploads\/2019\/12\/Cartell-Marat\u00f3-2019_2-262x201.png\" class=\"attachment-post-small-4 size-post-small-4 wp-post-image\" alt=\"Recaudaci\u00f3 marat\u00f3\" loading=\"lazy\" srcset=\"https:\/\/grupnexus.com\/wp-content\/uploads\/2019\/12\/Cartell-Marat\u00f3-2019_2-262x201.png 262w, https:\/\/grupnexus.com\/wp-content\/uploads\/2019\/12\/Cartell-Marat\u00f3-2019_2-480x369.png 480w, https:\/\/grupnexus.com\/wp-content\/uploads\/2019\/12\/Cartell-Marat\u00f3-2019_2-555x426.png 555w, https:\/\/grupnexus.com\/wp-content\/uploads\/2019\/12\/Cartell-Marat\u00f3-2019_2-360x276.png 360w\" sizes=\"(min-width: 900px) 50vw, 100vw\" \/>\t\t\t<\/div>\n\n\t<div class=\"post-content-wrapper\">\n\t\t\t\t<header class=\"single\">\n\t\t\t<div class=\"content\">\n\t\t\t\t<h3>\n\t\t\t\t\t<a href=\"https:\/\/grupnexus.com\/es\/pujada-seu-vella-2019-marato-2019\/\" title=\"NexusSolidari a favor de la Marat\u00f3 de TV3 y la XXXIX Pujada a la Seu Vella\" class=\"entry-title\">NexusSolidari a favor de la Marat\u00f3 de TV3 y la XXXIX Pujada a la Seu Vella<\/a>\n\t\t\t\t<\/h3>\n\t\t\t<\/div>\n\t\t<\/header>\n\t\n\t\t<div class=\"post-actions-wrapper\">\n\t\t\t\t\t\t\t<div class=\"post-date\">\n\t\t\t\t\t16 diciembre, 2019\t\t\t\t<\/div>\n\t\t\t\t\t\t\t\t\t\t\n\t\t\t\t\t\t\t\t\t<\/div>\n\n\t\t<div class=\"post-content-outer\">\n\t\t\t<p>El fin de semana del 14 y 15 de diciembre, NexusSolidari ha colaborado, una vez&#8230;<\/p>\n\t\t<\/div>\n\n\t\t\t\t\t<div class=\"post-content-meta\">\n\t\t\t\t<div>\n\t\t\t\t\tPosted in:  <a href=\"https:\/\/grupnexus.com\/es\/category\/blog\/actualidad\/\" rel=\"category tag\">Actualidad<\/a>, <a href=\"https:\/\/grupnexus.com\/es\/category\/blog\/\" rel=\"category tag\">Blog<\/a>, <a href=\"https:\/\/grupnexus.com\/es\/category\/blog\/nexus-solidario\/\" rel=\"category tag\">Nexus Solidario<\/a>\t\t\t\t<\/div>\n\t\t\t\t\t\t\t<\/div>\n\t\t\t<\/div>\n\t<\/div>\n<\/div>\n\t\t\t\t<\/div>\n\t\t\t\t\t\t\t<div class=\"page-content post-head list-item cbp-item post-39474 post type-post status-publish format-standard has-post-thumbnail hentry category-actualidad category-blog category-nexus-solidario category-noticias\">\n\t\t\t\t\t<div class=\"post-article has-image-wrapper \">\n\t<meta itemscope itemprop=\"mainEntityOfPage\" itemid=\"https:\/\/grupnexus.com\/es\/clinica-nexus-colabora-de-nuevo-con-la-marato-de-donantes-de-sangre-de-lleida\/\" \/><meta itemprop=\"datePublished\" content=\"2019-10-17\" \/><meta itemprop=\"dateModified\" content=\"2019-12-09\" \/><meta itemprop=\"headline\" content=\"Cl\u00ednica Nexus colabora de nuevo con la Marat\u00f3 de Donants de Sang de Lleida\" \/><div itemprop=\"publisher\" itemscope itemtype=\"https:\/\/schema.org\/Organization\"><meta itemprop=\"name\" content=\"Cl\u00ednica Nexus\"><meta itemprop=\"url\" content=\"https:\/\/grupnexus.com\/es\/\"><div itemprop=\"logo\" itemscope itemtype=\"https:\/\/schema.org\/ImageObject\"><meta itemprop=\"url\" content=\"https:\/\/grupnexus.com\/wp-content\/uploads\/LOGO-300x751.png\"><\/div><\/div><div itemscope itemprop=\"author\" itemtype=\"http:\/\/schema.org\/Person\"><meta itemprop=\"url\" content=\"https:\/\/grupnexus.com\/es\/author\/hst\/\" \/><meta itemprop=\"name\" content=\"Cl\u00ednica Nexus\" \/><\/div><div itemscope itemprop=\"image\" itemtype=\"http:\/\/schema.org\/ImageObject\"><meta itemprop=\"url\" content=\"https:\/\/grupnexus.com\/wp-content\/uploads\/2019\/10\/68895026-42ed-4ca7-b4ad-f0465a3d8aaa-1.jpg\" \/><meta itemprop=\"width\" content=\"1064\" \/><meta itemprop=\"height\" content=\"800\" \/><\/div><div itemprop=\"interactionStatistic\" itemscope itemtype=\"http:\/\/schema.org\/InteractionCounter\"><meta itemprop=\"interactionType\" content=\"http:\/\/schema.org\/CommentAction\" \/><meta itemprop=\"userInteractionCount\" content=\"0\" \/><\/div>\t<div class=\"standard-post-format clearfix as-image \">\n\t\t\t<div class=\"thumbnail\">\n\t\t\t\t\t\t<img width=\"262\" height=\"201\" src=\"https:\/\/grupnexus.com\/wp-content\/uploads\/2019\/10\/68895026-42ed-4ca7-b4ad-f0465a3d8aaa-1-262x201.jpg\" class=\"attachment-post-small-4 size-post-small-4 wp-post-image\" alt=\"\" loading=\"lazy\" srcset=\"https:\/\/grupnexus.com\/wp-content\/uploads\/2019\/10\/68895026-42ed-4ca7-b4ad-f0465a3d8aaa-1-262x201.jpg 262w, https:\/\/grupnexus.com\/wp-content\/uploads\/2019\/10\/68895026-42ed-4ca7-b4ad-f0465a3d8aaa-1-480x369.jpg 480w, https:\/\/grupnexus.com\/wp-content\/uploads\/2019\/10\/68895026-42ed-4ca7-b4ad-f0465a3d8aaa-1-555x426.jpg 555w, https:\/\/grupnexus.com\/wp-content\/uploads\/2019\/10\/68895026-42ed-4ca7-b4ad-f0465a3d8aaa-1-360x276.jpg 360w\" sizes=\"(min-width: 900px) 50vw, 100vw\" \/>\t\t\t<\/div>\n\n\t<div class=\"post-content-wrapper\">\n\t\t\t\t<header class=\"single\">\n\t\t\t<div class=\"content\">\n\t\t\t\t<h3>\n\t\t\t\t\t<a href=\"https:\/\/grupnexus.com\/es\/clinica-nexus-colabora-de-nuevo-con-la-marato-de-donantes-de-sangre-de-lleida\/\" title=\"Cl\u00ednica Nexus colabora de nuevo con la Marat\u00f3 de Donants de Sang de Lleida\" class=\"entry-title\">Cl\u00ednica Nexus colabora de nuevo con la Marat\u00f3 de Donants de Sang de Lleida<\/a>\n\t\t\t\t<\/h3>\n\t\t\t<\/div>\n\t\t<\/header>\n\t\n\t\t<div class=\"post-actions-wrapper\">\n\t\t\t\t\t\t\t<div class=\"post-date\">\n\t\t\t\t\t17 octubre, 2019\t\t\t\t<\/div>\n\t\t\t\t\t\t\t\t\t\t\n\t\t\t\t\t\t\t\t\t<\/div>\n\n\t\t<div class=\"post-content-outer\">\n\t\t\t<p>Mi\u00e9rcoles, 16 de octubre, el Banc de Sang y Teixits del Departament de Salut ha&#8230;<\/p>\n\t\t<\/div>\n\n\t\t\t\t\t<div class=\"post-content-meta\">\n\t\t\t\t<div>\n\t\t\t\t\tPosted in:  <a href=\"https:\/\/grupnexus.com\/es\/category\/blog\/actualidad\/\" rel=\"category tag\">Actualidad<\/a>, <a href=\"https:\/\/grupnexus.com\/es\/category\/blog\/\" rel=\"category tag\">Blog<\/a>, <a href=\"https:\/\/grupnexus.com\/es\/category\/blog\/nexus-solidario\/\" rel=\"category tag\">Nexus Solidario<\/a>, <a href=\"https:\/\/grupnexus.com\/es\/category\/prensa\/noticias\/\" rel=\"category tag\">Noticias<\/a>\t\t\t\t<\/div>\n\t\t\t\t\t\t\t<\/div>\n\t\t\t<\/div>\n\t<\/div>\n<\/div>\n\t\t\t\t<\/div>\n\t\t\t\t\t\t\t<div class=\"page-content post-head list-item cbp-item post-22131 post type-post status-publish format-standard has-post-thumbnail hentry category-actualidad category-blog category-nexus-solidario\">\n\t\t\t\t\t<div class=\"post-article has-image-wrapper \">\n\t<meta itemscope itemprop=\"mainEntityOfPage\" itemid=\"https:\/\/grupnexus.com\/es\/carrera-de-la-mujer-2019\/\" \/><meta itemprop=\"datePublished\" content=\"2019-03-11\" \/><meta itemprop=\"dateModified\" content=\"2019-03-11\" \/><meta itemprop=\"headline\" content=\"Nexus Solidario patrocinador de la Carrera de la Mujer Lleida 2.019 que re\u00fane 2.125 participantes\" \/><div itemprop=\"publisher\" itemscope itemtype=\"https:\/\/schema.org\/Organization\"><meta itemprop=\"name\" content=\"Cl\u00ednica Nexus\"><meta itemprop=\"url\" content=\"https:\/\/grupnexus.com\/es\/\"><div itemprop=\"logo\" itemscope itemtype=\"https:\/\/schema.org\/ImageObject\"><meta itemprop=\"url\" content=\"https:\/\/grupnexus.com\/wp-content\/uploads\/LOGO-300x751.png\"><\/div><\/div><div itemscope itemprop=\"author\" itemtype=\"http:\/\/schema.org\/Person\"><meta itemprop=\"url\" content=\"https:\/\/grupnexus.com\/es\/author\/hst\/\" \/><meta itemprop=\"name\" content=\"Cl\u00ednica Nexus\" \/><\/div><div itemscope itemprop=\"image\" itemtype=\"http:\/\/schema.org\/ImageObject\"><meta itemprop=\"url\" content=\"https:\/\/grupnexus.com\/wp-content\/uploads\/2019\/03\/Sortida_organitzacio.jpg\" \/><meta itemprop=\"width\" content=\"1280\" \/><meta itemprop=\"height\" content=\"720\" \/><\/div><div itemprop=\"interactionStatistic\" itemscope itemtype=\"http:\/\/schema.org\/InteractionCounter\"><meta itemprop=\"interactionType\" content=\"http:\/\/schema.org\/CommentAction\" \/><meta itemprop=\"userInteractionCount\" content=\"0\" \/><\/div>\t<div class=\"standard-post-format clearfix as-image \">\n\t\t\t<div class=\"thumbnail\">\n\t\t\t\t\t\t<img width=\"262\" height=\"201\" src=\"https:\/\/grupnexus.com\/wp-content\/uploads\/2019\/03\/Sortida_organitzacio-262x201.jpg\" class=\"attachment-post-small-4 size-post-small-4 wp-post-image\" alt=\"cursa de la dona Lleida\" loading=\"lazy\" srcset=\"https:\/\/grupnexus.com\/wp-content\/uploads\/2019\/03\/Sortida_organitzacio-262x201.jpg 262w, https:\/\/grupnexus.com\/wp-content\/uploads\/2019\/03\/Sortida_organitzacio-480x369.jpg 480w, https:\/\/grupnexus.com\/wp-content\/uploads\/2019\/03\/Sortida_organitzacio-555x426.jpg 555w, https:\/\/grupnexus.com\/wp-content\/uploads\/2019\/03\/Sortida_organitzacio-360x276.jpg 360w\" sizes=\"(min-width: 900px) 50vw, 100vw\" \/>\t\t\t<\/div>\n\n\t<div class=\"post-content-wrapper\">\n\t\t\t\t<header class=\"single\">\n\t\t\t<div class=\"content\">\n\t\t\t\t<h3>\n\t\t\t\t\t<a href=\"https:\/\/grupnexus.com\/es\/carrera-de-la-mujer-2019\/\" title=\"Nexus Solidario patrocinador de la Carrera de la Mujer Lleida 2.019 que re\u00fane 2.125 participantes\" class=\"entry-title\">Nexus Solidario patrocinador de la Carrera de la Mujer Lleida 2.019 que re\u00fane 2.125 participantes<\/a>\n\t\t\t\t<\/h3>\n\t\t\t<\/div>\n\t\t<\/header>\n\t\n\t\t<div class=\"post-actions-wrapper\">\n\t\t\t\t\t\t\t<div class=\"post-date\">\n\t\t\t\t\t11 marzo, 2019\t\t\t\t<\/div>\n\t\t\t\t\t\t\t\t\t\t\n\t\t\t\t\t\t\t\t\t<\/div>\n\n\t\t<div class=\"post-content-outer\">\n\t\t\t<p>Lleida, 11 de marzo de 2019.- El \u00e1rea solidaria de Cl\u00ednica Nexus, Nexus Solidario, ha&#8230;<\/p>\n\t\t<\/div>\n\n\t\t\t\t\t<div class=\"post-content-meta\">\n\t\t\t\t<div>\n\t\t\t\t\tPosted in:  <a href=\"https:\/\/grupnexus.com\/es\/category\/blog\/actualidad\/\" rel=\"category tag\">Actualidad<\/a>, <a href=\"https:\/\/grupnexus.com\/es\/category\/blog\/\" rel=\"category tag\">Blog<\/a>, <a href=\"https:\/\/grupnexus.com\/es\/category\/blog\/nexus-solidario\/\" rel=\"category tag\">Nexus Solidario<\/a>\t\t\t\t<\/div>\n\t\t\t\t\t\t\t<\/div>\n\t\t\t<\/div>\n\t<\/div>\n<\/div>\n\t\t\t\t<\/div>\n\t\t\t\t\t\t\t<div class=\"page-content post-head list-item cbp-item post-21363 post type-post status-publish format-standard has-post-thumbnail hentry category-actualidad category-blog category-nexus-solidario tag-nexus-solidari-es tag-nexusolidari\">\n\t\t\t\t\t<div class=\"post-article has-image-wrapper \">\n\t<meta itemscope itemprop=\"mainEntityOfPage\" itemid=\"https:\/\/grupnexus.com\/es\/posat-la-gorra-6a-edicion\/\" \/><meta itemprop=\"datePublished\" content=\"2019-02-18\" \/><meta itemprop=\"dateModified\" content=\"2019-02-18\" \/><meta itemprop=\"headline\" content=\"Cl\u00ednica Nexus solidaria con los ni\u00f1os y ni\u00f1as enfermos de c\u00e1ncer\" \/><div itemprop=\"publisher\" itemscope itemtype=\"https:\/\/schema.org\/Organization\"><meta itemprop=\"name\" content=\"Cl\u00ednica Nexus\"><meta itemprop=\"url\" content=\"https:\/\/grupnexus.com\/es\/\"><div itemprop=\"logo\" itemscope itemtype=\"https:\/\/schema.org\/ImageObject\"><meta itemprop=\"url\" content=\"https:\/\/grupnexus.com\/wp-content\/uploads\/LOGO-300x751.png\"><\/div><\/div><div itemscope itemprop=\"author\" itemtype=\"http:\/\/schema.org\/Person\"><meta itemprop=\"url\" content=\"https:\/\/grupnexus.com\/es\/author\/hst\/\" \/><meta itemprop=\"name\" content=\"Cl\u00ednica Nexus\" \/><\/div><div itemscope itemprop=\"image\" itemtype=\"http:\/\/schema.org\/ImageObject\"><meta itemprop=\"url\" content=\"https:\/\/grupnexus.com\/wp-content\/uploads\/2019\/02\/IMG-9985.jpg\" \/><meta itemprop=\"width\" content=\"1600\" \/><meta itemprop=\"height\" content=\"1066\" \/><\/div><div itemprop=\"interactionStatistic\" itemscope itemtype=\"http:\/\/schema.org\/InteractionCounter\"><meta itemprop=\"interactionType\" content=\"http:\/\/schema.org\/CommentAction\" \/><meta itemprop=\"userInteractionCount\" content=\"0\" \/><\/div>\t<div class=\"standard-post-format clearfix as-image \">\n\t\t\t<div class=\"thumbnail\">\n\t\t\t\t\t\t<img width=\"262\" height=\"201\" src=\"https:\/\/grupnexus.com\/wp-content\/uploads\/2019\/02\/IMG-9985-262x201.jpg\" class=\"attachment-post-small-4 size-post-small-4 wp-post-image\" alt=\"Posa&#039;t la gorra Nexus\" loading=\"lazy\" srcset=\"https:\/\/grupnexus.com\/wp-content\/uploads\/2019\/02\/IMG-9985-262x201.jpg 262w, https:\/\/grupnexus.com\/wp-content\/uploads\/2019\/02\/IMG-9985-480x369.jpg 480w, https:\/\/grupnexus.com\/wp-content\/uploads\/2019\/02\/IMG-9985-1140x876.jpg 1140w, https:\/\/grupnexus.com\/wp-content\/uploads\/2019\/02\/IMG-9985-555x426.jpg 555w, https:\/\/grupnexus.com\/wp-content\/uploads\/2019\/02\/IMG-9985-360x276.jpg 360w\" sizes=\"(min-width: 900px) 50vw, 100vw\" \/>\t\t\t<\/div>\n\n\t<div class=\"post-content-wrapper\">\n\t\t\t\t<header class=\"single\">\n\t\t\t<div class=\"content\">\n\t\t\t\t<h3>\n\t\t\t\t\t<a href=\"https:\/\/grupnexus.com\/es\/posat-la-gorra-6a-edicion\/\" title=\"Cl\u00ednica Nexus solidaria con los ni\u00f1os y ni\u00f1as enfermos de c\u00e1ncer\" class=\"entry-title\">Cl\u00ednica Nexus solidaria con los ni\u00f1os y ni\u00f1as enfermos de c\u00e1ncer<\/a>\n\t\t\t\t<\/h3>\n\t\t\t<\/div>\n\t\t<\/header>\n\t\n\t\t<div class=\"post-actions-wrapper\">\n\t\t\t\t\t\t\t<div class=\"post-date\">\n\t\t\t\t\t18 febrero, 2019\t\t\t\t<\/div>\n\t\t\t\t\t\t\t\t\t\t\n\t\t\t\t\t\t\t\t\t<\/div>\n\n\t\t<div class=\"post-content-outer\">\n\t\t\t<p>Lleida, 18 de febrero de 2019.- Ayer domingo se celebr\u00f3 la 6\u00aa edici\u00f3n de la&#8230;<\/p>\n\t\t<\/div>\n\n\t\t\t\t\t<div class=\"post-content-meta\">\n\t\t\t\t<div>\n\t\t\t\t\tPosted in:  <a href=\"https:\/\/grupnexus.com\/es\/category\/blog\/actualidad\/\" rel=\"category tag\">Actualidad<\/a>, <a href=\"https:\/\/grupnexus.com\/es\/category\/blog\/\" rel=\"category tag\">Blog<\/a>, <a href=\"https:\/\/grupnexus.com\/es\/category\/blog\/nexus-solidario\/\" rel=\"category tag\">Nexus Solidario<\/a>\t\t\t\t<\/div>\n\t\t\t\t<div class=\"the-tags\">Tags: <a href=\"https:\/\/grupnexus.com\/es\/tag\/nexus-solidari-es\/\" rel=\"tag\">nexus solidari<\/a>, <a href=\"https:\/\/grupnexus.com\/es\/tag\/nexusolidari\/\" rel=\"tag\">Nexusolidari<\/a><\/div>\t\t\t<\/div>\n\t\t\t<\/div>\n\t<\/div>\n<\/div>\n\t\t\t\t<\/div>\n\t\t\t\t\t\t\t<div class=\"page-content post-head list-item cbp-item post-19685 post type-post status-publish format-standard has-post-thumbnail hentry category-actualidad category-blog category-nexus-solidario tag-nexus-solidari-es tag-nexus-solidario\">\n\t\t\t\t\t<div class=\"post-article has-image-wrapper \">\n\t<meta itemscope itemprop=\"mainEntityOfPage\" itemid=\"https:\/\/grupnexus.com\/es\/nexus-solidario-patrocina-la-38a-pujada-a-la-seu-vella\/\" \/><meta itemprop=\"datePublished\" content=\"2018-12-17\" \/><meta itemprop=\"dateModified\" content=\"2018-12-17\" \/><meta itemprop=\"headline\" content=\"Nexus Solidario patrocina la 38\u00aa Pujada a la Seu Vella\" \/><div itemprop=\"publisher\" itemscope itemtype=\"https:\/\/schema.org\/Organization\"><meta itemprop=\"name\" content=\"Cl\u00ednica Nexus\"><meta itemprop=\"url\" content=\"https:\/\/grupnexus.com\/es\/\"><div itemprop=\"logo\" itemscope itemtype=\"https:\/\/schema.org\/ImageObject\"><meta itemprop=\"url\" content=\"https:\/\/grupnexus.com\/wp-content\/uploads\/LOGO-300x751.png\"><\/div><\/div><div itemscope itemprop=\"author\" itemtype=\"http:\/\/schema.org\/Person\"><meta itemprop=\"url\" content=\"https:\/\/grupnexus.com\/es\/author\/hst\/\" \/><meta itemprop=\"name\" content=\"Cl\u00ednica Nexus\" \/><\/div><div itemscope itemprop=\"image\" itemtype=\"http:\/\/schema.org\/ImageObject\"><meta itemprop=\"url\" content=\"https:\/\/grupnexus.com\/wp-content\/uploads\/2018\/12\/Baixada.jpg\" \/><meta itemprop=\"width\" content=\"990\" \/><meta itemprop=\"height\" content=\"377\" \/><\/div><div itemprop=\"interactionStatistic\" itemscope itemtype=\"http:\/\/schema.org\/InteractionCounter\"><meta itemprop=\"interactionType\" content=\"http:\/\/schema.org\/CommentAction\" \/><meta itemprop=\"userInteractionCount\" content=\"0\" \/><\/div>\t<div class=\"standard-post-format clearfix as-image \">\n\t\t\t<div class=\"thumbnail\">\n\t\t\t\t\t\t<img width=\"262\" height=\"201\" src=\"https:\/\/grupnexus.com\/wp-content\/uploads\/2018\/12\/Baixada-262x201.jpg\" class=\"attachment-post-small-4 size-post-small-4 wp-post-image\" alt=\"pujada seu vella\" loading=\"lazy\" srcset=\"https:\/\/grupnexus.com\/wp-content\/uploads\/2018\/12\/Baixada-262x201.jpg 262w, https:\/\/grupnexus.com\/wp-content\/uploads\/2018\/12\/Baixada-480x369.jpg 480w, https:\/\/grupnexus.com\/wp-content\/uploads\/2018\/12\/Baixada-360x276.jpg 360w\" sizes=\"(min-width: 900px) 50vw, 100vw\" \/>\t\t\t<\/div>\n\n\t<div class=\"post-content-wrapper\">\n\t\t\t\t<header class=\"single\">\n\t\t\t<div class=\"content\">\n\t\t\t\t<h3>\n\t\t\t\t\t<a href=\"https:\/\/grupnexus.com\/es\/nexus-solidario-patrocina-la-38a-pujada-a-la-seu-vella\/\" title=\"Nexus Solidario patrocina la 38\u00aa Pujada a la Seu Vella\" class=\"entry-title\">Nexus Solidario patrocina la 38\u00aa Pujada a la Seu Vella<\/a>\n\t\t\t\t<\/h3>\n\t\t\t<\/div>\n\t\t<\/header>\n\t\n\t\t<div class=\"post-actions-wrapper\">\n\t\t\t\t\t\t\t<div class=\"post-date\">\n\t\t\t\t\t17 diciembre, 2018\t\t\t\t<\/div>\n\t\t\t\t\t\t\t\t\t\t\n\t\t\t\t\t\t\t\t\t<\/div>\n\n\t\t<div class=\"post-content-outer\">\n\t\t\t<p>Lleida, 16 de diciembre de 2018.- Cl\u00ednica Nexus, se mantiene fiel un a\u00f1o m\u00e1s como&#8230;<\/p>\n\t\t<\/div>\n\n\t\t\t\t\t<div class=\"post-content-meta\">\n\t\t\t\t<div>\n\t\t\t\t\tPosted in:  <a href=\"https:\/\/grupnexus.com\/es\/category\/blog\/actualidad\/\" rel=\"category tag\">Actualidad<\/a>, <a href=\"https:\/\/grupnexus.com\/es\/category\/blog\/\" rel=\"category tag\">Blog<\/a>, <a href=\"https:\/\/grupnexus.com\/es\/category\/blog\/nexus-solidario\/\" rel=\"category tag\">Nexus Solidario<\/a>\t\t\t\t<\/div>\n\t\t\t\t<div class=\"the-tags\">Tags: <a href=\"https:\/\/grupnexus.com\/es\/tag\/nexus-solidari-es\/\" rel=\"tag\">nexus solidari<\/a>, <a href=\"https:\/\/grupnexus.com\/es\/tag\/nexus-solidario\/\" rel=\"tag\">nexus solidario<\/a><\/div>\t\t\t<\/div>\n\t\t\t<\/div>\n\t<\/div>\n<\/div>\n\t\t\t\t<\/div>\n\t\t\t\t\t\t\t<div class=\"page-content post-head list-item cbp-item post-18350 post type-post status-publish format-standard has-post-thumbnail hentry category-blog category-nexus-solidario tag-nexus-solidari-es\">\n\t\t\t\t\t<div class=\"post-article has-image-wrapper \">\n\t<meta itemscope itemprop=\"mainEntityOfPage\" itemid=\"https:\/\/grupnexus.com\/es\/la-superexperiencia-de-donar-sang-molt-mes-del-que-dones\/\" \/><meta itemprop=\"datePublished\" content=\"2018-10-17\" \/><meta itemprop=\"dateModified\" content=\"2018-10-18\" \/><meta itemprop=\"headline\" content=\"\u00abLa superexperiencia de donar sangre. Mucho m\u00e1s de lo que das \u00ab\" \/><div itemprop=\"publisher\" itemscope itemtype=\"https:\/\/schema.org\/Organization\"><meta itemprop=\"name\" content=\"Cl\u00ednica Nexus\"><meta itemprop=\"url\" content=\"https:\/\/grupnexus.com\/es\/\"><div itemprop=\"logo\" itemscope itemtype=\"https:\/\/schema.org\/ImageObject\"><meta itemprop=\"url\" content=\"https:\/\/grupnexus.com\/wp-content\/uploads\/LOGO-300x751.png\"><\/div><\/div><div itemscope itemprop=\"author\" itemtype=\"http:\/\/schema.org\/Person\"><meta itemprop=\"url\" content=\"https:\/\/grupnexus.com\/es\/author\/hst\/\" \/><meta itemprop=\"name\" content=\"Cl\u00ednica Nexus\" \/><\/div><div itemscope itemprop=\"image\" itemtype=\"http:\/\/schema.org\/ImageObject\"><meta itemprop=\"url\" content=\"https:\/\/grupnexus.com\/wp-content\/uploads\/2018\/10\/IMG-7156.jpg\" \/><meta itemprop=\"width\" content=\"1171\" \/><meta itemprop=\"height\" content=\"1210\" \/><\/div><div itemprop=\"interactionStatistic\" itemscope itemtype=\"http:\/\/schema.org\/InteractionCounter\"><meta itemprop=\"interactionType\" content=\"http:\/\/schema.org\/CommentAction\" \/><meta itemprop=\"userInteractionCount\" content=\"0\" \/><\/div>\t<div class=\"standard-post-format clearfix as-image \">\n\t\t\t<div class=\"thumbnail\">\n\t\t\t\t\t\t<img width=\"262\" height=\"201\" src=\"https:\/\/grupnexus.com\/wp-content\/uploads\/2018\/10\/IMG-7156-262x201.jpg\" class=\"attachment-post-small-4 size-post-small-4 wp-post-image\" alt=\"\" loading=\"lazy\" srcset=\"https:\/\/grupnexus.com\/wp-content\/uploads\/2018\/10\/IMG-7156-262x201.jpg 262w, https:\/\/grupnexus.com\/wp-content\/uploads\/2018\/10\/IMG-7156-480x369.jpg 480w, https:\/\/grupnexus.com\/wp-content\/uploads\/2018\/10\/IMG-7156-1140x876.jpg 1140w, https:\/\/grupnexus.com\/wp-content\/uploads\/2018\/10\/IMG-7156-555x426.jpg 555w, https:\/\/grupnexus.com\/wp-content\/uploads\/2018\/10\/IMG-7156-360x276.jpg 360w\" sizes=\"(min-width: 900px) 50vw, 100vw\" \/>\t\t\t<\/div>\n\n\t<div class=\"post-content-wrapper\">\n\t\t\t\t<header class=\"single\">\n\t\t\t<div class=\"content\">\n\t\t\t\t<h3>\n\t\t\t\t\t<a href=\"https:\/\/grupnexus.com\/es\/la-superexperiencia-de-donar-sang-molt-mes-del-que-dones\/\" title=\"\u00abLa superexperiencia de donar sangre. Mucho m\u00e1s de lo que das \u00ab\" class=\"entry-title\">\u00abLa superexperiencia de donar sangre. Mucho m\u00e1s de lo que das \u00ab<\/a>\n\t\t\t\t<\/h3>\n\t\t\t<\/div>\n\t\t<\/header>\n\t\n\t\t<div class=\"post-actions-wrapper\">\n\t\t\t\t\t\t\t<div class=\"post-date\">\n\t\t\t\t\t17 octubre, 2018\t\t\t\t<\/div>\n\t\t\t\t\t\t\t\t\t\t\n\t\t\t\t\t\t\t\t\t<\/div>\n\n\t\t<div class=\"post-content-outer\">\n\t\t\t<p>Con este lema se celebra, hoy d\u00eda 17 de octubre, la Marat\u00f3n de donantes de&#8230;<\/p>\n\t\t<\/div>\n\n\t\t\t\t\t<div class=\"post-content-meta\">\n\t\t\t\t<div>\n\t\t\t\t\tPosted in:  <a href=\"https:\/\/grupnexus.com\/es\/category\/blog\/\" rel=\"category tag\">Blog<\/a>, <a href=\"https:\/\/grupnexus.com\/es\/category\/blog\/nexus-solidario\/\" rel=\"category tag\">Nexus Solidario<\/a>\t\t\t\t<\/div>\n\t\t\t\t<div class=\"the-tags\">Tags: <a href=\"https:\/\/grupnexus.com\/es\/tag\/nexus-solidari-es\/\" rel=\"tag\">nexus solidari<\/a><\/div>\t\t\t<\/div>\n\t\t\t<\/div>\n\t<\/div>\n<\/div>\n\t\t\t\t<\/div>\n\t\t\t\t\t\t\t<div class=\"page-content post-head list-item cbp-item post-17700 post type-post status-publish format-standard has-post-thumbnail hentry category-blog category-nexus-solidario category-noticias tag-nexusolidari\">\n\t\t\t\t\t<div class=\"post-article has-image-wrapper \">\n\t<meta itemscope itemprop=\"mainEntityOfPage\" itemid=\"https:\/\/grupnexus.com\/es\/nexussolidari-en-marcha-con-la-caminata-de-la-aecc-lleida\/\" \/><meta itemprop=\"datePublished\" content=\"2018-09-24\" \/><meta itemprop=\"dateModified\" content=\"2018-09-25\" \/><meta itemprop=\"headline\" content=\"NexusSolidari en marcha con la caminata de la AECC Lleida\" \/><div itemprop=\"publisher\" itemscope itemtype=\"https:\/\/schema.org\/Organization\"><meta itemprop=\"name\" content=\"Cl\u00ednica Nexus\"><meta itemprop=\"url\" content=\"https:\/\/grupnexus.com\/es\/\"><div itemprop=\"logo\" itemscope itemtype=\"https:\/\/schema.org\/ImageObject\"><meta itemprop=\"url\" content=\"https:\/\/grupnexus.com\/wp-content\/uploads\/LOGO-300x751.png\"><\/div><\/div><div itemscope itemprop=\"author\" itemtype=\"http:\/\/schema.org\/Person\"><meta itemprop=\"url\" content=\"https:\/\/grupnexus.com\/es\/author\/hst\/\" \/><meta itemprop=\"name\" content=\"Cl\u00ednica Nexus\" \/><\/div><div itemscope itemprop=\"image\" itemtype=\"http:\/\/schema.org\/ImageObject\"><meta itemprop=\"url\" content=\"https:\/\/grupnexus.com\/wp-content\/uploads\/2018\/09\/2018-09-23-PHOTO-00002481.jpg\" \/><meta itemprop=\"width\" content=\"1024\" \/><meta itemprop=\"height\" content=\"711\" \/><\/div><div itemprop=\"interactionStatistic\" itemscope itemtype=\"http:\/\/schema.org\/InteractionCounter\"><meta itemprop=\"interactionType\" content=\"http:\/\/schema.org\/CommentAction\" \/><meta itemprop=\"userInteractionCount\" content=\"0\" \/><\/div>\t<div class=\"standard-post-format clearfix as-image \">\n\t\t\t<div class=\"thumbnail\">\n\t\t\t\t\t\t<img width=\"262\" height=\"201\" src=\"https:\/\/grupnexus.com\/wp-content\/uploads\/2018\/09\/2018-09-23-PHOTO-00002481-262x201.jpg\" class=\"attachment-post-small-4 size-post-small-4 wp-post-image\" alt=\"Nexus solidari\" loading=\"lazy\" srcset=\"https:\/\/grupnexus.com\/wp-content\/uploads\/2018\/09\/2018-09-23-PHOTO-00002481-262x201.jpg 262w, https:\/\/grupnexus.com\/wp-content\/uploads\/2018\/09\/2018-09-23-PHOTO-00002481-480x369.jpg 480w, https:\/\/grupnexus.com\/wp-content\/uploads\/2018\/09\/2018-09-23-PHOTO-00002481-555x426.jpg 555w, https:\/\/grupnexus.com\/wp-content\/uploads\/2018\/09\/2018-09-23-PHOTO-00002481-360x276.jpg 360w\" sizes=\"(min-width: 900px) 50vw, 100vw\" \/>\t\t\t<\/div>\n\n\t<div class=\"post-content-wrapper\">\n\t\t\t\t<header class=\"single\">\n\t\t\t<div class=\"content\">\n\t\t\t\t<h3>\n\t\t\t\t\t<a href=\"https:\/\/grupnexus.com\/es\/nexussolidari-en-marcha-con-la-caminata-de-la-aecc-lleida\/\" title=\"NexusSolidari en marcha con la caminata de la AECC Lleida\" class=\"entry-title\">NexusSolidari en marcha con la caminata de la AECC Lleida<\/a>\n\t\t\t\t<\/h3>\n\t\t\t<\/div>\n\t\t<\/header>\n\t\n\t\t<div class=\"post-actions-wrapper\">\n\t\t\t\t\t\t\t<div class=\"post-date\">\n\t\t\t\t\t24 septiembre, 2018\t\t\t\t<\/div>\n\t\t\t\t\t\t\t\t\t\t\n\t\t\t\t\t\t\t\t\t<\/div>\n\n\t\t<div class=\"post-content-outer\">\n\t\t\t<p>Lleida, 23 de septiembre de 2018.- Un a\u00f1o m\u00e1s, la Asociaci\u00f3n Espa\u00f1ola Contra el C\u00e1ncer&#8230;<\/p>\n\t\t<\/div>\n\n\t\t\t\t\t<div class=\"post-content-meta\">\n\t\t\t\t<div>\n\t\t\t\t\tPosted in:  <a href=\"https:\/\/grupnexus.com\/es\/category\/blog\/\" rel=\"category tag\">Blog<\/a>, <a href=\"https:\/\/grupnexus.com\/es\/category\/blog\/nexus-solidario\/\" rel=\"category tag\">Nexus Solidario<\/a>, <a href=\"https:\/\/grupnexus.com\/es\/category\/prensa\/noticias\/\" rel=\"category tag\">Noticias<\/a>\t\t\t\t<\/div>\n\t\t\t\t<div class=\"the-tags\">Tags: <a href=\"https:\/\/grupnexus.com\/es\/tag\/nexusolidari\/\" rel=\"tag\">Nexusolidari<\/a><\/div>\t\t\t<\/div>\n\t\t\t<\/div>\n\t<\/div>\n<\/div>\n\t\t\t\t<\/div>\n\t\t\t\t<\/div>\n<\/div>\n\n<\/div><\/div>\n<p style=\"text-align: center;\">M\u00e1s noticias <a href=\"https:\/\/grupnexus.com\/es\/category\/nexus-solidario\/\">en nuestro blog<\/a> \u2192<\/div><\/div>\n","protected":false},"excerpt":{"rendered":"<p>Lleida, 23 de septiembre de 2018.- Un a\u00f1o m\u00e1s, la Asociaci\u00f3n Espa\u00f1ola Contra el C\u00e1ncer (AECC) de Lleida organiza el \u00abAECC Lleida en marcha\u00bb, la 6\u00aa edici\u00f3n de la caminata contra el c\u00e1ncer. Un acto abierto a toda la ciudadan\u00eda que pretende promover la salud, recaudar fondos para la entidad, al tiempo que se hace&#8230;<\/p>\n","protected":false},"author":5,"featured_media":11333,"parent":0,"menu_order":0,"comment_status":"closed","ping_status":"closed","template":"","meta":[],"yoast_head":"<!-- This site is optimized with the Yoast SEO plugin v18.6 - https:\/\/yoast.com\/wordpress\/plugins\/seo\/ -->\n<title>Nexus Solidario - Empresa Socialmente Responsable<\/title>\n<meta name=\"description\" content=\"En Nexus somos profesionales al servicio del bienestar y la salud de las personas y ayudar a los dem\u00e1s forma parte de nuestros valores m\u00e1s intr\u00ednsecos.\" \/>\n<meta name=\"robots\" content=\"index, follow, max-snippet:-1, max-image-preview:large, max-video-preview:-1\" \/>\n<link rel=\"canonical\" href=\"https:\/\/grupnexus.com\/es\/nexus-solidario\/\" \/>\n<meta property=\"og:locale\" content=\"es_ES\" \/>\n<meta property=\"og:type\" content=\"article\" \/>\n<meta property=\"og:title\" content=\"Nexus Solidario - Empresa Socialmente Responsable\" \/>\n<meta property=\"og:description\" content=\"En Nexus somos profesionales al servicio del bienestar y la salud de las personas y ayudar a los dem\u00e1s forma parte de nuestros valores m\u00e1s intr\u00ednsecos.\" \/>\n<meta property=\"og:url\" content=\"https:\/\/grupnexus.com\/es\/nexus-solidario\/\" \/>\n<meta property=\"og:site_name\" content=\"Cl\u00ednica Nexus\" \/>\n<meta property=\"article:modified_time\" content=\"2017-01-22T21:16:07+00:00\" \/>\n<meta property=\"og:image\" content=\"https:\/\/i0.wp.com\/grupnexus.com\/wp-content\/uploads\/Nexus-Solidario.png?fit=1200%2C584&#038;ssl=1\" \/>\n\t<meta property=\"og:image:width\" content=\"1200\" \/>\n\t<meta property=\"og:image:height\" content=\"584\" \/>\n\t<meta property=\"og:image:type\" content=\"image\/png\" \/>\n<meta name=\"twitter:card\" content=\"summary\" \/>\n<meta name=\"twitter:label1\" content=\"Tiempo de lectura\" \/>\n\t<meta name=\"twitter:data1\" content=\"2 minutos\" \/>\n<script type=\"application\/ld+json\" class=\"yoast-schema-graph\">{\"@context\":\"https:\/\/schema.org\",\"@graph\":[{\"@type\":\"WebSite\",\"@id\":\"https:\/\/grupnexus.com\/es\/#website\",\"url\":\"https:\/\/grupnexus.com\/es\/\",\"name\":\"Cl\u00ednica Nexus\",\"description\":\"L\u00edders en Medicina Est\u00e8tica Avan\u00e7ada\",\"potentialAction\":[{\"@type\":\"SearchAction\",\"target\":{\"@type\":\"EntryPoint\",\"urlTemplate\":\"https:\/\/grupnexus.com\/es\/?s={search_term_string}\"},\"query-input\":\"required name=search_term_string\"}],\"inLanguage\":\"es\"},{\"@type\":\"ImageObject\",\"@id\":\"https:\/\/grupnexus.com\/es\/nexus-solidario\/#primaryimage\",\"inLanguage\":\"es\",\"url\":\"https:\/\/grupnexus.com\/wp-content\/uploads\/Nexus-Solidario.png\",\"contentUrl\":\"https:\/\/grupnexus.com\/wp-content\/uploads\/Nexus-Solidario.png\",\"width\":1200,\"height\":584},{\"@type\":\"WebPage\",\"@id\":\"https:\/\/grupnexus.com\/es\/nexus-solidario\/#webpage\",\"url\":\"https:\/\/grupnexus.com\/es\/nexus-solidario\/\",\"name\":\"Nexus Solidario - Empresa Socialmente Responsable\",\"isPartOf\":{\"@id\":\"https:\/\/grupnexus.com\/es\/#website\"},\"primaryImageOfPage\":{\"@id\":\"https:\/\/grupnexus.com\/es\/nexus-solidario\/#primaryimage\"},\"datePublished\":\"2016-10-04T09:58:42+00:00\",\"dateModified\":\"2017-01-22T21:16:07+00:00\",\"description\":\"En Nexus somos profesionales al servicio del bienestar y la salud de las personas y ayudar a los dem\u00e1s forma parte de nuestros valores m\u00e1s intr\u00ednsecos.\",\"breadcrumb\":{\"@id\":\"https:\/\/grupnexus.com\/es\/nexus-solidario\/#breadcrumb\"},\"inLanguage\":\"es\",\"potentialAction\":[{\"@type\":\"ReadAction\",\"target\":[\"https:\/\/grupnexus.com\/es\/nexus-solidario\/\"]}]},{\"@type\":\"BreadcrumbList\",\"@id\":\"https:\/\/grupnexus.com\/es\/nexus-solidario\/#breadcrumb\",\"itemListElement\":[{\"@type\":\"ListItem\",\"position\":1,\"name\":\"Portada\",\"item\":\"https:\/\/grupnexus.com\/es\/\"},{\"@type\":\"ListItem\",\"position\":2,\"name\":\"Nexus Solidario &#8211; Empresa Socialmente Responsable\"}]}]}<\/script>\n<!-- \/ Yoast SEO plugin. -->","yoast_head_json":{"title":"Nexus Solidario - Empresa Socialmente Responsable","description":"En Nexus somos profesionales al servicio del bienestar y la salud de las personas y ayudar a los dem\u00e1s forma parte de nuestros valores m\u00e1s intr\u00ednsecos.","robots":{"index":"index","follow":"follow","max-snippet":"max-snippet:-1","max-image-preview":"max-image-preview:large","max-video-preview":"max-video-preview:-1"},"canonical":"https:\/\/grupnexus.com\/es\/nexus-solidario\/","og_locale":"es_ES","og_type":"article","og_title":"Nexus Solidario - Empresa Socialmente Responsable","og_description":"En Nexus somos profesionales al servicio del bienestar y la salud de las personas y ayudar a los dem\u00e1s forma parte de nuestros valores m\u00e1s intr\u00ednsecos.","og_url":"https:\/\/grupnexus.com\/es\/nexus-solidario\/","og_site_name":"Cl\u00ednica Nexus","article_modified_time":"2017-01-22T21:16:07+00:00","og_image":[{"width":1200,"height":584,"url":"https:\/\/i0.wp.com\/grupnexus.com\/wp-content\/uploads\/Nexus-Solidario.png?fit=1200%2C584&ssl=1","type":"image\/png"}],"twitter_card":"summary","twitter_misc":{"Tiempo de lectura":"2 minutos"},"schema":{"@context":"https:\/\/schema.org","@graph":[{"@type":"WebSite","@id":"https:\/\/grupnexus.com\/es\/#website","url":"https:\/\/grupnexus.com\/es\/","name":"Cl\u00ednica Nexus","description":"L\u00edders en Medicina Est\u00e8tica Avan\u00e7ada","potentialAction":[{"@type":"SearchAction","target":{"@type":"EntryPoint","urlTemplate":"https:\/\/grupnexus.com\/es\/?s={search_term_string}"},"query-input":"required name=search_term_string"}],"inLanguage":"es"},{"@type":"ImageObject","@id":"https:\/\/grupnexus.com\/es\/nexus-solidario\/#primaryimage","inLanguage":"es","url":"https:\/\/grupnexus.com\/wp-content\/uploads\/Nexus-Solidario.png","contentUrl":"https:\/\/grupnexus.com\/wp-content\/uploads\/Nexus-Solidario.png","width":1200,"height":584},{"@type":"WebPage","@id":"https:\/\/grupnexus.com\/es\/nexus-solidario\/#webpage","url":"https:\/\/grupnexus.com\/es\/nexus-solidario\/","name":"Nexus Solidario - Empresa Socialmente Responsable","isPartOf":{"@id":"https:\/\/grupnexus.com\/es\/#website"},"primaryImageOfPage":{"@id":"https:\/\/grupnexus.com\/es\/nexus-solidario\/#primaryimage"},"datePublished":"2016-10-04T09:58:42+00:00","dateModified":"2017-01-22T21:16:07+00:00","description":"En Nexus somos profesionales al servicio del bienestar y la salud de las personas y ayudar a los dem\u00e1s forma parte de nuestros valores m\u00e1s intr\u00ednsecos.","breadcrumb":{"@id":"https:\/\/grupnexus.com\/es\/nexus-solidario\/#breadcrumb"},"inLanguage":"es","potentialAction":[{"@type":"ReadAction","target":["https:\/\/grupnexus.com\/es\/nexus-solidario\/"]}]},{"@type":"BreadcrumbList","@id":"https:\/\/grupnexus.com\/es\/nexus-solidario\/#breadcrumb","itemListElement":[{"@type":"ListItem","position":1,"name":"Portada","item":"https:\/\/grupnexus.com\/es\/"},{"@type":"ListItem","position":2,"name":"Nexus Solidario &#8211; Empresa Socialmente Responsable"}]}]}},"_links":{"self":[{"href":"https:\/\/grupnexus.com\/es\/wp-json\/wp\/v2\/pages\/11209"}],"collection":[{"href":"https:\/\/grupnexus.com\/es\/wp-json\/wp\/v2\/pages"}],"about":[{"href":"https:\/\/grupnexus.com\/es\/wp-json\/wp\/v2\/types\/page"}],"author":[{"embeddable":true,"href":"https:\/\/grupnexus.com\/es\/wp-json\/wp\/v2\/users\/5"}],"replies":[{"embeddable":true,"href":"https:\/\/grupnexus.com\/es\/wp-json\/wp\/v2\/comments?post=11209"}],"version-history":[{"count":0,"href":"https:\/\/grupnexus.com\/es\/wp-json\/wp\/v2\/pages\/11209\/revisions"}],"wp:featuredmedia":[{"embeddable":true,"href":"https:\/\/grupnexus.com\/es\/wp-json\/wp\/v2\/media\/11333"}],"wp:attachment":[{"href":"https:\/\/grupnexus.com\/es\/wp-json\/wp\/v2\/media?parent=11209"}],"curies":[{"name":"wp","href":"https:\/\/api.w.org\/{rel}","templated":true}]}}