{"id":1127,"date":"2015-02-06T07:58:16","date_gmt":"2015-02-06T06:58:16","guid":{"rendered":"http:\/\/www.grupnexus.com\/tractaments\/medicina-estetica-facial\/millora-textura-lluminositat-de-la-pell\/"},"modified":"2016-01-22T01:00:25","modified_gmt":"2016-01-21T23:00:25","slug":"mejora-textura-y-luminosidad-de-piel","status":"publish","type":"page","link":"https:\/\/grupnexus.com\/es\/tratamientos\/medicina-estetica-facial\/mejora-textura-y-luminosidad-de-piel\/","title":{"rendered":"Mejora textura y luminosidad de piel"},"content":{"rendered":"<div class=\"row \"><div class=\"wpv-grid grid-3-4  wpv-first-level first unextended\" style=\"padding-top:0px;padding-bottom:0px\" id=\"wpv-column-70753562dc2c593c6dc9a072a0f170c5\" >\t\t<h2 class=\"text-divider-double\">\t\t\t\nMejora textura y luminosidad de piel\t\t<\/h2>\t\t<div class=\"sep\"><\/div>\t<\/div>\n<div class=\"wpv-grid grid-1-4  wpv-first-level unextended\" style=\"padding-top:0px;padding-bottom:0px\" id=\"wpv-column-58d31d0f9d838eac54b2b4695fe278e9\" ><div class=\"push\" style='height:44px'><\/div>\n<!-- Widget Shortcode --><div id=\"search-11\" class=\"widget widget_search widget-shortcode area-wpv_sidebar-tractament-est-facial-cat-left \"><form role=\"search\" method=\"get\" class=\"searchform clearfix\" action=\"https:\/\/grupnexus.com\/es\/\">\n\t<label for=\"search-text-widget\" class=\"visuallyhidden\">Search for:<\/label>\n\t<input id=\"search-text-widget\" type=\"text\" value=\"\" name=\"s\" placeholder=\"Buscar\" required=\"required\" \/>\n\t<input type=\"submit\" value=\"Buscar\" \/>\n\t\t\t<input type=\"hidden\" name=\"lang\" value=\"es\"\/>\n\t<\/form><\/div><!-- \/Widget Shortcode --><\/div><\/div>\n<div class=\"row \"><div class=\"wpv-grid grid-1-4  wpv-first-level first unextended\" style=\"padding-top:0px;padding-bottom:0px\" id=\"wpv-column-d30acddbc6f04cb52d43b979104f1d33\" ><!-- Widget Shortcode --><div id=\"nav_menu-16\" class=\"widget widget_nav_menu widget-shortcode area-wpv_sidebar-tractament-est-facial-cat-left \"><h2 class=\"widgettitle\">Medicina est\u00e9tica facial<\/h2><div class=\"menu-tratamientos-med-estetica-fac-es-container\"><ul id=\"menu-tratamientos-med-estetica-fac-es\" class=\"menu\"><li id=\"menu-item-9589\" class=\"menu-item menu-item-type-post_type menu-item-object-page menu-item-9589\"><a href=\"https:\/\/grupnexus.com\/es\/tratamientos\/medicina-estetica-facial\/acne\/\">Acn\u00e9<\/a><\/li>\n<li id=\"menu-item-9590\" class=\"menu-item menu-item-type-post_type menu-item-object-page menu-item-9590\"><a href=\"https:\/\/grupnexus.com\/es\/tratamientos\/medicina-estetica-facial\/arrugas\/\">Arrugas<\/a><\/li>\n<li id=\"menu-item-9591\" class=\"menu-item menu-item-type-post_type menu-item-object-page menu-item-9591\"><a href=\"https:\/\/grupnexus.com\/es\/tratamientos\/medicina-estetica-facial\/cicatrices\/\">Cicatrices<\/a><\/li>\n<li id=\"menu-item-9592\" class=\"menu-item menu-item-type-post_type menu-item-object-page menu-item-9592\"><a href=\"https:\/\/grupnexus.com\/es\/tratamientos\/medicina-estetica-facial\/consulta-dermoestetica\/\">Consulta dermoest\u00e9tica<\/a><\/li>\n<li id=\"menu-item-9593\" class=\"menu-item menu-item-type-post_type menu-item-object-page menu-item-9593\"><a href=\"https:\/\/grupnexus.com\/es\/tratamientos\/medicina-estetica-facial\/envejecimiento-cutaneo\/\">Envejecimiento cut\u00e1neo<\/a><\/li>\n<li id=\"menu-item-9594\" class=\"menu-item menu-item-type-post_type menu-item-object-page menu-item-9594\"><a href=\"https:\/\/grupnexus.com\/es\/tratamientos\/medicina-estetica-facial\/flacidez\/\">Flacidez<\/a><\/li>\n<li id=\"menu-item-9595\" class=\"menu-item menu-item-type-post_type menu-item-object-page menu-item-9595\"><a href=\"https:\/\/grupnexus.com\/es\/tratamientos\/medicina-estetica-facial\/lesiones-dermatologicas\/\">Lesiones dermatol\u00f3gicas<\/a><\/li>\n<li id=\"menu-item-9597\" class=\"menu-item menu-item-type-post_type menu-item-object-page menu-item-9597\"><a href=\"https:\/\/grupnexus.com\/es\/tratamientos\/medicina-estetica-facial\/mejora-textura-y-luminosidad-de-piel\/\">Mejora textura y luminosidad de piel<\/a><\/li>\n<li id=\"menu-item-9588\" class=\"menu-item menu-item-type-post_type menu-item-object-page menu-item-9588\"><a href=\"https:\/\/grupnexus.com\/es\/tratamientos\/medicina-estetica-facial\/poro-dilatado\/\">Poro dilatado<\/a><\/li>\n<li id=\"menu-item-9598\" class=\"menu-item menu-item-type-post_type menu-item-object-page menu-item-9598\"><a href=\"https:\/\/grupnexus.com\/es\/tratamientos\/medicina-estetica-facial\/reestructuracion-volumenes\/\">Reestructuraci\u00f3n vol\u00famenes<\/a><\/li>\n<li id=\"menu-item-9596\" class=\"menu-item menu-item-type-post_type menu-item-object-page menu-item-9596\"><a href=\"https:\/\/grupnexus.com\/es\/tratamientos\/medicina-estetica-facial\/manchas\/\">Manchas<\/a><\/li>\n<li id=\"menu-item-9599\" class=\"menu-item menu-item-type-post_type menu-item-object-page menu-item-9599\"><a href=\"https:\/\/grupnexus.com\/es\/tratamientos\/medicina-estetica-facial\/tratamientos-combinados\/\">Tratamientos combinados<\/a><\/li>\n<\/ul><\/div><\/div><!-- \/Widget Shortcode --><\/div>\n<div class=\"wpv-grid grid-3-4  wpv-first-level unextended\" style=\"padding-top:0px;padding-bottom:0px\" id=\"wpv-column-f27a13542f897be79bc0a2f95083d4aa\" ><p><img loading=\"lazy\" class=\"alignleft wp-image-587 size-full\" src=\"\/wp-content\/uploads\/Tractaments_MedicinaEsteticaFacial_TexturaLlum.jpg\" alt=\"Mejora textura y luminosidad de piel\" width=\"623\" height=\"459\" \/><\/p>\n<div class=\"row \"><div class=\"wpv-grid grid-1-1  first unextended\" style=\"padding-top:0px;padding-bottom:0px\" id=\"wpv-column-8846a9794d9f47a874b53ce52e443669\" ><h3>Mesoterapia<\/h3>\n<p>La mesoterapia facial es una t\u00e9cnica de rejuvenecimiento que tonifica y revitaliza el rostro, el cuello y el escote mediante peque\u00f1as infiltraciones de soluciones biol\u00f3gicas.<\/p>\n<p>Estas soluciones contienen vitaminas, amino\u00e1cidos y minerales que act\u00faan estimulando distintos procesos metab\u00f3licos de la piel.<br \/>\nDependiendo de cada caso en concreto se individualiza su tratamiento y a su vez la composici\u00f3n del c\u00f3ctel terap\u00e9utico a usar.<\/p>\n<p>Permite combinarla sin problemas con otras t\u00e9cnicas y tratamientos antienvejecimiento cut\u00e1neo.<\/p>\n<h3>Biorevitalizaci\u00f3n<\/h3>\n<p>La biorevitalizaci\u00f3n rejuvenece la piel, la hidrata y mejora su tono y elasticidad, lo que se consigue mediante microinyecciones d\u00e9rmicas de \u00e1cido hialur\u00f3nico, que, aparte de su poder antioxidante, estimula tambi\u00e9n la producci\u00f3n de col\u00e1geno y elastina. Con esta t\u00e9cnica se puede tratar la piel envejecida de la cara, el cuello, el escote y las manos. Especialmente indicada en personas que toman mucho el sol y\/o fumadores.<\/p>\n<p>Por sus efectos casi inmediatos, Nexus ha dise\u00f1ado un\u00a0tratamiento \u201cFlash\u201d basado en esta t\u00e9cnica.<\/p>\n<h3>PRP<\/h3>\n<p>El Plasma Rico en Factores de Crecimiento es una innovadora y efectiva t\u00e9cnica para rejuvenecer la piel mediante la infiltraci\u00f3n de los factores de crecimiento epid\u00e9rmico propios presentes en la sangre. Produce una atenuaci\u00f3n general de las arrugas, una mejora del tono y la textura de la piel, y a su vez un notable efecto lifting. Los resultados se aprecian ya a las 24 horas y van en aumento en los d\u00edas posteriores y en el transcurso de las sesiones. Muy indicado a partir de los 35 a\u00f1os preventivamente, y a partir de los 45 con finalidad regenerativa y correctiva.<\/p>\n<h3>Peelings<\/h3>\n<p>Permiten la renovaci\u00f3n de la superficie cut\u00e1nea hasta un determinado nivel de profundidad, seg\u00fan la situaci\u00f3n del problema a tratar. Para mejorar la textura y calidad de la piel se utilizan peelings superficiales que, aparte de un notable resultado, no ocasionan casi ning\u00fan efecto secundario ni convalecencia. Como todos estos tratamientos, permite combinarlo con otros para optimizar los resultados.<\/p>\n<h3>Fototerapia<\/h3>\n<p>Disponemos de una amplia gama de l\u00e1seres, equipos de IPL M\u00e9dico y sistemas LED que nos permiten seleccionar la aparatolog\u00eda m\u00e1s adecuada, sola o combinada, para cada caso en particular. En general, la convalecencia es m\u00ednima o inexistente y permite compaginarlo con las actividades cotidianas sin problema. Para este fin, utilizamos varios l\u00e1seres a nivel subablativo, IPL M\u00e9dico, l\u00e1mparas m\u00e9dicas de LED y Terapia Fotodin\u00e1mica.<\/p>\n<p>Mediante estos sistemas se consiguen mejorar todas las caracter\u00edsticas de la piel, eliminar arrugas y manchas y, en definitiva, todas las se\u00f1ales que el sol y el paso del tiempo dejan en nuestra piel. Sola o en combinaci\u00f3n con alguno de los tratamientos anteriores, permiten lograr excelentes resultados.<\/div><\/div><\/div><\/div>\n<div class=\"sep\"><\/div>\n<div class=\"row \"><div class=\"wpv-grid grid-1-1  wpv-first-level first unextended\" style=\"padding-top:0px;padding-bottom:0px\" id=\"wpv-column-b2f2199604f46d5b7e8fe2fd9b5cd5e8\" ><p><strong><span class=\"buscar\">Quiz\u00e1 estaba buscando:<\/span><\/strong><br \/>\n<span class=\"paraules\">PRFG Plasma Rico Factores Crecimiento Lleida, tratamiento luminosidad piel Lleida, mejorar elasticidad piel Lleida, mesoterapia facial Lleida, Biorevitalizaci\u00f3n Lleida, rejuvenecimiento piel Lleida, peeling Lleida,<\/span><\/div><\/div>\n","protected":false},"excerpt":{"rendered":"<p>Mesoterapia La mesoterapia facial es una t\u00e9cnica de rejuvenecimiento que tonifica y revitaliza el rostro, el cuello y el escote mediante peque\u00f1as infiltraciones de soluciones biol\u00f3gicas. Estas soluciones contienen vitaminas, amino\u00e1cidos y minerales que act\u00faan estimulando distintos procesos metab\u00f3licos de la piel. Dependiendo de cada caso en concreto se individualiza su tratamiento y a su&#8230;<\/p>\n","protected":false},"author":5,"featured_media":0,"parent":1059,"menu_order":0,"comment_status":"closed","ping_status":"closed","template":"","meta":[],"yoast_head":"<!-- This site is optimized with the Yoast SEO plugin v18.6 - https:\/\/yoast.com\/wordpress\/plugins\/seo\/ -->\n<title>PRP Plasma rico en Factores de Crecimiento Lleida<\/title>\n<meta name=\"description\" content=\"En Nexus disponemos de la aparatolog\u00eda m\u00e1s innovadora para tratamientos de rejuvenecimiento de la piel. PRP\" \/>\n<meta name=\"robots\" content=\"index, follow, max-snippet:-1, max-image-preview:large, max-video-preview:-1\" \/>\n<link rel=\"canonical\" href=\"https:\/\/grupnexus.com\/es\/tratamientos\/medicina-estetica-facial\/mejora-textura-y-luminosidad-de-piel\/\" \/>\n<meta property=\"og:locale\" content=\"es_ES\" \/>\n<meta property=\"og:type\" content=\"article\" \/>\n<meta property=\"og:title\" content=\"PRP Plasma rico en Factores de Crecimiento Lleida\" \/>\n<meta property=\"og:description\" content=\"En Nexus disponemos de la aparatolog\u00eda m\u00e1s innovadora para tratamientos de rejuvenecimiento de la piel. PRP\" \/>\n<meta property=\"og:url\" content=\"https:\/\/grupnexus.com\/es\/tratamientos\/medicina-estetica-facial\/mejora-textura-y-luminosidad-de-piel\/\" \/>\n<meta property=\"og:site_name\" content=\"Cl\u00ednica Nexus\" \/>\n<meta property=\"article:modified_time\" content=\"2016-01-21T23:00:25+00:00\" \/>\n<meta property=\"og:image\" content=\"https:\/\/grupnexus.com\/wp-content\/uploads\/Tractaments_MedicinaEsteticaFacial_TexturaLlum.jpg\" \/>\n<meta name=\"twitter:card\" content=\"summary\" \/>\n<meta name=\"twitter:label1\" content=\"Tiempo de lectura\" \/>\n\t<meta name=\"twitter:data1\" content=\"4 minutos\" \/>\n<script type=\"application\/ld+json\" class=\"yoast-schema-graph\">{\"@context\":\"https:\/\/schema.org\",\"@graph\":[{\"@type\":\"WebSite\",\"@id\":\"https:\/\/grupnexus.com\/es\/#website\",\"url\":\"https:\/\/grupnexus.com\/es\/\",\"name\":\"Cl\u00ednica Nexus\",\"description\":\"L\u00edders en Medicina Est\u00e8tica Avan\u00e7ada\",\"potentialAction\":[{\"@type\":\"SearchAction\",\"target\":{\"@type\":\"EntryPoint\",\"urlTemplate\":\"https:\/\/grupnexus.com\/es\/?s={search_term_string}\"},\"query-input\":\"required name=search_term_string\"}],\"inLanguage\":\"es\"},{\"@type\":\"WebPage\",\"@id\":\"https:\/\/grupnexus.com\/es\/tratamientos\/medicina-estetica-facial\/mejora-textura-y-luminosidad-de-piel\/#webpage\",\"url\":\"https:\/\/grupnexus.com\/es\/tratamientos\/medicina-estetica-facial\/mejora-textura-y-luminosidad-de-piel\/\",\"name\":\"PRP Plasma rico en Factores de Crecimiento Lleida\",\"isPartOf\":{\"@id\":\"https:\/\/grupnexus.com\/es\/#website\"},\"datePublished\":\"2015-02-06T06:58:16+00:00\",\"dateModified\":\"2016-01-21T23:00:25+00:00\",\"description\":\"En Nexus disponemos de la aparatolog\u00eda m\u00e1s innovadora para tratamientos de rejuvenecimiento de la piel. PRP\",\"breadcrumb\":{\"@id\":\"https:\/\/grupnexus.com\/es\/tratamientos\/medicina-estetica-facial\/mejora-textura-y-luminosidad-de-piel\/#breadcrumb\"},\"inLanguage\":\"es\",\"potentialAction\":[{\"@type\":\"ReadAction\",\"target\":[\"https:\/\/grupnexus.com\/es\/tratamientos\/medicina-estetica-facial\/mejora-textura-y-luminosidad-de-piel\/\"]}]},{\"@type\":\"BreadcrumbList\",\"@id\":\"https:\/\/grupnexus.com\/es\/tratamientos\/medicina-estetica-facial\/mejora-textura-y-luminosidad-de-piel\/#breadcrumb\",\"itemListElement\":[{\"@type\":\"ListItem\",\"position\":1,\"name\":\"Portada\",\"item\":\"https:\/\/grupnexus.com\/es\/\"},{\"@type\":\"ListItem\",\"position\":2,\"name\":\"Tratamientos\",\"item\":\"https:\/\/grupnexus.com\/es\/tratamientos\/\"},{\"@type\":\"ListItem\",\"position\":3,\"name\":\"Medicina est\u00e9tica facial\",\"item\":\"https:\/\/grupnexus.com\/es\/tratamientos\/medicina-estetica-facial\/\"},{\"@type\":\"ListItem\",\"position\":4,\"name\":\"Mejora textura y luminosidad de piel\"}]}]}<\/script>\n<!-- \/ Yoast SEO plugin. -->","yoast_head_json":{"title":"PRP Plasma rico en Factores de Crecimiento Lleida","description":"En Nexus disponemos de la aparatolog\u00eda m\u00e1s innovadora para tratamientos de rejuvenecimiento de la piel. PRP","robots":{"index":"index","follow":"follow","max-snippet":"max-snippet:-1","max-image-preview":"max-image-preview:large","max-video-preview":"max-video-preview:-1"},"canonical":"https:\/\/grupnexus.com\/es\/tratamientos\/medicina-estetica-facial\/mejora-textura-y-luminosidad-de-piel\/","og_locale":"es_ES","og_type":"article","og_title":"PRP Plasma rico en Factores de Crecimiento Lleida","og_description":"En Nexus disponemos de la aparatolog\u00eda m\u00e1s innovadora para tratamientos de rejuvenecimiento de la piel. PRP","og_url":"https:\/\/grupnexus.com\/es\/tratamientos\/medicina-estetica-facial\/mejora-textura-y-luminosidad-de-piel\/","og_site_name":"Cl\u00ednica Nexus","article_modified_time":"2016-01-21T23:00:25+00:00","og_image":[{"url":"https:\/\/grupnexus.com\/wp-content\/uploads\/Tractaments_MedicinaEsteticaFacial_TexturaLlum.jpg"}],"twitter_card":"summary","twitter_misc":{"Tiempo de lectura":"4 minutos"},"schema":{"@context":"https:\/\/schema.org","@graph":[{"@type":"WebSite","@id":"https:\/\/grupnexus.com\/es\/#website","url":"https:\/\/grupnexus.com\/es\/","name":"Cl\u00ednica Nexus","description":"L\u00edders en Medicina Est\u00e8tica Avan\u00e7ada","potentialAction":[{"@type":"SearchAction","target":{"@type":"EntryPoint","urlTemplate":"https:\/\/grupnexus.com\/es\/?s={search_term_string}"},"query-input":"required name=search_term_string"}],"inLanguage":"es"},{"@type":"WebPage","@id":"https:\/\/grupnexus.com\/es\/tratamientos\/medicina-estetica-facial\/mejora-textura-y-luminosidad-de-piel\/#webpage","url":"https:\/\/grupnexus.com\/es\/tratamientos\/medicina-estetica-facial\/mejora-textura-y-luminosidad-de-piel\/","name":"PRP Plasma rico en Factores de Crecimiento Lleida","isPartOf":{"@id":"https:\/\/grupnexus.com\/es\/#website"},"datePublished":"2015-02-06T06:58:16+00:00","dateModified":"2016-01-21T23:00:25+00:00","description":"En Nexus disponemos de la aparatolog\u00eda m\u00e1s innovadora para tratamientos de rejuvenecimiento de la piel. PRP","breadcrumb":{"@id":"https:\/\/grupnexus.com\/es\/tratamientos\/medicina-estetica-facial\/mejora-textura-y-luminosidad-de-piel\/#breadcrumb"},"inLanguage":"es","potentialAction":[{"@type":"ReadAction","target":["https:\/\/grupnexus.com\/es\/tratamientos\/medicina-estetica-facial\/mejora-textura-y-luminosidad-de-piel\/"]}]},{"@type":"BreadcrumbList","@id":"https:\/\/grupnexus.com\/es\/tratamientos\/medicina-estetica-facial\/mejora-textura-y-luminosidad-de-piel\/#breadcrumb","itemListElement":[{"@type":"ListItem","position":1,"name":"Portada","item":"https:\/\/grupnexus.com\/es\/"},{"@type":"ListItem","position":2,"name":"Tratamientos","item":"https:\/\/grupnexus.com\/es\/tratamientos\/"},{"@type":"ListItem","position":3,"name":"Medicina est\u00e9tica facial","item":"https:\/\/grupnexus.com\/es\/tratamientos\/medicina-estetica-facial\/"},{"@type":"ListItem","position":4,"name":"Mejora textura y luminosidad de piel"}]}]}},"_links":{"self":[{"href":"https:\/\/grupnexus.com\/es\/wp-json\/wp\/v2\/pages\/1127"}],"collection":[{"href":"https:\/\/grupnexus.com\/es\/wp-json\/wp\/v2\/pages"}],"about":[{"href":"https:\/\/grupnexus.com\/es\/wp-json\/wp\/v2\/types\/page"}],"author":[{"embeddable":true,"href":"https:\/\/grupnexus.com\/es\/wp-json\/wp\/v2\/users\/5"}],"replies":[{"embeddable":true,"href":"https:\/\/grupnexus.com\/es\/wp-json\/wp\/v2\/comments?post=1127"}],"version-history":[{"count":0,"href":"https:\/\/grupnexus.com\/es\/wp-json\/wp\/v2\/pages\/1127\/revisions"}],"up":[{"embeddable":true,"href":"https:\/\/grupnexus.com\/es\/wp-json\/wp\/v2\/pages\/1059"}],"wp:attachment":[{"href":"https:\/\/grupnexus.com\/es\/wp-json\/wp\/v2\/media?parent=1127"}],"curies":[{"name":"wp","href":"https:\/\/api.w.org\/{rel}","templated":true}]}}