{"id":1131,"date":"2015-02-06T07:58:37","date_gmt":"2015-02-06T06:58:37","guid":{"rendered":"http:\/\/www.grupnexus.com\/tractaments\/medicina-estetica-facial\/tractaments-combinats\/"},"modified":"2016-01-22T01:40:12","modified_gmt":"2016-01-21T23:40:12","slug":"tratamientos-combinados","status":"publish","type":"page","link":"https:\/\/grupnexus.com\/es\/tratamientos\/medicina-estetica-facial\/tratamientos-combinados\/","title":{"rendered":"Tratamientos combinados"},"content":{"rendered":"<div class=\"row \"><div class=\"wpv-grid grid-3-4  wpv-first-level first unextended\" style=\"padding-top:0px;padding-bottom:0px\" id=\"wpv-column-cbf39cba10294f0e496015b85d35998a\" >\t\t<h2 class=\"text-divider-double\">\t\t\t\nTratamientos combinados<br \/>\n\t\t<\/h2>\t\t<div class=\"sep\"><\/div>\t<\/div>\n<div class=\"wpv-grid grid-1-4  wpv-first-level unextended\" style=\"padding-top:0px;padding-bottom:0px\" id=\"wpv-column-12022d5175b0f866167b8f81f52c2c18\" ><div class=\"push\" style='height:44px'><\/div>\n<!-- Widget Shortcode --><div id=\"search-11\" class=\"widget widget_search widget-shortcode area-wpv_sidebar-tractament-est-facial-cat-left \"><form role=\"search\" method=\"get\" class=\"searchform clearfix\" action=\"https:\/\/grupnexus.com\/es\/\">\n\t<label for=\"search-text-widget\" class=\"visuallyhidden\">Search for:<\/label>\n\t<input id=\"search-text-widget\" type=\"text\" value=\"\" name=\"s\" placeholder=\"Buscar\" required=\"required\" \/>\n\t<input type=\"submit\" value=\"Buscar\" \/>\n\t\t\t<input type=\"hidden\" name=\"lang\" value=\"es\"\/>\n\t<\/form><\/div><!-- \/Widget Shortcode --><\/div><\/div>\n<div class=\"row \"><div class=\"wpv-grid grid-1-4  wpv-first-level first unextended\" style=\"padding-top:0px;padding-bottom:0px\" id=\"wpv-column-14023ed3cdf55f23e64834aa4587b8c8\" ><!-- Widget Shortcode --><div id=\"nav_menu-16\" class=\"widget widget_nav_menu widget-shortcode area-wpv_sidebar-tractament-est-facial-cat-left \"><h2 class=\"widgettitle\">Medicina est\u00e9tica facial<\/h2><div class=\"menu-tratamientos-med-estetica-fac-es-container\"><ul id=\"menu-tratamientos-med-estetica-fac-es\" class=\"menu\"><li id=\"menu-item-9589\" class=\"menu-item menu-item-type-post_type menu-item-object-page menu-item-9589\"><a href=\"https:\/\/grupnexus.com\/es\/tratamientos\/medicina-estetica-facial\/acne\/\">Acn\u00e9<\/a><\/li>\n<li id=\"menu-item-9590\" class=\"menu-item menu-item-type-post_type menu-item-object-page menu-item-9590\"><a href=\"https:\/\/grupnexus.com\/es\/tratamientos\/medicina-estetica-facial\/arrugas\/\">Arrugas<\/a><\/li>\n<li id=\"menu-item-9591\" class=\"menu-item menu-item-type-post_type menu-item-object-page menu-item-9591\"><a href=\"https:\/\/grupnexus.com\/es\/tratamientos\/medicina-estetica-facial\/cicatrices\/\">Cicatrices<\/a><\/li>\n<li id=\"menu-item-9592\" class=\"menu-item menu-item-type-post_type menu-item-object-page menu-item-9592\"><a href=\"https:\/\/grupnexus.com\/es\/tratamientos\/medicina-estetica-facial\/consulta-dermoestetica\/\">Consulta dermoest\u00e9tica<\/a><\/li>\n<li id=\"menu-item-9593\" class=\"menu-item menu-item-type-post_type menu-item-object-page menu-item-9593\"><a href=\"https:\/\/grupnexus.com\/es\/tratamientos\/medicina-estetica-facial\/envejecimiento-cutaneo\/\">Envejecimiento cut\u00e1neo<\/a><\/li>\n<li id=\"menu-item-9594\" class=\"menu-item menu-item-type-post_type menu-item-object-page menu-item-9594\"><a href=\"https:\/\/grupnexus.com\/es\/tratamientos\/medicina-estetica-facial\/flacidez\/\">Flacidez<\/a><\/li>\n<li id=\"menu-item-9595\" class=\"menu-item menu-item-type-post_type menu-item-object-page menu-item-9595\"><a href=\"https:\/\/grupnexus.com\/es\/tratamientos\/medicina-estetica-facial\/lesiones-dermatologicas\/\">Lesiones dermatol\u00f3gicas<\/a><\/li>\n<li id=\"menu-item-9597\" class=\"menu-item menu-item-type-post_type menu-item-object-page menu-item-9597\"><a href=\"https:\/\/grupnexus.com\/es\/tratamientos\/medicina-estetica-facial\/mejora-textura-y-luminosidad-de-piel\/\">Mejora textura y luminosidad de piel<\/a><\/li>\n<li id=\"menu-item-9588\" class=\"menu-item menu-item-type-post_type menu-item-object-page menu-item-9588\"><a href=\"https:\/\/grupnexus.com\/es\/tratamientos\/medicina-estetica-facial\/poro-dilatado\/\">Poro dilatado<\/a><\/li>\n<li id=\"menu-item-9598\" class=\"menu-item menu-item-type-post_type menu-item-object-page menu-item-9598\"><a href=\"https:\/\/grupnexus.com\/es\/tratamientos\/medicina-estetica-facial\/reestructuracion-volumenes\/\">Reestructuraci\u00f3n vol\u00famenes<\/a><\/li>\n<li id=\"menu-item-9596\" class=\"menu-item menu-item-type-post_type menu-item-object-page menu-item-9596\"><a href=\"https:\/\/grupnexus.com\/es\/tratamientos\/medicina-estetica-facial\/manchas\/\">Manchas<\/a><\/li>\n<li id=\"menu-item-9599\" class=\"menu-item menu-item-type-post_type menu-item-object-page menu-item-9599\"><a href=\"https:\/\/grupnexus.com\/es\/tratamientos\/medicina-estetica-facial\/tratamientos-combinados\/\">Tratamientos combinados<\/a><\/li>\n<\/ul><\/div><\/div><!-- \/Widget Shortcode --><\/div>\n<div class=\"wpv-grid grid-3-4  wpv-first-level unextended\" style=\"padding-top:0px;padding-bottom:0px\" id=\"wpv-column-1a1e48d73ba421dc52a8cd0b7c7ca1f0\" ><p><img loading=\"lazy\" class=\"alignleft size-full wp-image-588\" src=\"\/wp-content\/uploads\/Tractaments_MedicinaEsteticaFacial_Combinats.jpg\" alt=\"Tratamientos combinados\" width=\"628\" height=\"463\" srcset=\"https:\/\/grupnexus.com\/wp-content\/uploads\/Tractaments_MedicinaEsteticaFacial_Combinats.jpg 628w, https:\/\/grupnexus.com\/wp-content\/uploads\/Tractaments_MedicinaEsteticaFacial_Combinats-510x376.jpg 510w, https:\/\/grupnexus.com\/wp-content\/uploads\/Tractaments_MedicinaEsteticaFacial_Combinats-300x221.jpg 300w\" sizes=\"(max-width: 628px) 100vw, 628px\" \/><\/p>\n<div class=\"row \"><div class=\"wpv-grid grid-1-1  first unextended\" style=\"padding-top:0px;padding-bottom:0px\" id=\"wpv-column-bdc1e9eff1acfea784502ea8c4144da9\" ><h3>Mesoplastia\u00a0Rejuvenece el rostro sin cirug\u00eda<\/h3>\n<p>En solo una sesi\u00f3n, la t\u00e9cnica de rejuvenecimiento cut\u00e1neo Mesoplastia Facial permite una revitalizaci\u00f3n general de la piel de la cara, el cuello y el escote de manera natural mediante una rehidrataci\u00f3n de las capas m\u00e1s profundas de la piel, as\u00ed como una estimulaci\u00f3n de la formaci\u00f3n de col\u00e1geno.<\/p>\n<p>Resultados inmediatos en solo una hora:<\/p>\n<ul>\n<li>Las peque\u00f1as arrugas se eliminan.<\/li>\n<li>La piel se tensa creando un efecto lifting.<\/li>\n<li>Se previene la flacidez.<\/li>\n<li>Se retardan los signos de envejecimiento.<\/li>\n<li>Mejora la calidad de la piel y se consigue un aspecto m\u00e1s homog\u00e9neo y luminoso.<\/li>\n<\/ul>\n<h3>Lifting l\u00edquido<\/h3>\n<h3>Programas personalizados<\/h3><\/div><\/div><\/div><\/div>\n<div class=\"sep\"><\/div>\n<div class=\"row \"><div class=\"wpv-grid grid-1-1  wpv-first-level first unextended\" style=\"padding-top:0px;padding-bottom:0px\" id=\"wpv-column-8323c2079f66671de8cca942b3cff253\" ><p><strong><span class=\"buscar\">Quiz\u00e1 estaba buscando:<\/span><\/strong><br \/>\n<span class=\"paraules\">Mesoplastia Lleida, tratamientos faciales sin cirug\u00eda Lleida, prevenir flacidez Lleida, lifting l\u00edquido Lleida, PRFG Lleida<\/span><\/div><\/div>\n","protected":false},"excerpt":{"rendered":"<p>Mesoplastia\u00a0Rejuvenece el rostro sin cirug\u00eda En solo una sesi\u00f3n, la t\u00e9cnica de rejuvenecimiento cut\u00e1neo Mesoplastia Facial permite una revitalizaci\u00f3n general de la piel de la cara, el cuello y el escote de manera natural mediante una rehidrataci\u00f3n de las capas m\u00e1s profundas de la piel, as\u00ed como una estimulaci\u00f3n de la formaci\u00f3n de col\u00e1geno. Resultados&#8230;<\/p>\n","protected":false},"author":5,"featured_media":0,"parent":1059,"menu_order":0,"comment_status":"closed","ping_status":"closed","template":"","meta":[],"yoast_head":"<!-- This site is optimized with the Yoast SEO plugin v18.6 - https:\/\/yoast.com\/wordpress\/plugins\/seo\/ -->\n<title>Medicina est\u00e9tica facial Lleida<\/title>\n<meta name=\"description\" content=\"En Nexus conseguir\u00e1s los resultados que deseas con tratamientos sin cirug\u00eda. Desc\u00fabrelos ahora.\" \/>\n<meta name=\"robots\" content=\"index, follow, max-snippet:-1, max-image-preview:large, max-video-preview:-1\" \/>\n<link rel=\"canonical\" href=\"https:\/\/grupnexus.com\/es\/tratamientos\/medicina-estetica-facial\/tratamientos-combinados\/\" \/>\n<meta property=\"og:locale\" content=\"es_ES\" \/>\n<meta property=\"og:type\" content=\"article\" \/>\n<meta property=\"og:title\" content=\"Medicina est\u00e9tica facial Lleida\" \/>\n<meta property=\"og:description\" content=\"En Nexus conseguir\u00e1s los resultados que deseas con tratamientos sin cirug\u00eda. Desc\u00fabrelos ahora.\" \/>\n<meta property=\"og:url\" content=\"https:\/\/grupnexus.com\/es\/tratamientos\/medicina-estetica-facial\/tratamientos-combinados\/\" \/>\n<meta property=\"og:site_name\" content=\"Cl\u00ednica Nexus\" \/>\n<meta property=\"article:modified_time\" content=\"2016-01-21T23:40:12+00:00\" \/>\n<meta property=\"og:image\" content=\"https:\/\/grupnexus.com\/wp-content\/uploads\/Tractaments_MedicinaEsteticaFacial_Combinats.jpg\" \/>\n<meta name=\"twitter:card\" content=\"summary\" \/>\n<meta name=\"twitter:label1\" content=\"Tiempo de lectura\" \/>\n\t<meta name=\"twitter:data1\" content=\"2 minutos\" \/>\n<script type=\"application\/ld+json\" class=\"yoast-schema-graph\">{\"@context\":\"https:\/\/schema.org\",\"@graph\":[{\"@type\":\"WebSite\",\"@id\":\"https:\/\/grupnexus.com\/es\/#website\",\"url\":\"https:\/\/grupnexus.com\/es\/\",\"name\":\"Cl\u00ednica Nexus\",\"description\":\"L\u00edders en Medicina Est\u00e8tica Avan\u00e7ada\",\"potentialAction\":[{\"@type\":\"SearchAction\",\"target\":{\"@type\":\"EntryPoint\",\"urlTemplate\":\"https:\/\/grupnexus.com\/es\/?s={search_term_string}\"},\"query-input\":\"required name=search_term_string\"}],\"inLanguage\":\"es\"},{\"@type\":\"WebPage\",\"@id\":\"https:\/\/grupnexus.com\/es\/tratamientos\/medicina-estetica-facial\/tratamientos-combinados\/#webpage\",\"url\":\"https:\/\/grupnexus.com\/es\/tratamientos\/medicina-estetica-facial\/tratamientos-combinados\/\",\"name\":\"Medicina est\u00e9tica facial Lleida\",\"isPartOf\":{\"@id\":\"https:\/\/grupnexus.com\/es\/#website\"},\"datePublished\":\"2015-02-06T06:58:37+00:00\",\"dateModified\":\"2016-01-21T23:40:12+00:00\",\"description\":\"En Nexus conseguir\u00e1s los resultados que deseas con tratamientos sin cirug\u00eda. Desc\u00fabrelos ahora.\",\"breadcrumb\":{\"@id\":\"https:\/\/grupnexus.com\/es\/tratamientos\/medicina-estetica-facial\/tratamientos-combinados\/#breadcrumb\"},\"inLanguage\":\"es\",\"potentialAction\":[{\"@type\":\"ReadAction\",\"target\":[\"https:\/\/grupnexus.com\/es\/tratamientos\/medicina-estetica-facial\/tratamientos-combinados\/\"]}]},{\"@type\":\"BreadcrumbList\",\"@id\":\"https:\/\/grupnexus.com\/es\/tratamientos\/medicina-estetica-facial\/tratamientos-combinados\/#breadcrumb\",\"itemListElement\":[{\"@type\":\"ListItem\",\"position\":1,\"name\":\"Portada\",\"item\":\"https:\/\/grupnexus.com\/es\/\"},{\"@type\":\"ListItem\",\"position\":2,\"name\":\"Tratamientos\",\"item\":\"https:\/\/grupnexus.com\/es\/tratamientos\/\"},{\"@type\":\"ListItem\",\"position\":3,\"name\":\"Medicina est\u00e9tica facial\",\"item\":\"https:\/\/grupnexus.com\/es\/tratamientos\/medicina-estetica-facial\/\"},{\"@type\":\"ListItem\",\"position\":4,\"name\":\"Tratamientos combinados\"}]}]}<\/script>\n<!-- \/ Yoast SEO plugin. -->","yoast_head_json":{"title":"Medicina est\u00e9tica facial Lleida","description":"En Nexus conseguir\u00e1s los resultados que deseas con tratamientos sin cirug\u00eda. Desc\u00fabrelos ahora.","robots":{"index":"index","follow":"follow","max-snippet":"max-snippet:-1","max-image-preview":"max-image-preview:large","max-video-preview":"max-video-preview:-1"},"canonical":"https:\/\/grupnexus.com\/es\/tratamientos\/medicina-estetica-facial\/tratamientos-combinados\/","og_locale":"es_ES","og_type":"article","og_title":"Medicina est\u00e9tica facial Lleida","og_description":"En Nexus conseguir\u00e1s los resultados que deseas con tratamientos sin cirug\u00eda. Desc\u00fabrelos ahora.","og_url":"https:\/\/grupnexus.com\/es\/tratamientos\/medicina-estetica-facial\/tratamientos-combinados\/","og_site_name":"Cl\u00ednica Nexus","article_modified_time":"2016-01-21T23:40:12+00:00","og_image":[{"url":"https:\/\/grupnexus.com\/wp-content\/uploads\/Tractaments_MedicinaEsteticaFacial_Combinats.jpg"}],"twitter_card":"summary","twitter_misc":{"Tiempo de lectura":"2 minutos"},"schema":{"@context":"https:\/\/schema.org","@graph":[{"@type":"WebSite","@id":"https:\/\/grupnexus.com\/es\/#website","url":"https:\/\/grupnexus.com\/es\/","name":"Cl\u00ednica Nexus","description":"L\u00edders en Medicina Est\u00e8tica Avan\u00e7ada","potentialAction":[{"@type":"SearchAction","target":{"@type":"EntryPoint","urlTemplate":"https:\/\/grupnexus.com\/es\/?s={search_term_string}"},"query-input":"required name=search_term_string"}],"inLanguage":"es"},{"@type":"WebPage","@id":"https:\/\/grupnexus.com\/es\/tratamientos\/medicina-estetica-facial\/tratamientos-combinados\/#webpage","url":"https:\/\/grupnexus.com\/es\/tratamientos\/medicina-estetica-facial\/tratamientos-combinados\/","name":"Medicina est\u00e9tica facial Lleida","isPartOf":{"@id":"https:\/\/grupnexus.com\/es\/#website"},"datePublished":"2015-02-06T06:58:37+00:00","dateModified":"2016-01-21T23:40:12+00:00","description":"En Nexus conseguir\u00e1s los resultados que deseas con tratamientos sin cirug\u00eda. Desc\u00fabrelos ahora.","breadcrumb":{"@id":"https:\/\/grupnexus.com\/es\/tratamientos\/medicina-estetica-facial\/tratamientos-combinados\/#breadcrumb"},"inLanguage":"es","potentialAction":[{"@type":"ReadAction","target":["https:\/\/grupnexus.com\/es\/tratamientos\/medicina-estetica-facial\/tratamientos-combinados\/"]}]},{"@type":"BreadcrumbList","@id":"https:\/\/grupnexus.com\/es\/tratamientos\/medicina-estetica-facial\/tratamientos-combinados\/#breadcrumb","itemListElement":[{"@type":"ListItem","position":1,"name":"Portada","item":"https:\/\/grupnexus.com\/es\/"},{"@type":"ListItem","position":2,"name":"Tratamientos","item":"https:\/\/grupnexus.com\/es\/tratamientos\/"},{"@type":"ListItem","position":3,"name":"Medicina est\u00e9tica facial","item":"https:\/\/grupnexus.com\/es\/tratamientos\/medicina-estetica-facial\/"},{"@type":"ListItem","position":4,"name":"Tratamientos combinados"}]}]}},"_links":{"self":[{"href":"https:\/\/grupnexus.com\/es\/wp-json\/wp\/v2\/pages\/1131"}],"collection":[{"href":"https:\/\/grupnexus.com\/es\/wp-json\/wp\/v2\/pages"}],"about":[{"href":"https:\/\/grupnexus.com\/es\/wp-json\/wp\/v2\/types\/page"}],"author":[{"embeddable":true,"href":"https:\/\/grupnexus.com\/es\/wp-json\/wp\/v2\/users\/5"}],"replies":[{"embeddable":true,"href":"https:\/\/grupnexus.com\/es\/wp-json\/wp\/v2\/comments?post=1131"}],"version-history":[{"count":0,"href":"https:\/\/grupnexus.com\/es\/wp-json\/wp\/v2\/pages\/1131\/revisions"}],"up":[{"embeddable":true,"href":"https:\/\/grupnexus.com\/es\/wp-json\/wp\/v2\/pages\/1059"}],"wp:attachment":[{"href":"https:\/\/grupnexus.com\/es\/wp-json\/wp\/v2\/media?parent=1131"}],"curies":[{"name":"wp","href":"https:\/\/api.w.org\/{rel}","templated":true}]}}