{"id":14582,"date":"2018-02-08T16:57:06","date_gmt":"2018-02-08T14:57:06","guid":{"rendered":"http:\/\/www.grupnexus.com\/?page_id=14582\/"},"modified":"2023-07-26T10:06:39","modified_gmt":"2023-07-26T08:06:39","slug":"unidad-capilar","status":"publish","type":"page","link":"https:\/\/grupnexus.com\/es\/tratamientos\/unidad-capilar\/","title":{"rendered":"Unidad Capilar"},"content":{"rendered":"<div class=\"row \"><div class=\"wpv-grid grid-3-4  wpv-first-level first unextended\" style=\"padding-top:0px;padding-bottom:0px\" id=\"wpv-column-3c6f0b3ee96699165ff297ce86763412\" >\t\t<h2 class=\"text-divider-double\">\t\t\t\nUnidad Capilar\t\t<\/h2>\t\t<div class=\"sep\"><\/div>\t<\/div>\n<div class=\"wpv-grid grid-1-4  wpv-first-level unextended\" style=\"padding-top:0px;padding-bottom:0px\" id=\"wpv-column-8b612f4bee37569ae84992c078eb8796\" ><div class=\"push\" style='height:44px'><\/div>\n<!-- Widget Shortcode --><div id=\"search-11\" class=\"widget widget_search widget-shortcode area-wpv_sidebar-tractament-est-facial-cat-left \"><form role=\"search\" method=\"get\" class=\"searchform clearfix\" action=\"https:\/\/grupnexus.com\/es\/\">\n\t<label for=\"search-text-widget\" class=\"visuallyhidden\">Search for:<\/label>\n\t<input id=\"search-text-widget\" type=\"text\" value=\"\" name=\"s\" placeholder=\"Buscar\" required=\"required\" \/>\n\t<input type=\"submit\" value=\"Buscar\" \/>\n\t\t\t<input type=\"hidden\" name=\"lang\" value=\"es\"\/>\n\t<\/form><\/div><!-- \/Widget Shortcode --><\/div><\/div>\n<div class=\"row \"><div class=\"wpv-grid grid-1-4  wpv-first-level first unextended\" style=\"padding-top:0px;padding-bottom:0px\" id=\"wpv-column-a21c0fe9e760a3628c36b999675296e2\" ><!-- Widget Shortcode --><div id=\"nav_menu-19\" class=\"widget widget_nav_menu widget-shortcode area-wpv_sidebar-tractaments-cat-left \"><h2 class=\"widgettitle\">Tratamientos<\/h2><div class=\"menu-menu-tratamientos-es-container\"><ul id=\"menu-menu-tratamientos-es\" class=\"menu\"><li id=\"menu-item-9584\" class=\"menu-item menu-item-type-post_type menu-item-object-page menu-item-9584\"><a href=\"https:\/\/grupnexus.com\/es\/tratamientos\/medicina-estetica-facial\/\">Medicina est\u00e9tica facial<\/a><\/li>\n<li id=\"menu-item-9583\" class=\"menu-item menu-item-type-post_type menu-item-object-page menu-item-9583\"><a href=\"https:\/\/grupnexus.com\/es\/tratamientos\/medicina-estetica-corporal\/\">Medicina est\u00e9tica corporal<\/a><\/li>\n<li id=\"menu-item-9667\" class=\"menu-item menu-item-type-post_type menu-item-object-page menu-item-9667\"><a href=\"https:\/\/grupnexus.com\/es\/tratamientos\/plataforma-laser\/\">Plataforma l\u00e1ser<\/a><\/li>\n<li id=\"menu-item-9578\" class=\"menu-item menu-item-type-post_type menu-item-object-page menu-item-9578\"><a href=\"https:\/\/grupnexus.com\/es\/tratamientos\/cirugia-estetica\/\">Cirug\u00eda est\u00e9tica<\/a><\/li>\n<li id=\"menu-item-9581\" class=\"menu-item menu-item-type-post_type menu-item-object-page menu-item-9581\"><a href=\"https:\/\/grupnexus.com\/es\/tratamientos\/medicina-antiaging\/\">Medicina Antiaging Preventiva<\/a><\/li>\n<li id=\"menu-item-9582\" class=\"menu-item menu-item-type-post_type menu-item-object-page menu-item-9582\"><a href=\"https:\/\/grupnexus.com\/es\/tratamientos\/medicina-biologica\/\">Medicina biol\u00f3gica<\/a><\/li>\n<li id=\"menu-item-9580\" class=\"menu-item menu-item-type-post_type menu-item-object-page menu-item-9580\"><a href=\"https:\/\/grupnexus.com\/es\/tratamientos\/estetica-avanzada\/\">Est\u00e9tica avanzada<\/a><\/li>\n<\/ul><\/div><\/div><!-- \/Widget Shortcode --><\/div>\n<div class=\"wpv-grid grid-3-4  wpv-first-level unextended\" style=\"padding-top:0px;padding-bottom:0px\" id=\"wpv-column-193712b74b77cd573f92fc3b2c2b49b5\" ><p><img loading=\"lazy\" class=\"aligncenter size-large wp-image-24952\" src=\"https:\/\/grupnexus.com\/wp-content\/uploads\/2018\/02\/unitat-capilar-1-1024x683.jpg\" alt=\"\" width=\"1024\" height=\"683\" srcset=\"https:\/\/grupnexus.com\/wp-content\/uploads\/2018\/02\/unitat-capilar-1-1024x683.jpg 1024w, https:\/\/grupnexus.com\/wp-content\/uploads\/2018\/02\/unitat-capilar-1-510x340.jpg 510w, https:\/\/grupnexus.com\/wp-content\/uploads\/2018\/02\/unitat-capilar-1-300x200.jpg 300w, https:\/\/grupnexus.com\/wp-content\/uploads\/2018\/02\/unitat-capilar-1-768x512.jpg 768w, https:\/\/grupnexus.com\/wp-content\/uploads\/2018\/02\/unitat-capilar-1-1140x760.jpg 1140w, https:\/\/grupnexus.com\/wp-content\/uploads\/2018\/02\/unitat-capilar-1-555x370.jpg 555w, https:\/\/grupnexus.com\/wp-content\/uploads\/2018\/02\/unitat-capilar-1-360x240.jpg 360w, https:\/\/grupnexus.com\/wp-content\/uploads\/2018\/02\/unitat-capilar-1-262x175.jpg 262w, https:\/\/grupnexus.com\/wp-content\/uploads\/2018\/02\/unitat-capilar-1.jpg 1200w\" sizes=\"(max-width: 1024px) 100vw, 1024px\" \/><\/p>\n<p>La alopecia com\u00fan o androg\u00e9nica hace referencia a la p\u00e9rdida gradual de cabello que, a pesar de ser m\u00e1s habitual en los hombres, las mujeres tambi\u00e9n la sufren, y cada vez m\u00e1s frecuentemente. Puede ser debido a problemas hormonales, estr\u00e9s, mala alimentaci\u00f3n, etc.<\/p>\n<p><strong>S\u00edntomas que avisan que hay que visitar al especialista:<\/strong><\/p>\n<ul>\n<li>Si transcurridos 2-4 meses desde una ca\u00edda que cre\u00edamos estacional (primavera u oto\u00f1o), notamos que sigue cayendo el cabello notablemente, la densidad del cabello disminuye, y el pelo est\u00e1 m\u00e1s fino y d\u00e9bil.<\/li>\n<li>Tambi\u00e9n notamos p\u00e9rdida de pelo en cejas o pesta\u00f1as.<\/li>\n<li>Percibimos calvas circulares en diferentes zonas del cuero cabelludo.<\/li>\n<li>Existe picor, enrojecimiento o inflamaci\u00f3n en las zonas con menos densidad.<\/li>\n<li>Si la p\u00e9rdida de cabello afecta, sobre todo, a la l\u00ednea de implantaci\u00f3n frontal.<\/li>\n<\/ul>\n<p>En Cl\u00ednica Nexus trabajamos con m\u00e9todos con y sin cirug\u00eda que, pueden ser aplicados de manera simult\u00e1nea para reforzar el resultado.<\/p>\n<div class=\"row \"><div class=\"wpv-grid grid-1-2  first unextended\" style=\"padding-top:0px;padding-bottom:0px\" id=\"wpv-column-55ad12c6181f35187e333c0cf0ae698a\" >\n<div  data-href=\"\/es\/tratamientos\/unidad-capilar\/tratamiento-sin-cirugia\/\" tabindex=\"1\" data-target=\"_self\" class=\"linkarea clearfix accent4  background-accent7\">\n\t\t\t\t<div class=\"last\"><h5 style=\"text-align: center; color: #000;\"><strong>TRATAMIENTOS SIN CIRUG\u00cdA<\/strong><\/h5><\/div>\n\t<\/div><\/div>\n<div class=\"wpv-grid grid-1-2  unextended\" style=\"padding-top:0px;padding-bottom:0px\" id=\"wpv-column-ff044d891c5aa75b49db55e3c2e27bf2\" >\n<div  data-href=\"\/es\/tratamientos\/unidad-capilar\/trasplante-capilar\" tabindex=\"1\" data-target=\"_self\" class=\"linkarea clearfix accent4  background-accent7\">\n\t\t\t\t<div class=\"last\"><h5 style=\"text-align: center; color: #000;\"><strong>TRASPLANTE CAPILAR<\/strong><\/h5><\/div>\n\t<\/div><\/div><\/div><\/div><\/div>\n<div class=\"sep\"><\/div>\n<div class=\"row \"><div class=\"wpv-grid grid-1-1  wpv-first-level first unextended\" style=\"padding-top:0px;padding-bottom:0px\" id=\"wpv-column-7663546ea878b6545eab20a98622793a\" ><p><span class=\"buscar\"><strong>Potser estava buscant:<\/strong><\/span><\/div><\/div>\n","protected":false},"excerpt":{"rendered":"<p>La alopecia com\u00fan o androg\u00e9nica hace referencia a la p\u00e9rdida gradual de cabello que, a pesar de ser m\u00e1s habitual en los hombres, las mujeres tambi\u00e9n la sufren, y cada vez m\u00e1s frecuentemente. Puede ser debido a problemas hormonales, estr\u00e9s, mala alimentaci\u00f3n, etc. S\u00edntomas que avisan que hay que visitar al especialista: Si transcurridos 2-4&#8230;<\/p>\n","protected":false},"author":5,"featured_media":25145,"parent":1021,"menu_order":0,"comment_status":"closed","ping_status":"closed","template":"","meta":[],"yoast_head":"<!-- This site is optimized with the Yoast SEO plugin v18.6 - https:\/\/yoast.com\/wordpress\/plugins\/seo\/ -->\n<title>Unidad Capilar Lleida<\/title>\n<meta name=\"description\" content=\"Nexus es centro especializado en el tratamiento de la ca\u00edda del pelo. M\u00e9todos con o sin cirug\u00eda para recuperar firmeza y frondosidad capilar.\" \/>\n<meta name=\"robots\" content=\"index, follow, max-snippet:-1, max-image-preview:large, max-video-preview:-1\" \/>\n<link rel=\"canonical\" href=\"https:\/\/grupnexus.com\/es\/tratamientos\/unidad-capilar\/\" \/>\n<meta property=\"og:locale\" content=\"es_ES\" \/>\n<meta property=\"og:type\" content=\"article\" \/>\n<meta property=\"og:title\" content=\"Unidad Capilar Lleida\" \/>\n<meta property=\"og:description\" content=\"Nexus es centro especializado en el tratamiento de la ca\u00edda del pelo. M\u00e9todos con o sin cirug\u00eda para recuperar firmeza y frondosidad capilar.\" \/>\n<meta property=\"og:url\" content=\"https:\/\/grupnexus.com\/es\/tratamientos\/unidad-capilar\/\" \/>\n<meta property=\"og:site_name\" content=\"Cl\u00ednica Nexus\" \/>\n<meta property=\"article:modified_time\" content=\"2023-07-26T08:06:39+00:00\" \/>\n<meta property=\"og:image\" content=\"https:\/\/grupnexus.com\/wp-content\/uploads\/2018\/07\/2018-04-REVISTA-EKKE-unitat-capil-FILEminimizer.png\" \/>\n\t<meta property=\"og:image:width\" content=\"800\" \/>\n\t<meta property=\"og:image:height\" content=\"986\" \/>\n\t<meta property=\"og:image:type\" content=\"image\/png\" \/>\n<meta name=\"twitter:card\" content=\"summary\" \/>\n<meta name=\"twitter:label1\" content=\"Tiempo de lectura\" \/>\n\t<meta name=\"twitter:data1\" content=\"3 minutos\" \/>\n<script type=\"application\/ld+json\" class=\"yoast-schema-graph\">{\"@context\":\"https:\/\/schema.org\",\"@graph\":[{\"@type\":\"WebSite\",\"@id\":\"https:\/\/grupnexus.com\/es\/#website\",\"url\":\"https:\/\/grupnexus.com\/es\/\",\"name\":\"Cl\u00ednica Nexus\",\"description\":\"L\u00edders en Medicina Est\u00e8tica Avan\u00e7ada\",\"potentialAction\":[{\"@type\":\"SearchAction\",\"target\":{\"@type\":\"EntryPoint\",\"urlTemplate\":\"https:\/\/grupnexus.com\/es\/?s={search_term_string}\"},\"query-input\":\"required name=search_term_string\"}],\"inLanguage\":\"es\"},{\"@type\":\"ImageObject\",\"@id\":\"https:\/\/grupnexus.com\/es\/tratamientos\/unidad-capilar\/#primaryimage\",\"inLanguage\":\"es\",\"url\":\"https:\/\/grupnexus.com\/wp-content\/uploads\/2018\/07\/2018-04-REVISTA-EKKE-unitat-capil-FILEminimizer.png\",\"contentUrl\":\"https:\/\/grupnexus.com\/wp-content\/uploads\/2018\/07\/2018-04-REVISTA-EKKE-unitat-capil-FILEminimizer.png\",\"width\":800,\"height\":986},{\"@type\":\"WebPage\",\"@id\":\"https:\/\/grupnexus.com\/es\/tratamientos\/unidad-capilar\/#webpage\",\"url\":\"https:\/\/grupnexus.com\/es\/tratamientos\/unidad-capilar\/\",\"name\":\"Unidad Capilar Lleida\",\"isPartOf\":{\"@id\":\"https:\/\/grupnexus.com\/es\/#website\"},\"primaryImageOfPage\":{\"@id\":\"https:\/\/grupnexus.com\/es\/tratamientos\/unidad-capilar\/#primaryimage\"},\"datePublished\":\"2018-02-08T14:57:06+00:00\",\"dateModified\":\"2023-07-26T08:06:39+00:00\",\"description\":\"Nexus es centro especializado en el tratamiento de la ca\u00edda del pelo. M\u00e9todos con o sin cirug\u00eda para recuperar firmeza y frondosidad capilar.\",\"breadcrumb\":{\"@id\":\"https:\/\/grupnexus.com\/es\/tratamientos\/unidad-capilar\/#breadcrumb\"},\"inLanguage\":\"es\",\"potentialAction\":[{\"@type\":\"ReadAction\",\"target\":[\"https:\/\/grupnexus.com\/es\/tratamientos\/unidad-capilar\/\"]}]},{\"@type\":\"BreadcrumbList\",\"@id\":\"https:\/\/grupnexus.com\/es\/tratamientos\/unidad-capilar\/#breadcrumb\",\"itemListElement\":[{\"@type\":\"ListItem\",\"position\":1,\"name\":\"Portada\",\"item\":\"https:\/\/grupnexus.com\/es\/\"},{\"@type\":\"ListItem\",\"position\":2,\"name\":\"Tratamientos\",\"item\":\"https:\/\/grupnexus.com\/es\/tratamientos\/\"},{\"@type\":\"ListItem\",\"position\":3,\"name\":\"Unidad Capilar\"}]}]}<\/script>\n<!-- \/ Yoast SEO plugin. -->","yoast_head_json":{"title":"Unidad Capilar Lleida","description":"Nexus es centro especializado en el tratamiento de la ca\u00edda del pelo. M\u00e9todos con o sin cirug\u00eda para recuperar firmeza y frondosidad capilar.","robots":{"index":"index","follow":"follow","max-snippet":"max-snippet:-1","max-image-preview":"max-image-preview:large","max-video-preview":"max-video-preview:-1"},"canonical":"https:\/\/grupnexus.com\/es\/tratamientos\/unidad-capilar\/","og_locale":"es_ES","og_type":"article","og_title":"Unidad Capilar Lleida","og_description":"Nexus es centro especializado en el tratamiento de la ca\u00edda del pelo. M\u00e9todos con o sin cirug\u00eda para recuperar firmeza y frondosidad capilar.","og_url":"https:\/\/grupnexus.com\/es\/tratamientos\/unidad-capilar\/","og_site_name":"Cl\u00ednica Nexus","article_modified_time":"2023-07-26T08:06:39+00:00","og_image":[{"width":800,"height":986,"url":"https:\/\/grupnexus.com\/wp-content\/uploads\/2018\/07\/2018-04-REVISTA-EKKE-unitat-capil-FILEminimizer.png","type":"image\/png"}],"twitter_card":"summary","twitter_misc":{"Tiempo de lectura":"3 minutos"},"schema":{"@context":"https:\/\/schema.org","@graph":[{"@type":"WebSite","@id":"https:\/\/grupnexus.com\/es\/#website","url":"https:\/\/grupnexus.com\/es\/","name":"Cl\u00ednica Nexus","description":"L\u00edders en Medicina Est\u00e8tica Avan\u00e7ada","potentialAction":[{"@type":"SearchAction","target":{"@type":"EntryPoint","urlTemplate":"https:\/\/grupnexus.com\/es\/?s={search_term_string}"},"query-input":"required name=search_term_string"}],"inLanguage":"es"},{"@type":"ImageObject","@id":"https:\/\/grupnexus.com\/es\/tratamientos\/unidad-capilar\/#primaryimage","inLanguage":"es","url":"https:\/\/grupnexus.com\/wp-content\/uploads\/2018\/07\/2018-04-REVISTA-EKKE-unitat-capil-FILEminimizer.png","contentUrl":"https:\/\/grupnexus.com\/wp-content\/uploads\/2018\/07\/2018-04-REVISTA-EKKE-unitat-capil-FILEminimizer.png","width":800,"height":986},{"@type":"WebPage","@id":"https:\/\/grupnexus.com\/es\/tratamientos\/unidad-capilar\/#webpage","url":"https:\/\/grupnexus.com\/es\/tratamientos\/unidad-capilar\/","name":"Unidad Capilar Lleida","isPartOf":{"@id":"https:\/\/grupnexus.com\/es\/#website"},"primaryImageOfPage":{"@id":"https:\/\/grupnexus.com\/es\/tratamientos\/unidad-capilar\/#primaryimage"},"datePublished":"2018-02-08T14:57:06+00:00","dateModified":"2023-07-26T08:06:39+00:00","description":"Nexus es centro especializado en el tratamiento de la ca\u00edda del pelo. M\u00e9todos con o sin cirug\u00eda para recuperar firmeza y frondosidad capilar.","breadcrumb":{"@id":"https:\/\/grupnexus.com\/es\/tratamientos\/unidad-capilar\/#breadcrumb"},"inLanguage":"es","potentialAction":[{"@type":"ReadAction","target":["https:\/\/grupnexus.com\/es\/tratamientos\/unidad-capilar\/"]}]},{"@type":"BreadcrumbList","@id":"https:\/\/grupnexus.com\/es\/tratamientos\/unidad-capilar\/#breadcrumb","itemListElement":[{"@type":"ListItem","position":1,"name":"Portada","item":"https:\/\/grupnexus.com\/es\/"},{"@type":"ListItem","position":2,"name":"Tratamientos","item":"https:\/\/grupnexus.com\/es\/tratamientos\/"},{"@type":"ListItem","position":3,"name":"Unidad Capilar"}]}]}},"_links":{"self":[{"href":"https:\/\/grupnexus.com\/es\/wp-json\/wp\/v2\/pages\/14582"}],"collection":[{"href":"https:\/\/grupnexus.com\/es\/wp-json\/wp\/v2\/pages"}],"about":[{"href":"https:\/\/grupnexus.com\/es\/wp-json\/wp\/v2\/types\/page"}],"author":[{"embeddable":true,"href":"https:\/\/grupnexus.com\/es\/wp-json\/wp\/v2\/users\/5"}],"replies":[{"embeddable":true,"href":"https:\/\/grupnexus.com\/es\/wp-json\/wp\/v2\/comments?post=14582"}],"version-history":[{"count":33,"href":"https:\/\/grupnexus.com\/es\/wp-json\/wp\/v2\/pages\/14582\/revisions"}],"predecessor-version":[{"id":53077,"href":"https:\/\/grupnexus.com\/es\/wp-json\/wp\/v2\/pages\/14582\/revisions\/53077"}],"up":[{"embeddable":true,"href":"https:\/\/grupnexus.com\/es\/wp-json\/wp\/v2\/pages\/1021"}],"wp:featuredmedia":[{"embeddable":true,"href":"https:\/\/grupnexus.com\/es\/wp-json\/wp\/v2\/media\/25145"}],"wp:attachment":[{"href":"https:\/\/grupnexus.com\/es\/wp-json\/wp\/v2\/media?parent=14582"}],"curies":[{"name":"wp","href":"https:\/\/api.w.org\/{rel}","templated":true}]}}