{"id":14615,"date":"2018-02-10T22:52:15","date_gmt":"2018-02-10T20:52:15","guid":{"rendered":"http:\/\/www.grupnexus.com\/?page_id=14615\/"},"modified":"2018-07-25T13:51:22","modified_gmt":"2018-07-25T11:51:22","slug":"sala-de-prensa","status":"publish","type":"page","link":"https:\/\/grupnexus.com\/es\/sala-de-prensa\/","title":{"rendered":"Sala de Prensa"},"content":{"rendered":"\t\t<h2 class=\"text-divider-double\">\t\t\t\nSala de Prensa\t\t<\/h2>\t\t<div class=\"sep\"><\/div>\t\n<div class=\"row \"><div class=\"wpv-grid grid-1-1  wpv-first-level first has-background unextended\" style=\"background-color:#ffffff;padding-top:30px;padding-bottom:30px\" id=\"wpv-column-8ea89d27cff530650b27eddc0a99e645\" ><style scoped>#wpv-column-8ea89d27cff530650b27eddc0a99e645 p,#wpv-column-8ea89d27cff530650b27eddc0a99e645 em,#wpv-column-8ea89d27cff530650b27eddc0a99e645 .column-title,#wpv-column-8ea89d27cff530650b27eddc0a99e645 .sep-text h2.regular-title-wrapper,#wpv-column-8ea89d27cff530650b27eddc0a99e645 .text-divider-double,#wpv-column-8ea89d27cff530650b27eddc0a99e645 .sep-text .sep-text-line,#wpv-column-8ea89d27cff530650b27eddc0a99e645 .sep,#wpv-column-8ea89d27cff530650b27eddc0a99e645 .sep-2,#wpv-column-8ea89d27cff530650b27eddc0a99e645 .sep-3,#wpv-column-8ea89d27cff530650b27eddc0a99e645 td,#wpv-column-8ea89d27cff530650b27eddc0a99e645 th,#wpv-column-8ea89d27cff530650b27eddc0a99e645 caption{color:#808080;}#wpv-column-8ea89d27cff530650b27eddc0a99e645:before{background-color:transparent;}<\/style><div class=\"row \"><div class=\"wpv-grid grid-1-1  first unextended animation-fade-in animated-active\" style=\"padding-top:0px;padding-bottom:0px\" id=\"wpv-column-cb237390c192c2eebbb509dc594f6d25\" ><div class=\"loop-wrapper clearfix news scroll-x\">\n\t<div class=\"vamtam-cubeportfolio cbp cbp-slider-edge\" data-options=\"{&quot;layoutMode&quot;:&quot;slider&quot;,&quot;drag&quot;:true,&quot;auto&quot;:false,&quot;autoTimeout&quot;:5000,&quot;autoPauseOnHover&quot;:true,&quot;showNavigation&quot;:true,&quot;showPagination&quot;:false,&quot;scrollByPage&quot;:false,&quot;gridAdjustment&quot;:&quot;responsive&quot;,&quot;mediaQueries&quot;:[{&quot;width&quot;:1260,&quot;cols&quot;:4},{&quot;width&quot;:937.5,&quot;cols&quot;:3},{&quot;width&quot;:615,&quot;cols&quot;:2},{&quot;width&quot;:292.5,&quot;cols&quot;:1}],&quot;gapHorizontal&quot;:0,&quot;gapVertical&quot;:30,&quot;displayTypeSpeed&quot;:100}\">\n\t\t\t\t\t\t<div class=\"page-content post-head list-item cbp-item post-51985 post type-post status-publish format-standard has-post-thumbnail hentry category-actualidad category-nota-de-prensa category-prensa\">\n\t\t\t\t\t<div class=\"post-article has-image-wrapper \">\n\t<meta itemscope itemprop=\"mainEntityOfPage\" itemid=\"https:\/\/grupnexus.com\/es\/clinica-nexus-la-primera-del-estado-espanol-en-ofrecer-el-tratamiento-cynoglow\/\" \/><meta itemprop=\"datePublished\" content=\"2023-01-30\" \/><meta itemprop=\"dateModified\" content=\"2023-01-30\" \/><meta itemprop=\"headline\" content=\"Cl\u00ednica Nexus, la primera del estado espa\u00f1ol en ofrecer el tratamiento CYNOGLOW\" \/><div itemprop=\"publisher\" itemscope itemtype=\"https:\/\/schema.org\/Organization\"><meta itemprop=\"name\" content=\"Cl\u00ednica Nexus\"><meta itemprop=\"url\" content=\"https:\/\/grupnexus.com\/es\/\"><div itemprop=\"logo\" itemscope itemtype=\"https:\/\/schema.org\/ImageObject\"><meta itemprop=\"url\" content=\"https:\/\/grupnexus.com\/wp-content\/uploads\/LOGO-300x751.png\"><\/div><\/div><div itemscope itemprop=\"author\" itemtype=\"http:\/\/schema.org\/Person\"><meta itemprop=\"url\" content=\"https:\/\/grupnexus.com\/es\/author\/administrador\/\" \/><meta itemprop=\"name\" content=\"Nexus\" \/><\/div><div itemscope itemprop=\"image\" itemtype=\"http:\/\/schema.org\/ImageObject\"><meta itemprop=\"url\" content=\"https:\/\/grupnexus.com\/wp-content\/uploads\/2023\/01\/Dr-Pinos_Picosure-Pro.jpg\" \/><meta itemprop=\"width\" content=\"1920\" \/><meta itemprop=\"height\" content=\"1080\" \/><\/div><div itemprop=\"interactionStatistic\" itemscope itemtype=\"http:\/\/schema.org\/InteractionCounter\"><meta itemprop=\"interactionType\" content=\"http:\/\/schema.org\/CommentAction\" \/><meta itemprop=\"userInteractionCount\" content=\"0\" \/><\/div>\t<div class=\"standard-post-format clearfix as-image \">\n\t\t\t<div class=\"thumbnail\">\n\t\t\t\t\t\t<img width=\"292\" height=\"225\" src=\"https:\/\/grupnexus.com\/wp-content\/uploads\/2023\/01\/Dr-Pinos_Picosure-Pro-292x225.jpg\" class=\"attachment-post-small-4 size-post-small-4 wp-post-image\" alt=\"\" loading=\"lazy\" srcset=\"https:\/\/grupnexus.com\/wp-content\/uploads\/2023\/01\/Dr-Pinos_Picosure-Pro-292x225.jpg 292w, https:\/\/grupnexus.com\/wp-content\/uploads\/2023\/01\/Dr-Pinos_Picosure-Pro-480x369.jpg 480w, https:\/\/grupnexus.com\/wp-content\/uploads\/2023\/01\/Dr-Pinos_Picosure-Pro-1260x969.jpg 1260w, https:\/\/grupnexus.com\/wp-content\/uploads\/2023\/01\/Dr-Pinos_Picosure-Pro-615x473.jpg 615w, https:\/\/grupnexus.com\/wp-content\/uploads\/2023\/01\/Dr-Pinos_Picosure-Pro-400x307.jpg 400w\" sizes=\"(min-width: 900px) 50vw, 100vw\" \/>\t\t\t<\/div>\n\n\t<div class=\"post-content-wrapper\">\n\t\t\t\t<header class=\"single\">\n\t\t\t<div class=\"content\">\n\t\t\t\t<h3>\n\t\t\t\t\t<a href=\"https:\/\/grupnexus.com\/es\/clinica-nexus-la-primera-del-estado-espanol-en-ofrecer-el-tratamiento-cynoglow\/\" title=\"Cl\u00ednica Nexus, la primera del estado espa\u00f1ol en ofrecer el tratamiento CYNOGLOW\" class=\"entry-title\">Cl\u00ednica Nexus, la primera del estado espa\u00f1ol en ofrecer el tratamiento CYNOGLOW<\/a>\n\t\t\t\t<\/h3>\n\t\t\t<\/div>\n\t\t<\/header>\n\t\n\t\t<div class=\"post-actions-wrapper\">\n\t\t\t\t\t\t\t<div class=\"post-date\">\n\t\t\t\t\t30 enero, 2023\t\t\t\t<\/div>\n\t\t\t\t\t\t\t\t\t\t\n\t\t\t\t\t\t\t\t\t<\/div>\n\n\t\t<div class=\"post-content-outer\">\n\t\t\t<p>&nbsp; Cynoglow combina el l\u00e1ser Picosure Pro y su lente Focus junto a Potenza, la&#8230;<\/p>\n\t\t<\/div>\n\n\t\t\t\t\t<div class=\"post-content-meta\">\n\t\t\t\t<div>\n\t\t\t\t\tPosted in:  <a href=\"https:\/\/grupnexus.com\/es\/category\/blog\/actualidad\/\" rel=\"category tag\">Actualidad<\/a>, <a href=\"https:\/\/grupnexus.com\/es\/category\/prensa\/nota-de-prensa\/\" rel=\"category tag\">Notas de prensa<\/a>, <a href=\"https:\/\/grupnexus.com\/es\/category\/prensa\/\" rel=\"category tag\">Prensa<\/a>\t\t\t\t<\/div>\n\t\t\t\t\t\t\t<\/div>\n\t\t\t<\/div>\n\t<\/div>\n<\/div>\n\t\t\t\t<\/div>\n\t\t\t\t\t\t\t<div class=\"page-content post-head list-item cbp-item post-29391 post type-post status-publish format-standard has-post-thumbnail hentry category-actualidad category-blog category-nota-de-prensa category-prensa\">\n\t\t\t\t\t<div class=\"post-article has-image-wrapper \">\n\t<meta itemscope itemprop=\"mainEntityOfPage\" itemid=\"https:\/\/grupnexus.com\/es\/clinica-nexus-amplia-fronteras-con-la-realizacion-de-trasplantes-capilares\/\" \/><meta itemprop=\"datePublished\" content=\"2019-07-29\" \/><meta itemprop=\"dateModified\" content=\"2019-07-31\" \/><meta itemprop=\"headline\" content=\"Cl\u00ednica Nexus ampl\u00eda fronteras con la realizaci\u00f3n de trasplantes capilares\" \/><div itemprop=\"publisher\" itemscope itemtype=\"https:\/\/schema.org\/Organization\"><meta itemprop=\"name\" content=\"Cl\u00ednica Nexus\"><meta itemprop=\"url\" content=\"https:\/\/grupnexus.com\/es\/\"><div itemprop=\"logo\" itemscope itemtype=\"https:\/\/schema.org\/ImageObject\"><meta itemprop=\"url\" content=\"https:\/\/grupnexus.com\/wp-content\/uploads\/LOGO-300x751.png\"><\/div><\/div><div itemscope itemprop=\"author\" itemtype=\"http:\/\/schema.org\/Person\"><meta itemprop=\"url\" content=\"https:\/\/grupnexus.com\/es\/author\/hst\/\" \/><meta itemprop=\"name\" content=\"Cl\u00ednica Nexus\" \/><\/div><div itemscope itemprop=\"image\" itemtype=\"http:\/\/schema.org\/ImageObject\"><meta itemprop=\"url\" content=\"https:\/\/grupnexus.com\/wp-content\/uploads\/2019\/07\/Salaestudi.jpg\" \/><meta itemprop=\"width\" content=\"1280\" \/><meta itemprop=\"height\" content=\"720\" \/><\/div><div itemprop=\"interactionStatistic\" itemscope itemtype=\"http:\/\/schema.org\/InteractionCounter\"><meta itemprop=\"interactionType\" content=\"http:\/\/schema.org\/CommentAction\" \/><meta itemprop=\"userInteractionCount\" content=\"0\" \/><\/div>\t<div class=\"standard-post-format clearfix as-image \">\n\t\t\t<div class=\"thumbnail\">\n\t\t\t\t\t\t<img width=\"262\" height=\"201\" src=\"https:\/\/grupnexus.com\/wp-content\/uploads\/2019\/07\/Salaestudi-262x201.jpg\" class=\"attachment-post-small-4 size-post-small-4 wp-post-image\" alt=\"Transplantament capil\u00b7lar\" loading=\"lazy\" srcset=\"https:\/\/grupnexus.com\/wp-content\/uploads\/2019\/07\/Salaestudi-262x201.jpg 262w, https:\/\/grupnexus.com\/wp-content\/uploads\/2019\/07\/Salaestudi-480x369.jpg 480w, https:\/\/grupnexus.com\/wp-content\/uploads\/2019\/07\/Salaestudi-555x426.jpg 555w, https:\/\/grupnexus.com\/wp-content\/uploads\/2019\/07\/Salaestudi-360x276.jpg 360w\" sizes=\"(min-width: 900px) 50vw, 100vw\" \/>\t\t\t<\/div>\n\n\t<div class=\"post-content-wrapper\">\n\t\t\t\t<header class=\"single\">\n\t\t\t<div class=\"content\">\n\t\t\t\t<h3>\n\t\t\t\t\t<a href=\"https:\/\/grupnexus.com\/es\/clinica-nexus-amplia-fronteras-con-la-realizacion-de-trasplantes-capilares\/\" title=\"Cl\u00ednica Nexus ampl\u00eda fronteras con la realizaci\u00f3n de trasplantes capilares\" class=\"entry-title\">Cl\u00ednica Nexus ampl\u00eda fronteras con la realizaci\u00f3n de trasplantes capilares<\/a>\n\t\t\t\t<\/h3>\n\t\t\t<\/div>\n\t\t<\/header>\n\t\n\t\t<div class=\"post-actions-wrapper\">\n\t\t\t\t\t\t\t<div class=\"post-date\">\n\t\t\t\t\t29 julio, 2019\t\t\t\t<\/div>\n\t\t\t\t\t\t\t\t\t\t\n\t\t\t\t\t\t\t\t\t<\/div>\n\n\t\t<div class=\"post-content-outer\">\n\t\t\t<p>La cl\u00ednica referente en medicina est\u00e9tica de Lleida se une a Estechic &#8211; Surgery &amp;&#8230;<\/p>\n\t\t<\/div>\n\n\t\t\t\t\t<div class=\"post-content-meta\">\n\t\t\t\t<div>\n\t\t\t\t\tPosted in:  <a href=\"https:\/\/grupnexus.com\/es\/category\/blog\/actualidad\/\" rel=\"category tag\">Actualidad<\/a>, <a href=\"https:\/\/grupnexus.com\/es\/category\/blog\/\" rel=\"category tag\">Blog<\/a>, <a href=\"https:\/\/grupnexus.com\/es\/category\/prensa\/nota-de-prensa\/\" rel=\"category tag\">Notas de prensa<\/a>, <a href=\"https:\/\/grupnexus.com\/es\/category\/prensa\/\" rel=\"category tag\">Prensa<\/a>\t\t\t\t<\/div>\n\t\t\t\t\t\t\t<\/div>\n\t\t\t<\/div>\n\t<\/div>\n<\/div>\n\t\t\t\t<\/div>\n\t\t\t\t\t\t\t<div class=\"page-content post-head list-item cbp-item post-22985 post type-post status-publish format-standard has-post-thumbnail hentry category-actualidad category-blog category-nota-de-prensa category-prensa\">\n\t\t\t\t\t<div class=\"post-article has-image-wrapper \">\n\t<meta itemscope itemprop=\"mainEntityOfPage\" itemid=\"https:\/\/grupnexus.com\/es\/nexus-y-veritas-impulsan-estudio-genoma\/\" \/><meta itemprop=\"datePublished\" content=\"2019-04-05\" \/><meta itemprop=\"dateModified\" content=\"2019-05-03\" \/><meta itemprop=\"headline\" content=\"Cl\u00ednica Nexus y Veritas Intercontinental impulsan el estudio del Genoma en el \u00e1mbito de la salud preventiva antienvejecimiento y del bienestar\" \/><div itemprop=\"publisher\" itemscope itemtype=\"https:\/\/schema.org\/Organization\"><meta itemprop=\"name\" content=\"Cl\u00ednica Nexus\"><meta itemprop=\"url\" content=\"https:\/\/grupnexus.com\/es\/\"><div itemprop=\"logo\" itemscope itemtype=\"https:\/\/schema.org\/ImageObject\"><meta itemprop=\"url\" content=\"https:\/\/grupnexus.com\/wp-content\/uploads\/LOGO-300x751.png\"><\/div><\/div><div itemscope itemprop=\"author\" itemtype=\"http:\/\/schema.org\/Person\"><meta itemprop=\"url\" content=\"https:\/\/grupnexus.com\/es\/author\/hst\/\" \/><meta itemprop=\"name\" content=\"Cl\u00ednica Nexus\" \/><\/div><div itemscope itemprop=\"image\" itemtype=\"http:\/\/schema.org\/ImageObject\"><meta itemprop=\"url\" content=\"https:\/\/grupnexus.com\/wp-content\/uploads\/2019\/04\/Nexus_Veritas1.jpg\" \/><meta itemprop=\"width\" content=\"1024\" \/><meta itemprop=\"height\" content=\"982\" \/><\/div><div itemprop=\"interactionStatistic\" itemscope itemtype=\"http:\/\/schema.org\/InteractionCounter\"><meta itemprop=\"interactionType\" content=\"http:\/\/schema.org\/CommentAction\" \/><meta itemprop=\"userInteractionCount\" content=\"0\" \/><\/div>\t<div class=\"standard-post-format clearfix as-image \">\n\t\t\t<div class=\"thumbnail\">\n\t\t\t\t\t\t<img width=\"262\" height=\"201\" src=\"https:\/\/grupnexus.com\/wp-content\/uploads\/2019\/04\/Nexus_Veritas1-262x201.jpg\" class=\"attachment-post-small-4 size-post-small-4 wp-post-image\" alt=\"\" loading=\"lazy\" srcset=\"https:\/\/grupnexus.com\/wp-content\/uploads\/2019\/04\/Nexus_Veritas1-262x201.jpg 262w, https:\/\/grupnexus.com\/wp-content\/uploads\/2019\/04\/Nexus_Veritas1-480x369.jpg 480w, https:\/\/grupnexus.com\/wp-content\/uploads\/2019\/04\/Nexus_Veritas1-555x426.jpg 555w, https:\/\/grupnexus.com\/wp-content\/uploads\/2019\/04\/Nexus_Veritas1-360x276.jpg 360w\" sizes=\"(min-width: 900px) 50vw, 100vw\" \/>\t\t\t<\/div>\n\n\t<div class=\"post-content-wrapper\">\n\t\t\t\t<header class=\"single\">\n\t\t\t<div class=\"content\">\n\t\t\t\t<h3>\n\t\t\t\t\t<a href=\"https:\/\/grupnexus.com\/es\/nexus-y-veritas-impulsan-estudio-genoma\/\" title=\"Cl\u00ednica Nexus y Veritas Intercontinental impulsan el estudio del Genoma en el \u00e1mbito de la salud preventiva antienvejecimiento y del bienestar\" class=\"entry-title\">Cl\u00ednica Nexus y Veritas Intercontinental impulsan el estudio del Genoma en el \u00e1mbito de la salud preventiva antienvejecimiento y del bienestar<\/a>\n\t\t\t\t<\/h3>\n\t\t\t<\/div>\n\t\t<\/header>\n\t\n\t\t<div class=\"post-actions-wrapper\">\n\t\t\t\t\t\t\t<div class=\"post-date\">\n\t\t\t\t\t5 abril, 2019\t\t\t\t<\/div>\n\t\t\t\t\t\t\t\t\t\t\n\t\t\t\t\t\t\t\t\t<\/div>\n\n\t\t<div class=\"post-content-outer\">\n\t\t\t<p>Con esta iniciativa, Cl\u00ednica Nexus ser\u00e1 pionero en Europa en la utilizaci\u00f3n de la informaci\u00f3n&#8230;<\/p>\n\t\t<\/div>\n\n\t\t\t\t\t<div class=\"post-content-meta\">\n\t\t\t\t<div>\n\t\t\t\t\tPosted in:  <a href=\"https:\/\/grupnexus.com\/es\/category\/blog\/actualidad\/\" rel=\"category tag\">Actualidad<\/a>, <a href=\"https:\/\/grupnexus.com\/es\/category\/blog\/\" rel=\"category tag\">Blog<\/a>, <a href=\"https:\/\/grupnexus.com\/es\/category\/prensa\/nota-de-prensa\/\" rel=\"category tag\">Notas de prensa<\/a>, <a href=\"https:\/\/grupnexus.com\/es\/category\/prensa\/\" rel=\"category tag\">Prensa<\/a>\t\t\t\t<\/div>\n\t\t\t\t\t\t\t<\/div>\n\t\t\t<\/div>\n\t<\/div>\n<\/div>\n\t\t\t\t<\/div>\n\t\t\t\t\t\t\t<div class=\"page-content post-head list-item cbp-item post-16837 post type-post status-publish format-image has-post-thumbnail hentry category-nota-de-prensa post_format-post-format-image\">\n\t\t\t\t\t<div class=\"post-article has-image-wrapper \">\n\t<meta itemscope itemprop=\"mainEntityOfPage\" itemid=\"https:\/\/grupnexus.com\/es\/centro-estetico-amplia-su-superficie-segre\/\" \/><meta itemprop=\"datePublished\" content=\"2018-08-07\" \/><meta itemprop=\"dateModified\" content=\"2018-08-07\" \/><meta itemprop=\"headline\" content=\"Un centro est\u00e9tico ampl\u00eda su superficie &#8211; El Segre\" \/><div itemprop=\"publisher\" itemscope itemtype=\"https:\/\/schema.org\/Organization\"><meta itemprop=\"name\" content=\"Cl\u00ednica Nexus\"><meta itemprop=\"url\" content=\"https:\/\/grupnexus.com\/es\/\"><div itemprop=\"logo\" itemscope itemtype=\"https:\/\/schema.org\/ImageObject\"><meta itemprop=\"url\" content=\"https:\/\/grupnexus.com\/wp-content\/uploads\/LOGO-300x751.png\"><\/div><\/div><div itemscope itemprop=\"author\" itemtype=\"http:\/\/schema.org\/Person\"><meta itemprop=\"url\" content=\"https:\/\/grupnexus.com\/es\/author\/hst\/\" \/><meta itemprop=\"name\" content=\"Cl\u00ednica Nexus\" \/><\/div><div itemscope itemprop=\"image\" itemtype=\"http:\/\/schema.org\/ImageObject\"><meta itemprop=\"url\" content=\"https:\/\/grupnexus.com\/wp-content\/uploads\/2018\/08\/Noti\u0301cia-ampliacio\u0301-espais-1-agost-2018_2.png\" \/><meta itemprop=\"width\" content=\"575\" \/><meta itemprop=\"height\" content=\"503\" \/><\/div><div itemprop=\"interactionStatistic\" itemscope itemtype=\"http:\/\/schema.org\/InteractionCounter\"><meta itemprop=\"interactionType\" content=\"http:\/\/schema.org\/CommentAction\" \/><meta itemprop=\"userInteractionCount\" content=\"0\" \/><\/div>\t<div class=\"image-post-format clearfix as-normal \">\n\t\t\t<div class=\"thumbnail\">\n\t\t\t\t\t\t<img width=\"262\" height=\"201\" src=\"https:\/\/grupnexus.com\/wp-content\/uploads\/2018\/08\/Noti\u0301cia-ampliacio\u0301-espais-1-agost-2018_2-262x201.png\" class=\"attachment-post-small-4 size-post-small-4 wp-post-image\" alt=\"\" loading=\"lazy\" srcset=\"https:\/\/grupnexus.com\/wp-content\/uploads\/2018\/08\/Noti\u0301cia-ampliacio\u0301-espais-1-agost-2018_2-262x201.png 262w, https:\/\/grupnexus.com\/wp-content\/uploads\/2018\/08\/Noti\u0301cia-ampliacio\u0301-espais-1-agost-2018_2-480x369.png 480w, https:\/\/grupnexus.com\/wp-content\/uploads\/2018\/08\/Noti\u0301cia-ampliacio\u0301-espais-1-agost-2018_2-555x426.png 555w, https:\/\/grupnexus.com\/wp-content\/uploads\/2018\/08\/Noti\u0301cia-ampliacio\u0301-espais-1-agost-2018_2-360x276.png 360w\" sizes=\"(min-width: 900px) 50vw, 100vw\" \/>\t\t\t<\/div>\n\n\t<div class=\"post-content-wrapper\">\n\t\t\t\t<header class=\"single\">\n\t\t\t<div class=\"content\">\n\t\t\t\t<h3>\n\t\t\t\t\t<a href=\"https:\/\/grupnexus.com\/es\/centro-estetico-amplia-su-superficie-segre\/\" title=\"Un centro est\u00e9tico ampl\u00eda su superficie &#8211; El Segre\" class=\"entry-title\">Un centro est\u00e9tico ampl\u00eda su superficie &#8211; El Segre<\/a>\n\t\t\t\t<\/h3>\n\t\t\t<\/div>\n\t\t<\/header>\n\t\n\t\t<div class=\"post-actions-wrapper\">\n\t\t\t\t\t\t\t<div class=\"post-date\">\n\t\t\t\t\t7 agosto, 2018\t\t\t\t<\/div>\n\t\t\t\t\t\t\t\t\t\t\n\t\t\t\t\t\t\t\t\t<\/div>\n\n\t\t<div class=\"post-content-outer\">\n\t\t\t<p>Fuente: El Segre<\/p>\n\t\t<\/div>\n\n\t\t\t\t\t<div class=\"post-content-meta\">\n\t\t\t\t<div>\n\t\t\t\t\tPosted in:  <a href=\"https:\/\/grupnexus.com\/es\/category\/prensa\/nota-de-prensa\/\" rel=\"category tag\">Notas de prensa<\/a>\t\t\t\t<\/div>\n\t\t\t\t\t\t\t<\/div>\n\t\t\t<\/div>\n\t<\/div>\n<\/div>\n\t\t\t\t<\/div>\n\t\t\t\t\t\t\t<div class=\"page-content post-head list-item cbp-item post-16763 post type-post status-publish format-standard has-post-thumbnail hentry category-nota-de-prensa\">\n\t\t\t\t\t<div class=\"post-article has-image-wrapper \">\n\t<meta itemscope itemprop=\"mainEntityOfPage\" itemid=\"https:\/\/grupnexus.com\/es\/clinica-nexus-amplia-espais-i-esdeve-una-les-mes-grans-lestat-espanyol\/\" \/><meta itemprop=\"datePublished\" content=\"2018-08-03\" \/><meta itemprop=\"dateModified\" content=\"2018-08-06\" \/><meta itemprop=\"headline\" content=\"Cl\u00ednica Nexus ampl\u00eda espacios, y se posiciona como una de las m\u00e1s grandes de Espa\u00f1a\" \/><div itemprop=\"publisher\" itemscope itemtype=\"https:\/\/schema.org\/Organization\"><meta itemprop=\"name\" content=\"Cl\u00ednica Nexus\"><meta itemprop=\"url\" content=\"https:\/\/grupnexus.com\/es\/\"><div itemprop=\"logo\" itemscope itemtype=\"https:\/\/schema.org\/ImageObject\"><meta itemprop=\"url\" content=\"https:\/\/grupnexus.com\/wp-content\/uploads\/LOGO-300x751.png\"><\/div><\/div><div itemscope itemprop=\"author\" itemtype=\"http:\/\/schema.org\/Person\"><meta itemprop=\"url\" content=\"https:\/\/grupnexus.com\/es\/author\/administrador\/\" \/><meta itemprop=\"name\" content=\"Nexus\" \/><\/div><div itemscope itemprop=\"image\" itemtype=\"http:\/\/schema.org\/ImageObject\"><meta itemprop=\"url\" content=\"https:\/\/grupnexus.com\/wp-content\/uploads\/2018\/08\/atothom.jpg\" \/><meta itemprop=\"width\" content=\"993\" \/><meta itemprop=\"height\" content=\"674\" \/><\/div><div itemprop=\"interactionStatistic\" itemscope itemtype=\"http:\/\/schema.org\/InteractionCounter\"><meta itemprop=\"interactionType\" content=\"http:\/\/schema.org\/CommentAction\" \/><meta itemprop=\"userInteractionCount\" content=\"0\" \/><\/div>\t<div class=\"standard-post-format clearfix as-image \">\n\t\t\t<div class=\"thumbnail\">\n\t\t\t\t\t\t<img width=\"262\" height=\"201\" src=\"https:\/\/grupnexus.com\/wp-content\/uploads\/2018\/08\/atothom-262x201.jpg\" class=\"attachment-post-small-4 size-post-small-4 wp-post-image\" alt=\"\" loading=\"lazy\" srcset=\"https:\/\/grupnexus.com\/wp-content\/uploads\/2018\/08\/atothom-262x201.jpg 262w, https:\/\/grupnexus.com\/wp-content\/uploads\/2018\/08\/atothom-480x369.jpg 480w, https:\/\/grupnexus.com\/wp-content\/uploads\/2018\/08\/atothom-555x426.jpg 555w, https:\/\/grupnexus.com\/wp-content\/uploads\/2018\/08\/atothom-360x276.jpg 360w\" sizes=\"(min-width: 900px) 50vw, 100vw\" \/>\t\t\t<\/div>\n\n\t<div class=\"post-content-wrapper\">\n\t\t\t\t<header class=\"single\">\n\t\t\t<div class=\"content\">\n\t\t\t\t<h3>\n\t\t\t\t\t<a href=\"https:\/\/grupnexus.com\/es\/clinica-nexus-amplia-espais-i-esdeve-una-les-mes-grans-lestat-espanyol\/\" title=\"Cl\u00ednica Nexus ampl\u00eda espacios, y se posiciona como una de las m\u00e1s grandes de Espa\u00f1a\" class=\"entry-title\">Cl\u00ednica Nexus ampl\u00eda espacios, y se posiciona como una de las m\u00e1s grandes de Espa\u00f1a<\/a>\n\t\t\t\t<\/h3>\n\t\t\t<\/div>\n\t\t<\/header>\n\t\n\t\t<div class=\"post-actions-wrapper\">\n\t\t\t\t\t\t\t<div class=\"post-date\">\n\t\t\t\t\t3 agosto, 2018\t\t\t\t<\/div>\n\t\t\t\t\t\t\t\t\t\t\n\t\t\t\t\t\t\t\t\t<\/div>\n\n\t\t<div class=\"post-content-outer\">\n\t\t\t<p>&nbsp; Descargar art\u00edculo: A TOTHOM &#8211; La Ma\u00f1ana &#8211; P\u00e1g 25\u00a0<\/p>\n\t\t<\/div>\n\n\t\t\t\t\t<div class=\"post-content-meta\">\n\t\t\t\t<div>\n\t\t\t\t\tPosted in:  <a href=\"https:\/\/grupnexus.com\/es\/category\/prensa\/nota-de-prensa\/\" rel=\"category tag\">Notas de prensa<\/a>\t\t\t\t<\/div>\n\t\t\t\t\t\t\t<\/div>\n\t\t\t<\/div>\n\t<\/div>\n<\/div>\n\t\t\t\t<\/div>\n\t\t\t\t\t\t\t<div class=\"page-content post-head list-item cbp-item post-16462 post type-post status-publish format-standard has-post-thumbnail hentry category-nota-de-prensa\">\n\t\t\t\t\t<div class=\"post-article has-image-wrapper \">\n\t<meta itemscope itemprop=\"mainEntityOfPage\" itemid=\"https:\/\/grupnexus.com\/es\/clinica-nexus-amplia-espacios-y-se-posiciona-como-una-de-las-mas-grandes-de-espana\/\" \/><meta itemprop=\"datePublished\" content=\"2018-07-25\" \/><meta itemprop=\"dateModified\" content=\"2018-07-26\" \/><meta itemprop=\"headline\" content=\"Cl\u00ednica Nexus ampl\u00eda espacios, y se posiciona como una de las m\u00e1s grandes de Espa\u00f1a\" \/><div itemprop=\"publisher\" itemscope itemtype=\"https:\/\/schema.org\/Organization\"><meta itemprop=\"name\" content=\"Cl\u00ednica Nexus\"><meta itemprop=\"url\" content=\"https:\/\/grupnexus.com\/es\/\"><div itemprop=\"logo\" itemscope itemtype=\"https:\/\/schema.org\/ImageObject\"><meta itemprop=\"url\" content=\"https:\/\/grupnexus.com\/wp-content\/uploads\/LOGO-300x751.png\"><\/div><\/div><div itemscope itemprop=\"author\" itemtype=\"http:\/\/schema.org\/Person\"><meta itemprop=\"url\" content=\"https:\/\/grupnexus.com\/es\/author\/administrador\/\" \/><meta itemprop=\"name\" content=\"Nexus\" \/><\/div><div itemscope itemprop=\"image\" itemtype=\"http:\/\/schema.org\/ImageObject\"><meta itemprop=\"url\" content=\"https:\/\/grupnexus.com\/wp-content\/uploads\/2018\/07\/2.200m.jpg\" \/><meta itemprop=\"width\" content=\"1200\" \/><meta itemprop=\"height\" content=\"1200\" \/><\/div><div itemprop=\"interactionStatistic\" itemscope itemtype=\"http:\/\/schema.org\/InteractionCounter\"><meta itemprop=\"interactionType\" content=\"http:\/\/schema.org\/CommentAction\" \/><meta itemprop=\"userInteractionCount\" content=\"0\" \/><\/div>\t<div class=\"standard-post-format clearfix as-image \">\n\t\t\t<div class=\"thumbnail\">\n\t\t\t\t\t\t<img width=\"262\" height=\"201\" src=\"https:\/\/grupnexus.com\/wp-content\/uploads\/2018\/07\/2.200m-262x201.jpg\" class=\"attachment-post-small-4 size-post-small-4 wp-post-image\" alt=\"seguimos creciendo\" loading=\"lazy\" srcset=\"https:\/\/grupnexus.com\/wp-content\/uploads\/2018\/07\/2.200m-262x201.jpg 262w, https:\/\/grupnexus.com\/wp-content\/uploads\/2018\/07\/2.200m-480x369.jpg 480w, https:\/\/grupnexus.com\/wp-content\/uploads\/2018\/07\/2.200m-1140x876.jpg 1140w, https:\/\/grupnexus.com\/wp-content\/uploads\/2018\/07\/2.200m-555x426.jpg 555w, https:\/\/grupnexus.com\/wp-content\/uploads\/2018\/07\/2.200m-360x276.jpg 360w\" sizes=\"(min-width: 900px) 50vw, 100vw\" \/>\t\t\t<\/div>\n\n\t<div class=\"post-content-wrapper\">\n\t\t\t\t<header class=\"single\">\n\t\t\t<div class=\"content\">\n\t\t\t\t<h3>\n\t\t\t\t\t<a href=\"https:\/\/grupnexus.com\/es\/clinica-nexus-amplia-espacios-y-se-posiciona-como-una-de-las-mas-grandes-de-espana\/\" title=\"Cl\u00ednica Nexus ampl\u00eda espacios, y se posiciona como una de las m\u00e1s grandes de Espa\u00f1a\" class=\"entry-title\">Cl\u00ednica Nexus ampl\u00eda espacios, y se posiciona como una de las m\u00e1s grandes de Espa\u00f1a<\/a>\n\t\t\t\t<\/h3>\n\t\t\t<\/div>\n\t\t<\/header>\n\t\n\t\t<div class=\"post-actions-wrapper\">\n\t\t\t\t\t\t\t<div class=\"post-date\">\n\t\t\t\t\t25 julio, 2018\t\t\t\t<\/div>\n\t\t\t\t\t\t\t\t\t\t\n\t\t\t\t\t\t\t\t\t<\/div>\n\n\t\t<div class=\"post-content-outer\">\n\t\t\t<p>&nbsp; M\u00e1s de 2.200m2 acoger\u00e1n consultas m\u00e9dicas, salas de tecnolog\u00eda l\u00e1ser, un gimnasio, cabinas de&#8230;<\/p>\n\t\t<\/div>\n\n\t\t\t\t\t<div class=\"post-content-meta\">\n\t\t\t\t<div>\n\t\t\t\t\tPosted in:  <a href=\"https:\/\/grupnexus.com\/es\/category\/prensa\/nota-de-prensa\/\" rel=\"category tag\">Notas de prensa<\/a>\t\t\t\t<\/div>\n\t\t\t\t\t\t\t<\/div>\n\t\t\t<\/div>\n\t<\/div>\n<\/div>\n\t\t\t\t<\/div>\n\t\t\t\t\t\t\t<div class=\"page-content post-head list-item cbp-item post-14370 post type-post status-publish format-standard has-post-thumbnail hentry category-actualidad category-multimedia category-nota-de-prensa category-prensa\">\n\t\t\t\t\t<div class=\"post-article has-image-wrapper \">\n\t<meta itemscope itemprop=\"mainEntityOfPage\" itemid=\"https:\/\/grupnexus.com\/es\/la-medicina-estetica-al-servicio-de-la-salud-y-el-bienestar-ara-lleida\/\" \/><meta itemprop=\"datePublished\" content=\"2017-11-29\" \/><meta itemprop=\"dateModified\" content=\"2018-02-12\" \/><meta itemprop=\"headline\" content=\"Peri\u00f3dico \u00abAra\u00bb: La medicina est\u00e9tica al servicio de la salud y el bienestar\" \/><div itemprop=\"publisher\" itemscope itemtype=\"https:\/\/schema.org\/Organization\"><meta itemprop=\"name\" content=\"Cl\u00ednica Nexus\"><meta itemprop=\"url\" content=\"https:\/\/grupnexus.com\/es\/\"><div itemprop=\"logo\" itemscope itemtype=\"https:\/\/schema.org\/ImageObject\"><meta itemprop=\"url\" content=\"https:\/\/grupnexus.com\/wp-content\/uploads\/LOGO-300x751.png\"><\/div><\/div><div itemscope itemprop=\"author\" itemtype=\"http:\/\/schema.org\/Person\"><meta itemprop=\"url\" content=\"https:\/\/grupnexus.com\/es\/author\/administrador\/\" \/><meta itemprop=\"name\" content=\"Nexus\" \/><\/div><div itemscope itemprop=\"image\" itemtype=\"http:\/\/schema.org\/ImageObject\"><meta itemprop=\"url\" content=\"https:\/\/grupnexus.com\/wp-content\/uploads\/2018\/01\/P\u00e0g-11-Ara-Lleida-Nov.jpg\" \/><meta itemprop=\"width\" content=\"742\" \/><meta itemprop=\"height\" content=\"998\" \/><\/div><div itemprop=\"interactionStatistic\" itemscope itemtype=\"http:\/\/schema.org\/InteractionCounter\"><meta itemprop=\"interactionType\" content=\"http:\/\/schema.org\/CommentAction\" \/><meta itemprop=\"userInteractionCount\" content=\"0\" \/><\/div>\t<div class=\"standard-post-format clearfix as-image \">\n\t\t\t<div class=\"thumbnail\">\n\t\t\t\t\t\t<img width=\"262\" height=\"201\" src=\"https:\/\/grupnexus.com\/wp-content\/uploads\/2018\/01\/P\u00e0g-11-Ara-Lleida-Nov-262x201.jpg\" class=\"attachment-post-small-4 size-post-small-4 wp-post-image\" alt=\"\" loading=\"lazy\" srcset=\"https:\/\/grupnexus.com\/wp-content\/uploads\/2018\/01\/P\u00e0g-11-Ara-Lleida-Nov-262x201.jpg 262w, https:\/\/grupnexus.com\/wp-content\/uploads\/2018\/01\/P\u00e0g-11-Ara-Lleida-Nov-480x369.jpg 480w, https:\/\/grupnexus.com\/wp-content\/uploads\/2018\/01\/P\u00e0g-11-Ara-Lleida-Nov-555x426.jpg 555w, https:\/\/grupnexus.com\/wp-content\/uploads\/2018\/01\/P\u00e0g-11-Ara-Lleida-Nov-360x276.jpg 360w\" sizes=\"(min-width: 900px) 50vw, 100vw\" \/>\t\t\t<\/div>\n\n\t<div class=\"post-content-wrapper\">\n\t\t\t\t<header class=\"single\">\n\t\t\t<div class=\"content\">\n\t\t\t\t<h3>\n\t\t\t\t\t<a href=\"https:\/\/grupnexus.com\/es\/la-medicina-estetica-al-servicio-de-la-salud-y-el-bienestar-ara-lleida\/\" title=\"Peri\u00f3dico \u00abAra\u00bb: La medicina est\u00e9tica al servicio de la salud y el bienestar\" class=\"entry-title\">Peri\u00f3dico \u00abAra\u00bb: La medicina est\u00e9tica al servicio de la salud y el bienestar<\/a>\n\t\t\t\t<\/h3>\n\t\t\t<\/div>\n\t\t<\/header>\n\t\n\t\t<div class=\"post-actions-wrapper\">\n\t\t\t\t\t\t\t<div class=\"post-date\">\n\t\t\t\t\t29 noviembre, 2017\t\t\t\t<\/div>\n\t\t\t\t\t\t\t\t\t\t\n\t\t\t\t\t\t\t\t\t<\/div>\n\n\t\t<div class=\"post-content-outer\">\n\t\t\t<p>&nbsp; \u00a0\u201c\u00bfEn qu\u00e9 puedo ayudarte?\u201d, pregunta Montse Monjo a sus pacientes al inicio de cada&#8230;<\/p>\n\t\t<\/div>\n\n\t\t\t\t\t<div class=\"post-content-meta\">\n\t\t\t\t<div>\n\t\t\t\t\tPosted in:  <a href=\"https:\/\/grupnexus.com\/es\/category\/blog\/actualidad\/\" rel=\"category tag\">Actualidad<\/a>, <a href=\"https:\/\/grupnexus.com\/es\/category\/prensa\/multimedia\/\" rel=\"category tag\">Multimedia<\/a>, <a href=\"https:\/\/grupnexus.com\/es\/category\/prensa\/nota-de-prensa\/\" rel=\"category tag\">Notas de prensa<\/a>, <a href=\"https:\/\/grupnexus.com\/es\/category\/prensa\/\" rel=\"category tag\">Prensa<\/a>\t\t\t\t<\/div>\n\t\t\t\t\t\t\t<\/div>\n\t\t\t<\/div>\n\t<\/div>\n<\/div>\n\t\t\t\t<\/div>\n\t\t\t\t\t\t\t<div class=\"page-content post-head list-item cbp-item post-16095 post type-post status-publish format-standard has-post-thumbnail hentry category-nota-de-prensa category-noticias category-prensa\">\n\t\t\t\t\t<div class=\"post-article has-image-wrapper \">\n\t<meta itemscope itemprop=\"mainEntityOfPage\" itemid=\"https:\/\/grupnexus.com\/es\/medicina-estetica-servicio-salud-y-bienestar\/\" \/><meta itemprop=\"datePublished\" content=\"2017-11-29\" \/><meta itemprop=\"dateModified\" content=\"2018-09-24\" \/><meta itemprop=\"headline\" content=\"La medicina est\u00e9tica al servicio de la salud y el bienestar\" \/><div itemprop=\"publisher\" itemscope itemtype=\"https:\/\/schema.org\/Organization\"><meta itemprop=\"name\" content=\"Cl\u00ednica Nexus\"><meta itemprop=\"url\" content=\"https:\/\/grupnexus.com\/es\/\"><div itemprop=\"logo\" itemscope itemtype=\"https:\/\/schema.org\/ImageObject\"><meta itemprop=\"url\" content=\"https:\/\/grupnexus.com\/wp-content\/uploads\/LOGO-300x751.png\"><\/div><\/div><div itemscope itemprop=\"author\" itemtype=\"http:\/\/schema.org\/Person\"><meta itemprop=\"url\" content=\"https:\/\/grupnexus.com\/es\/author\/hst\/\" \/><meta itemprop=\"name\" content=\"Cl\u00ednica Nexus\" \/><\/div><div itemscope itemprop=\"image\" itemtype=\"http:\/\/schema.org\/ImageObject\"><meta itemprop=\"url\" content=\"https:\/\/grupnexus.com\/wp-content\/uploads\/2017\/11\/enquepucajudarteok.jpg\" \/><meta itemprop=\"width\" content=\"731\" \/><meta itemprop=\"height\" content=\"671\" \/><\/div><div itemprop=\"interactionStatistic\" itemscope itemtype=\"http:\/\/schema.org\/InteractionCounter\"><meta itemprop=\"interactionType\" content=\"http:\/\/schema.org\/CommentAction\" \/><meta itemprop=\"userInteractionCount\" content=\"0\" \/><\/div>\t<div class=\"standard-post-format clearfix as-image \">\n\t\t\t<div class=\"thumbnail\">\n\t\t\t\t\t\t<img width=\"262\" height=\"201\" src=\"https:\/\/grupnexus.com\/wp-content\/uploads\/2017\/11\/enquepucajudarteok-262x201.jpg\" class=\"attachment-post-small-4 size-post-small-4 wp-post-image\" alt=\"nexus\" loading=\"lazy\" srcset=\"https:\/\/grupnexus.com\/wp-content\/uploads\/2017\/11\/enquepucajudarteok-262x201.jpg 262w, https:\/\/grupnexus.com\/wp-content\/uploads\/2017\/11\/enquepucajudarteok-480x369.jpg 480w, https:\/\/grupnexus.com\/wp-content\/uploads\/2017\/11\/enquepucajudarteok-555x426.jpg 555w, https:\/\/grupnexus.com\/wp-content\/uploads\/2017\/11\/enquepucajudarteok-360x276.jpg 360w\" sizes=\"(min-width: 900px) 50vw, 100vw\" \/>\t\t\t<\/div>\n\n\t<div class=\"post-content-wrapper\">\n\t\t\t\t<header class=\"single\">\n\t\t\t<div class=\"content\">\n\t\t\t\t<h3>\n\t\t\t\t\t<a href=\"https:\/\/grupnexus.com\/es\/medicina-estetica-servicio-salud-y-bienestar\/\" title=\"La medicina est\u00e9tica al servicio de la salud y el bienestar\" class=\"entry-title\">La medicina est\u00e9tica al servicio de la salud y el bienestar<\/a>\n\t\t\t\t<\/h3>\n\t\t\t<\/div>\n\t\t<\/header>\n\t\n\t\t<div class=\"post-actions-wrapper\">\n\t\t\t\t\t\t\t<div class=\"post-date\">\n\t\t\t\t\t29 noviembre, 2017\t\t\t\t<\/div>\n\t\t\t\t\t\t\t\t\t\t\n\t\t\t\t\t\t\t\t\t<\/div>\n\n\t\t<div class=\"post-content-outer\">\n\t\t\t<p>\u00ab\u00bfEn qu\u00e9 puedo ayudarte?\u00bb, Pregunta Montse Monje a sus pacientes al inicio de cada consulta&#8230;.<\/p>\n\t\t<\/div>\n\n\t\t\t\t\t<div class=\"post-content-meta\">\n\t\t\t\t<div>\n\t\t\t\t\tPosted in:  <a href=\"https:\/\/grupnexus.com\/es\/category\/prensa\/nota-de-prensa\/\" rel=\"category tag\">Notas de prensa<\/a>, <a href=\"https:\/\/grupnexus.com\/es\/category\/prensa\/noticias\/\" rel=\"category tag\">Noticias<\/a>, <a href=\"https:\/\/grupnexus.com\/es\/category\/prensa\/\" rel=\"category tag\">Prensa<\/a>\t\t\t\t<\/div>\n\t\t\t\t\t\t\t<\/div>\n\t\t\t<\/div>\n\t<\/div>\n<\/div>\n\t\t\t\t<\/div>\n\t\t\t\t\t\t\t<div class=\"page-content post-head list-item cbp-item post-16056 post type-post status-publish format-standard has-post-thumbnail hentry category-nota-de-prensa category-noticias category-prensa\">\n\t\t\t\t\t<div class=\"post-article has-image-wrapper \">\n\t<meta itemscope itemprop=\"mainEntityOfPage\" itemid=\"https:\/\/grupnexus.com\/es\/entendemos-belleza-como-sinonimo-estilo-vida-saludable-cuerpo-y-mente\/\" \/><meta itemprop=\"datePublished\" content=\"2017-08-04\" \/><meta itemprop=\"dateModified\" content=\"2018-09-12\" \/><meta itemprop=\"headline\" content=\"\u00abEntendemos la belleza como sin\u00f3nimo de estilo de vida saludable, en cuerpo y mente\u00bb\" \/><div itemprop=\"publisher\" itemscope itemtype=\"https:\/\/schema.org\/Organization\"><meta itemprop=\"name\" content=\"Cl\u00ednica Nexus\"><meta itemprop=\"url\" content=\"https:\/\/grupnexus.com\/es\/\"><div itemprop=\"logo\" itemscope itemtype=\"https:\/\/schema.org\/ImageObject\"><meta itemprop=\"url\" content=\"https:\/\/grupnexus.com\/wp-content\/uploads\/LOGO-300x751.png\"><\/div><\/div><div itemscope itemprop=\"author\" itemtype=\"http:\/\/schema.org\/Person\"><meta itemprop=\"url\" content=\"https:\/\/grupnexus.com\/es\/author\/hst\/\" \/><meta itemprop=\"name\" content=\"Cl\u00ednica Nexus\" \/><\/div><div itemscope itemprop=\"image\" itemtype=\"http:\/\/schema.org\/ImageObject\"><meta itemprop=\"url\" content=\"https:\/\/grupnexus.com\/wp-content\/uploads\/2018\/02\/montse-mojo.jpg\" \/><meta itemprop=\"width\" content=\"473\" \/><meta itemprop=\"height\" content=\"678\" \/><\/div><div itemprop=\"interactionStatistic\" itemscope itemtype=\"http:\/\/schema.org\/InteractionCounter\"><meta itemprop=\"interactionType\" content=\"http:\/\/schema.org\/CommentAction\" \/><meta itemprop=\"userInteractionCount\" content=\"0\" \/><\/div>\t<div class=\"standard-post-format clearfix as-image \">\n\t\t\t<div class=\"thumbnail\">\n\t\t\t\t\t\t<img width=\"262\" height=\"201\" src=\"https:\/\/grupnexus.com\/wp-content\/uploads\/2018\/02\/montse-mojo-262x201.jpg\" class=\"attachment-post-small-4 size-post-small-4 wp-post-image\" alt=\"\" loading=\"lazy\" srcset=\"https:\/\/grupnexus.com\/wp-content\/uploads\/2018\/02\/montse-mojo-262x201.jpg 262w, https:\/\/grupnexus.com\/wp-content\/uploads\/2018\/02\/montse-mojo-360x276.jpg 360w\" sizes=\"(min-width: 900px) 50vw, 100vw\" \/>\t\t\t<\/div>\n\n\t<div class=\"post-content-wrapper\">\n\t\t\t\t<header class=\"single\">\n\t\t\t<div class=\"content\">\n\t\t\t\t<h3>\n\t\t\t\t\t<a href=\"https:\/\/grupnexus.com\/es\/entendemos-belleza-como-sinonimo-estilo-vida-saludable-cuerpo-y-mente\/\" title=\"\u00abEntendemos la belleza como sin\u00f3nimo de estilo de vida saludable, en cuerpo y mente\u00bb\" class=\"entry-title\">\u00abEntendemos la belleza como sin\u00f3nimo de estilo de vida saludable, en cuerpo y mente\u00bb<\/a>\n\t\t\t\t<\/h3>\n\t\t\t<\/div>\n\t\t<\/header>\n\t\n\t\t<div class=\"post-actions-wrapper\">\n\t\t\t\t\t\t\t<div class=\"post-date\">\n\t\t\t\t\t4 agosto, 2017\t\t\t\t<\/div>\n\t\t\t\t\t\t\t\t\t\t\n\t\t\t\t\t\t\t\t\t<\/div>\n\n\t\t<div class=\"post-content-outer\">\n\t\t\t<p>Vitalista, luchadora, alegre y optimista. Quienes la conocen bien dicen que es rigurosa y exigente&#8230;<\/p>\n\t\t<\/div>\n\n\t\t\t\t\t<div class=\"post-content-meta\">\n\t\t\t\t<div>\n\t\t\t\t\tPosted in:  <a href=\"https:\/\/grupnexus.com\/es\/category\/prensa\/nota-de-prensa\/\" rel=\"category tag\">Notas de prensa<\/a>, <a href=\"https:\/\/grupnexus.com\/es\/category\/prensa\/noticias\/\" rel=\"category tag\">Noticias<\/a>, <a href=\"https:\/\/grupnexus.com\/es\/category\/prensa\/\" rel=\"category tag\">Prensa<\/a>\t\t\t\t<\/div>\n\t\t\t\t\t\t\t<\/div>\n\t\t\t<\/div>\n\t<\/div>\n<\/div>\n\t\t\t\t<\/div>\n\t\t\t\t\t\t\t<div class=\"page-content post-head list-item cbp-item post-12771 post type-post status-publish format-standard has-post-thumbnail hentry category-actualidad category-nota-de-prensa\">\n\t\t\t\t\t<div class=\"post-article has-image-wrapper \">\n\t<meta itemscope itemprop=\"mainEntityOfPage\" itemid=\"https:\/\/grupnexus.com\/es\/revista-belleza-medica-picosure\/\" \/><meta itemprop=\"datePublished\" content=\"2017-06-27\" \/><meta itemprop=\"dateModified\" content=\"2018-09-24\" \/><meta itemprop=\"headline\" content=\"La prestigiosa revista \u201cBelleza M\u00e9dica\u201d destaca al Dr. Pin\u00f3s, Director M\u00e9dico de Cl\u00ednica Nexus\" \/><div itemprop=\"publisher\" itemscope itemtype=\"https:\/\/schema.org\/Organization\"><meta itemprop=\"name\" content=\"Cl\u00ednica Nexus\"><meta itemprop=\"url\" content=\"https:\/\/grupnexus.com\/es\/\"><div itemprop=\"logo\" itemscope itemtype=\"https:\/\/schema.org\/ImageObject\"><meta itemprop=\"url\" content=\"https:\/\/grupnexus.com\/wp-content\/uploads\/LOGO-300x751.png\"><\/div><\/div><div itemscope itemprop=\"author\" itemtype=\"http:\/\/schema.org\/Person\"><meta itemprop=\"url\" content=\"https:\/\/grupnexus.com\/es\/author\/administrador\/\" \/><meta itemprop=\"name\" content=\"Nexus\" \/><\/div><div itemscope itemprop=\"image\" itemtype=\"http:\/\/schema.org\/ImageObject\"><meta itemprop=\"url\" content=\"https:\/\/grupnexus.com\/wp-content\/uploads\/2017\/06\/picosure-magazine-junio-2017-2.jpg\" \/><meta itemprop=\"width\" content=\"900\" \/><meta itemprop=\"height\" content=\"600\" \/><\/div><div itemprop=\"interactionStatistic\" itemscope itemtype=\"http:\/\/schema.org\/InteractionCounter\"><meta itemprop=\"interactionType\" content=\"http:\/\/schema.org\/CommentAction\" \/><meta itemprop=\"userInteractionCount\" content=\"0\" \/><\/div>\t<div class=\"standard-post-format clearfix as-image \">\n\t\t\t<div class=\"thumbnail\">\n\t\t\t\t\t\t<img width=\"262\" height=\"201\" src=\"https:\/\/grupnexus.com\/wp-content\/uploads\/2017\/06\/picosure-magazine-junio-2017-2-262x201.jpg\" class=\"attachment-post-small-4 size-post-small-4 wp-post-image\" alt=\"Belleza M\u00e9dica N\u00ba 31\" loading=\"lazy\" srcset=\"https:\/\/grupnexus.com\/wp-content\/uploads\/2017\/06\/picosure-magazine-junio-2017-2-262x201.jpg 262w, https:\/\/grupnexus.com\/wp-content\/uploads\/2017\/06\/picosure-magazine-junio-2017-2-480x369.jpg 480w, https:\/\/grupnexus.com\/wp-content\/uploads\/2017\/06\/picosure-magazine-junio-2017-2-555x426.jpg 555w, https:\/\/grupnexus.com\/wp-content\/uploads\/2017\/06\/picosure-magazine-junio-2017-2-360x276.jpg 360w\" sizes=\"(min-width: 900px) 50vw, 100vw\" \/>\t\t\t<\/div>\n\n\t<div class=\"post-content-wrapper\">\n\t\t\t\t<header class=\"single\">\n\t\t\t<div class=\"content\">\n\t\t\t\t<h3>\n\t\t\t\t\t<a href=\"https:\/\/grupnexus.com\/es\/revista-belleza-medica-picosure\/\" title=\"La prestigiosa revista \u201cBelleza M\u00e9dica\u201d destaca al Dr. Pin\u00f3s, Director M\u00e9dico de Cl\u00ednica Nexus\" class=\"entry-title\">La prestigiosa revista \u201cBelleza M\u00e9dica\u201d destaca al Dr. Pin\u00f3s, Director M\u00e9dico de Cl\u00ednica Nexus<\/a>\n\t\t\t\t<\/h3>\n\t\t\t<\/div>\n\t\t<\/header>\n\t\n\t\t<div class=\"post-actions-wrapper\">\n\t\t\t\t\t\t\t<div class=\"post-date\">\n\t\t\t\t\t27 junio, 2017\t\t\t\t<\/div>\n\t\t\t\t\t\t\t\t\t\t\n\t\t\t\t\t\t\t\t\t<\/div>\n\n\t\t<div class=\"post-content-outer\">\n\t\t\t<p>La prestigiosa revista del sector M\u00e9dico-Est\u00e9tico, \u00abBelleza M\u00e9dica\u00bb, n\u00famero 31 destaca, p\u00e1gina 41, apartado \u00abActualidad\u00bb,&#8230;<\/p>\n\t\t<\/div>\n\n\t\t\t\t\t<div class=\"post-content-meta\">\n\t\t\t\t<div>\n\t\t\t\t\tPosted in:  <a href=\"https:\/\/grupnexus.com\/es\/category\/blog\/actualidad\/\" rel=\"category tag\">Actualidad<\/a>, <a href=\"https:\/\/grupnexus.com\/es\/category\/prensa\/nota-de-prensa\/\" rel=\"category tag\">Notas de prensa<\/a>\t\t\t\t<\/div>\n\t\t\t\t\t\t\t<\/div>\n\t\t\t<\/div>\n\t<\/div>\n<\/div>\n\t\t\t\t<\/div>\n\t\t\t\t<\/div>\n<\/div>\n\n<\/div><\/div><\/div><\/div>\n<div class=\"row \"><div class=\"wpv-grid grid-1-1  wpv-first-level first has-background unextended\" style=\"background-color:#ffffff;padding-top:30px;padding-bottom:30px\" id=\"wpv-column-25a7bb4ed9a315928b57a3c05a32610f\" ><style scoped>#wpv-column-25a7bb4ed9a315928b57a3c05a32610f p,#wpv-column-25a7bb4ed9a315928b57a3c05a32610f em,#wpv-column-25a7bb4ed9a315928b57a3c05a32610f .column-title,#wpv-column-25a7bb4ed9a315928b57a3c05a32610f .sep-text h2.regular-title-wrapper,#wpv-column-25a7bb4ed9a315928b57a3c05a32610f .text-divider-double,#wpv-column-25a7bb4ed9a315928b57a3c05a32610f .sep-text .sep-text-line,#wpv-column-25a7bb4ed9a315928b57a3c05a32610f .sep,#wpv-column-25a7bb4ed9a315928b57a3c05a32610f .sep-2,#wpv-column-25a7bb4ed9a315928b57a3c05a32610f .sep-3,#wpv-column-25a7bb4ed9a315928b57a3c05a32610f td,#wpv-column-25a7bb4ed9a315928b57a3c05a32610f th,#wpv-column-25a7bb4ed9a315928b57a3c05a32610f caption{color:#808080;}#wpv-column-25a7bb4ed9a315928b57a3c05a32610f:before{background-color:transparent;}<\/style><div class=\"row \"><div class=\"wpv-grid grid-1-1  first unextended animation-fade-in animated-active\" style=\"padding-top:0px;padding-bottom:0px\" id=\"wpv-column-048b3aad0dfb84890a16efc5c7cc9db4\" >\t\t<h2 class=\"text-divider-double\">\t\t\tMultimedia\t\t<\/h2>\t\t<div class=\"sep\"><\/div>\t<div class=\"loop-wrapper clearfix news scroll-x\">\n\t<div class=\"vamtam-cubeportfolio cbp cbp-slider-edge\" data-options=\"{&quot;layoutMode&quot;:&quot;slider&quot;,&quot;drag&quot;:true,&quot;auto&quot;:false,&quot;autoTimeout&quot;:5000,&quot;autoPauseOnHover&quot;:true,&quot;showNavigation&quot;:true,&quot;showPagination&quot;:false,&quot;scrollByPage&quot;:false,&quot;gridAdjustment&quot;:&quot;responsive&quot;,&quot;mediaQueries&quot;:[{&quot;width&quot;:1260,&quot;cols&quot;:4},{&quot;width&quot;:937.5,&quot;cols&quot;:3},{&quot;width&quot;:615,&quot;cols&quot;:2},{&quot;width&quot;:292.5,&quot;cols&quot;:1}],&quot;gapHorizontal&quot;:0,&quot;gapVertical&quot;:30,&quot;displayTypeSpeed&quot;:100}\">\n\t\t\t\t\t\t<div class=\"page-content post-head list-item cbp-item post-18875 post type-post status-publish format-standard has-post-thumbnail hentry category-multimedia category-prensa\">\n\t\t\t\t\t<div class=\"post-article has-image-wrapper \">\n\t<meta itemscope itemprop=\"mainEntityOfPage\" itemid=\"https:\/\/grupnexus.com\/es\/ap-lleida-empresarias-profesionales-y-directivas-al-poder\/\" \/><meta itemprop=\"datePublished\" content=\"2018-11-15\" \/><meta itemprop=\"dateModified\" content=\"2018-12-10\" \/><meta itemprop=\"headline\" content=\"Ap! Lleida, empresarias, profesionales y directivas al poder\" \/><div itemprop=\"publisher\" itemscope itemtype=\"https:\/\/schema.org\/Organization\"><meta itemprop=\"name\" content=\"Cl\u00ednica Nexus\"><meta itemprop=\"url\" content=\"https:\/\/grupnexus.com\/es\/\"><div itemprop=\"logo\" itemscope itemtype=\"https:\/\/schema.org\/ImageObject\"><meta itemprop=\"url\" content=\"https:\/\/grupnexus.com\/wp-content\/uploads\/LOGO-300x751.png\"><\/div><\/div><div itemscope itemprop=\"author\" itemtype=\"http:\/\/schema.org\/Person\"><meta itemprop=\"url\" content=\"https:\/\/grupnexus.com\/es\/author\/hst\/\" \/><meta itemprop=\"name\" content=\"Cl\u00ednica Nexus\" \/><\/div><div itemscope itemprop=\"image\" itemtype=\"http:\/\/schema.org\/ImageObject\"><meta itemprop=\"url\" content=\"https:\/\/grupnexus.com\/wp-content\/uploads\/2018\/11\/IMG_8484.jpeg\" \/><meta itemprop=\"width\" content=\"458\" \/><meta itemprop=\"height\" content=\"256\" \/><\/div><div itemprop=\"interactionStatistic\" itemscope itemtype=\"http:\/\/schema.org\/InteractionCounter\"><meta itemprop=\"interactionType\" content=\"http:\/\/schema.org\/CommentAction\" \/><meta itemprop=\"userInteractionCount\" content=\"0\" \/><\/div>\t<div class=\"standard-post-format clearfix as-image \">\n\t\t\t<div class=\"thumbnail\">\n\t\t\t\t\t\t<img width=\"262\" height=\"201\" src=\"https:\/\/grupnexus.com\/wp-content\/uploads\/2018\/11\/IMG_8484-262x201.jpeg\" class=\"attachment-post-small-4 size-post-small-4 wp-post-image\" alt=\"\" loading=\"lazy\" \/>\t\t\t<\/div>\n\n\t<div class=\"post-content-wrapper\">\n\t\t\t\t<header class=\"single\">\n\t\t\t<div class=\"content\">\n\t\t\t\t<h3>\n\t\t\t\t\t<a href=\"https:\/\/grupnexus.com\/es\/ap-lleida-empresarias-profesionales-y-directivas-al-poder\/\" title=\"Ap! Lleida, empresarias, profesionales y directivas al poder\" class=\"entry-title\">Ap! Lleida, empresarias, profesionales y directivas al poder<\/a>\n\t\t\t\t<\/h3>\n\t\t\t<\/div>\n\t\t<\/header>\n\t\n\t\t<div class=\"post-actions-wrapper\">\n\t\t\t\t\t\t\t<div class=\"post-date\">\n\t\t\t\t\t15 noviembre, 2018\t\t\t\t<\/div>\n\t\t\t\t\t\t\t\t\t\t\n\t\t\t\t\t\t\t\t\t<\/div>\n\n\t\t<div class=\"post-content-outer\">\n\t\t\t<p>Cuando hablamos de desigualdad entre hombres y mujeres en el mundo laboral, o de invisibilidad&#8230;<\/p>\n\t\t<\/div>\n\n\t\t\t\t\t<div class=\"post-content-meta\">\n\t\t\t\t<div>\n\t\t\t\t\tPosted in:  <a href=\"https:\/\/grupnexus.com\/es\/category\/prensa\/multimedia\/\" rel=\"category tag\">Multimedia<\/a>, <a href=\"https:\/\/grupnexus.com\/es\/category\/prensa\/\" rel=\"category tag\">Prensa<\/a>\t\t\t\t<\/div>\n\t\t\t\t\t\t\t<\/div>\n\t\t\t<\/div>\n\t<\/div>\n<\/div>\n\t\t\t\t<\/div>\n\t\t\t\t\t\t\t<div class=\"page-content post-head list-item cbp-item post-15457 post type-post status-publish format-standard has-post-thumbnail hentry category-multimedia category-prensa\">\n\t\t\t\t\t<div class=\"post-article has-image-wrapper \">\n\t<meta itemscope itemprop=\"mainEntityOfPage\" itemid=\"https:\/\/grupnexus.com\/es\/dr-samuel-pinos-asesor-programa-quequicom-tv3-dedicado-eliminacion-tatuajes\/\" \/><meta itemprop=\"datePublished\" content=\"2018-05-15\" \/><meta itemprop=\"dateModified\" content=\"2018-05-15\" \/><meta itemprop=\"headline\" content=\"Dr. Samuel Pin\u00f3s, asesor del programa \u00abQu\u00e8quicom\u00bb de TV3, dedicado a la eliminaci\u00f3n de tatuajes.\" \/><div itemprop=\"publisher\" itemscope itemtype=\"https:\/\/schema.org\/Organization\"><meta itemprop=\"name\" content=\"Cl\u00ednica Nexus\"><meta itemprop=\"url\" content=\"https:\/\/grupnexus.com\/es\/\"><div itemprop=\"logo\" itemscope itemtype=\"https:\/\/schema.org\/ImageObject\"><meta itemprop=\"url\" content=\"https:\/\/grupnexus.com\/wp-content\/uploads\/LOGO-300x751.png\"><\/div><\/div><div itemscope itemprop=\"author\" itemtype=\"http:\/\/schema.org\/Person\"><meta itemprop=\"url\" content=\"https:\/\/grupnexus.com\/es\/author\/hst\/\" \/><meta itemprop=\"name\" content=\"Cl\u00ednica Nexus\" \/><\/div><div itemscope itemprop=\"image\" itemtype=\"http:\/\/schema.org\/ImageObject\"><meta itemprop=\"url\" content=\"https:\/\/grupnexus.com\/wp-content\/uploads\/2018\/05\/CP1.png\" \/><meta itemprop=\"width\" content=\"1280\" \/><meta itemprop=\"height\" content=\"720\" \/><\/div><div itemprop=\"interactionStatistic\" itemscope itemtype=\"http:\/\/schema.org\/InteractionCounter\"><meta itemprop=\"interactionType\" content=\"http:\/\/schema.org\/CommentAction\" \/><meta itemprop=\"userInteractionCount\" content=\"0\" \/><\/div>\t<div class=\"standard-post-format clearfix as-image \">\n\t\t\t<div class=\"thumbnail\">\n\t\t\t\t\t\t<img width=\"262\" height=\"201\" src=\"https:\/\/grupnexus.com\/wp-content\/uploads\/2018\/05\/CP1-262x201.png\" class=\"attachment-post-small-4 size-post-small-4 wp-post-image\" alt=\"\" loading=\"lazy\" srcset=\"https:\/\/grupnexus.com\/wp-content\/uploads\/2018\/05\/CP1-262x201.png 262w, https:\/\/grupnexus.com\/wp-content\/uploads\/2018\/05\/CP1-480x369.png 480w, https:\/\/grupnexus.com\/wp-content\/uploads\/2018\/05\/CP1-555x426.png 555w, https:\/\/grupnexus.com\/wp-content\/uploads\/2018\/05\/CP1-360x276.png 360w\" sizes=\"(min-width: 900px) 50vw, 100vw\" \/>\t\t\t<\/div>\n\n\t<div class=\"post-content-wrapper\">\n\t\t\t\t<header class=\"single\">\n\t\t\t<div class=\"content\">\n\t\t\t\t<h3>\n\t\t\t\t\t<a href=\"https:\/\/grupnexus.com\/es\/dr-samuel-pinos-asesor-programa-quequicom-tv3-dedicado-eliminacion-tatuajes\/\" title=\"Dr. Samuel Pin\u00f3s, asesor del programa \u00abQu\u00e8quicom\u00bb de TV3, dedicado a la eliminaci\u00f3n de tatuajes.\" class=\"entry-title\">Dr. Samuel Pin\u00f3s, asesor del programa \u00abQu\u00e8quicom\u00bb de TV3, dedicado a la eliminaci\u00f3n de tatuajes.<\/a>\n\t\t\t\t<\/h3>\n\t\t\t<\/div>\n\t\t<\/header>\n\t\n\t\t<div class=\"post-actions-wrapper\">\n\t\t\t\t\t\t\t<div class=\"post-date\">\n\t\t\t\t\t15 mayo, 2018\t\t\t\t<\/div>\n\t\t\t\t\t\t\t\t\t\t\n\t\t\t\t\t\t\t\t\t<\/div>\n\n\t\t<div class=\"post-content-outer\">\n\t\t\t<p>La direcci\u00f3n del programa de divulgaci\u00f3n cient\u00edfica de TV3 \u00abQu\u00e8quicom\u00bb ha seleccionado a nuestro director&#8230;<\/p>\n\t\t<\/div>\n\n\t\t\t\t\t<div class=\"post-content-meta\">\n\t\t\t\t<div>\n\t\t\t\t\tPosted in:  <a href=\"https:\/\/grupnexus.com\/es\/category\/prensa\/multimedia\/\" rel=\"category tag\">Multimedia<\/a>, <a href=\"https:\/\/grupnexus.com\/es\/category\/prensa\/\" rel=\"category tag\">Prensa<\/a>\t\t\t\t<\/div>\n\t\t\t\t\t\t\t<\/div>\n\t\t\t<\/div>\n\t<\/div>\n<\/div>\n\t\t\t\t<\/div>\n\t\t\t\t\t\t\t<div class=\"page-content post-head list-item cbp-item post-16532 post type-post status-publish format-video hentry category-multimedia post_format-post-format-video\">\n\t\t\t\t\t<div class=\"post-article has-image-wrapper \">\n\t<meta itemscope itemprop=\"mainEntityOfPage\" itemid=\"https:\/\/grupnexus.com\/es\/lleida-go-run-it-nexus-2018\/\" \/><meta itemprop=\"datePublished\" content=\"2018-05-02\" \/><meta itemprop=\"dateModified\" content=\"2018-07-26\" \/><meta itemprop=\"headline\" content=\"Lleida Go Run It Nexus 2018\" \/><div itemprop=\"publisher\" itemscope itemtype=\"https:\/\/schema.org\/Organization\"><meta itemprop=\"name\" content=\"Cl\u00ednica Nexus\"><meta itemprop=\"url\" content=\"https:\/\/grupnexus.com\/es\/\"><div itemprop=\"logo\" itemscope itemtype=\"https:\/\/schema.org\/ImageObject\"><meta itemprop=\"url\" content=\"https:\/\/grupnexus.com\/wp-content\/uploads\/LOGO-300x751.png\"><\/div><\/div><div itemscope itemprop=\"author\" itemtype=\"http:\/\/schema.org\/Person\"><meta itemprop=\"url\" content=\"https:\/\/grupnexus.com\/es\/author\/hst\/\" \/><meta itemprop=\"name\" content=\"Cl\u00ednica Nexus\" \/><\/div><div itemprop=\"interactionStatistic\" itemscope itemtype=\"http:\/\/schema.org\/InteractionCounter\"><meta itemprop=\"interactionType\" content=\"http:\/\/schema.org\/CommentAction\" \/><meta itemprop=\"userInteractionCount\" content=\"0\" \/><\/div>\t<div class=\"video-post-format clearfix as-normal \">\n\t\t\t<div class=\"thumbnail\">\n\t\t\t\t\t\t<div class=\"wpv-video-frame\"><iframe title=\"Lleida Go Run It Nexus 2018\" width=\"1380\" height=\"776\" src=\"https:\/\/www.youtube.com\/embed\/-LwAnp4UTDk?feature=oembed\" frameborder=\"0\" allow=\"accelerometer; autoplay; clipboard-write; encrypted-media; gyroscope; picture-in-picture\" allowfullscreen><\/iframe><\/div>\t\t\t<\/div>\n\n\t<div class=\"post-content-wrapper\">\n\t\t\t\t<header class=\"single\">\n\t\t\t<div class=\"content\">\n\t\t\t\t<h3>\n\t\t\t\t\t<a href=\"https:\/\/grupnexus.com\/es\/lleida-go-run-it-nexus-2018\/\" title=\"Lleida Go Run It Nexus 2018\" class=\"entry-title\">Lleida Go Run It Nexus 2018<\/a>\n\t\t\t\t<\/h3>\n\t\t\t<\/div>\n\t\t<\/header>\n\t\n\t\t<div class=\"post-actions-wrapper\">\n\t\t\t\t\t\t\t<div class=\"post-date\">\n\t\t\t\t\t2 mayo, 2018\t\t\t\t<\/div>\n\t\t\t\t\t\t\t\t\t\t\n\t\t\t\t\t\t\t\t\t<\/div>\n\n\t\t<div class=\"post-content-outer\">\n\t\t\t\t\t<\/div>\n\n\t\t\t\t\t<div class=\"post-content-meta\">\n\t\t\t\t<div>\n\t\t\t\t\tPosted in:  <a href=\"https:\/\/grupnexus.com\/es\/category\/prensa\/multimedia\/\" rel=\"category tag\">Multimedia<\/a>\t\t\t\t<\/div>\n\t\t\t\t\t\t\t<\/div>\n\t\t\t<\/div>\n\t<\/div>\n<\/div>\n\t\t\t\t<\/div>\n\t\t\t\t\t\t\t<div class=\"page-content post-head list-item cbp-item post-16527 post type-post status-publish format-video hentry category-multimedia post_format-post-format-video\">\n\t\t\t\t\t<div class=\"post-article has-image-wrapper \">\n\t<meta itemscope itemprop=\"mainEntityOfPage\" itemid=\"https:\/\/grupnexus.com\/es\/ganadora-sorteo-nexus-carrera-bomberos-lleida-2018\/\" \/><meta itemprop=\"datePublished\" content=\"2018-04-25\" \/><meta itemprop=\"dateModified\" content=\"2018-07-26\" \/><meta itemprop=\"headline\" content=\"Ganadora sorteo Nexus a Carrera de Bomberos Lleida 2018\" \/><div itemprop=\"publisher\" itemscope itemtype=\"https:\/\/schema.org\/Organization\"><meta itemprop=\"name\" content=\"Cl\u00ednica Nexus\"><meta itemprop=\"url\" content=\"https:\/\/grupnexus.com\/es\/\"><div itemprop=\"logo\" itemscope itemtype=\"https:\/\/schema.org\/ImageObject\"><meta itemprop=\"url\" content=\"https:\/\/grupnexus.com\/wp-content\/uploads\/LOGO-300x751.png\"><\/div><\/div><div itemscope itemprop=\"author\" itemtype=\"http:\/\/schema.org\/Person\"><meta itemprop=\"url\" content=\"https:\/\/grupnexus.com\/es\/author\/hst\/\" \/><meta itemprop=\"name\" content=\"Cl\u00ednica Nexus\" \/><\/div><div itemprop=\"interactionStatistic\" itemscope itemtype=\"http:\/\/schema.org\/InteractionCounter\"><meta itemprop=\"interactionType\" content=\"http:\/\/schema.org\/CommentAction\" \/><meta itemprop=\"userInteractionCount\" content=\"0\" \/><\/div>\t<div class=\"video-post-format clearfix as-normal \">\n\t\t\t<div class=\"thumbnail\">\n\t\t\t\t\t\t<div class=\"wpv-video-frame\"><iframe title=\"Guanyadora sorteig Nexus a Cursa de Bombers Lleida 2018\" width=\"1380\" height=\"776\" src=\"https:\/\/www.youtube.com\/embed\/Pe5Sr1Wev2E?feature=oembed\" frameborder=\"0\" allow=\"accelerometer; autoplay; clipboard-write; encrypted-media; gyroscope; picture-in-picture\" allowfullscreen><\/iframe><\/div>\t\t\t<\/div>\n\n\t<div class=\"post-content-wrapper\">\n\t\t\t\t<header class=\"single\">\n\t\t\t<div class=\"content\">\n\t\t\t\t<h3>\n\t\t\t\t\t<a href=\"https:\/\/grupnexus.com\/es\/ganadora-sorteo-nexus-carrera-bomberos-lleida-2018\/\" title=\"Ganadora sorteo Nexus a Carrera de Bomberos Lleida 2018\" class=\"entry-title\">Ganadora sorteo Nexus a Carrera de Bomberos Lleida 2018<\/a>\n\t\t\t\t<\/h3>\n\t\t\t<\/div>\n\t\t<\/header>\n\t\n\t\t<div class=\"post-actions-wrapper\">\n\t\t\t\t\t\t\t<div class=\"post-date\">\n\t\t\t\t\t25 abril, 2018\t\t\t\t<\/div>\n\t\t\t\t\t\t\t\t\t\t\n\t\t\t\t\t\t\t\t\t<\/div>\n\n\t\t<div class=\"post-content-outer\">\n\t\t\t\t\t<\/div>\n\n\t\t\t\t\t<div class=\"post-content-meta\">\n\t\t\t\t<div>\n\t\t\t\t\tPosted in:  <a href=\"https:\/\/grupnexus.com\/es\/category\/prensa\/multimedia\/\" rel=\"category tag\">Multimedia<\/a>\t\t\t\t<\/div>\n\t\t\t\t\t\t\t<\/div>\n\t\t\t<\/div>\n\t<\/div>\n<\/div>\n\t\t\t\t<\/div>\n\t\t\t\t\t\t\t<div class=\"page-content post-head list-item cbp-item post-16591 post type-post status-publish format-video hentry category-multimedia post_format-post-format-video\">\n\t\t\t\t\t<div class=\"post-article has-image-wrapper \">\n\t<meta itemscope itemprop=\"mainEntityOfPage\" itemid=\"https:\/\/grupnexus.com\/es\/ganadora-sorteo-lote-productos-cosmeticos-esthederm\/\" \/><meta itemprop=\"datePublished\" content=\"2018-03-11\" \/><meta itemprop=\"dateModified\" content=\"2018-07-26\" \/><meta itemprop=\"headline\" content=\"Ganadora del sorteo de un lote de productos cosm\u00e9ticos Esthederm\" \/><div itemprop=\"publisher\" itemscope itemtype=\"https:\/\/schema.org\/Organization\"><meta itemprop=\"name\" content=\"Cl\u00ednica Nexus\"><meta itemprop=\"url\" content=\"https:\/\/grupnexus.com\/es\/\"><div itemprop=\"logo\" itemscope itemtype=\"https:\/\/schema.org\/ImageObject\"><meta itemprop=\"url\" content=\"https:\/\/grupnexus.com\/wp-content\/uploads\/LOGO-300x751.png\"><\/div><\/div><div itemscope itemprop=\"author\" itemtype=\"http:\/\/schema.org\/Person\"><meta itemprop=\"url\" content=\"https:\/\/grupnexus.com\/es\/author\/hst\/\" \/><meta itemprop=\"name\" content=\"Cl\u00ednica Nexus\" \/><\/div><div itemprop=\"interactionStatistic\" itemscope itemtype=\"http:\/\/schema.org\/InteractionCounter\"><meta itemprop=\"interactionType\" content=\"http:\/\/schema.org\/CommentAction\" \/><meta itemprop=\"userInteractionCount\" content=\"0\" \/><\/div>\t<div class=\"video-post-format clearfix as-normal \">\n\t\t\t<div class=\"thumbnail\">\n\t\t\t\t\t\t<a href=\"https:\/\/www.facebook.com\/NexusGroupLleida\/videos\/1995153387179443\/\">https:\/\/www.facebook.com\/NexusGroupLleida\/videos\/1995153387179443\/<\/a>\t\t\t<\/div>\n\n\t<div class=\"post-content-wrapper\">\n\t\t\t\t<header class=\"single\">\n\t\t\t<div class=\"content\">\n\t\t\t\t<h3>\n\t\t\t\t\t<a href=\"https:\/\/grupnexus.com\/es\/ganadora-sorteo-lote-productos-cosmeticos-esthederm\/\" title=\"Ganadora del sorteo de un lote de productos cosm\u00e9ticos Esthederm\" class=\"entry-title\">Ganadora del sorteo de un lote de productos cosm\u00e9ticos Esthederm<\/a>\n\t\t\t\t<\/h3>\n\t\t\t<\/div>\n\t\t<\/header>\n\t\n\t\t<div class=\"post-actions-wrapper\">\n\t\t\t\t\t\t\t<div class=\"post-date\">\n\t\t\t\t\t11 marzo, 2018\t\t\t\t<\/div>\n\t\t\t\t\t\t\t\t\t\t\n\t\t\t\t\t\t\t\t\t<\/div>\n\n\t\t<div class=\"post-content-outer\">\n\t\t\t\t\t<\/div>\n\n\t\t\t\t\t<div class=\"post-content-meta\">\n\t\t\t\t<div>\n\t\t\t\t\tPosted in:  <a href=\"https:\/\/grupnexus.com\/es\/category\/prensa\/multimedia\/\" rel=\"category tag\">Multimedia<\/a>\t\t\t\t<\/div>\n\t\t\t\t\t\t\t<\/div>\n\t\t\t<\/div>\n\t<\/div>\n<\/div>\n\t\t\t\t<\/div>\n\t\t\t\t\t\t\t<div class=\"page-content post-head list-item cbp-item post-16589 post type-post status-publish format-video hentry category-multimedia post_format-post-format-video\">\n\t\t\t\t\t<div class=\"post-article has-image-wrapper \">\n\t<meta itemscope itemprop=\"mainEntityOfPage\" itemid=\"https:\/\/grupnexus.com\/es\/carrera-mujer-2018\/\" \/><meta itemprop=\"datePublished\" content=\"2018-03-11\" \/><meta itemprop=\"dateModified\" content=\"2020-03-09\" \/><meta itemprop=\"headline\" content=\"Carrera de la Mujer 2018\" \/><div itemprop=\"publisher\" itemscope itemtype=\"https:\/\/schema.org\/Organization\"><meta itemprop=\"name\" content=\"Cl\u00ednica Nexus\"><meta itemprop=\"url\" content=\"https:\/\/grupnexus.com\/es\/\"><div itemprop=\"logo\" itemscope itemtype=\"https:\/\/schema.org\/ImageObject\"><meta itemprop=\"url\" content=\"https:\/\/grupnexus.com\/wp-content\/uploads\/LOGO-300x751.png\"><\/div><\/div><div itemscope itemprop=\"author\" itemtype=\"http:\/\/schema.org\/Person\"><meta itemprop=\"url\" content=\"https:\/\/grupnexus.com\/es\/author\/hst\/\" \/><meta itemprop=\"name\" content=\"Cl\u00ednica Nexus\" \/><\/div><div itemprop=\"interactionStatistic\" itemscope itemtype=\"http:\/\/schema.org\/InteractionCounter\"><meta itemprop=\"interactionType\" content=\"http:\/\/schema.org\/CommentAction\" \/><meta itemprop=\"userInteractionCount\" content=\"0\" \/><\/div>\t<div class=\"video-post-format clearfix as-normal \">\n\t\t\t<div class=\"thumbnail\">\n\t\t\t\t\t\t<a href=\"https:\/\/www.facebook.com\/clinicanexuslleida\/videos\/1995019177192864\/\">https:\/\/www.facebook.com\/clinicanexuslleida\/videos\/1995019177192864\/<\/a>\t\t\t<\/div>\n\n\t<div class=\"post-content-wrapper\">\n\t\t\t\t<header class=\"single\">\n\t\t\t<div class=\"content\">\n\t\t\t\t<h3>\n\t\t\t\t\t<a href=\"https:\/\/grupnexus.com\/es\/carrera-mujer-2018\/\" title=\"Carrera de la Mujer 2018\" class=\"entry-title\">Carrera de la Mujer 2018<\/a>\n\t\t\t\t<\/h3>\n\t\t\t<\/div>\n\t\t<\/header>\n\t\n\t\t<div class=\"post-actions-wrapper\">\n\t\t\t\t\t\t\t<div class=\"post-date\">\n\t\t\t\t\t11 marzo, 2018\t\t\t\t<\/div>\n\t\t\t\t\t\t\t\t\t\t\n\t\t\t\t\t\t\t\t\t<\/div>\n\n\t\t<div class=\"post-content-outer\">\n\t\t\t\t\t<\/div>\n\n\t\t\t\t\t<div class=\"post-content-meta\">\n\t\t\t\t<div>\n\t\t\t\t\tPosted in:  <a href=\"https:\/\/grupnexus.com\/es\/category\/prensa\/multimedia\/\" rel=\"category tag\">Multimedia<\/a>\t\t\t\t<\/div>\n\t\t\t\t\t\t\t<\/div>\n\t\t\t<\/div>\n\t<\/div>\n<\/div>\n\t\t\t\t<\/div>\n\t\t\t\t\t\t\t<div class=\"page-content post-head list-item cbp-item post-16517 post type-post status-publish format-video hentry category-multimedia post_format-post-format-video\">\n\t\t\t\t\t<div class=\"post-article has-image-wrapper \">\n\t<meta itemscope itemprop=\"mainEntityOfPage\" itemid=\"https:\/\/grupnexus.com\/es\/clinica-referencia-nacional-desde-1996\/\" \/><meta itemprop=\"datePublished\" content=\"2018-01-23\" \/><meta itemprop=\"dateModified\" content=\"2018-07-26\" \/><meta itemprop=\"headline\" content=\"Cl\u00ednica de referencia nacional, desde 1996\" \/><div itemprop=\"publisher\" itemscope itemtype=\"https:\/\/schema.org\/Organization\"><meta itemprop=\"name\" content=\"Cl\u00ednica Nexus\"><meta itemprop=\"url\" content=\"https:\/\/grupnexus.com\/es\/\"><div itemprop=\"logo\" itemscope itemtype=\"https:\/\/schema.org\/ImageObject\"><meta itemprop=\"url\" content=\"https:\/\/grupnexus.com\/wp-content\/uploads\/LOGO-300x751.png\"><\/div><\/div><div itemscope itemprop=\"author\" itemtype=\"http:\/\/schema.org\/Person\"><meta itemprop=\"url\" content=\"https:\/\/grupnexus.com\/es\/author\/hst\/\" \/><meta itemprop=\"name\" content=\"Cl\u00ednica Nexus\" \/><\/div><div itemprop=\"interactionStatistic\" itemscope itemtype=\"http:\/\/schema.org\/InteractionCounter\"><meta itemprop=\"interactionType\" content=\"http:\/\/schema.org\/CommentAction\" \/><meta itemprop=\"userInteractionCount\" content=\"0\" \/><\/div>\t<div class=\"video-post-format clearfix as-normal \">\n\t\t\t<div class=\"thumbnail\">\n\t\t\t\t\t\t<div class=\"wpv-video-frame\"><iframe title=\"Cl\u00ednica Nexus\" width=\"1333\" height=\"1000\" src=\"https:\/\/www.youtube.com\/embed\/OUabxQ3aRHY?feature=oembed\" frameborder=\"0\" allow=\"accelerometer; autoplay; clipboard-write; encrypted-media; gyroscope; picture-in-picture\" allowfullscreen><\/iframe><\/div>\t\t\t<\/div>\n\n\t<div class=\"post-content-wrapper\">\n\t\t\t\t<header class=\"single\">\n\t\t\t<div class=\"content\">\n\t\t\t\t<h3>\n\t\t\t\t\t<a href=\"https:\/\/grupnexus.com\/es\/clinica-referencia-nacional-desde-1996\/\" title=\"Cl\u00ednica de referencia nacional, desde 1996\" class=\"entry-title\">Cl\u00ednica de referencia nacional, desde 1996<\/a>\n\t\t\t\t<\/h3>\n\t\t\t<\/div>\n\t\t<\/header>\n\t\n\t\t<div class=\"post-actions-wrapper\">\n\t\t\t\t\t\t\t<div class=\"post-date\">\n\t\t\t\t\t23 enero, 2018\t\t\t\t<\/div>\n\t\t\t\t\t\t\t\t\t\t\n\t\t\t\t\t\t\t\t\t<\/div>\n\n\t\t<div class=\"post-content-outer\">\n\t\t\t\t\t<\/div>\n\n\t\t\t\t\t<div class=\"post-content-meta\">\n\t\t\t\t<div>\n\t\t\t\t\tPosted in:  <a href=\"https:\/\/grupnexus.com\/es\/category\/prensa\/multimedia\/\" rel=\"category tag\">Multimedia<\/a>\t\t\t\t<\/div>\n\t\t\t\t\t\t\t<\/div>\n\t\t\t<\/div>\n\t<\/div>\n<\/div>\n\t\t\t\t<\/div>\n\t\t\t\t\t\t\t<div class=\"page-content post-head list-item cbp-item post-16113 post type-post status-publish format-standard has-post-thumbnail hentry category-multimedia category-prensa\">\n\t\t\t\t\t<div class=\"post-article has-image-wrapper \">\n\t<meta itemscope itemprop=\"mainEntityOfPage\" itemid=\"https:\/\/grupnexus.com\/es\/sandra-grau-coordinadora-tecnica-nexus-nos-habla-sobre-nuevos-propositos\/\" \/><meta itemprop=\"datePublished\" content=\"2018-01-08\" \/><meta itemprop=\"dateModified\" content=\"2018-07-06\" \/><meta itemprop=\"headline\" content=\"Sandra Grau, coordinadora t\u00e9cnica de Nexus nos habla sobre nuevos prop\u00f3sitos\" \/><div itemprop=\"publisher\" itemscope itemtype=\"https:\/\/schema.org\/Organization\"><meta itemprop=\"name\" content=\"Cl\u00ednica Nexus\"><meta itemprop=\"url\" content=\"https:\/\/grupnexus.com\/es\/\"><div itemprop=\"logo\" itemscope itemtype=\"https:\/\/schema.org\/ImageObject\"><meta itemprop=\"url\" content=\"https:\/\/grupnexus.com\/wp-content\/uploads\/LOGO-300x751.png\"><\/div><\/div><div itemscope itemprop=\"author\" itemtype=\"http:\/\/schema.org\/Person\"><meta itemprop=\"url\" content=\"https:\/\/grupnexus.com\/es\/author\/hst\/\" \/><meta itemprop=\"name\" content=\"Cl\u00ednica Nexus\" \/><\/div><div itemscope itemprop=\"image\" itemtype=\"http:\/\/schema.org\/ImageObject\"><meta itemprop=\"url\" content=\"https:\/\/grupnexus.com\/wp-content\/uploads\/2018\/07\/sandra-noticia.jpg\" \/><meta itemprop=\"width\" content=\"1594\" \/><meta itemprop=\"height\" content=\"896\" \/><\/div><div itemprop=\"interactionStatistic\" itemscope itemtype=\"http:\/\/schema.org\/InteractionCounter\"><meta itemprop=\"interactionType\" content=\"http:\/\/schema.org\/CommentAction\" \/><meta itemprop=\"userInteractionCount\" content=\"0\" \/><\/div>\t<div class=\"standard-post-format clearfix as-image \">\n\t\t\t<div class=\"thumbnail\">\n\t\t\t\t\t\t<img width=\"262\" height=\"201\" src=\"https:\/\/grupnexus.com\/wp-content\/uploads\/2018\/07\/sandra-noticia-262x201.jpg\" class=\"attachment-post-small-4 size-post-small-4 wp-post-image\" alt=\"\" loading=\"lazy\" srcset=\"https:\/\/grupnexus.com\/wp-content\/uploads\/2018\/07\/sandra-noticia-262x201.jpg 262w, https:\/\/grupnexus.com\/wp-content\/uploads\/2018\/07\/sandra-noticia-480x369.jpg 480w, https:\/\/grupnexus.com\/wp-content\/uploads\/2018\/07\/sandra-noticia-1140x876.jpg 1140w, https:\/\/grupnexus.com\/wp-content\/uploads\/2018\/07\/sandra-noticia-555x426.jpg 555w, https:\/\/grupnexus.com\/wp-content\/uploads\/2018\/07\/sandra-noticia-360x276.jpg 360w\" sizes=\"(min-width: 900px) 50vw, 100vw\" \/>\t\t\t<\/div>\n\n\t<div class=\"post-content-wrapper\">\n\t\t\t\t<header class=\"single\">\n\t\t\t<div class=\"content\">\n\t\t\t\t<h3>\n\t\t\t\t\t<a href=\"https:\/\/grupnexus.com\/es\/sandra-grau-coordinadora-tecnica-nexus-nos-habla-sobre-nuevos-propositos\/\" title=\"Sandra Grau, coordinadora t\u00e9cnica de Nexus nos habla sobre nuevos prop\u00f3sitos\" class=\"entry-title\">Sandra Grau, coordinadora t\u00e9cnica de Nexus nos habla sobre nuevos prop\u00f3sitos<\/a>\n\t\t\t\t<\/h3>\n\t\t\t<\/div>\n\t\t<\/header>\n\t\n\t\t<div class=\"post-actions-wrapper\">\n\t\t\t\t\t\t\t<div class=\"post-date\">\n\t\t\t\t\t8 enero, 2018\t\t\t\t<\/div>\n\t\t\t\t\t\t\t\t\t\t\n\t\t\t\t\t\t\t\t\t<\/div>\n\n\t\t<div class=\"post-content-outer\">\n\t\t\t<p>Cuando algo se acaba, comienza otra nueva, con el deseo de que sea igual o,&#8230;<\/p>\n\t\t<\/div>\n\n\t\t\t\t\t<div class=\"post-content-meta\">\n\t\t\t\t<div>\n\t\t\t\t\tPosted in:  <a href=\"https:\/\/grupnexus.com\/es\/category\/prensa\/multimedia\/\" rel=\"category tag\">Multimedia<\/a>, <a href=\"https:\/\/grupnexus.com\/es\/category\/prensa\/\" rel=\"category tag\">Prensa<\/a>\t\t\t\t<\/div>\n\t\t\t\t\t\t\t<\/div>\n\t\t\t<\/div>\n\t<\/div>\n<\/div>\n\t\t\t\t<\/div>\n\t\t\t\t\t\t\t<div class=\"page-content post-head list-item cbp-item post-14370 post type-post status-publish format-standard has-post-thumbnail hentry category-actualidad category-multimedia category-nota-de-prensa category-prensa\">\n\t\t\t\t\t<div class=\"post-article has-image-wrapper \">\n\t<meta itemscope itemprop=\"mainEntityOfPage\" itemid=\"https:\/\/grupnexus.com\/es\/la-medicina-estetica-al-servicio-de-la-salud-y-el-bienestar-ara-lleida\/\" \/><meta itemprop=\"datePublished\" content=\"2017-11-29\" \/><meta itemprop=\"dateModified\" content=\"2018-02-12\" \/><meta itemprop=\"headline\" content=\"Peri\u00f3dico \u00abAra\u00bb: La medicina est\u00e9tica al servicio de la salud y el bienestar\" \/><div itemprop=\"publisher\" itemscope itemtype=\"https:\/\/schema.org\/Organization\"><meta itemprop=\"name\" content=\"Cl\u00ednica Nexus\"><meta itemprop=\"url\" content=\"https:\/\/grupnexus.com\/es\/\"><div itemprop=\"logo\" itemscope itemtype=\"https:\/\/schema.org\/ImageObject\"><meta itemprop=\"url\" content=\"https:\/\/grupnexus.com\/wp-content\/uploads\/LOGO-300x751.png\"><\/div><\/div><div itemscope itemprop=\"author\" itemtype=\"http:\/\/schema.org\/Person\"><meta itemprop=\"url\" content=\"https:\/\/grupnexus.com\/es\/author\/administrador\/\" \/><meta itemprop=\"name\" content=\"Nexus\" \/><\/div><div itemscope itemprop=\"image\" itemtype=\"http:\/\/schema.org\/ImageObject\"><meta itemprop=\"url\" content=\"https:\/\/grupnexus.com\/wp-content\/uploads\/2018\/01\/P\u00e0g-11-Ara-Lleida-Nov.jpg\" \/><meta itemprop=\"width\" content=\"742\" \/><meta itemprop=\"height\" content=\"998\" \/><\/div><div itemprop=\"interactionStatistic\" itemscope itemtype=\"http:\/\/schema.org\/InteractionCounter\"><meta itemprop=\"interactionType\" content=\"http:\/\/schema.org\/CommentAction\" \/><meta itemprop=\"userInteractionCount\" content=\"0\" \/><\/div>\t<div class=\"standard-post-format clearfix as-image \">\n\t\t\t<div class=\"thumbnail\">\n\t\t\t\t\t\t<img width=\"262\" height=\"201\" src=\"https:\/\/grupnexus.com\/wp-content\/uploads\/2018\/01\/P\u00e0g-11-Ara-Lleida-Nov-262x201.jpg\" class=\"attachment-post-small-4 size-post-small-4 wp-post-image\" alt=\"\" loading=\"lazy\" srcset=\"https:\/\/grupnexus.com\/wp-content\/uploads\/2018\/01\/P\u00e0g-11-Ara-Lleida-Nov-262x201.jpg 262w, https:\/\/grupnexus.com\/wp-content\/uploads\/2018\/01\/P\u00e0g-11-Ara-Lleida-Nov-480x369.jpg 480w, https:\/\/grupnexus.com\/wp-content\/uploads\/2018\/01\/P\u00e0g-11-Ara-Lleida-Nov-555x426.jpg 555w, https:\/\/grupnexus.com\/wp-content\/uploads\/2018\/01\/P\u00e0g-11-Ara-Lleida-Nov-360x276.jpg 360w\" sizes=\"(min-width: 900px) 50vw, 100vw\" \/>\t\t\t<\/div>\n\n\t<div class=\"post-content-wrapper\">\n\t\t\t\t<header class=\"single\">\n\t\t\t<div class=\"content\">\n\t\t\t\t<h3>\n\t\t\t\t\t<a href=\"https:\/\/grupnexus.com\/es\/la-medicina-estetica-al-servicio-de-la-salud-y-el-bienestar-ara-lleida\/\" title=\"Peri\u00f3dico \u00abAra\u00bb: La medicina est\u00e9tica al servicio de la salud y el bienestar\" class=\"entry-title\">Peri\u00f3dico \u00abAra\u00bb: La medicina est\u00e9tica al servicio de la salud y el bienestar<\/a>\n\t\t\t\t<\/h3>\n\t\t\t<\/div>\n\t\t<\/header>\n\t\n\t\t<div class=\"post-actions-wrapper\">\n\t\t\t\t\t\t\t<div class=\"post-date\">\n\t\t\t\t\t29 noviembre, 2017\t\t\t\t<\/div>\n\t\t\t\t\t\t\t\t\t\t\n\t\t\t\t\t\t\t\t\t<\/div>\n\n\t\t<div class=\"post-content-outer\">\n\t\t\t<p>&nbsp; \u00a0\u201c\u00bfEn qu\u00e9 puedo ayudarte?\u201d, pregunta Montse Monjo a sus pacientes al inicio de cada&#8230;<\/p>\n\t\t<\/div>\n\n\t\t\t\t\t<div class=\"post-content-meta\">\n\t\t\t\t<div>\n\t\t\t\t\tPosted in:  <a href=\"https:\/\/grupnexus.com\/es\/category\/blog\/actualidad\/\" rel=\"category tag\">Actualidad<\/a>, <a href=\"https:\/\/grupnexus.com\/es\/category\/prensa\/multimedia\/\" rel=\"category tag\">Multimedia<\/a>, <a href=\"https:\/\/grupnexus.com\/es\/category\/prensa\/nota-de-prensa\/\" rel=\"category tag\">Notas de prensa<\/a>, <a href=\"https:\/\/grupnexus.com\/es\/category\/prensa\/\" rel=\"category tag\">Prensa<\/a>\t\t\t\t<\/div>\n\t\t\t\t\t\t\t<\/div>\n\t\t\t<\/div>\n\t<\/div>\n<\/div>\n\t\t\t\t<\/div>\n\t\t\t\t\t\t\t<div class=\"page-content post-head list-item cbp-item post-16079 post type-post status-publish format-standard has-post-thumbnail hentry category-multimedia category-prensa\">\n\t\t\t\t\t<div class=\"post-article has-image-wrapper \">\n\t<meta itemscope itemprop=\"mainEntityOfPage\" itemid=\"https:\/\/grupnexus.com\/es\/montse-monjo-nos-habla-sobre-threeforme\/\" \/><meta itemprop=\"datePublished\" content=\"2017-11-20\" \/><meta itemprop=\"dateModified\" content=\"2018-07-05\" \/><meta itemprop=\"headline\" content=\"Montse Monjo nos habla sobre ThreeForMe\" \/><div itemprop=\"publisher\" itemscope itemtype=\"https:\/\/schema.org\/Organization\"><meta itemprop=\"name\" content=\"Cl\u00ednica Nexus\"><meta itemprop=\"url\" content=\"https:\/\/grupnexus.com\/es\/\"><div itemprop=\"logo\" itemscope itemtype=\"https:\/\/schema.org\/ImageObject\"><meta itemprop=\"url\" content=\"https:\/\/grupnexus.com\/wp-content\/uploads\/LOGO-300x751.png\"><\/div><\/div><div itemscope itemprop=\"author\" itemtype=\"http:\/\/schema.org\/Person\"><meta itemprop=\"url\" content=\"https:\/\/grupnexus.com\/es\/author\/hst\/\" \/><meta itemprop=\"name\" content=\"Cl\u00ednica Nexus\" \/><\/div><div itemscope itemprop=\"image\" itemtype=\"http:\/\/schema.org\/ImageObject\"><meta itemprop=\"url\" content=\"https:\/\/grupnexus.com\/wp-content\/uploads\/2018\/07\/montse-noticia-tractament.jpg\" \/><meta itemprop=\"width\" content=\"795\" \/><meta itemprop=\"height\" content=\"451\" \/><\/div><div itemprop=\"interactionStatistic\" itemscope itemtype=\"http:\/\/schema.org\/InteractionCounter\"><meta itemprop=\"interactionType\" content=\"http:\/\/schema.org\/CommentAction\" \/><meta itemprop=\"userInteractionCount\" content=\"0\" \/><\/div>\t<div class=\"standard-post-format clearfix as-image \">\n\t\t\t<div class=\"thumbnail\">\n\t\t\t\t\t\t<img width=\"262\" height=\"201\" src=\"https:\/\/grupnexus.com\/wp-content\/uploads\/2018\/07\/montse-noticia-tractament-262x201.jpg\" class=\"attachment-post-small-4 size-post-small-4 wp-post-image\" alt=\"\" loading=\"lazy\" srcset=\"https:\/\/grupnexus.com\/wp-content\/uploads\/2018\/07\/montse-noticia-tractament-262x201.jpg 262w, https:\/\/grupnexus.com\/wp-content\/uploads\/2018\/07\/montse-noticia-tractament-480x369.jpg 480w, https:\/\/grupnexus.com\/wp-content\/uploads\/2018\/07\/montse-noticia-tractament-555x426.jpg 555w, https:\/\/grupnexus.com\/wp-content\/uploads\/2018\/07\/montse-noticia-tractament-360x276.jpg 360w\" sizes=\"(min-width: 900px) 50vw, 100vw\" \/>\t\t\t<\/div>\n\n\t<div class=\"post-content-wrapper\">\n\t\t\t\t<header class=\"single\">\n\t\t\t<div class=\"content\">\n\t\t\t\t<h3>\n\t\t\t\t\t<a href=\"https:\/\/grupnexus.com\/es\/montse-monjo-nos-habla-sobre-threeforme\/\" title=\"Montse Monjo nos habla sobre ThreeForMe\" class=\"entry-title\">Montse Monjo nos habla sobre ThreeForMe<\/a>\n\t\t\t\t<\/h3>\n\t\t\t<\/div>\n\t\t<\/header>\n\t\n\t\t<div class=\"post-actions-wrapper\">\n\t\t\t\t\t\t\t<div class=\"post-date\">\n\t\t\t\t\t20 noviembre, 2017\t\t\t\t<\/div>\n\t\t\t\t\t\t\t\t\t\t\n\t\t\t\t\t\t\t\t\t<\/div>\n\n\t\t<div class=\"post-content-outer\">\n\t\t\t<p>Uno de los tratamientos m\u00e1s solicitados a Nexus es el l\u00e1ser Three for me. Con&#8230;<\/p>\n\t\t<\/div>\n\n\t\t\t\t\t<div class=\"post-content-meta\">\n\t\t\t\t<div>\n\t\t\t\t\tPosted in:  <a href=\"https:\/\/grupnexus.com\/es\/category\/prensa\/multimedia\/\" rel=\"category tag\">Multimedia<\/a>, <a href=\"https:\/\/grupnexus.com\/es\/category\/prensa\/\" rel=\"category tag\">Prensa<\/a>\t\t\t\t<\/div>\n\t\t\t\t\t\t\t<\/div>\n\t\t\t<\/div>\n\t<\/div>\n<\/div>\n\t\t\t\t<\/div>\n\t\t\t\t\t\t\t<div class=\"page-content post-head list-item cbp-item post-16063 post type-post status-publish format-standard has-post-thumbnail hentry category-multimedia category-prensa\">\n\t\t\t\t\t<div class=\"post-article has-image-wrapper \">\n\t<meta itemscope itemprop=\"mainEntityOfPage\" itemid=\"https:\/\/grupnexus.com\/es\/montse-monje-nos-habla-sobre-los-tratamientos-mas-adecuado-otono\/\" \/><meta itemprop=\"datePublished\" content=\"2017-09-04\" \/><meta itemprop=\"dateModified\" content=\"2018-09-18\" \/><meta itemprop=\"headline\" content=\"Montse Monjo nos habla sobre los tratamientos m\u00e1s adecuados en oto\u00f1o\" \/><div itemprop=\"publisher\" itemscope itemtype=\"https:\/\/schema.org\/Organization\"><meta itemprop=\"name\" content=\"Cl\u00ednica Nexus\"><meta itemprop=\"url\" content=\"https:\/\/grupnexus.com\/es\/\"><div itemprop=\"logo\" itemscope itemtype=\"https:\/\/schema.org\/ImageObject\"><meta itemprop=\"url\" content=\"https:\/\/grupnexus.com\/wp-content\/uploads\/LOGO-300x751.png\"><\/div><\/div><div itemscope itemprop=\"author\" itemtype=\"http:\/\/schema.org\/Person\"><meta itemprop=\"url\" content=\"https:\/\/grupnexus.com\/es\/author\/hst\/\" \/><meta itemprop=\"name\" content=\"Cl\u00ednica Nexus\" \/><\/div><div itemscope itemprop=\"image\" itemtype=\"http:\/\/schema.org\/ImageObject\"><meta itemprop=\"url\" content=\"https:\/\/grupnexus.com\/wp-content\/uploads\/2018\/07\/montse-noticia.jpg\" \/><meta itemprop=\"width\" content=\"797\" \/><meta itemprop=\"height\" content=\"450\" \/><\/div><div itemprop=\"interactionStatistic\" itemscope itemtype=\"http:\/\/schema.org\/InteractionCounter\"><meta itemprop=\"interactionType\" content=\"http:\/\/schema.org\/CommentAction\" \/><meta itemprop=\"userInteractionCount\" content=\"0\" \/><\/div>\t<div class=\"standard-post-format clearfix as-image \">\n\t\t\t<div class=\"thumbnail\">\n\t\t\t\t\t\t<img width=\"262\" height=\"201\" src=\"https:\/\/grupnexus.com\/wp-content\/uploads\/2018\/07\/montse-noticia-262x201.jpg\" class=\"attachment-post-small-4 size-post-small-4 wp-post-image\" alt=\"\" loading=\"lazy\" srcset=\"https:\/\/grupnexus.com\/wp-content\/uploads\/2018\/07\/montse-noticia-262x201.jpg 262w, https:\/\/grupnexus.com\/wp-content\/uploads\/2018\/07\/montse-noticia-480x369.jpg 480w, https:\/\/grupnexus.com\/wp-content\/uploads\/2018\/07\/montse-noticia-555x426.jpg 555w, https:\/\/grupnexus.com\/wp-content\/uploads\/2018\/07\/montse-noticia-360x276.jpg 360w\" sizes=\"(min-width: 900px) 50vw, 100vw\" \/>\t\t\t<\/div>\n\n\t<div class=\"post-content-wrapper\">\n\t\t\t\t<header class=\"single\">\n\t\t\t<div class=\"content\">\n\t\t\t\t<h3>\n\t\t\t\t\t<a href=\"https:\/\/grupnexus.com\/es\/montse-monje-nos-habla-sobre-los-tratamientos-mas-adecuado-otono\/\" title=\"Montse Monjo nos habla sobre los tratamientos m\u00e1s adecuados en oto\u00f1o\" class=\"entry-title\">Montse Monjo nos habla sobre los tratamientos m\u00e1s adecuados en oto\u00f1o<\/a>\n\t\t\t\t<\/h3>\n\t\t\t<\/div>\n\t\t<\/header>\n\t\n\t\t<div class=\"post-actions-wrapper\">\n\t\t\t\t\t\t\t<div class=\"post-date\">\n\t\t\t\t\t4 septiembre, 2017\t\t\t\t<\/div>\n\t\t\t\t\t\t\t\t\t\t\n\t\t\t\t\t\t\t\t\t<\/div>\n\n\t\t<div class=\"post-content-outer\">\n\t\t\t<p>Llegados ya en septiembre, es el momento de realizar los tratamientos m\u00e9dicos y est\u00e9ticos que&#8230;<\/p>\n\t\t<\/div>\n\n\t\t\t\t\t<div class=\"post-content-meta\">\n\t\t\t\t<div>\n\t\t\t\t\tPosted in:  <a href=\"https:\/\/grupnexus.com\/es\/category\/prensa\/multimedia\/\" rel=\"category tag\">Multimedia<\/a>, <a href=\"https:\/\/grupnexus.com\/es\/category\/prensa\/\" rel=\"category tag\">Prensa<\/a>\t\t\t\t<\/div>\n\t\t\t\t\t\t\t<\/div>\n\t\t\t<\/div>\n\t<\/div>\n<\/div>\n\t\t\t\t<\/div>\n\t\t\t\t\t\t\t<div class=\"page-content post-head list-item cbp-item post-16536 post type-post status-publish format-video hentry category-multimedia post_format-post-format-video\">\n\t\t\t\t\t<div class=\"post-article has-image-wrapper \">\n\t<meta itemscope itemprop=\"mainEntityOfPage\" itemid=\"https:\/\/grupnexus.com\/es\/lleida-gorunit-nexus-2017\/\" \/><meta itemprop=\"datePublished\" content=\"2017-05-02\" \/><meta itemprop=\"dateModified\" content=\"2018-07-26\" \/><meta itemprop=\"headline\" content=\"LLEIDA GORUNIT NEXUS 2017\" \/><div itemprop=\"publisher\" itemscope itemtype=\"https:\/\/schema.org\/Organization\"><meta itemprop=\"name\" content=\"Cl\u00ednica Nexus\"><meta itemprop=\"url\" content=\"https:\/\/grupnexus.com\/es\/\"><div itemprop=\"logo\" itemscope itemtype=\"https:\/\/schema.org\/ImageObject\"><meta itemprop=\"url\" content=\"https:\/\/grupnexus.com\/wp-content\/uploads\/LOGO-300x751.png\"><\/div><\/div><div itemscope itemprop=\"author\" itemtype=\"http:\/\/schema.org\/Person\"><meta itemprop=\"url\" content=\"https:\/\/grupnexus.com\/es\/author\/hst\/\" \/><meta itemprop=\"name\" content=\"Cl\u00ednica Nexus\" \/><\/div><div itemprop=\"interactionStatistic\" itemscope itemtype=\"http:\/\/schema.org\/InteractionCounter\"><meta itemprop=\"interactionType\" content=\"http:\/\/schema.org\/CommentAction\" \/><meta itemprop=\"userInteractionCount\" content=\"0\" \/><\/div>\t<div class=\"video-post-format clearfix as-normal \">\n\t\t\t<div class=\"thumbnail\">\n\t\t\t\t\t\t<div class=\"wpv-video-frame\"><iframe title=\"LLEIDA GORUNIT NEXUS 2017\" width=\"1380\" height=\"776\" src=\"https:\/\/www.youtube.com\/embed\/CYgHSL6zj74?feature=oembed\" frameborder=\"0\" allow=\"accelerometer; autoplay; clipboard-write; encrypted-media; gyroscope; picture-in-picture\" allowfullscreen><\/iframe><\/div>\t\t\t<\/div>\n\n\t<div class=\"post-content-wrapper\">\n\t\t\t\t<header class=\"single\">\n\t\t\t<div class=\"content\">\n\t\t\t\t<h3>\n\t\t\t\t\t<a href=\"https:\/\/grupnexus.com\/es\/lleida-gorunit-nexus-2017\/\" title=\"LLEIDA GORUNIT NEXUS 2017\" class=\"entry-title\">LLEIDA GORUNIT NEXUS 2017<\/a>\n\t\t\t\t<\/h3>\n\t\t\t<\/div>\n\t\t<\/header>\n\t\n\t\t<div class=\"post-actions-wrapper\">\n\t\t\t\t\t\t\t<div class=\"post-date\">\n\t\t\t\t\t2 mayo, 2017\t\t\t\t<\/div>\n\t\t\t\t\t\t\t\t\t\t\n\t\t\t\t\t\t\t\t\t<\/div>\n\n\t\t<div class=\"post-content-outer\">\n\t\t\t\t\t<\/div>\n\n\t\t\t\t\t<div class=\"post-content-meta\">\n\t\t\t\t<div>\n\t\t\t\t\tPosted in:  <a href=\"https:\/\/grupnexus.com\/es\/category\/prensa\/multimedia\/\" rel=\"category tag\">Multimedia<\/a>\t\t\t\t<\/div>\n\t\t\t\t\t\t\t<\/div>\n\t\t\t<\/div>\n\t<\/div>\n<\/div>\n\t\t\t\t<\/div>\n\t\t\t\t\t\t\t<div class=\"page-content post-head list-item cbp-item post-16567 post type-post status-publish format-video hentry category-multimedia post_format-post-format-video\">\n\t\t\t\t\t<div class=\"post-article has-image-wrapper \">\n\t<meta itemscope itemprop=\"mainEntityOfPage\" itemid=\"https:\/\/grupnexus.com\/es\/carrera-mujer-2017\/\" \/><meta itemprop=\"datePublished\" content=\"2017-03-12\" \/><meta itemprop=\"dateModified\" content=\"2018-07-26\" \/><meta itemprop=\"headline\" content=\"Carrera de la Mujer 2017\" \/><div itemprop=\"publisher\" itemscope itemtype=\"https:\/\/schema.org\/Organization\"><meta itemprop=\"name\" content=\"Cl\u00ednica Nexus\"><meta itemprop=\"url\" content=\"https:\/\/grupnexus.com\/es\/\"><div itemprop=\"logo\" itemscope itemtype=\"https:\/\/schema.org\/ImageObject\"><meta itemprop=\"url\" content=\"https:\/\/grupnexus.com\/wp-content\/uploads\/LOGO-300x751.png\"><\/div><\/div><div itemscope itemprop=\"author\" itemtype=\"http:\/\/schema.org\/Person\"><meta itemprop=\"url\" content=\"https:\/\/grupnexus.com\/es\/author\/hst\/\" \/><meta itemprop=\"name\" content=\"Cl\u00ednica Nexus\" \/><\/div><div itemprop=\"interactionStatistic\" itemscope itemtype=\"http:\/\/schema.org\/InteractionCounter\"><meta itemprop=\"interactionType\" content=\"http:\/\/schema.org\/CommentAction\" \/><meta itemprop=\"userInteractionCount\" content=\"0\" \/><\/div>\t<div class=\"video-post-format clearfix as-normal \">\n\t\t\t<div class=\"thumbnail\">\n\t\t\t\t\t\t<a href=\"https:\/\/www.facebook.com\/NexusGroupLleida\/videos\/1587867507908035\/\">https:\/\/www.facebook.com\/NexusGroupLleida\/videos\/1587867507908035\/<\/a>\t\t\t<\/div>\n\n\t<div class=\"post-content-wrapper\">\n\t\t\t\t<header class=\"single\">\n\t\t\t<div class=\"content\">\n\t\t\t\t<h3>\n\t\t\t\t\t<a href=\"https:\/\/grupnexus.com\/es\/carrera-mujer-2017\/\" title=\"Carrera de la Mujer 2017\" class=\"entry-title\">Carrera de la Mujer 2017<\/a>\n\t\t\t\t<\/h3>\n\t\t\t<\/div>\n\t\t<\/header>\n\t\n\t\t<div class=\"post-actions-wrapper\">\n\t\t\t\t\t\t\t<div class=\"post-date\">\n\t\t\t\t\t12 marzo, 2017\t\t\t\t<\/div>\n\t\t\t\t\t\t\t\t\t\t\n\t\t\t\t\t\t\t\t\t<\/div>\n\n\t\t<div class=\"post-content-outer\">\n\t\t\t\t\t<\/div>\n\n\t\t\t\t\t<div class=\"post-content-meta\">\n\t\t\t\t<div>\n\t\t\t\t\tPosted in:  <a href=\"https:\/\/grupnexus.com\/es\/category\/prensa\/multimedia\/\" rel=\"category tag\">Multimedia<\/a>\t\t\t\t<\/div>\n\t\t\t\t\t\t\t<\/div>\n\t\t\t<\/div>\n\t<\/div>\n<\/div>\n\t\t\t\t<\/div>\n\t\t\t\t\t\t\t<div class=\"page-content post-head list-item cbp-item post-16556 post type-post status-publish format-video hentry category-multimedia post_format-post-format-video\">\n\t\t\t\t\t<div class=\"post-article has-image-wrapper \">\n\t<meta itemscope itemprop=\"mainEntityOfPage\" itemid=\"https:\/\/grupnexus.com\/es\/iv-caminata-contra-cancer-mama\/\" \/><meta itemprop=\"datePublished\" content=\"2016-10-19\" \/><meta itemprop=\"dateModified\" content=\"2018-07-26\" \/><meta itemprop=\"headline\" content=\"IV Caminata contra el c\u00e1ncer de mama\" \/><div itemprop=\"publisher\" itemscope itemtype=\"https:\/\/schema.org\/Organization\"><meta itemprop=\"name\" content=\"Cl\u00ednica Nexus\"><meta itemprop=\"url\" content=\"https:\/\/grupnexus.com\/es\/\"><div itemprop=\"logo\" itemscope itemtype=\"https:\/\/schema.org\/ImageObject\"><meta itemprop=\"url\" content=\"https:\/\/grupnexus.com\/wp-content\/uploads\/LOGO-300x751.png\"><\/div><\/div><div itemscope itemprop=\"author\" itemtype=\"http:\/\/schema.org\/Person\"><meta itemprop=\"url\" content=\"https:\/\/grupnexus.com\/es\/author\/hst\/\" \/><meta itemprop=\"name\" content=\"Cl\u00ednica Nexus\" \/><\/div><div itemprop=\"interactionStatistic\" itemscope itemtype=\"http:\/\/schema.org\/InteractionCounter\"><meta itemprop=\"interactionType\" content=\"http:\/\/schema.org\/CommentAction\" \/><meta itemprop=\"userInteractionCount\" content=\"0\" \/><\/div>\t<div class=\"video-post-format clearfix as-normal \">\n\t\t\t<div class=\"thumbnail\">\n\t\t\t\t\t\t<a href=\"https:\/\/www.facebook.com\/NexusGroupLleida\/videos\/1408491595845628\/\">https:\/\/www.facebook.com\/NexusGroupLleida\/videos\/1408491595845628\/<\/a>\t\t\t<\/div>\n\n\t<div class=\"post-content-wrapper\">\n\t\t\t\t<header class=\"single\">\n\t\t\t<div class=\"content\">\n\t\t\t\t<h3>\n\t\t\t\t\t<a href=\"https:\/\/grupnexus.com\/es\/iv-caminata-contra-cancer-mama\/\" title=\"IV Caminata contra el c\u00e1ncer de mama\" class=\"entry-title\">IV Caminata contra el c\u00e1ncer de mama<\/a>\n\t\t\t\t<\/h3>\n\t\t\t<\/div>\n\t\t<\/header>\n\t\n\t\t<div class=\"post-actions-wrapper\">\n\t\t\t\t\t\t\t<div class=\"post-date\">\n\t\t\t\t\t19 octubre, 2016\t\t\t\t<\/div>\n\t\t\t\t\t\t\t\t\t\t\n\t\t\t\t\t\t\t\t\t<\/div>\n\n\t\t<div class=\"post-content-outer\">\n\t\t\t\t\t<\/div>\n\n\t\t\t\t\t<div class=\"post-content-meta\">\n\t\t\t\t<div>\n\t\t\t\t\tPosted in:  <a href=\"https:\/\/grupnexus.com\/es\/category\/prensa\/multimedia\/\" rel=\"category tag\">Multimedia<\/a>\t\t\t\t<\/div>\n\t\t\t\t\t\t\t<\/div>\n\t\t\t<\/div>\n\t<\/div>\n<\/div>\n\t\t\t\t<\/div>\n\t\t\t\t\t\t\t<div class=\"page-content post-head list-item cbp-item post-16542 post type-post status-publish format-video hentry category-multimedia post_format-post-format-video\">\n\t\t\t\t\t<div class=\"post-article has-image-wrapper \">\n\t<meta itemscope itemprop=\"mainEntityOfPage\" itemid=\"https:\/\/grupnexus.com\/es\/carrera-mujer-2015\/\" \/><meta itemprop=\"datePublished\" content=\"2015-03-15\" \/><meta itemprop=\"dateModified\" content=\"2018-07-26\" \/><meta itemprop=\"headline\" content=\"Carrera de la Mujer 2015\" \/><div itemprop=\"publisher\" itemscope itemtype=\"https:\/\/schema.org\/Organization\"><meta itemprop=\"name\" content=\"Cl\u00ednica Nexus\"><meta itemprop=\"url\" content=\"https:\/\/grupnexus.com\/es\/\"><div itemprop=\"logo\" itemscope itemtype=\"https:\/\/schema.org\/ImageObject\"><meta itemprop=\"url\" content=\"https:\/\/grupnexus.com\/wp-content\/uploads\/LOGO-300x751.png\"><\/div><\/div><div itemscope itemprop=\"author\" itemtype=\"http:\/\/schema.org\/Person\"><meta itemprop=\"url\" content=\"https:\/\/grupnexus.com\/es\/author\/hst\/\" \/><meta itemprop=\"name\" content=\"Cl\u00ednica Nexus\" \/><\/div><div itemprop=\"interactionStatistic\" itemscope itemtype=\"http:\/\/schema.org\/InteractionCounter\"><meta itemprop=\"interactionType\" content=\"http:\/\/schema.org\/CommentAction\" \/><meta itemprop=\"userInteractionCount\" content=\"0\" \/><\/div>\t<div class=\"video-post-format clearfix as-normal \">\n\t\t\t<div class=\"thumbnail\">\n\t\t\t\t\t\t<a href=\"https:\/\/www.facebook.com\/NexusGroupLleida\/videos\/1024782374216554\/\">https:\/\/www.facebook.com\/NexusGroupLleida\/videos\/1024782374216554\/<\/a>\t\t\t<\/div>\n\n\t<div class=\"post-content-wrapper\">\n\t\t\t\t<header class=\"single\">\n\t\t\t<div class=\"content\">\n\t\t\t\t<h3>\n\t\t\t\t\t<a href=\"https:\/\/grupnexus.com\/es\/carrera-mujer-2015\/\" title=\"Carrera de la Mujer 2015\" class=\"entry-title\">Carrera de la Mujer 2015<\/a>\n\t\t\t\t<\/h3>\n\t\t\t<\/div>\n\t\t<\/header>\n\t\n\t\t<div class=\"post-actions-wrapper\">\n\t\t\t\t\t\t\t<div class=\"post-date\">\n\t\t\t\t\t15 marzo, 2015\t\t\t\t<\/div>\n\t\t\t\t\t\t\t\t\t\t\n\t\t\t\t\t\t\t\t\t<\/div>\n\n\t\t<div class=\"post-content-outer\">\n\t\t\t\t\t<\/div>\n\n\t\t\t\t\t<div class=\"post-content-meta\">\n\t\t\t\t<div>\n\t\t\t\t\tPosted in:  <a href=\"https:\/\/grupnexus.com\/es\/category\/prensa\/multimedia\/\" rel=\"category tag\">Multimedia<\/a>\t\t\t\t<\/div>\n\t\t\t\t\t\t\t<\/div>\n\t\t\t<\/div>\n\t<\/div>\n<\/div>\n\t\t\t\t<\/div>\n\t\t\t\t\t\t\t<div class=\"page-content post-head list-item cbp-item post-16522 post type-post status-publish format-video hentry category-multimedia post_format-post-format-video\">\n\t\t\t\t\t<div class=\"post-article has-image-wrapper \">\n\t<meta itemscope itemprop=\"mainEntityOfPage\" itemid=\"https:\/\/grupnexus.com\/es\/clinica-nexus-criolipolisi-medica\/\" \/><meta itemprop=\"datePublished\" content=\"2014-10-29\" \/><meta itemprop=\"dateModified\" content=\"2020-01-09\" \/><meta itemprop=\"headline\" content=\"Cl\u00ednica Nexus: CRIOLIP\u00d2LISI M\u00c9DICA\" \/><div itemprop=\"publisher\" itemscope itemtype=\"https:\/\/schema.org\/Organization\"><meta itemprop=\"name\" content=\"Cl\u00ednica Nexus\"><meta itemprop=\"url\" content=\"https:\/\/grupnexus.com\/es\/\"><div itemprop=\"logo\" itemscope itemtype=\"https:\/\/schema.org\/ImageObject\"><meta itemprop=\"url\" content=\"https:\/\/grupnexus.com\/wp-content\/uploads\/LOGO-300x751.png\"><\/div><\/div><div itemscope itemprop=\"author\" itemtype=\"http:\/\/schema.org\/Person\"><meta itemprop=\"url\" content=\"https:\/\/grupnexus.com\/es\/author\/administrador\/\" \/><meta itemprop=\"name\" content=\"Nexus\" \/><\/div><div itemprop=\"interactionStatistic\" itemscope itemtype=\"http:\/\/schema.org\/InteractionCounter\"><meta itemprop=\"interactionType\" content=\"http:\/\/schema.org\/CommentAction\" \/><meta itemprop=\"userInteractionCount\" content=\"0\" \/><\/div>\t<div class=\"video-post-format clearfix as-normal \">\n\t\t\t<div class=\"thumbnail\">\n\t\t\t\t\t\t<div class=\"wpv-video-frame\"><iframe title=\"Cl\u00ednica Nexus: CRIOLIP\u00d2LISI M\u00c8DICA\" width=\"1380\" height=\"776\" src=\"https:\/\/www.youtube.com\/embed\/WIC_1U5LJdE?feature=oembed\" frameborder=\"0\" allow=\"accelerometer; autoplay; clipboard-write; encrypted-media; gyroscope; picture-in-picture\" allowfullscreen><\/iframe><\/div>\t\t\t<\/div>\n\n\t<div class=\"post-content-wrapper\">\n\t\t\t\t<header class=\"single\">\n\t\t\t<div class=\"content\">\n\t\t\t\t<h3>\n\t\t\t\t\t<a href=\"https:\/\/grupnexus.com\/es\/clinica-nexus-criolipolisi-medica\/\" title=\"Cl\u00ednica Nexus: CRIOLIP\u00d2LISI M\u00c9DICA\" class=\"entry-title\">Cl\u00ednica Nexus: CRIOLIP\u00d2LISI M\u00c9DICA<\/a>\n\t\t\t\t<\/h3>\n\t\t\t<\/div>\n\t\t<\/header>\n\t\n\t\t<div class=\"post-actions-wrapper\">\n\t\t\t\t\t\t\t<div class=\"post-date\">\n\t\t\t\t\t29 octubre, 2014\t\t\t\t<\/div>\n\t\t\t\t\t\t\t\t\t\t\n\t\t\t\t\t\t\t\t\t<\/div>\n\n\t\t<div class=\"post-content-outer\">\n\t\t\t<p>&nbsp; CRIOLIP\u00d3LISI M\u00c9DICA El revolucionario tratamiento de este verano! Reduce una talla por sesi\u00f3n mientras&#8230;<\/p>\n\t\t<\/div>\n\n\t\t\t\t\t<div class=\"post-content-meta\">\n\t\t\t\t<div>\n\t\t\t\t\tPosted in:  <a href=\"https:\/\/grupnexus.com\/es\/category\/prensa\/multimedia\/\" rel=\"category tag\">Multimedia<\/a>\t\t\t\t<\/div>\n\t\t\t\t\t\t\t<\/div>\n\t\t\t<\/div>\n\t<\/div>\n<\/div>\n\t\t\t\t<\/div>\n\t\t\t\t\t\t\t<div class=\"page-content post-head list-item cbp-item post-16511 post type-post status-publish format-video hentry category-multimedia post_format-post-format-video\">\n\t\t\t\t\t<div class=\"post-article has-image-wrapper \">\n\t<meta itemscope itemprop=\"mainEntityOfPage\" itemid=\"https:\/\/grupnexus.com\/es\/grupo-nexus-apuesta-siempre-por-las-nuevas-tecnologias\/\" \/><meta itemprop=\"datePublished\" content=\"2013-07-31\" \/><meta itemprop=\"dateModified\" content=\"2018-07-26\" \/><meta itemprop=\"headline\" content=\"Grupo Nexus, apuesta siempre por las nuevas tecnolog\u00edas\" \/><div itemprop=\"publisher\" itemscope itemtype=\"https:\/\/schema.org\/Organization\"><meta itemprop=\"name\" content=\"Cl\u00ednica Nexus\"><meta itemprop=\"url\" content=\"https:\/\/grupnexus.com\/es\/\"><div itemprop=\"logo\" itemscope itemtype=\"https:\/\/schema.org\/ImageObject\"><meta itemprop=\"url\" content=\"https:\/\/grupnexus.com\/wp-content\/uploads\/LOGO-300x751.png\"><\/div><\/div><div itemscope itemprop=\"author\" itemtype=\"http:\/\/schema.org\/Person\"><meta itemprop=\"url\" content=\"https:\/\/grupnexus.com\/es\/author\/hst\/\" \/><meta itemprop=\"name\" content=\"Cl\u00ednica Nexus\" \/><\/div><div itemprop=\"interactionStatistic\" itemscope itemtype=\"http:\/\/schema.org\/InteractionCounter\"><meta itemprop=\"interactionType\" content=\"http:\/\/schema.org\/CommentAction\" \/><meta itemprop=\"userInteractionCount\" content=\"0\" \/><\/div>\t<div class=\"video-post-format clearfix as-normal \">\n\t\t\t<div class=\"thumbnail\">\n\t\t\t\t\t\t<div class=\"wpv-video-frame\"><iframe title=\"NEXUS GRUP +PRESS\" width=\"1380\" height=\"776\" src=\"https:\/\/www.youtube.com\/embed\/pYNcVjGc9EQ?feature=oembed\" frameborder=\"0\" allow=\"accelerometer; autoplay; clipboard-write; encrypted-media; gyroscope; picture-in-picture\" allowfullscreen><\/iframe><\/div>\t\t\t<\/div>\n\n\t<div class=\"post-content-wrapper\">\n\t\t\t\t<header class=\"single\">\n\t\t\t<div class=\"content\">\n\t\t\t\t<h3>\n\t\t\t\t\t<a href=\"https:\/\/grupnexus.com\/es\/grupo-nexus-apuesta-siempre-por-las-nuevas-tecnologias\/\" title=\"Grupo Nexus, apuesta siempre por las nuevas tecnolog\u00edas\" class=\"entry-title\">Grupo Nexus, apuesta siempre por las nuevas tecnolog\u00edas<\/a>\n\t\t\t\t<\/h3>\n\t\t\t<\/div>\n\t\t<\/header>\n\t\n\t\t<div class=\"post-actions-wrapper\">\n\t\t\t\t\t\t\t<div class=\"post-date\">\n\t\t\t\t\t31 julio, 2013\t\t\t\t<\/div>\n\t\t\t\t\t\t\t\t\t\t\n\t\t\t\t\t\t\t\t\t<\/div>\n\n\t\t<div class=\"post-content-outer\">\n\t\t\t\t\t<\/div>\n\n\t\t\t\t\t<div class=\"post-content-meta\">\n\t\t\t\t<div>\n\t\t\t\t\tPosted in:  <a href=\"https:\/\/grupnexus.com\/es\/category\/prensa\/multimedia\/\" rel=\"category tag\">Multimedia<\/a>\t\t\t\t<\/div>\n\t\t\t\t\t\t\t<\/div>\n\t\t\t<\/div>\n\t<\/div>\n<\/div>\n\t\t\t\t<\/div>\n\t\t\t\t\t\t\t<div class=\"page-content post-head list-item cbp-item post-16506 post type-post status-publish format-video hentry category-multimedia post_format-post-format-video\">\n\t\t\t\t\t<div class=\"post-article has-image-wrapper \">\n\t<meta itemscope itemprop=\"mainEntityOfPage\" itemid=\"https:\/\/grupnexus.com\/es\/este-verano-captura-tus-beautymomentsnexus-y-gana-fantasticos-premios-nexus\/\" \/><meta itemprop=\"datePublished\" content=\"2013-07-16\" \/><meta itemprop=\"dateModified\" content=\"2018-07-26\" \/><meta itemprop=\"headline\" content=\"Este verano, captura tus #Beautymomentsnexus y \u00a1gana fant\u00e1sticos premios Nexus!\" \/><div itemprop=\"publisher\" itemscope itemtype=\"https:\/\/schema.org\/Organization\"><meta itemprop=\"name\" content=\"Cl\u00ednica Nexus\"><meta itemprop=\"url\" content=\"https:\/\/grupnexus.com\/es\/\"><div itemprop=\"logo\" itemscope itemtype=\"https:\/\/schema.org\/ImageObject\"><meta itemprop=\"url\" content=\"https:\/\/grupnexus.com\/wp-content\/uploads\/LOGO-300x751.png\"><\/div><\/div><div itemscope itemprop=\"author\" itemtype=\"http:\/\/schema.org\/Person\"><meta itemprop=\"url\" content=\"https:\/\/grupnexus.com\/es\/author\/hst\/\" \/><meta itemprop=\"name\" content=\"Cl\u00ednica Nexus\" \/><\/div><div itemprop=\"interactionStatistic\" itemscope itemtype=\"http:\/\/schema.org\/InteractionCounter\"><meta itemprop=\"interactionType\" content=\"http:\/\/schema.org\/CommentAction\" \/><meta itemprop=\"userInteractionCount\" content=\"0\" \/><\/div>\t<div class=\"video-post-format clearfix as-normal \">\n\t\t\t<div class=\"thumbnail\">\n\t\t\t\t\t\t<div class=\"wpv-video-frame\"><iframe title=\"Aquest estiu, captura els teus #Beautymomentsnexus i guanya fant\u00e0stics premis Nexus!\" width=\"1380\" height=\"776\" src=\"https:\/\/www.youtube.com\/embed\/DuqCVjMmXyI?feature=oembed\" frameborder=\"0\" allow=\"accelerometer; autoplay; clipboard-write; encrypted-media; gyroscope; picture-in-picture\" allowfullscreen><\/iframe><\/div>\t\t\t<\/div>\n\n\t<div class=\"post-content-wrapper\">\n\t\t\t\t<header class=\"single\">\n\t\t\t<div class=\"content\">\n\t\t\t\t<h3>\n\t\t\t\t\t<a href=\"https:\/\/grupnexus.com\/es\/este-verano-captura-tus-beautymomentsnexus-y-gana-fantasticos-premios-nexus\/\" title=\"Este verano, captura tus #Beautymomentsnexus y \u00a1gana fant\u00e1sticos premios Nexus!\" class=\"entry-title\">Este verano, captura tus #Beautymomentsnexus y \u00a1gana fant\u00e1sticos premios Nexus!<\/a>\n\t\t\t\t<\/h3>\n\t\t\t<\/div>\n\t\t<\/header>\n\t\n\t\t<div class=\"post-actions-wrapper\">\n\t\t\t\t\t\t\t<div class=\"post-date\">\n\t\t\t\t\t16 julio, 2013\t\t\t\t<\/div>\n\t\t\t\t\t\t\t\t\t\t\n\t\t\t\t\t\t\t\t\t<\/div>\n\n\t\t<div class=\"post-content-outer\">\n\t\t\t\t\t<\/div>\n\n\t\t\t\t\t<div class=\"post-content-meta\">\n\t\t\t\t<div>\n\t\t\t\t\tPosted in:  <a href=\"https:\/\/grupnexus.com\/es\/category\/prensa\/multimedia\/\" rel=\"category tag\">Multimedia<\/a>\t\t\t\t<\/div>\n\t\t\t\t\t\t\t<\/div>\n\t\t\t<\/div>\n\t<\/div>\n<\/div>\n\t\t\t\t<\/div>\n\t\t\t\t\t\t\t<div class=\"page-content post-head list-item cbp-item post-16501 post type-post status-publish format-video hentry category-multimedia post_format-post-format-video\">\n\t\t\t\t\t<div class=\"post-article has-image-wrapper \">\n\t<meta itemscope itemprop=\"mainEntityOfPage\" itemid=\"https:\/\/grupnexus.com\/es\/instalaciones-clinica-nexus\/\" \/><meta itemprop=\"datePublished\" content=\"2013-03-12\" \/><meta itemprop=\"dateModified\" content=\"2018-07-26\" \/><meta itemprop=\"headline\" content=\"Instalaciones de Cl\u00ednica Nexus\" \/><div itemprop=\"publisher\" itemscope itemtype=\"https:\/\/schema.org\/Organization\"><meta itemprop=\"name\" content=\"Cl\u00ednica Nexus\"><meta itemprop=\"url\" content=\"https:\/\/grupnexus.com\/es\/\"><div itemprop=\"logo\" itemscope itemtype=\"https:\/\/schema.org\/ImageObject\"><meta itemprop=\"url\" content=\"https:\/\/grupnexus.com\/wp-content\/uploads\/LOGO-300x751.png\"><\/div><\/div><div itemscope itemprop=\"author\" itemtype=\"http:\/\/schema.org\/Person\"><meta itemprop=\"url\" content=\"https:\/\/grupnexus.com\/es\/author\/hst\/\" \/><meta itemprop=\"name\" content=\"Cl\u00ednica Nexus\" \/><\/div><div itemprop=\"interactionStatistic\" itemscope itemtype=\"http:\/\/schema.org\/InteractionCounter\"><meta itemprop=\"interactionType\" content=\"http:\/\/schema.org\/CommentAction\" \/><meta itemprop=\"userInteractionCount\" content=\"0\" \/><\/div>\t<div class=\"video-post-format clearfix as-normal \">\n\t\t\t<div class=\"thumbnail\">\n\t\t\t\t\t\t<div class=\"wpv-video-frame\"><iframe title=\"Nexus Group\" width=\"1333\" height=\"1000\" src=\"https:\/\/www.youtube.com\/embed\/U1vEfEyv6vE?feature=oembed\" frameborder=\"0\" allow=\"accelerometer; autoplay; clipboard-write; encrypted-media; gyroscope; picture-in-picture\" allowfullscreen><\/iframe><\/div>\t\t\t<\/div>\n\n\t<div class=\"post-content-wrapper\">\n\t\t\t\t<header class=\"single\">\n\t\t\t<div class=\"content\">\n\t\t\t\t<h3>\n\t\t\t\t\t<a href=\"https:\/\/grupnexus.com\/es\/instalaciones-clinica-nexus\/\" title=\"Instalaciones de Cl\u00ednica Nexus\" class=\"entry-title\">Instalaciones de Cl\u00ednica Nexus<\/a>\n\t\t\t\t<\/h3>\n\t\t\t<\/div>\n\t\t<\/header>\n\t\n\t\t<div class=\"post-actions-wrapper\">\n\t\t\t\t\t\t\t<div class=\"post-date\">\n\t\t\t\t\t12 marzo, 2013\t\t\t\t<\/div>\n\t\t\t\t\t\t\t\t\t\t\n\t\t\t\t\t\t\t\t\t<\/div>\n\n\t\t<div class=\"post-content-outer\">\n\t\t\t\t\t<\/div>\n\n\t\t\t\t\t<div class=\"post-content-meta\">\n\t\t\t\t<div>\n\t\t\t\t\tPosted in:  <a href=\"https:\/\/grupnexus.com\/es\/category\/prensa\/multimedia\/\" rel=\"category tag\">Multimedia<\/a>\t\t\t\t<\/div>\n\t\t\t\t\t\t\t<\/div>\n\t\t\t<\/div>\n\t<\/div>\n<\/div>\n\t\t\t\t<\/div>\n\t\t\t\t\t\t\t<div class=\"page-content post-head list-item cbp-item post-16496 post type-post status-publish format-video hentry category-multimedia post_format-post-format-video\">\n\t\t\t\t\t<div class=\"post-article has-image-wrapper \">\n\t<meta itemscope itemprop=\"mainEntityOfPage\" itemid=\"https:\/\/grupnexus.com\/es\/inauguracion-nexus-biomedico\/\" \/><meta itemprop=\"datePublished\" content=\"2012-10-10\" \/><meta itemprop=\"dateModified\" content=\"2018-07-26\" \/><meta itemprop=\"headline\" content=\"INAUGURACI\u00d3N NEXUS BIOM\u00c9DICO\" \/><div itemprop=\"publisher\" itemscope itemtype=\"https:\/\/schema.org\/Organization\"><meta itemprop=\"name\" content=\"Cl\u00ednica Nexus\"><meta itemprop=\"url\" content=\"https:\/\/grupnexus.com\/es\/\"><div itemprop=\"logo\" itemscope itemtype=\"https:\/\/schema.org\/ImageObject\"><meta itemprop=\"url\" content=\"https:\/\/grupnexus.com\/wp-content\/uploads\/LOGO-300x751.png\"><\/div><\/div><div itemscope itemprop=\"author\" itemtype=\"http:\/\/schema.org\/Person\"><meta itemprop=\"url\" content=\"https:\/\/grupnexus.com\/es\/author\/hst\/\" \/><meta itemprop=\"name\" content=\"Cl\u00ednica Nexus\" \/><\/div><div itemprop=\"interactionStatistic\" itemscope itemtype=\"http:\/\/schema.org\/InteractionCounter\"><meta itemprop=\"interactionType\" content=\"http:\/\/schema.org\/CommentAction\" \/><meta itemprop=\"userInteractionCount\" content=\"0\" \/><\/div>\t<div class=\"video-post-format clearfix as-normal \">\n\t\t\t<div class=\"thumbnail\">\n\t\t\t\t\t\t<div class=\"wpv-video-frame\"><iframe title=\"INAUGURACIO\u0301 NEXUS BIOM\u00c8DIC\" width=\"1380\" height=\"776\" src=\"https:\/\/www.youtube.com\/embed\/-IKytbJmRCo?feature=oembed\" frameborder=\"0\" allow=\"accelerometer; autoplay; clipboard-write; encrypted-media; gyroscope; picture-in-picture\" allowfullscreen><\/iframe><\/div>\t\t\t<\/div>\n\n\t<div class=\"post-content-wrapper\">\n\t\t\t\t<header class=\"single\">\n\t\t\t<div class=\"content\">\n\t\t\t\t<h3>\n\t\t\t\t\t<a href=\"https:\/\/grupnexus.com\/es\/inauguracion-nexus-biomedico\/\" title=\"INAUGURACI\u00d3N NEXUS BIOM\u00c9DICO\" class=\"entry-title\">INAUGURACI\u00d3N NEXUS BIOM\u00c9DICO<\/a>\n\t\t\t\t<\/h3>\n\t\t\t<\/div>\n\t\t<\/header>\n\t\n\t\t<div class=\"post-actions-wrapper\">\n\t\t\t\t\t\t\t<div class=\"post-date\">\n\t\t\t\t\t10 octubre, 2012\t\t\t\t<\/div>\n\t\t\t\t\t\t\t\t\t\t\n\t\t\t\t\t\t\t\t\t<\/div>\n\n\t\t<div class=\"post-content-outer\">\n\t\t\t\t\t<\/div>\n\n\t\t\t\t\t<div class=\"post-content-meta\">\n\t\t\t\t<div>\n\t\t\t\t\tPosted in:  <a href=\"https:\/\/grupnexus.com\/es\/category\/prensa\/multimedia\/\" rel=\"category tag\">Multimedia<\/a>\t\t\t\t<\/div>\n\t\t\t\t\t\t\t<\/div>\n\t\t\t<\/div>\n\t<\/div>\n<\/div>\n\t\t\t\t<\/div>\n\t\t\t\t\t\t\t<div class=\"page-content post-head list-item cbp-item post-16491 post type-post status-publish format-video hentry category-multimedia post_format-post-format-video\">\n\t\t\t\t\t<div class=\"post-article has-image-wrapper \">\n\t<meta itemscope itemprop=\"mainEntityOfPage\" itemid=\"https:\/\/grupnexus.com\/es\/presentacion-coleccion-verano-2009-custo-dalmau-lleida\/\" \/><meta itemprop=\"datePublished\" content=\"2012-10-09\" \/><meta itemprop=\"dateModified\" content=\"2018-07-26\" \/><meta itemprop=\"headline\" content=\"Presentaci\u00f3n de la colecci\u00f3n Verano 2009 de Custo Dalmau en Lleida\" \/><div itemprop=\"publisher\" itemscope itemtype=\"https:\/\/schema.org\/Organization\"><meta itemprop=\"name\" content=\"Cl\u00ednica Nexus\"><meta itemprop=\"url\" content=\"https:\/\/grupnexus.com\/es\/\"><div itemprop=\"logo\" itemscope itemtype=\"https:\/\/schema.org\/ImageObject\"><meta itemprop=\"url\" content=\"https:\/\/grupnexus.com\/wp-content\/uploads\/LOGO-300x751.png\"><\/div><\/div><div itemscope itemprop=\"author\" itemtype=\"http:\/\/schema.org\/Person\"><meta itemprop=\"url\" content=\"https:\/\/grupnexus.com\/es\/author\/hst\/\" \/><meta itemprop=\"name\" content=\"Cl\u00ednica Nexus\" \/><\/div><div itemprop=\"interactionStatistic\" itemscope itemtype=\"http:\/\/schema.org\/InteractionCounter\"><meta itemprop=\"interactionType\" content=\"http:\/\/schema.org\/CommentAction\" \/><meta itemprop=\"userInteractionCount\" content=\"0\" \/><\/div>\t<div class=\"video-post-format clearfix as-normal \">\n\t\t\t<div class=\"thumbnail\">\n\t\t\t\t\t\t<div class=\"wpv-video-frame\"><iframe title=\"CUSTO DALMAU - NEOS\" width=\"1380\" height=\"776\" src=\"https:\/\/www.youtube.com\/embed\/NbOCdcdRfiI?feature=oembed\" frameborder=\"0\" allow=\"accelerometer; autoplay; clipboard-write; encrypted-media; gyroscope; picture-in-picture\" allowfullscreen><\/iframe><\/div>\t\t\t<\/div>\n\n\t<div class=\"post-content-wrapper\">\n\t\t\t\t<header class=\"single\">\n\t\t\t<div class=\"content\">\n\t\t\t\t<h3>\n\t\t\t\t\t<a href=\"https:\/\/grupnexus.com\/es\/presentacion-coleccion-verano-2009-custo-dalmau-lleida\/\" title=\"Presentaci\u00f3n de la colecci\u00f3n Verano 2009 de Custo Dalmau en Lleida\" class=\"entry-title\">Presentaci\u00f3n de la colecci\u00f3n Verano 2009 de Custo Dalmau en Lleida<\/a>\n\t\t\t\t<\/h3>\n\t\t\t<\/div>\n\t\t<\/header>\n\t\n\t\t<div class=\"post-actions-wrapper\">\n\t\t\t\t\t\t\t<div class=\"post-date\">\n\t\t\t\t\t9 octubre, 2012\t\t\t\t<\/div>\n\t\t\t\t\t\t\t\t\t\t\n\t\t\t\t\t\t\t\t\t<\/div>\n\n\t\t<div class=\"post-content-outer\">\n\t\t\t\t\t<\/div>\n\n\t\t\t\t\t<div class=\"post-content-meta\">\n\t\t\t\t<div>\n\t\t\t\t\tPosted in:  <a href=\"https:\/\/grupnexus.com\/es\/category\/prensa\/multimedia\/\" rel=\"category tag\">Multimedia<\/a>\t\t\t\t<\/div>\n\t\t\t\t\t\t\t<\/div>\n\t\t\t<\/div>\n\t<\/div>\n<\/div>\n\t\t\t\t<\/div>\n\t\t\t\t<\/div>\n<\/div>\n\n<\/div><\/div><\/div><\/div>\n<div class=\"row \"><div class=\"wpv-grid grid-1-1  wpv-first-level first has-background unextended\" style=\"background-color:#ffffff;padding-top:30px;padding-bottom:30px\" id=\"wpv-column-cef331ea2b1facca62a5f7e28e6e3f04\" ><style scoped>#wpv-column-cef331ea2b1facca62a5f7e28e6e3f04 p,#wpv-column-cef331ea2b1facca62a5f7e28e6e3f04 em,#wpv-column-cef331ea2b1facca62a5f7e28e6e3f04 .column-title,#wpv-column-cef331ea2b1facca62a5f7e28e6e3f04 .sep-text h2.regular-title-wrapper,#wpv-column-cef331ea2b1facca62a5f7e28e6e3f04 .text-divider-double,#wpv-column-cef331ea2b1facca62a5f7e28e6e3f04 .sep-text .sep-text-line,#wpv-column-cef331ea2b1facca62a5f7e28e6e3f04 .sep,#wpv-column-cef331ea2b1facca62a5f7e28e6e3f04 .sep-2,#wpv-column-cef331ea2b1facca62a5f7e28e6e3f04 .sep-3,#wpv-column-cef331ea2b1facca62a5f7e28e6e3f04 td,#wpv-column-cef331ea2b1facca62a5f7e28e6e3f04 th,#wpv-column-cef331ea2b1facca62a5f7e28e6e3f04 caption{color:#808080;}#wpv-column-cef331ea2b1facca62a5f7e28e6e3f04:before{background-color:transparent;}<\/style><div class=\"row \"><div class=\"wpv-grid grid-1-1  first unextended animation-fade-in animated-active\" style=\"padding-top:0px;padding-bottom:0px\" id=\"wpv-column-8c2204cd364036aeba18ea8d4670080e\" >\t\t<h2 class=\"text-divider-double\">\t\t\tNoticias\t\t<\/h2>\t\t<div class=\"sep\"><\/div>\t<div class=\"loop-wrapper clearfix news scroll-x\">\n\t<div class=\"vamtam-cubeportfolio cbp cbp-slider-edge\" data-options=\"{&quot;layoutMode&quot;:&quot;slider&quot;,&quot;drag&quot;:true,&quot;auto&quot;:false,&quot;autoTimeout&quot;:5000,&quot;autoPauseOnHover&quot;:true,&quot;showNavigation&quot;:true,&quot;showPagination&quot;:false,&quot;scrollByPage&quot;:false,&quot;gridAdjustment&quot;:&quot;responsive&quot;,&quot;mediaQueries&quot;:[{&quot;width&quot;:1260,&quot;cols&quot;:4},{&quot;width&quot;:937.5,&quot;cols&quot;:3},{&quot;width&quot;:615,&quot;cols&quot;:2},{&quot;width&quot;:292.5,&quot;cols&quot;:1}],&quot;gapHorizontal&quot;:0,&quot;gapVertical&quot;:30,&quot;displayTypeSpeed&quot;:100}\">\n\t\t\t\t\t\t<div class=\"page-content post-head list-item cbp-item post-50637 post type-post status-publish format-standard has-post-thumbnail hentry category-actualidad category-blog category-podcast tag-bellezaemocional-es tag-podcastsegre-es tag-nexus-es\">\n\t\t\t\t\t<div class=\"post-article has-image-wrapper \">\n\t<meta itemscope itemprop=\"mainEntityOfPage\" itemid=\"https:\/\/grupnexus.com\/es\/como-cuidar-tu-piel-antiaging-y-wellaging\/\" \/><meta itemprop=\"datePublished\" content=\"2024-09-02\" \/><meta itemprop=\"dateModified\" content=\"2024-09-05\" \/><meta itemprop=\"headline\" content=\"Como cuidar tu piel Antiaging y Wellaging\" \/><div itemprop=\"publisher\" itemscope itemtype=\"https:\/\/schema.org\/Organization\"><meta itemprop=\"name\" content=\"Cl\u00ednica Nexus\"><meta itemprop=\"url\" content=\"https:\/\/grupnexus.com\/es\/\"><div itemprop=\"logo\" itemscope itemtype=\"https:\/\/schema.org\/ImageObject\"><meta itemprop=\"url\" content=\"https:\/\/grupnexus.com\/wp-content\/uploads\/LOGO-300x751.png\"><\/div><\/div><div itemscope itemprop=\"author\" itemtype=\"http:\/\/schema.org\/Person\"><meta itemprop=\"url\" content=\"https:\/\/grupnexus.com\/es\/author\/administrador\/\" \/><meta itemprop=\"name\" content=\"Nexus\" \/><\/div><div itemscope itemprop=\"image\" itemtype=\"http:\/\/schema.org\/ImageObject\"><meta itemprop=\"url\" content=\"https:\/\/grupnexus.com\/wp-content\/uploads\/2022\/06\/dr-pinos-podcast.jpg\" \/><meta itemprop=\"width\" content=\"386\" \/><meta itemprop=\"height\" content=\"234\" \/><\/div><div itemprop=\"interactionStatistic\" itemscope itemtype=\"http:\/\/schema.org\/InteractionCounter\"><meta itemprop=\"interactionType\" content=\"http:\/\/schema.org\/CommentAction\" \/><meta itemprop=\"userInteractionCount\" content=\"0\" \/><\/div>\t<div class=\"standard-post-format clearfix as-image \">\n\t\t\t<div class=\"thumbnail\">\n\t\t\t\t\t\t<img width=\"292\" height=\"225\" src=\"https:\/\/grupnexus.com\/wp-content\/uploads\/2022\/06\/dr-pinos-podcast-292x225.jpg\" class=\"attachment-post-small-4 size-post-small-4 wp-post-image\" alt=\"\" loading=\"lazy\" \/>\t\t\t<\/div>\n\n\t<div class=\"post-content-wrapper\">\n\t\t\t\t<header class=\"single\">\n\t\t\t<div class=\"content\">\n\t\t\t\t<h3>\n\t\t\t\t\t<a href=\"https:\/\/grupnexus.com\/es\/como-cuidar-tu-piel-antiaging-y-wellaging\/\" title=\"Como cuidar tu piel Antiaging y Wellaging\" class=\"entry-title\">Como cuidar tu piel Antiaging y Wellaging<\/a>\n\t\t\t\t<\/h3>\n\t\t\t<\/div>\n\t\t<\/header>\n\t\n\t\t<div class=\"post-actions-wrapper\">\n\t\t\t\t\t\t\t<div class=\"post-date\">\n\t\t\t\t\t2 septiembre, 2024\t\t\t\t<\/div>\n\t\t\t\t\t\t\t\t\t\t\n\t\t\t\t\t\t\t\t\t<\/div>\n\n\t\t<div class=\"post-content-outer\">\n\t\t\t<p>En esta segunda entrega de nuestro podcast \u201cBelleza emocional con Nexus\u201d hablamos con el doctor&#8230;<\/p>\n\t\t<\/div>\n\n\t\t\t\t\t<div class=\"post-content-meta\">\n\t\t\t\t<div>\n\t\t\t\t\tPosted in:  <a href=\"https:\/\/grupnexus.com\/es\/category\/blog\/actualidad\/\" rel=\"category tag\">Actualidad<\/a>, <a href=\"https:\/\/grupnexus.com\/es\/category\/blog\/\" rel=\"category tag\">Blog<\/a>, <a href=\"https:\/\/grupnexus.com\/es\/category\/prensa\/podcast\/\" rel=\"category tag\">Podcast<\/a>\t\t\t\t<\/div>\n\t\t\t\t<div class=\"the-tags\">Tags: <a href=\"https:\/\/grupnexus.com\/es\/tag\/bellezaemocional-es\/\" rel=\"tag\">#Bellezaemocional<\/a>, <a href=\"https:\/\/grupnexus.com\/es\/tag\/podcastsegre-es\/\" rel=\"tag\">#Podcastsegre<\/a>, <a href=\"https:\/\/grupnexus.com\/es\/tag\/nexus-es\/\" rel=\"tag\">nexus<\/a><\/div>\t\t\t<\/div>\n\t\t\t<\/div>\n\t<\/div>\n<\/div>\n\t\t\t\t<\/div>\n\t\t\t\t\t\t\t<div class=\"page-content post-head list-item cbp-item post-50675 post type-post status-publish format-standard has-post-thumbnail hentry category-actualidad category-blog category-podcast tag-bellezaemocional-es tag-podcastsegre-es tag-nexus-es\">\n\t\t\t\t\t<div class=\"post-article has-image-wrapper \">\n\t<meta itemscope itemprop=\"mainEntityOfPage\" itemid=\"https:\/\/grupnexus.com\/es\/tratamientos-medico-esteticos-especial-verano\/\" \/><meta itemprop=\"datePublished\" content=\"2024-06-21\" \/><meta itemprop=\"dateModified\" content=\"2024-09-05\" \/><meta itemprop=\"headline\" content=\"Tratamientos m\u00e9dico-est\u00e9ticos especial verano\" \/><div itemprop=\"publisher\" itemscope itemtype=\"https:\/\/schema.org\/Organization\"><meta itemprop=\"name\" content=\"Cl\u00ednica Nexus\"><meta itemprop=\"url\" content=\"https:\/\/grupnexus.com\/es\/\"><div itemprop=\"logo\" itemscope itemtype=\"https:\/\/schema.org\/ImageObject\"><meta itemprop=\"url\" content=\"https:\/\/grupnexus.com\/wp-content\/uploads\/LOGO-300x751.png\"><\/div><\/div><div itemscope itemprop=\"author\" itemtype=\"http:\/\/schema.org\/Person\"><meta itemprop=\"url\" content=\"https:\/\/grupnexus.com\/es\/author\/administrador\/\" \/><meta itemprop=\"name\" content=\"Nexus\" \/><\/div><div itemscope itemprop=\"image\" itemtype=\"http:\/\/schema.org\/ImageObject\"><meta itemprop=\"url\" content=\"https:\/\/grupnexus.com\/wp-content\/uploads\/2022\/03\/64d917b18ee008d11c4309792856d8df.jpg\" \/><meta itemprop=\"width\" content=\"720\" \/><meta itemprop=\"height\" content=\"720\" \/><\/div><div itemprop=\"interactionStatistic\" itemscope itemtype=\"http:\/\/schema.org\/InteractionCounter\"><meta itemprop=\"interactionType\" content=\"http:\/\/schema.org\/CommentAction\" \/><meta itemprop=\"userInteractionCount\" content=\"0\" \/><\/div>\t<div class=\"standard-post-format clearfix as-image \">\n\t\t\t<div class=\"thumbnail\">\n\t\t\t\t\t\t<img width=\"292\" height=\"225\" src=\"https:\/\/grupnexus.com\/wp-content\/uploads\/2022\/03\/64d917b18ee008d11c4309792856d8df-292x225.jpg\" class=\"attachment-post-small-4 size-post-small-4 wp-post-image\" alt=\"\" loading=\"lazy\" srcset=\"https:\/\/grupnexus.com\/wp-content\/uploads\/2022\/03\/64d917b18ee008d11c4309792856d8df-292x225.jpg 292w, https:\/\/grupnexus.com\/wp-content\/uploads\/2022\/03\/64d917b18ee008d11c4309792856d8df-480x369.jpg 480w, https:\/\/grupnexus.com\/wp-content\/uploads\/2022\/03\/64d917b18ee008d11c4309792856d8df-615x473.jpg 615w, https:\/\/grupnexus.com\/wp-content\/uploads\/2022\/03\/64d917b18ee008d11c4309792856d8df-400x307.jpg 400w\" sizes=\"(min-width: 900px) 50vw, 100vw\" \/>\t\t\t<\/div>\n\n\t<div class=\"post-content-wrapper\">\n\t\t\t\t<header class=\"single\">\n\t\t\t<div class=\"content\">\n\t\t\t\t<h3>\n\t\t\t\t\t<a href=\"https:\/\/grupnexus.com\/es\/tratamientos-medico-esteticos-especial-verano\/\" title=\"Tratamientos m\u00e9dico-est\u00e9ticos especial verano\" class=\"entry-title\">Tratamientos m\u00e9dico-est\u00e9ticos especial verano<\/a>\n\t\t\t\t<\/h3>\n\t\t\t<\/div>\n\t\t<\/header>\n\t\n\t\t<div class=\"post-actions-wrapper\">\n\t\t\t\t\t\t\t<div class=\"post-date\">\n\t\t\t\t\t21 junio, 2024\t\t\t\t<\/div>\n\t\t\t\t\t\t\t\t\t\t\n\t\t\t\t\t\t\t\t\t<\/div>\n\n\t\t<div class=\"post-content-outer\">\n\t\t\t<p>En nuestra tercera entrega del podcast \u201cBelleza emocional con Nexus\u201d, Montse Monjo, directora gerente de&#8230;<\/p>\n\t\t<\/div>\n\n\t\t\t\t\t<div class=\"post-content-meta\">\n\t\t\t\t<div>\n\t\t\t\t\tPosted in:  <a href=\"https:\/\/grupnexus.com\/es\/category\/blog\/actualidad\/\" rel=\"category tag\">Actualidad<\/a>, <a href=\"https:\/\/grupnexus.com\/es\/category\/blog\/\" rel=\"category tag\">Blog<\/a>, <a href=\"https:\/\/grupnexus.com\/es\/category\/prensa\/podcast\/\" rel=\"category tag\">Podcast<\/a>\t\t\t\t<\/div>\n\t\t\t\t<div class=\"the-tags\">Tags: <a href=\"https:\/\/grupnexus.com\/es\/tag\/bellezaemocional-es\/\" rel=\"tag\">#Bellezaemocional<\/a>, <a href=\"https:\/\/grupnexus.com\/es\/tag\/podcastsegre-es\/\" rel=\"tag\">#Podcastsegre<\/a>, <a href=\"https:\/\/grupnexus.com\/es\/tag\/nexus-es\/\" rel=\"tag\">nexus<\/a><\/div>\t\t\t<\/div>\n\t\t\t<\/div>\n\t<\/div>\n<\/div>\n\t\t\t\t<\/div>\n\t\t\t\t\t\t\t<div class=\"page-content post-head list-item cbp-item post-51985 post type-post status-publish format-standard has-post-thumbnail hentry category-actualidad category-nota-de-prensa category-prensa\">\n\t\t\t\t\t<div class=\"post-article has-image-wrapper \">\n\t<meta itemscope itemprop=\"mainEntityOfPage\" itemid=\"https:\/\/grupnexus.com\/es\/clinica-nexus-la-primera-del-estado-espanol-en-ofrecer-el-tratamiento-cynoglow\/\" \/><meta itemprop=\"datePublished\" content=\"2023-01-30\" \/><meta itemprop=\"dateModified\" content=\"2023-01-30\" \/><meta itemprop=\"headline\" content=\"Cl\u00ednica Nexus, la primera del estado espa\u00f1ol en ofrecer el tratamiento CYNOGLOW\" \/><div itemprop=\"publisher\" itemscope itemtype=\"https:\/\/schema.org\/Organization\"><meta itemprop=\"name\" content=\"Cl\u00ednica Nexus\"><meta itemprop=\"url\" content=\"https:\/\/grupnexus.com\/es\/\"><div itemprop=\"logo\" itemscope itemtype=\"https:\/\/schema.org\/ImageObject\"><meta itemprop=\"url\" content=\"https:\/\/grupnexus.com\/wp-content\/uploads\/LOGO-300x751.png\"><\/div><\/div><div itemscope itemprop=\"author\" itemtype=\"http:\/\/schema.org\/Person\"><meta itemprop=\"url\" content=\"https:\/\/grupnexus.com\/es\/author\/administrador\/\" \/><meta itemprop=\"name\" content=\"Nexus\" \/><\/div><div itemscope itemprop=\"image\" itemtype=\"http:\/\/schema.org\/ImageObject\"><meta itemprop=\"url\" content=\"https:\/\/grupnexus.com\/wp-content\/uploads\/2023\/01\/Dr-Pinos_Picosure-Pro.jpg\" \/><meta itemprop=\"width\" content=\"1920\" \/><meta itemprop=\"height\" content=\"1080\" \/><\/div><div itemprop=\"interactionStatistic\" itemscope itemtype=\"http:\/\/schema.org\/InteractionCounter\"><meta itemprop=\"interactionType\" content=\"http:\/\/schema.org\/CommentAction\" \/><meta itemprop=\"userInteractionCount\" content=\"0\" \/><\/div>\t<div class=\"standard-post-format clearfix as-image \">\n\t\t\t<div class=\"thumbnail\">\n\t\t\t\t\t\t<img width=\"292\" height=\"225\" src=\"https:\/\/grupnexus.com\/wp-content\/uploads\/2023\/01\/Dr-Pinos_Picosure-Pro-292x225.jpg\" class=\"attachment-post-small-4 size-post-small-4 wp-post-image\" alt=\"\" loading=\"lazy\" srcset=\"https:\/\/grupnexus.com\/wp-content\/uploads\/2023\/01\/Dr-Pinos_Picosure-Pro-292x225.jpg 292w, https:\/\/grupnexus.com\/wp-content\/uploads\/2023\/01\/Dr-Pinos_Picosure-Pro-480x369.jpg 480w, https:\/\/grupnexus.com\/wp-content\/uploads\/2023\/01\/Dr-Pinos_Picosure-Pro-1260x969.jpg 1260w, https:\/\/grupnexus.com\/wp-content\/uploads\/2023\/01\/Dr-Pinos_Picosure-Pro-615x473.jpg 615w, https:\/\/grupnexus.com\/wp-content\/uploads\/2023\/01\/Dr-Pinos_Picosure-Pro-400x307.jpg 400w\" sizes=\"(min-width: 900px) 50vw, 100vw\" \/>\t\t\t<\/div>\n\n\t<div class=\"post-content-wrapper\">\n\t\t\t\t<header class=\"single\">\n\t\t\t<div class=\"content\">\n\t\t\t\t<h3>\n\t\t\t\t\t<a href=\"https:\/\/grupnexus.com\/es\/clinica-nexus-la-primera-del-estado-espanol-en-ofrecer-el-tratamiento-cynoglow\/\" title=\"Cl\u00ednica Nexus, la primera del estado espa\u00f1ol en ofrecer el tratamiento CYNOGLOW\" class=\"entry-title\">Cl\u00ednica Nexus, la primera del estado espa\u00f1ol en ofrecer el tratamiento CYNOGLOW<\/a>\n\t\t\t\t<\/h3>\n\t\t\t<\/div>\n\t\t<\/header>\n\t\n\t\t<div class=\"post-actions-wrapper\">\n\t\t\t\t\t\t\t<div class=\"post-date\">\n\t\t\t\t\t30 enero, 2023\t\t\t\t<\/div>\n\t\t\t\t\t\t\t\t\t\t\n\t\t\t\t\t\t\t\t\t<\/div>\n\n\t\t<div class=\"post-content-outer\">\n\t\t\t<p>&nbsp; Cynoglow combina el l\u00e1ser Picosure Pro y su lente Focus junto a Potenza, la&#8230;<\/p>\n\t\t<\/div>\n\n\t\t\t\t\t<div class=\"post-content-meta\">\n\t\t\t\t<div>\n\t\t\t\t\tPosted in:  <a href=\"https:\/\/grupnexus.com\/es\/category\/blog\/actualidad\/\" rel=\"category tag\">Actualidad<\/a>, <a href=\"https:\/\/grupnexus.com\/es\/category\/prensa\/nota-de-prensa\/\" rel=\"category tag\">Notas de prensa<\/a>, <a href=\"https:\/\/grupnexus.com\/es\/category\/prensa\/\" rel=\"category tag\">Prensa<\/a>\t\t\t\t<\/div>\n\t\t\t\t\t\t\t<\/div>\n\t\t\t<\/div>\n\t<\/div>\n<\/div>\n\t\t\t\t<\/div>\n\t\t\t\t\t\t\t<div class=\"page-content post-head list-item cbp-item post-51965 post type-post status-publish format-standard has-post-thumbnail hentry category-actualidad category-blog category-noticias category-prensa\">\n\t\t\t\t\t<div class=\"post-article has-image-wrapper \">\n\t<meta itemscope itemprop=\"mainEntityOfPage\" itemid=\"https:\/\/grupnexus.com\/es\/open-padel-nexus-2023\/\" \/><meta itemprop=\"datePublished\" content=\"2023-01-24\" \/><meta itemprop=\"dateModified\" content=\"2023-01-24\" \/><meta itemprop=\"headline\" content=\"Open P\u00e1del Nexus 2023\" \/><div itemprop=\"publisher\" itemscope itemtype=\"https:\/\/schema.org\/Organization\"><meta itemprop=\"name\" content=\"Cl\u00ednica Nexus\"><meta itemprop=\"url\" content=\"https:\/\/grupnexus.com\/es\/\"><div itemprop=\"logo\" itemscope itemtype=\"https:\/\/schema.org\/ImageObject\"><meta itemprop=\"url\" content=\"https:\/\/grupnexus.com\/wp-content\/uploads\/LOGO-300x751.png\"><\/div><\/div><div itemscope itemprop=\"author\" itemtype=\"http:\/\/schema.org\/Person\"><meta itemprop=\"url\" content=\"https:\/\/grupnexus.com\/es\/author\/administrador\/\" \/><meta itemprop=\"name\" content=\"Nexus\" \/><\/div><div itemscope itemprop=\"image\" itemtype=\"http:\/\/schema.org\/ImageObject\"><meta itemprop=\"url\" content=\"https:\/\/grupnexus.com\/wp-content\/uploads\/2023\/01\/9385-scaled.jpg\" \/><meta itemprop=\"width\" content=\"2560\" \/><meta itemprop=\"height\" content=\"1920\" \/><\/div><div itemprop=\"interactionStatistic\" itemscope itemtype=\"http:\/\/schema.org\/InteractionCounter\"><meta itemprop=\"interactionType\" content=\"http:\/\/schema.org\/CommentAction\" \/><meta itemprop=\"userInteractionCount\" content=\"0\" \/><\/div>\t<div class=\"standard-post-format clearfix as-image \">\n\t\t\t<div class=\"thumbnail\">\n\t\t\t\t\t\t<img width=\"292\" height=\"225\" src=\"https:\/\/grupnexus.com\/wp-content\/uploads\/2023\/01\/9385-292x225.jpg\" class=\"attachment-post-small-4 size-post-small-4 wp-post-image\" alt=\"\" loading=\"lazy\" srcset=\"https:\/\/grupnexus.com\/wp-content\/uploads\/2023\/01\/9385-292x225.jpg 292w, https:\/\/grupnexus.com\/wp-content\/uploads\/2023\/01\/9385-480x369.jpg 480w, https:\/\/grupnexus.com\/wp-content\/uploads\/2023\/01\/9385-1260x969.jpg 1260w, https:\/\/grupnexus.com\/wp-content\/uploads\/2023\/01\/9385-615x473.jpg 615w, https:\/\/grupnexus.com\/wp-content\/uploads\/2023\/01\/9385-400x307.jpg 400w\" sizes=\"(min-width: 900px) 50vw, 100vw\" \/>\t\t\t<\/div>\n\n\t<div class=\"post-content-wrapper\">\n\t\t\t\t<header class=\"single\">\n\t\t\t<div class=\"content\">\n\t\t\t\t<h3>\n\t\t\t\t\t<a href=\"https:\/\/grupnexus.com\/es\/open-padel-nexus-2023\/\" title=\"Open P\u00e1del Nexus 2023\" class=\"entry-title\">Open P\u00e1del Nexus 2023<\/a>\n\t\t\t\t<\/h3>\n\t\t\t<\/div>\n\t\t<\/header>\n\t\n\t\t<div class=\"post-actions-wrapper\">\n\t\t\t\t\t\t\t<div class=\"post-date\">\n\t\t\t\t\t24 enero, 2023\t\t\t\t<\/div>\n\t\t\t\t\t\t\t\t\t\t\n\t\t\t\t\t\t\t\t\t<\/div>\n\n\t\t<div class=\"post-content-outer\">\n\t\t\t<p>&nbsp; Con el af\u00e1n de promover la salud y el deporte, Cl\u00ednica Nexus ha celebrado&#8230;<\/p>\n\t\t<\/div>\n\n\t\t\t\t\t<div class=\"post-content-meta\">\n\t\t\t\t<div>\n\t\t\t\t\tPosted in:  <a href=\"https:\/\/grupnexus.com\/es\/category\/blog\/actualidad\/\" rel=\"category tag\">Actualidad<\/a>, <a href=\"https:\/\/grupnexus.com\/es\/category\/blog\/\" rel=\"category tag\">Blog<\/a>, <a href=\"https:\/\/grupnexus.com\/es\/category\/prensa\/noticias\/\" rel=\"category tag\">Noticias<\/a>, <a href=\"https:\/\/grupnexus.com\/es\/category\/prensa\/\" rel=\"category tag\">Prensa<\/a>\t\t\t\t<\/div>\n\t\t\t\t\t\t\t<\/div>\n\t\t\t<\/div>\n\t<\/div>\n<\/div>\n\t\t\t\t<\/div>\n\t\t\t\t\t\t\t<div class=\"page-content post-head list-item cbp-item post-51522 post type-post status-publish format-image has-post-thumbnail hentry category-actualidad category-blog category-noticias category-prensa post_format-post-format-image\">\n\t\t\t\t\t<div class=\"post-article has-image-wrapper \">\n\t<meta itemscope itemprop=\"mainEntityOfPage\" itemid=\"https:\/\/grupnexus.com\/es\/nexus-asiste-al-wem-world-experts-meeting-de-este-ano\/\" \/><meta itemprop=\"datePublished\" content=\"2022-11-07\" \/><meta itemprop=\"dateModified\" content=\"2022-11-08\" \/><meta itemprop=\"headline\" content=\"Nexus asiste al WEM (World Experts Meeting) de este a\u00f1o\" \/><div itemprop=\"publisher\" itemscope itemtype=\"https:\/\/schema.org\/Organization\"><meta itemprop=\"name\" content=\"Cl\u00ednica Nexus\"><meta itemprop=\"url\" content=\"https:\/\/grupnexus.com\/es\/\"><div itemprop=\"logo\" itemscope itemtype=\"https:\/\/schema.org\/ImageObject\"><meta itemprop=\"url\" content=\"https:\/\/grupnexus.com\/wp-content\/uploads\/LOGO-300x751.png\"><\/div><\/div><div itemscope itemprop=\"author\" itemtype=\"http:\/\/schema.org\/Person\"><meta itemprop=\"url\" content=\"https:\/\/grupnexus.com\/es\/author\/administrador\/\" \/><meta itemprop=\"name\" content=\"Nexus\" \/><\/div><div itemscope itemprop=\"image\" itemtype=\"http:\/\/schema.org\/ImageObject\"><meta itemprop=\"url\" content=\"https:\/\/grupnexus.com\/wp-content\/uploads\/2022\/11\/IMG_3532.jpg\" \/><meta itemprop=\"width\" content=\"876\" \/><meta itemprop=\"height\" content=\"941\" \/><\/div><div itemprop=\"interactionStatistic\" itemscope itemtype=\"http:\/\/schema.org\/InteractionCounter\"><meta itemprop=\"interactionType\" content=\"http:\/\/schema.org\/CommentAction\" \/><meta itemprop=\"userInteractionCount\" content=\"0\" \/><\/div>\t<div class=\"image-post-format clearfix as-normal \">\n\t\t\t<div class=\"thumbnail\">\n\t\t\t\t\t\t<img width=\"292\" height=\"225\" src=\"https:\/\/grupnexus.com\/wp-content\/uploads\/2022\/11\/IMG_3532-292x225.jpg\" class=\"attachment-post-small-4 size-post-small-4 wp-post-image\" alt=\"\" loading=\"lazy\" srcset=\"https:\/\/grupnexus.com\/wp-content\/uploads\/2022\/11\/IMG_3532-292x225.jpg 292w, https:\/\/grupnexus.com\/wp-content\/uploads\/2022\/11\/IMG_3532-480x369.jpg 480w, https:\/\/grupnexus.com\/wp-content\/uploads\/2022\/11\/IMG_3532-615x473.jpg 615w, https:\/\/grupnexus.com\/wp-content\/uploads\/2022\/11\/IMG_3532-400x307.jpg 400w\" sizes=\"(min-width: 900px) 50vw, 100vw\" \/>\t\t\t<\/div>\n\n\t<div class=\"post-content-wrapper\">\n\t\t\t\t<header class=\"single\">\n\t\t\t<div class=\"content\">\n\t\t\t\t<h3>\n\t\t\t\t\t<a href=\"https:\/\/grupnexus.com\/es\/nexus-asiste-al-wem-world-experts-meeting-de-este-ano\/\" title=\"Nexus asiste al WEM (World Experts Meeting) de este a\u00f1o\" class=\"entry-title\">Nexus asiste al WEM (World Experts Meeting) de este a\u00f1o<\/a>\n\t\t\t\t<\/h3>\n\t\t\t<\/div>\n\t\t<\/header>\n\t\n\t\t<div class=\"post-actions-wrapper\">\n\t\t\t\t\t\t\t<div class=\"post-date\">\n\t\t\t\t\t7 noviembre, 2022\t\t\t\t<\/div>\n\t\t\t\t\t\t\t\t\t\t\n\t\t\t\t\t\t\t\t\t<\/div>\n\n\t\t<div class=\"post-content-outer\">\n\t\t\t<p>WEM (World Experts Meeting), organizado por Sinclair, convoca a los m\u00e1s prestigiosos cirujanos pl\u00e1sticos, m\u00e9dicos&#8230;<\/p>\n\t\t<\/div>\n\n\t\t\t\t\t<div class=\"post-content-meta\">\n\t\t\t\t<div>\n\t\t\t\t\tPosted in:  <a href=\"https:\/\/grupnexus.com\/es\/category\/blog\/actualidad\/\" rel=\"category tag\">Actualidad<\/a>, <a href=\"https:\/\/grupnexus.com\/es\/category\/blog\/\" rel=\"category tag\">Blog<\/a>, <a href=\"https:\/\/grupnexus.com\/es\/category\/prensa\/noticias\/\" rel=\"category tag\">Noticias<\/a>, <a href=\"https:\/\/grupnexus.com\/es\/category\/prensa\/\" rel=\"category tag\">Prensa<\/a>\t\t\t\t<\/div>\n\t\t\t\t\t\t\t<\/div>\n\t\t\t<\/div>\n\t<\/div>\n<\/div>\n\t\t\t\t<\/div>\n\t\t\t\t\t\t\t<div class=\"page-content post-head list-item cbp-item post-51355 post type-post status-publish format-image has-post-thumbnail hentry category-actualidad category-blog post_format-post-format-image\">\n\t\t\t\t\t<div class=\"post-article has-image-wrapper \">\n\t<meta itemscope itemprop=\"mainEntityOfPage\" itemid=\"https:\/\/grupnexus.com\/es\/nexus-marca-tendencia-y-asiste-al-congreso-baas-de-barcelona\/\" \/><meta itemprop=\"datePublished\" content=\"2022-09-26\" \/><meta itemprop=\"dateModified\" content=\"2022-11-23\" \/><meta itemprop=\"headline\" content=\"Nexus marca tendencia y asiste al Congreso BAAS de Barcelona\" \/><div itemprop=\"publisher\" itemscope itemtype=\"https:\/\/schema.org\/Organization\"><meta itemprop=\"name\" content=\"Cl\u00ednica Nexus\"><meta itemprop=\"url\" content=\"https:\/\/grupnexus.com\/es\/\"><div itemprop=\"logo\" itemscope itemtype=\"https:\/\/schema.org\/ImageObject\"><meta itemprop=\"url\" content=\"https:\/\/grupnexus.com\/wp-content\/uploads\/LOGO-300x751.png\"><\/div><\/div><div itemscope itemprop=\"author\" itemtype=\"http:\/\/schema.org\/Person\"><meta itemprop=\"url\" content=\"https:\/\/grupnexus.com\/es\/author\/administrador\/\" \/><meta itemprop=\"name\" content=\"Nexus\" \/><\/div><div itemscope itemprop=\"image\" itemtype=\"http:\/\/schema.org\/ImageObject\"><meta itemprop=\"url\" content=\"https:\/\/grupnexus.com\/wp-content\/uploads\/2022\/09\/congres-baas-nexus.jpg\" \/><meta itemprop=\"width\" content=\"600\" \/><meta itemprop=\"height\" content=\"400\" \/><\/div><div itemprop=\"interactionStatistic\" itemscope itemtype=\"http:\/\/schema.org\/InteractionCounter\"><meta itemprop=\"interactionType\" content=\"http:\/\/schema.org\/CommentAction\" \/><meta itemprop=\"userInteractionCount\" content=\"0\" \/><\/div>\t<div class=\"image-post-format clearfix as-normal \">\n\t\t\t<div class=\"thumbnail\">\n\t\t\t\t\t\t<img width=\"292\" height=\"225\" src=\"https:\/\/grupnexus.com\/wp-content\/uploads\/2022\/09\/congres-baas-nexus-292x225.jpg\" class=\"attachment-post-small-4 size-post-small-4 wp-post-image\" alt=\"\" loading=\"lazy\" srcset=\"https:\/\/grupnexus.com\/wp-content\/uploads\/2022\/09\/congres-baas-nexus-292x225.jpg 292w, https:\/\/grupnexus.com\/wp-content\/uploads\/2022\/09\/congres-baas-nexus-480x369.jpg 480w, https:\/\/grupnexus.com\/wp-content\/uploads\/2022\/09\/congres-baas-nexus-400x307.jpg 400w\" sizes=\"(min-width: 900px) 50vw, 100vw\" \/>\t\t\t<\/div>\n\n\t<div class=\"post-content-wrapper\">\n\t\t\t\t<header class=\"single\">\n\t\t\t<div class=\"content\">\n\t\t\t\t<h3>\n\t\t\t\t\t<a href=\"https:\/\/grupnexus.com\/es\/nexus-marca-tendencia-y-asiste-al-congreso-baas-de-barcelona\/\" title=\"Nexus marca tendencia y asiste al Congreso BAAS de Barcelona\" class=\"entry-title\">Nexus marca tendencia y asiste al Congreso BAAS de Barcelona<\/a>\n\t\t\t\t<\/h3>\n\t\t\t<\/div>\n\t\t<\/header>\n\t\n\t\t<div class=\"post-actions-wrapper\">\n\t\t\t\t\t\t\t<div class=\"post-date\">\n\t\t\t\t\t26 septiembre, 2022\t\t\t\t<\/div>\n\t\t\t\t\t\t\t\t\t\t\n\t\t\t\t\t\t\t\t\t<\/div>\n\n\t\t<div class=\"post-content-outer\">\n\t\t\t<p>La direcci\u00f3n de Cl\u00ednica Nexus siempre un paso adelante, en lo que se refiere a&#8230;<\/p>\n\t\t<\/div>\n\n\t\t\t\t\t<div class=\"post-content-meta\">\n\t\t\t\t<div>\n\t\t\t\t\tPosted in:  <a href=\"https:\/\/grupnexus.com\/es\/category\/blog\/actualidad\/\" rel=\"category tag\">Actualidad<\/a>, <a href=\"https:\/\/grupnexus.com\/es\/category\/blog\/\" rel=\"category tag\">Blog<\/a>\t\t\t\t<\/div>\n\t\t\t\t\t\t\t<\/div>\n\t\t\t<\/div>\n\t<\/div>\n<\/div>\n\t\t\t\t<\/div>\n\t\t\t\t\t\t\t<div class=\"page-content post-head list-item cbp-item post-50916 post type-post status-publish format-image has-post-thumbnail hentry category-actualidad category-blog post_format-post-format-image\">\n\t\t\t\t\t<div class=\"post-article has-image-wrapper \">\n\t<meta itemscope itemprop=\"mainEntityOfPage\" itemid=\"https:\/\/grupnexus.com\/es\/clinica-nexus-patrocina-el-torneo-de-padel-en-raimat-golf-club\/\" \/><meta itemprop=\"datePublished\" content=\"2022-07-20\" \/><meta itemprop=\"dateModified\" content=\"2022-07-25\" \/><meta itemprop=\"headline\" content=\"Cl\u00ednica Nexus patrocina el Torneo de P\u00e1del en Ra\u00efmat Golf Club\" \/><div itemprop=\"publisher\" itemscope itemtype=\"https:\/\/schema.org\/Organization\"><meta itemprop=\"name\" content=\"Cl\u00ednica Nexus\"><meta itemprop=\"url\" content=\"https:\/\/grupnexus.com\/es\/\"><div itemprop=\"logo\" itemscope itemtype=\"https:\/\/schema.org\/ImageObject\"><meta itemprop=\"url\" content=\"https:\/\/grupnexus.com\/wp-content\/uploads\/LOGO-300x751.png\"><\/div><\/div><div itemscope itemprop=\"author\" itemtype=\"http:\/\/schema.org\/Person\"><meta itemprop=\"url\" content=\"https:\/\/grupnexus.com\/es\/author\/administrador\/\" \/><meta itemprop=\"name\" content=\"Nexus\" \/><\/div><div itemscope itemprop=\"image\" itemtype=\"http:\/\/schema.org\/ImageObject\"><meta itemprop=\"url\" content=\"https:\/\/grupnexus.com\/wp-content\/uploads\/2022\/07\/Grup-Nexus-padel-golf-6.jpg\" \/><meta itemprop=\"width\" content=\"1024\" \/><meta itemprop=\"height\" content=\"758\" \/><\/div><div itemprop=\"interactionStatistic\" itemscope itemtype=\"http:\/\/schema.org\/InteractionCounter\"><meta itemprop=\"interactionType\" content=\"http:\/\/schema.org\/CommentAction\" \/><meta itemprop=\"userInteractionCount\" content=\"0\" \/><\/div>\t<div class=\"image-post-format clearfix as-normal \">\n\t\t\t<div class=\"thumbnail\">\n\t\t\t\t\t\t<img width=\"292\" height=\"225\" src=\"https:\/\/grupnexus.com\/wp-content\/uploads\/2022\/07\/Grup-Nexus-padel-golf-6-292x225.jpg\" class=\"attachment-post-small-4 size-post-small-4 wp-post-image\" alt=\"\" loading=\"lazy\" srcset=\"https:\/\/grupnexus.com\/wp-content\/uploads\/2022\/07\/Grup-Nexus-padel-golf-6-292x225.jpg 292w, https:\/\/grupnexus.com\/wp-content\/uploads\/2022\/07\/Grup-Nexus-padel-golf-6-480x369.jpg 480w, https:\/\/grupnexus.com\/wp-content\/uploads\/2022\/07\/Grup-Nexus-padel-golf-6-615x473.jpg 615w, https:\/\/grupnexus.com\/wp-content\/uploads\/2022\/07\/Grup-Nexus-padel-golf-6-400x307.jpg 400w\" sizes=\"(min-width: 900px) 50vw, 100vw\" \/>\t\t\t<\/div>\n\n\t<div class=\"post-content-wrapper\">\n\t\t\t\t<header class=\"single\">\n\t\t\t<div class=\"content\">\n\t\t\t\t<h3>\n\t\t\t\t\t<a href=\"https:\/\/grupnexus.com\/es\/clinica-nexus-patrocina-el-torneo-de-padel-en-raimat-golf-club\/\" title=\"Cl\u00ednica Nexus patrocina el Torneo de P\u00e1del en Ra\u00efmat Golf Club\" class=\"entry-title\">Cl\u00ednica Nexus patrocina el Torneo de P\u00e1del en Ra\u00efmat Golf Club<\/a>\n\t\t\t\t<\/h3>\n\t\t\t<\/div>\n\t\t<\/header>\n\t\n\t\t<div class=\"post-actions-wrapper\">\n\t\t\t\t\t\t\t<div class=\"post-date\">\n\t\t\t\t\t20 julio, 2022\t\t\t\t<\/div>\n\t\t\t\t\t\t\t\t\t\t\n\t\t\t\t\t\t\t\t\t<\/div>\n\n\t\t<div class=\"post-content-outer\">\n\t\t\t<p>El pasado 15 de julio tuvimos el placer de patrocinar el torneo de p\u00e1del que&#8230;<\/p>\n\t\t<\/div>\n\n\t\t\t\t\t<div class=\"post-content-meta\">\n\t\t\t\t<div>\n\t\t\t\t\tPosted in:  <a href=\"https:\/\/grupnexus.com\/es\/category\/blog\/actualidad\/\" rel=\"category tag\">Actualidad<\/a>, <a href=\"https:\/\/grupnexus.com\/es\/category\/blog\/\" rel=\"category tag\">Blog<\/a>\t\t\t\t<\/div>\n\t\t\t\t\t\t\t<\/div>\n\t\t\t<\/div>\n\t<\/div>\n<\/div>\n\t\t\t\t<\/div>\n\t\t\t\t\t\t\t<div class=\"page-content post-head list-item cbp-item post-50715 post type-post status-publish format-video hentry category-actualidad category-blog category-prensa post_format-post-format-video\">\n\t\t\t\t\t<div class=\"post-article has-image-wrapper \">\n\t<meta itemscope itemprop=\"mainEntityOfPage\" itemid=\"https:\/\/grupnexus.com\/es\/clinica-nexus-asiste-a-la-cena-empresarial-ser-empresarios\/\" \/><meta itemprop=\"datePublished\" content=\"2022-07-01\" \/><meta itemprop=\"dateModified\" content=\"2022-07-01\" \/><meta itemprop=\"headline\" content=\"Cl\u00ednica Nexus asiste a la cena empresarial SER Empresarios\" \/><div itemprop=\"publisher\" itemscope itemtype=\"https:\/\/schema.org\/Organization\"><meta itemprop=\"name\" content=\"Cl\u00ednica Nexus\"><meta itemprop=\"url\" content=\"https:\/\/grupnexus.com\/es\/\"><div itemprop=\"logo\" itemscope itemtype=\"https:\/\/schema.org\/ImageObject\"><meta itemprop=\"url\" content=\"https:\/\/grupnexus.com\/wp-content\/uploads\/LOGO-300x751.png\"><\/div><\/div><div itemscope itemprop=\"author\" itemtype=\"http:\/\/schema.org\/Person\"><meta itemprop=\"url\" content=\"https:\/\/grupnexus.com\/es\/author\/administrador\/\" \/><meta itemprop=\"name\" content=\"Nexus\" \/><\/div><div itemprop=\"interactionStatistic\" itemscope itemtype=\"http:\/\/schema.org\/InteractionCounter\"><meta itemprop=\"interactionType\" content=\"http:\/\/schema.org\/CommentAction\" \/><meta itemprop=\"userInteractionCount\" content=\"0\" \/><\/div>\t<div class=\"video-post-format clearfix as-normal \">\n\t\t\t<div class=\"thumbnail\">\n\t\t\t\t\t\t<div class=\"wpv-video-frame\"><iframe title=\"Cl\u00ednica Nexus assisteix al sopar empresarial SER Empresarios 2022\" width=\"1380\" height=\"776\" src=\"https:\/\/www.youtube.com\/embed\/bYv8RyoGD5Q?feature=oembed\" frameborder=\"0\" allow=\"accelerometer; autoplay; clipboard-write; encrypted-media; gyroscope; picture-in-picture\" allowfullscreen><\/iframe><\/div>\t\t\t<\/div>\n\n\t<div class=\"post-content-wrapper\">\n\t\t\t\t<header class=\"single\">\n\t\t\t<div class=\"content\">\n\t\t\t\t<h3>\n\t\t\t\t\t<a href=\"https:\/\/grupnexus.com\/es\/clinica-nexus-asiste-a-la-cena-empresarial-ser-empresarios\/\" title=\"Cl\u00ednica Nexus asiste a la cena empresarial SER Empresarios\" class=\"entry-title\">Cl\u00ednica Nexus asiste a la cena empresarial SER Empresarios<\/a>\n\t\t\t\t<\/h3>\n\t\t\t<\/div>\n\t\t<\/header>\n\t\n\t\t<div class=\"post-actions-wrapper\">\n\t\t\t\t\t\t\t<div class=\"post-date\">\n\t\t\t\t\t1 julio, 2022\t\t\t\t<\/div>\n\t\t\t\t\t\t\t\t\t\t\n\t\t\t\t\t\t\t\t\t<\/div>\n\n\t\t<div class=\"post-content-outer\">\n\t\t\t<p>Cl\u00ednica Nexus asisti\u00f3 como invitada a la cena empresarial Ser Empresarios, de esta temporada, un&#8230;<\/p>\n\t\t<\/div>\n\n\t\t\t\t\t<div class=\"post-content-meta\">\n\t\t\t\t<div>\n\t\t\t\t\tPosted in:  <a href=\"https:\/\/grupnexus.com\/es\/category\/blog\/actualidad\/\" rel=\"category tag\">Actualidad<\/a>, <a href=\"https:\/\/grupnexus.com\/es\/category\/blog\/\" rel=\"category tag\">Blog<\/a>, <a href=\"https:\/\/grupnexus.com\/es\/category\/prensa\/\" rel=\"category tag\">Prensa<\/a>\t\t\t\t<\/div>\n\t\t\t\t\t\t\t<\/div>\n\t\t\t<\/div>\n\t<\/div>\n<\/div>\n\t\t\t\t<\/div>\n\t\t\t\t\t\t\t<div class=\"page-content post-head list-item cbp-item post-50625 post type-post status-publish format-image has-post-thumbnail hentry category-actualidad category-blog category-testimonios tag-alopecia tag-trasplantament-capillar-es tag-trasplante-capilar post_format-post-format-image\">\n\t\t\t\t\t<div class=\"post-article has-image-wrapper \">\n\t<meta itemscope itemprop=\"mainEntityOfPage\" itemid=\"https:\/\/grupnexus.com\/es\/clinica-nexus-patrocinador-del-8o-open-solidario-del-club-natacio-lleida\/\" \/><meta itemprop=\"datePublished\" content=\"2022-06-20\" \/><meta itemprop=\"dateModified\" content=\"2022-06-20\" \/><meta itemprop=\"headline\" content=\"Cl\u00ednica Nexus patrocinador del 8\u00ba Open Solidario del Club Nataci\u00f3 Lleida\" \/><div itemprop=\"publisher\" itemscope itemtype=\"https:\/\/schema.org\/Organization\"><meta itemprop=\"name\" content=\"Cl\u00ednica Nexus\"><meta itemprop=\"url\" content=\"https:\/\/grupnexus.com\/es\/\"><div itemprop=\"logo\" itemscope itemtype=\"https:\/\/schema.org\/ImageObject\"><meta itemprop=\"url\" content=\"https:\/\/grupnexus.com\/wp-content\/uploads\/LOGO-300x751.png\"><\/div><\/div><div itemscope itemprop=\"author\" itemtype=\"http:\/\/schema.org\/Person\"><meta itemprop=\"url\" content=\"https:\/\/grupnexus.com\/es\/author\/administrador\/\" \/><meta itemprop=\"name\" content=\"Nexus\" \/><\/div><div itemscope itemprop=\"image\" itemtype=\"http:\/\/schema.org\/ImageObject\"><meta itemprop=\"url\" content=\"https:\/\/grupnexus.com\/wp-content\/uploads\/2022\/06\/Grup-Nexus-club-nexus-8e.jpg\" \/><meta itemprop=\"width\" content=\"1024\" \/><meta itemprop=\"height\" content=\"758\" \/><\/div><div itemprop=\"interactionStatistic\" itemscope itemtype=\"http:\/\/schema.org\/InteractionCounter\"><meta itemprop=\"interactionType\" content=\"http:\/\/schema.org\/CommentAction\" \/><meta itemprop=\"userInteractionCount\" content=\"0\" \/><\/div>\t<div class=\"image-post-format clearfix as-normal \">\n\t\t\t<div class=\"thumbnail\">\n\t\t\t\t\t\t<img width=\"292\" height=\"225\" src=\"https:\/\/grupnexus.com\/wp-content\/uploads\/2022\/06\/Grup-Nexus-club-nexus-8e-292x225.jpg\" class=\"attachment-post-small-4 size-post-small-4 wp-post-image\" alt=\"\" loading=\"lazy\" srcset=\"https:\/\/grupnexus.com\/wp-content\/uploads\/2022\/06\/Grup-Nexus-club-nexus-8e-292x225.jpg 292w, https:\/\/grupnexus.com\/wp-content\/uploads\/2022\/06\/Grup-Nexus-club-nexus-8e-480x369.jpg 480w, https:\/\/grupnexus.com\/wp-content\/uploads\/2022\/06\/Grup-Nexus-club-nexus-8e-615x473.jpg 615w, https:\/\/grupnexus.com\/wp-content\/uploads\/2022\/06\/Grup-Nexus-club-nexus-8e-400x307.jpg 400w\" sizes=\"(min-width: 900px) 50vw, 100vw\" \/>\t\t\t<\/div>\n\n\t<div class=\"post-content-wrapper\">\n\t\t\t\t<header class=\"single\">\n\t\t\t<div class=\"content\">\n\t\t\t\t<h3>\n\t\t\t\t\t<a href=\"https:\/\/grupnexus.com\/es\/clinica-nexus-patrocinador-del-8o-open-solidario-del-club-natacio-lleida\/\" title=\"Cl\u00ednica Nexus patrocinador del 8\u00ba Open Solidario del Club Nataci\u00f3 Lleida\" class=\"entry-title\">Cl\u00ednica Nexus patrocinador del 8\u00ba Open Solidario del Club Nataci\u00f3 Lleida<\/a>\n\t\t\t\t<\/h3>\n\t\t\t<\/div>\n\t\t<\/header>\n\t\n\t\t<div class=\"post-actions-wrapper\">\n\t\t\t\t\t\t\t<div class=\"post-date\">\n\t\t\t\t\t20 junio, 2022\t\t\t\t<\/div>\n\t\t\t\t\t\t\t\t\t\t\n\t\t\t\t\t\t\t\t\t<\/div>\n\n\t\t<div class=\"post-content-outer\">\n\t\t\t<p>Cl\u00ednica Nexus, un a\u00f1o m\u00e1s, ha participado en el 8\u00ba Open Solidario del Club Nataci\u00f3&#8230;<\/p>\n\t\t<\/div>\n\n\t\t\t\t\t<div class=\"post-content-meta\">\n\t\t\t\t<div>\n\t\t\t\t\tPosted in:  <a href=\"https:\/\/grupnexus.com\/es\/category\/blog\/actualidad\/\" rel=\"category tag\">Actualidad<\/a>, <a href=\"https:\/\/grupnexus.com\/es\/category\/blog\/\" rel=\"category tag\">Blog<\/a>, <a href=\"https:\/\/grupnexus.com\/es\/category\/testimonios\/\" rel=\"category tag\">Testimonios<\/a>\t\t\t\t<\/div>\n\t\t\t\t<div class=\"the-tags\">Tags: <a href=\"https:\/\/grupnexus.com\/es\/tag\/alopecia\/\" rel=\"tag\">alopecia<\/a>, <a href=\"https:\/\/grupnexus.com\/es\/tag\/trasplantament-capillar-es\/\" rel=\"tag\">trasplantament capil\u00b7lar<\/a>, <a href=\"https:\/\/grupnexus.com\/es\/tag\/trasplante-capilar\/\" rel=\"tag\">trasplante capilar<\/a><\/div>\t\t\t<\/div>\n\t\t\t<\/div>\n\t<\/div>\n<\/div>\n\t\t\t\t<\/div>\n\t\t\t\t\t\t\t<div class=\"page-content post-head list-item cbp-item post-50503 post type-post status-publish format-video hentry category-actualidad category-blog category-testimonios tag-alopecia tag-trasplantament-capillar-es tag-trasplante-capilar post_format-post-format-video\">\n\t\t\t\t\t<div class=\"post-article has-image-wrapper \">\n\t<meta itemscope itemprop=\"mainEntityOfPage\" itemid=\"https:\/\/grupnexus.com\/es\/trasplante-capilar-testimonio-miguel-perez\/\" \/><meta itemprop=\"datePublished\" content=\"2022-06-01\" \/><meta itemprop=\"dateModified\" content=\"2022-06-01\" \/><meta itemprop=\"headline\" content=\"Trasplante capilar. Testimonio Miguel P\u00e9rez\" \/><div itemprop=\"publisher\" itemscope itemtype=\"https:\/\/schema.org\/Organization\"><meta itemprop=\"name\" content=\"Cl\u00ednica Nexus\"><meta itemprop=\"url\" content=\"https:\/\/grupnexus.com\/es\/\"><div itemprop=\"logo\" itemscope itemtype=\"https:\/\/schema.org\/ImageObject\"><meta itemprop=\"url\" content=\"https:\/\/grupnexus.com\/wp-content\/uploads\/LOGO-300x751.png\"><\/div><\/div><div itemscope itemprop=\"author\" itemtype=\"http:\/\/schema.org\/Person\"><meta itemprop=\"url\" content=\"https:\/\/grupnexus.com\/es\/author\/administrador\/\" \/><meta itemprop=\"name\" content=\"Nexus\" \/><\/div><div itemprop=\"interactionStatistic\" itemscope itemtype=\"http:\/\/schema.org\/InteractionCounter\"><meta itemprop=\"interactionType\" content=\"http:\/\/schema.org\/CommentAction\" \/><meta itemprop=\"userInteractionCount\" content=\"0\" \/><\/div>\t<div class=\"video-post-format clearfix as-normal \">\n\t\t\t<div class=\"thumbnail\">\n\t\t\t\t\t\t<div class=\"wpv-video-frame\"><iframe title=\"Trasplantament capil\u00b7lar. Testimoni de Miguel P\u00e9rez\" width=\"1380\" height=\"776\" src=\"https:\/\/www.youtube.com\/embed\/U7b4ESf60Y4?feature=oembed\" frameborder=\"0\" allow=\"accelerometer; autoplay; clipboard-write; encrypted-media; gyroscope; picture-in-picture\" allowfullscreen><\/iframe><\/div>\t\t\t<\/div>\n\n\t<div class=\"post-content-wrapper\">\n\t\t\t\t<header class=\"single\">\n\t\t\t<div class=\"content\">\n\t\t\t\t<h3>\n\t\t\t\t\t<a href=\"https:\/\/grupnexus.com\/es\/trasplante-capilar-testimonio-miguel-perez\/\" title=\"Trasplante capilar. Testimonio Miguel P\u00e9rez\" class=\"entry-title\">Trasplante capilar. Testimonio Miguel P\u00e9rez<\/a>\n\t\t\t\t<\/h3>\n\t\t\t<\/div>\n\t\t<\/header>\n\t\n\t\t<div class=\"post-actions-wrapper\">\n\t\t\t\t\t\t\t<div class=\"post-date\">\n\t\t\t\t\t1 junio, 2022\t\t\t\t<\/div>\n\t\t\t\t\t\t\t\t\t\t\n\t\t\t\t\t\t\t\t\t<\/div>\n\n\t\t<div class=\"post-content-outer\">\n\t\t\t<p>La alopecia o p\u00e9rdida de cabello es una de las mayores preocupaciones est\u00e9ticas de la&#8230;<\/p>\n\t\t<\/div>\n\n\t\t\t\t\t<div class=\"post-content-meta\">\n\t\t\t\t<div>\n\t\t\t\t\tPosted in:  <a href=\"https:\/\/grupnexus.com\/es\/category\/blog\/actualidad\/\" rel=\"category tag\">Actualidad<\/a>, <a href=\"https:\/\/grupnexus.com\/es\/category\/blog\/\" rel=\"category tag\">Blog<\/a>, <a href=\"https:\/\/grupnexus.com\/es\/category\/testimonios\/\" rel=\"category tag\">Testimonios<\/a>\t\t\t\t<\/div>\n\t\t\t\t<div class=\"the-tags\">Tags: <a href=\"https:\/\/grupnexus.com\/es\/tag\/alopecia\/\" rel=\"tag\">alopecia<\/a>, <a href=\"https:\/\/grupnexus.com\/es\/tag\/trasplantament-capillar-es\/\" rel=\"tag\">trasplantament capil\u00b7lar<\/a>, <a href=\"https:\/\/grupnexus.com\/es\/tag\/trasplante-capilar\/\" rel=\"tag\">trasplante capilar<\/a><\/div>\t\t\t<\/div>\n\t\t\t<\/div>\n\t<\/div>\n<\/div>\n\t\t\t\t<\/div>\n\t\t\t\t\t\t\t<div class=\"page-content post-head list-item cbp-item post-50262 post type-post status-publish format-standard has-post-thumbnail hentry category-actualidad category-blog tag-bellesa-es tag-belleza-es\">\n\t\t\t\t\t<div class=\"post-article has-image-wrapper \">\n\t<meta itemscope itemprop=\"mainEntityOfPage\" itemid=\"https:\/\/grupnexus.com\/es\/coffee-talk-inteligencia-emocional-en-accion\/\" \/><meta itemprop=\"datePublished\" content=\"2022-05-02\" \/><meta itemprop=\"dateModified\" content=\"2022-05-02\" \/><meta itemprop=\"headline\" content=\"Coffee Talk \u201cInteligencia emocional en acci\u00f3n\u201d\" \/><div itemprop=\"publisher\" itemscope itemtype=\"https:\/\/schema.org\/Organization\"><meta itemprop=\"name\" content=\"Cl\u00ednica Nexus\"><meta itemprop=\"url\" content=\"https:\/\/grupnexus.com\/es\/\"><div itemprop=\"logo\" itemscope itemtype=\"https:\/\/schema.org\/ImageObject\"><meta itemprop=\"url\" content=\"https:\/\/grupnexus.com\/wp-content\/uploads\/LOGO-300x751.png\"><\/div><\/div><div itemscope itemprop=\"author\" itemtype=\"http:\/\/schema.org\/Person\"><meta itemprop=\"url\" content=\"https:\/\/grupnexus.com\/es\/author\/administrador\/\" \/><meta itemprop=\"name\" content=\"Nexus\" \/><\/div><div itemscope itemprop=\"image\" itemtype=\"http:\/\/schema.org\/ImageObject\"><meta itemprop=\"url\" content=\"https:\/\/grupnexus.com\/wp-content\/uploads\/2022\/05\/coffee-talk-nexus-mayo-4.jpg\" \/><meta itemprop=\"width\" content=\"1024\" \/><meta itemprop=\"height\" content=\"758\" \/><\/div><div itemprop=\"interactionStatistic\" itemscope itemtype=\"http:\/\/schema.org\/InteractionCounter\"><meta itemprop=\"interactionType\" content=\"http:\/\/schema.org\/CommentAction\" \/><meta itemprop=\"userInteractionCount\" content=\"0\" \/><\/div>\t<div class=\"standard-post-format clearfix as-image \">\n\t\t\t<div class=\"thumbnail\">\n\t\t\t\t\t\t<img width=\"292\" height=\"225\" src=\"https:\/\/grupnexus.com\/wp-content\/uploads\/2022\/05\/coffee-talk-nexus-mayo-4-292x225.jpg\" class=\"attachment-post-small-4 size-post-small-4 wp-post-image\" alt=\"\" loading=\"lazy\" srcset=\"https:\/\/grupnexus.com\/wp-content\/uploads\/2022\/05\/coffee-talk-nexus-mayo-4-292x225.jpg 292w, https:\/\/grupnexus.com\/wp-content\/uploads\/2022\/05\/coffee-talk-nexus-mayo-4-480x369.jpg 480w, https:\/\/grupnexus.com\/wp-content\/uploads\/2022\/05\/coffee-talk-nexus-mayo-4-615x473.jpg 615w, https:\/\/grupnexus.com\/wp-content\/uploads\/2022\/05\/coffee-talk-nexus-mayo-4-400x307.jpg 400w\" sizes=\"(min-width: 900px) 50vw, 100vw\" \/>\t\t\t<\/div>\n\n\t<div class=\"post-content-wrapper\">\n\t\t\t\t<header class=\"single\">\n\t\t\t<div class=\"content\">\n\t\t\t\t<h3>\n\t\t\t\t\t<a href=\"https:\/\/grupnexus.com\/es\/coffee-talk-inteligencia-emocional-en-accion\/\" title=\"Coffee Talk \u201cInteligencia emocional en acci\u00f3n\u201d\" class=\"entry-title\">Coffee Talk \u201cInteligencia emocional en acci\u00f3n\u201d<\/a>\n\t\t\t\t<\/h3>\n\t\t\t<\/div>\n\t\t<\/header>\n\t\n\t\t<div class=\"post-actions-wrapper\">\n\t\t\t\t\t\t\t<div class=\"post-date\">\n\t\t\t\t\t2 mayo, 2022\t\t\t\t<\/div>\n\t\t\t\t\t\t\t\t\t\t\n\t\t\t\t\t\t\t\t\t<\/div>\n\n\t\t<div class=\"post-content-outer\">\n\t\t\t<p>Una hora de acci\u00f3n en la que aprendimos la f\u00f3rmula del bienestar, de forma pr\u00e1ctica,&#8230;<\/p>\n\t\t<\/div>\n\n\t\t\t\t\t<div class=\"post-content-meta\">\n\t\t\t\t<div>\n\t\t\t\t\tPosted in:  <a href=\"https:\/\/grupnexus.com\/es\/category\/blog\/actualidad\/\" rel=\"category tag\">Actualidad<\/a>, <a href=\"https:\/\/grupnexus.com\/es\/category\/blog\/\" rel=\"category tag\">Blog<\/a>\t\t\t\t<\/div>\n\t\t\t\t<div class=\"the-tags\">Tags: <a href=\"https:\/\/grupnexus.com\/es\/tag\/bellesa-es\/\" rel=\"tag\">bellesa<\/a>, <a href=\"https:\/\/grupnexus.com\/es\/tag\/belleza-es\/\" rel=\"tag\">belleza<\/a><\/div>\t\t\t<\/div>\n\t\t\t<\/div>\n\t<\/div>\n<\/div>\n\t\t\t\t<\/div>\n\t\t\t\t\t\t\t<div class=\"page-content post-head list-item cbp-item post-50127 post type-post status-publish format-standard has-post-thumbnail hentry category-actualidad category-blog tag-bellesa-es tag-belleza-es\">\n\t\t\t\t\t<div class=\"post-article has-image-wrapper \">\n\t<meta itemscope itemprop=\"mainEntityOfPage\" itemid=\"https:\/\/grupnexus.com\/es\/adios-a-la-flacidez-con-potenza\/\" \/><meta itemprop=\"datePublished\" content=\"2022-04-08\" \/><meta itemprop=\"dateModified\" content=\"2022-04-12\" \/><meta itemprop=\"headline\" content=\"Adi\u00f3s a la flacidez con Potenza. El sistema de Radiofrecuencia y Microonedling\" \/><div itemprop=\"publisher\" itemscope itemtype=\"https:\/\/schema.org\/Organization\"><meta itemprop=\"name\" content=\"Cl\u00ednica Nexus\"><meta itemprop=\"url\" content=\"https:\/\/grupnexus.com\/es\/\"><div itemprop=\"logo\" itemscope itemtype=\"https:\/\/schema.org\/ImageObject\"><meta itemprop=\"url\" content=\"https:\/\/grupnexus.com\/wp-content\/uploads\/LOGO-300x751.png\"><\/div><\/div><div itemscope itemprop=\"author\" itemtype=\"http:\/\/schema.org\/Person\"><meta itemprop=\"url\" content=\"https:\/\/grupnexus.com\/es\/author\/administrador\/\" \/><meta itemprop=\"name\" content=\"Nexus\" \/><\/div><div itemscope itemprop=\"image\" itemtype=\"http:\/\/schema.org\/ImageObject\"><meta itemprop=\"url\" content=\"https:\/\/grupnexus.com\/wp-content\/uploads\/2022\/04\/potenza-7.jpg\" \/><meta itemprop=\"width\" content=\"600\" \/><meta itemprop=\"height\" content=\"400\" \/><\/div><div itemprop=\"interactionStatistic\" itemscope itemtype=\"http:\/\/schema.org\/InteractionCounter\"><meta itemprop=\"interactionType\" content=\"http:\/\/schema.org\/CommentAction\" \/><meta itemprop=\"userInteractionCount\" content=\"0\" \/><\/div>\t<div class=\"standard-post-format clearfix as-image \">\n\t\t\t<div class=\"thumbnail\">\n\t\t\t\t\t\t<img width=\"292\" height=\"225\" src=\"https:\/\/grupnexus.com\/wp-content\/uploads\/2022\/04\/potenza-7-292x225.jpg\" class=\"attachment-post-small-4 size-post-small-4 wp-post-image\" alt=\"\" loading=\"lazy\" srcset=\"https:\/\/grupnexus.com\/wp-content\/uploads\/2022\/04\/potenza-7-292x225.jpg 292w, https:\/\/grupnexus.com\/wp-content\/uploads\/2022\/04\/potenza-7-480x369.jpg 480w, https:\/\/grupnexus.com\/wp-content\/uploads\/2022\/04\/potenza-7-400x307.jpg 400w\" sizes=\"(min-width: 900px) 50vw, 100vw\" \/>\t\t\t<\/div>\n\n\t<div class=\"post-content-wrapper\">\n\t\t\t\t<header class=\"single\">\n\t\t\t<div class=\"content\">\n\t\t\t\t<h3>\n\t\t\t\t\t<a href=\"https:\/\/grupnexus.com\/es\/adios-a-la-flacidez-con-potenza\/\" title=\"Adi\u00f3s a la flacidez con Potenza. El sistema de Radiofrecuencia y Microonedling\" class=\"entry-title\">Adi\u00f3s a la flacidez con Potenza. El sistema de Radiofrecuencia y Microonedling<\/a>\n\t\t\t\t<\/h3>\n\t\t\t<\/div>\n\t\t<\/header>\n\t\n\t\t<div class=\"post-actions-wrapper\">\n\t\t\t\t\t\t\t<div class=\"post-date\">\n\t\t\t\t\t8 abril, 2022\t\t\t\t<\/div>\n\t\t\t\t\t\t\t\t\t\t\n\t\t\t\t\t\t\t\t\t<\/div>\n\n\t\t<div class=\"post-content-outer\">\n\t\t\t<p>La flacidez es una de las causas que m\u00e1s preocupa a partir de cierta edad&#8230;.<\/p>\n\t\t<\/div>\n\n\t\t\t\t\t<div class=\"post-content-meta\">\n\t\t\t\t<div>\n\t\t\t\t\tPosted in:  <a href=\"https:\/\/grupnexus.com\/es\/category\/blog\/actualidad\/\" rel=\"category tag\">Actualidad<\/a>, <a href=\"https:\/\/grupnexus.com\/es\/category\/blog\/\" rel=\"category tag\">Blog<\/a>\t\t\t\t<\/div>\n\t\t\t\t<div class=\"the-tags\">Tags: <a href=\"https:\/\/grupnexus.com\/es\/tag\/bellesa-es\/\" rel=\"tag\">bellesa<\/a>, <a href=\"https:\/\/grupnexus.com\/es\/tag\/belleza-es\/\" rel=\"tag\">belleza<\/a><\/div>\t\t\t<\/div>\n\t\t\t<\/div>\n\t<\/div>\n<\/div>\n\t\t\t\t<\/div>\n\t\t\t\t\t\t\t<div class=\"page-content post-head list-item cbp-item post-49972 post type-post status-publish format-standard has-post-thumbnail hentry category-actualidad category-blog tag-bellesa-es tag-belleza-es\">\n\t\t\t\t\t<div class=\"post-article has-image-wrapper \">\n\t<meta itemscope itemprop=\"mainEntityOfPage\" itemid=\"https:\/\/grupnexus.com\/es\/coffee-talk-wellaging-potenza\/\" \/><meta itemprop=\"datePublished\" content=\"2022-04-07\" \/><meta itemprop=\"dateModified\" content=\"2022-04-12\" \/><meta itemprop=\"headline\" content=\"Coffee Talk. \u201cWellaging. C\u00f3mo conseguir un efecto lifting con Potenza\u201d\" \/><div itemprop=\"publisher\" itemscope itemtype=\"https:\/\/schema.org\/Organization\"><meta itemprop=\"name\" content=\"Cl\u00ednica Nexus\"><meta itemprop=\"url\" content=\"https:\/\/grupnexus.com\/es\/\"><div itemprop=\"logo\" itemscope itemtype=\"https:\/\/schema.org\/ImageObject\"><meta itemprop=\"url\" content=\"https:\/\/grupnexus.com\/wp-content\/uploads\/LOGO-300x751.png\"><\/div><\/div><div itemscope itemprop=\"author\" itemtype=\"http:\/\/schema.org\/Person\"><meta itemprop=\"url\" content=\"https:\/\/grupnexus.com\/es\/author\/administrador\/\" \/><meta itemprop=\"name\" content=\"Nexus\" \/><\/div><div itemscope itemprop=\"image\" itemtype=\"http:\/\/schema.org\/ImageObject\"><meta itemprop=\"url\" content=\"https:\/\/grupnexus.com\/wp-content\/uploads\/2022\/04\/16Coffee-Nexus.jpg\" \/><meta itemprop=\"width\" content=\"600\" \/><meta itemprop=\"height\" content=\"400\" \/><\/div><div itemprop=\"interactionStatistic\" itemscope itemtype=\"http:\/\/schema.org\/InteractionCounter\"><meta itemprop=\"interactionType\" content=\"http:\/\/schema.org\/CommentAction\" \/><meta itemprop=\"userInteractionCount\" content=\"0\" \/><\/div>\t<div class=\"standard-post-format clearfix as-image \">\n\t\t\t<div class=\"thumbnail\">\n\t\t\t\t\t\t<img width=\"292\" height=\"225\" src=\"https:\/\/grupnexus.com\/wp-content\/uploads\/2022\/04\/16Coffee-Nexus-292x225.jpg\" class=\"attachment-post-small-4 size-post-small-4 wp-post-image\" alt=\"\" loading=\"lazy\" srcset=\"https:\/\/grupnexus.com\/wp-content\/uploads\/2022\/04\/16Coffee-Nexus-292x225.jpg 292w, https:\/\/grupnexus.com\/wp-content\/uploads\/2022\/04\/16Coffee-Nexus-480x369.jpg 480w, https:\/\/grupnexus.com\/wp-content\/uploads\/2022\/04\/16Coffee-Nexus-400x307.jpg 400w\" sizes=\"(min-width: 900px) 50vw, 100vw\" \/>\t\t\t<\/div>\n\n\t<div class=\"post-content-wrapper\">\n\t\t\t\t<header class=\"single\">\n\t\t\t<div class=\"content\">\n\t\t\t\t<h3>\n\t\t\t\t\t<a href=\"https:\/\/grupnexus.com\/es\/coffee-talk-wellaging-potenza\/\" title=\"Coffee Talk. \u201cWellaging. C\u00f3mo conseguir un efecto lifting con Potenza\u201d\" class=\"entry-title\">Coffee Talk. \u201cWellaging. C\u00f3mo conseguir un efecto lifting con Potenza\u201d<\/a>\n\t\t\t\t<\/h3>\n\t\t\t<\/div>\n\t\t<\/header>\n\t\n\t\t<div class=\"post-actions-wrapper\">\n\t\t\t\t\t\t\t<div class=\"post-date\">\n\t\t\t\t\t7 abril, 2022\t\t\t\t<\/div>\n\t\t\t\t\t\t\t\t\t\t\n\t\t\t\t\t\t\t\t\t<\/div>\n\n\t\t<div class=\"post-content-outer\">\n\t\t\t<p>Una de las preocupaciones que nos hac\u00e9is llegar a consulta, es la de la flacidez,&#8230;<\/p>\n\t\t<\/div>\n\n\t\t\t\t\t<div class=\"post-content-meta\">\n\t\t\t\t<div>\n\t\t\t\t\tPosted in:  <a href=\"https:\/\/grupnexus.com\/es\/category\/blog\/actualidad\/\" rel=\"category tag\">Actualidad<\/a>, <a href=\"https:\/\/grupnexus.com\/es\/category\/blog\/\" rel=\"category tag\">Blog<\/a>\t\t\t\t<\/div>\n\t\t\t\t<div class=\"the-tags\">Tags: <a href=\"https:\/\/grupnexus.com\/es\/tag\/bellesa-es\/\" rel=\"tag\">bellesa<\/a>, <a href=\"https:\/\/grupnexus.com\/es\/tag\/belleza-es\/\" rel=\"tag\">belleza<\/a><\/div>\t\t\t<\/div>\n\t\t\t<\/div>\n\t<\/div>\n<\/div>\n\t\t\t\t<\/div>\n\t\t\t\t\t\t\t<div class=\"page-content post-head list-item cbp-item post-49765 post type-post status-publish format-standard has-post-thumbnail hentry category-actualidad category-blog tag-alimentacion-saludable tag-bellesa-es tag-belleza-es tag-eliminacion-de-acne tag-eliminacion-de-cicatrices tag-eliminacion-de-estrias tag-tonificacion-muscular\">\n\t\t\t\t\t<div class=\"post-article has-image-wrapper \">\n\t<meta itemscope itemprop=\"mainEntityOfPage\" itemid=\"https:\/\/grupnexus.com\/es\/nexus-informa-a-los-jovenes-modelos-de-lleida-sobre-estetica\/\" \/><meta itemprop=\"datePublished\" content=\"2022-03-22\" \/><meta itemprop=\"dateModified\" content=\"2022-03-22\" \/><meta itemprop=\"headline\" content=\"Nexus informa a los j\u00f3venes modelos de Lleida sobre est\u00e9tica\" \/><div itemprop=\"publisher\" itemscope itemtype=\"https:\/\/schema.org\/Organization\"><meta itemprop=\"name\" content=\"Cl\u00ednica Nexus\"><meta itemprop=\"url\" content=\"https:\/\/grupnexus.com\/es\/\"><div itemprop=\"logo\" itemscope itemtype=\"https:\/\/schema.org\/ImageObject\"><meta itemprop=\"url\" content=\"https:\/\/grupnexus.com\/wp-content\/uploads\/LOGO-300x751.png\"><\/div><\/div><div itemscope itemprop=\"author\" itemtype=\"http:\/\/schema.org\/Person\"><meta itemprop=\"url\" content=\"https:\/\/grupnexus.com\/es\/author\/administrador\/\" \/><meta itemprop=\"name\" content=\"Nexus\" \/><\/div><div itemscope itemprop=\"image\" itemtype=\"http:\/\/schema.org\/ImageObject\"><meta itemprop=\"url\" content=\"https:\/\/grupnexus.com\/wp-content\/uploads\/2022\/03\/nexus-informa-jovenes-2.jpg\" \/><meta itemprop=\"width\" content=\"800\" \/><meta itemprop=\"height\" content=\"600\" \/><\/div><div itemprop=\"interactionStatistic\" itemscope itemtype=\"http:\/\/schema.org\/InteractionCounter\"><meta itemprop=\"interactionType\" content=\"http:\/\/schema.org\/CommentAction\" \/><meta itemprop=\"userInteractionCount\" content=\"0\" \/><\/div>\t<div class=\"standard-post-format clearfix as-image \">\n\t\t\t<div class=\"thumbnail\">\n\t\t\t\t\t\t<img width=\"292\" height=\"225\" src=\"https:\/\/grupnexus.com\/wp-content\/uploads\/2022\/03\/nexus-informa-jovenes-2-292x225.jpg\" class=\"attachment-post-small-4 size-post-small-4 wp-post-image\" alt=\"\" loading=\"lazy\" srcset=\"https:\/\/grupnexus.com\/wp-content\/uploads\/2022\/03\/nexus-informa-jovenes-2-292x225.jpg 292w, https:\/\/grupnexus.com\/wp-content\/uploads\/2022\/03\/nexus-informa-jovenes-2-480x369.jpg 480w, https:\/\/grupnexus.com\/wp-content\/uploads\/2022\/03\/nexus-informa-jovenes-2-615x473.jpg 615w, https:\/\/grupnexus.com\/wp-content\/uploads\/2022\/03\/nexus-informa-jovenes-2-400x307.jpg 400w\" sizes=\"(min-width: 900px) 50vw, 100vw\" \/>\t\t\t<\/div>\n\n\t<div class=\"post-content-wrapper\">\n\t\t\t\t<header class=\"single\">\n\t\t\t<div class=\"content\">\n\t\t\t\t<h3>\n\t\t\t\t\t<a href=\"https:\/\/grupnexus.com\/es\/nexus-informa-a-los-jovenes-modelos-de-lleida-sobre-estetica\/\" title=\"Nexus informa a los j\u00f3venes modelos de Lleida sobre est\u00e9tica\" class=\"entry-title\">Nexus informa a los j\u00f3venes modelos de Lleida sobre est\u00e9tica<\/a>\n\t\t\t\t<\/h3>\n\t\t\t<\/div>\n\t\t<\/header>\n\t\n\t\t<div class=\"post-actions-wrapper\">\n\t\t\t\t\t\t\t<div class=\"post-date\">\n\t\t\t\t\t22 marzo, 2022\t\t\t\t<\/div>\n\t\t\t\t\t\t\t\t\t\t\n\t\t\t\t\t\t\t\t\t<\/div>\n\n\t\t<div class=\"post-content-outer\">\n\t\t\t<p>El cuidado facial y corporal es la base para que un buen modelo pueda triunfar&#8230;<\/p>\n\t\t<\/div>\n\n\t\t\t\t\t<div class=\"post-content-meta\">\n\t\t\t\t<div>\n\t\t\t\t\tPosted in:  <a href=\"https:\/\/grupnexus.com\/es\/category\/blog\/actualidad\/\" rel=\"category tag\">Actualidad<\/a>, <a href=\"https:\/\/grupnexus.com\/es\/category\/blog\/\" rel=\"category tag\">Blog<\/a>\t\t\t\t<\/div>\n\t\t\t\t<div class=\"the-tags\">Tags: <a href=\"https:\/\/grupnexus.com\/es\/tag\/alimentacion-saludable\/\" rel=\"tag\">alimentaci\u00f3n saludable<\/a>, <a href=\"https:\/\/grupnexus.com\/es\/tag\/bellesa-es\/\" rel=\"tag\">bellesa<\/a>, <a href=\"https:\/\/grupnexus.com\/es\/tag\/belleza-es\/\" rel=\"tag\">belleza<\/a>, <a href=\"https:\/\/grupnexus.com\/es\/tag\/eliminacion-de-acne\/\" rel=\"tag\">eliminaci\u00f3n de acne<\/a>, <a href=\"https:\/\/grupnexus.com\/es\/tag\/eliminacion-de-cicatrices\/\" rel=\"tag\">eliminaci\u00f3n de cicatrices<\/a>, <a href=\"https:\/\/grupnexus.com\/es\/tag\/eliminacion-de-estrias\/\" rel=\"tag\">eliminaci\u00f3n de estr\u00edas<\/a>, <a href=\"https:\/\/grupnexus.com\/es\/tag\/tonificacion-muscular\/\" rel=\"tag\">tonificaci\u00f3n muscular<\/a><\/div>\t\t\t<\/div>\n\t\t\t<\/div>\n\t<\/div>\n<\/div>\n\t\t\t\t<\/div>\n\t\t\t\t\t\t\t<div class=\"page-content post-head list-item cbp-item post-49747 post type-post status-publish format-standard has-post-thumbnail hentry category-actualidad category-blog category-podcast tag-bellezaemocional-es tag-podcastsegre-es tag-nexus-es\">\n\t\t\t\t\t<div class=\"post-article has-image-wrapper \">\n\t<meta itemscope itemprop=\"mainEntityOfPage\" itemid=\"https:\/\/grupnexus.com\/es\/belleza-emocional-con-nexus\/\" \/><meta itemprop=\"datePublished\" content=\"2022-03-22\" \/><meta itemprop=\"dateModified\" content=\"2022-03-22\" \/><meta itemprop=\"headline\" content=\"Belleza emocional con Nexus\" \/><div itemprop=\"publisher\" itemscope itemtype=\"https:\/\/schema.org\/Organization\"><meta itemprop=\"name\" content=\"Cl\u00ednica Nexus\"><meta itemprop=\"url\" content=\"https:\/\/grupnexus.com\/es\/\"><div itemprop=\"logo\" itemscope itemtype=\"https:\/\/schema.org\/ImageObject\"><meta itemprop=\"url\" content=\"https:\/\/grupnexus.com\/wp-content\/uploads\/LOGO-300x751.png\"><\/div><\/div><div itemscope itemprop=\"author\" itemtype=\"http:\/\/schema.org\/Person\"><meta itemprop=\"url\" content=\"https:\/\/grupnexus.com\/es\/author\/administrador\/\" \/><meta itemprop=\"name\" content=\"Nexus\" \/><\/div><div itemscope itemprop=\"image\" itemtype=\"http:\/\/schema.org\/ImageObject\"><meta itemprop=\"url\" content=\"https:\/\/grupnexus.com\/wp-content\/uploads\/2022\/03\/64d917b18ee008d11c4309792856d8df.jpg\" \/><meta itemprop=\"width\" content=\"720\" \/><meta itemprop=\"height\" content=\"720\" \/><\/div><div itemprop=\"interactionStatistic\" itemscope itemtype=\"http:\/\/schema.org\/InteractionCounter\"><meta itemprop=\"interactionType\" content=\"http:\/\/schema.org\/CommentAction\" \/><meta itemprop=\"userInteractionCount\" content=\"0\" \/><\/div>\t<div class=\"standard-post-format clearfix as-image \">\n\t\t\t<div class=\"thumbnail\">\n\t\t\t\t\t\t<img width=\"292\" height=\"225\" src=\"https:\/\/grupnexus.com\/wp-content\/uploads\/2022\/03\/64d917b18ee008d11c4309792856d8df-292x225.jpg\" class=\"attachment-post-small-4 size-post-small-4 wp-post-image\" alt=\"\" loading=\"lazy\" srcset=\"https:\/\/grupnexus.com\/wp-content\/uploads\/2022\/03\/64d917b18ee008d11c4309792856d8df-292x225.jpg 292w, https:\/\/grupnexus.com\/wp-content\/uploads\/2022\/03\/64d917b18ee008d11c4309792856d8df-480x369.jpg 480w, https:\/\/grupnexus.com\/wp-content\/uploads\/2022\/03\/64d917b18ee008d11c4309792856d8df-615x473.jpg 615w, https:\/\/grupnexus.com\/wp-content\/uploads\/2022\/03\/64d917b18ee008d11c4309792856d8df-400x307.jpg 400w\" sizes=\"(min-width: 900px) 50vw, 100vw\" \/>\t\t\t<\/div>\n\n\t<div class=\"post-content-wrapper\">\n\t\t\t\t<header class=\"single\">\n\t\t\t<div class=\"content\">\n\t\t\t\t<h3>\n\t\t\t\t\t<a href=\"https:\/\/grupnexus.com\/es\/belleza-emocional-con-nexus\/\" title=\"Belleza emocional con Nexus\" class=\"entry-title\">Belleza emocional con Nexus<\/a>\n\t\t\t\t<\/h3>\n\t\t\t<\/div>\n\t\t<\/header>\n\t\n\t\t<div class=\"post-actions-wrapper\">\n\t\t\t\t\t\t\t<div class=\"post-date\">\n\t\t\t\t\t22 marzo, 2022\t\t\t\t<\/div>\n\t\t\t\t\t\t\t\t\t\t\n\t\t\t\t\t\t\t\t\t<\/div>\n\n\t\t<div class=\"post-content-outer\">\n\t\t\t<p>Abrimos nuevo canal mensual de comunicaci\u00f3n. Queremos acompa\u00f1arte en esos momentos donde solo est\u00e1s t\u00fa&#8230;<\/p>\n\t\t<\/div>\n\n\t\t\t\t\t<div class=\"post-content-meta\">\n\t\t\t\t<div>\n\t\t\t\t\tPosted in:  <a href=\"https:\/\/grupnexus.com\/es\/category\/blog\/actualidad\/\" rel=\"category tag\">Actualidad<\/a>, <a href=\"https:\/\/grupnexus.com\/es\/category\/blog\/\" rel=\"category tag\">Blog<\/a>, <a href=\"https:\/\/grupnexus.com\/es\/category\/prensa\/podcast\/\" rel=\"category tag\">Podcast<\/a>\t\t\t\t<\/div>\n\t\t\t\t<div class=\"the-tags\">Tags: <a href=\"https:\/\/grupnexus.com\/es\/tag\/bellezaemocional-es\/\" rel=\"tag\">#Bellezaemocional<\/a>, <a href=\"https:\/\/grupnexus.com\/es\/tag\/podcastsegre-es\/\" rel=\"tag\">#Podcastsegre<\/a>, <a href=\"https:\/\/grupnexus.com\/es\/tag\/nexus-es\/\" rel=\"tag\">nexus<\/a><\/div>\t\t\t<\/div>\n\t\t\t<\/div>\n\t<\/div>\n<\/div>\n\t\t\t\t<\/div>\n\t\t\t\t\t\t\t<div class=\"page-content post-head list-item cbp-item post-49515 post type-post status-publish format-standard has-post-thumbnail hentry category-actualidad category-blog tag-allskinmed-es tag-cantabrialabs-es tag-coffeetalks-es tag-cosmeticamedica-es tag-empoderatambnexus-es\">\n\t\t\t\t\t<div class=\"post-article has-image-wrapper \">\n\t<meta itemscope itemprop=\"mainEntityOfPage\" itemid=\"https:\/\/grupnexus.com\/es\/rituales-de-belleza-efecto-wow\/\" \/><meta itemprop=\"datePublished\" content=\"2022-03-04\" \/><meta itemprop=\"dateModified\" content=\"2022-03-07\" \/><meta itemprop=\"headline\" content=\"Rituales de belleza efecto WOW!\" \/><div itemprop=\"publisher\" itemscope itemtype=\"https:\/\/schema.org\/Organization\"><meta itemprop=\"name\" content=\"Cl\u00ednica Nexus\"><meta itemprop=\"url\" content=\"https:\/\/grupnexus.com\/es\/\"><div itemprop=\"logo\" itemscope itemtype=\"https:\/\/schema.org\/ImageObject\"><meta itemprop=\"url\" content=\"https:\/\/grupnexus.com\/wp-content\/uploads\/LOGO-300x751.png\"><\/div><\/div><div itemscope itemprop=\"author\" itemtype=\"http:\/\/schema.org\/Person\"><meta itemprop=\"url\" content=\"https:\/\/grupnexus.com\/es\/author\/administrador\/\" \/><meta itemprop=\"name\" content=\"Nexus\" \/><\/div><div itemscope itemprop=\"image\" itemtype=\"http:\/\/schema.org\/ImageObject\"><meta itemprop=\"url\" content=\"https:\/\/grupnexus.com\/wp-content\/uploads\/2022\/03\/nexus-asm-2.jpg\" \/><meta itemprop=\"width\" content=\"900\" \/><meta itemprop=\"height\" content=\"600\" \/><\/div><div itemprop=\"interactionStatistic\" itemscope itemtype=\"http:\/\/schema.org\/InteractionCounter\"><meta itemprop=\"interactionType\" content=\"http:\/\/schema.org\/CommentAction\" \/><meta itemprop=\"userInteractionCount\" content=\"0\" \/><\/div>\t<div class=\"standard-post-format clearfix as-image \">\n\t\t\t<div class=\"thumbnail\">\n\t\t\t\t\t\t<img width=\"292\" height=\"225\" src=\"https:\/\/grupnexus.com\/wp-content\/uploads\/2022\/03\/nexus-asm-2-292x225.jpg\" class=\"attachment-post-small-4 size-post-small-4 wp-post-image\" alt=\"\" loading=\"lazy\" srcset=\"https:\/\/grupnexus.com\/wp-content\/uploads\/2022\/03\/nexus-asm-2-292x225.jpg 292w, https:\/\/grupnexus.com\/wp-content\/uploads\/2022\/03\/nexus-asm-2-480x369.jpg 480w, https:\/\/grupnexus.com\/wp-content\/uploads\/2022\/03\/nexus-asm-2-615x473.jpg 615w, https:\/\/grupnexus.com\/wp-content\/uploads\/2022\/03\/nexus-asm-2-400x307.jpg 400w\" sizes=\"(min-width: 900px) 50vw, 100vw\" \/>\t\t\t<\/div>\n\n\t<div class=\"post-content-wrapper\">\n\t\t\t\t<header class=\"single\">\n\t\t\t<div class=\"content\">\n\t\t\t\t<h3>\n\t\t\t\t\t<a href=\"https:\/\/grupnexus.com\/es\/rituales-de-belleza-efecto-wow\/\" title=\"Rituales de belleza efecto WOW!\" class=\"entry-title\">Rituales de belleza efecto WOW!<\/a>\n\t\t\t\t<\/h3>\n\t\t\t<\/div>\n\t\t<\/header>\n\t\n\t\t<div class=\"post-actions-wrapper\">\n\t\t\t\t\t\t\t<div class=\"post-date\">\n\t\t\t\t\t4 marzo, 2022\t\t\t\t<\/div>\n\t\t\t\t\t\t\t\t\t\t\n\t\t\t\t\t\t\t\t\t<\/div>\n\n\t\t<div class=\"post-content-outer\">\n\t\t\t<p>En medio de infusiones y zumos detox, compart\u00edamos conversaciones entre amigas durante los \u201cCoffee Talks&#8230;<\/p>\n\t\t<\/div>\n\n\t\t\t\t\t<div class=\"post-content-meta\">\n\t\t\t\t<div>\n\t\t\t\t\tPosted in:  <a href=\"https:\/\/grupnexus.com\/es\/category\/blog\/actualidad\/\" rel=\"category tag\">Actualidad<\/a>, <a href=\"https:\/\/grupnexus.com\/es\/category\/blog\/\" rel=\"category tag\">Blog<\/a>\t\t\t\t<\/div>\n\t\t\t\t<div class=\"the-tags\">Tags: <a href=\"https:\/\/grupnexus.com\/es\/tag\/allskinmed-es\/\" rel=\"tag\">#AllSkinMed<\/a>, <a href=\"https:\/\/grupnexus.com\/es\/tag\/cantabrialabs-es\/\" rel=\"tag\">#CantabriaLabs<\/a>, <a href=\"https:\/\/grupnexus.com\/es\/tag\/coffeetalks-es\/\" rel=\"tag\">#CoffeeTalks<\/a>, <a href=\"https:\/\/grupnexus.com\/es\/tag\/cosmeticamedica-es\/\" rel=\"tag\">#cosmeticamedica<\/a>, <a href=\"https:\/\/grupnexus.com\/es\/tag\/empoderatambnexus-es\/\" rel=\"tag\">#EmpoderatambNexus<\/a><\/div>\t\t\t<\/div>\n\t\t\t<\/div>\n\t<\/div>\n<\/div>\n\t\t\t\t<\/div>\n\t\t\t\t\t\t\t<div class=\"page-content post-head list-item cbp-item post-49418 post type-post status-publish format-standard has-post-thumbnail hentry category-actualidad category-blog tag-allskinmed-es tag-cantabrialabs-es tag-coffeetalks-es tag-cosmeticamedica-es tag-empoderatambnexus-es\">\n\t\t\t\t\t<div class=\"post-article has-image-wrapper \">\n\t<meta itemscope itemprop=\"mainEntityOfPage\" itemid=\"https:\/\/grupnexus.com\/es\/coffee-talks-empoderate-con-nexus\/\" \/><meta itemprop=\"datePublished\" content=\"2022-03-01\" \/><meta itemprop=\"dateModified\" content=\"2022-03-04\" \/><meta itemprop=\"headline\" content=\"Coffee Talks. Empod\u00e9rate con Nexus\" \/><div itemprop=\"publisher\" itemscope itemtype=\"https:\/\/schema.org\/Organization\"><meta itemprop=\"name\" content=\"Cl\u00ednica Nexus\"><meta itemprop=\"url\" content=\"https:\/\/grupnexus.com\/es\/\"><div itemprop=\"logo\" itemscope itemtype=\"https:\/\/schema.org\/ImageObject\"><meta itemprop=\"url\" content=\"https:\/\/grupnexus.com\/wp-content\/uploads\/LOGO-300x751.png\"><\/div><\/div><div itemscope itemprop=\"author\" itemtype=\"http:\/\/schema.org\/Person\"><meta itemprop=\"url\" content=\"https:\/\/grupnexus.com\/es\/author\/administrador\/\" \/><meta itemprop=\"name\" content=\"Nexus\" \/><\/div><div itemscope itemprop=\"image\" itemtype=\"http:\/\/schema.org\/ImageObject\"><meta itemprop=\"url\" content=\"https:\/\/grupnexus.com\/wp-content\/uploads\/2022\/03\/00-Portada.jpg\" \/><meta itemprop=\"width\" content=\"1371\" \/><meta itemprop=\"height\" content=\"771\" \/><\/div><div itemprop=\"interactionStatistic\" itemscope itemtype=\"http:\/\/schema.org\/InteractionCounter\"><meta itemprop=\"interactionType\" content=\"http:\/\/schema.org\/CommentAction\" \/><meta itemprop=\"userInteractionCount\" content=\"0\" \/><\/div>\t<div class=\"standard-post-format clearfix as-image \">\n\t\t\t<div class=\"thumbnail\">\n\t\t\t\t\t\t<img width=\"292\" height=\"225\" src=\"https:\/\/grupnexus.com\/wp-content\/uploads\/2022\/03\/00-Portada-292x225.jpg\" class=\"attachment-post-small-4 size-post-small-4 wp-post-image\" alt=\"\" loading=\"lazy\" srcset=\"https:\/\/grupnexus.com\/wp-content\/uploads\/2022\/03\/00-Portada-292x225.jpg 292w, https:\/\/grupnexus.com\/wp-content\/uploads\/2022\/03\/00-Portada-480x369.jpg 480w, https:\/\/grupnexus.com\/wp-content\/uploads\/2022\/03\/00-Portada-615x473.jpg 615w, https:\/\/grupnexus.com\/wp-content\/uploads\/2022\/03\/00-Portada-400x307.jpg 400w\" sizes=\"(min-width: 900px) 50vw, 100vw\" \/>\t\t\t<\/div>\n\n\t<div class=\"post-content-wrapper\">\n\t\t\t\t<header class=\"single\">\n\t\t\t<div class=\"content\">\n\t\t\t\t<h3>\n\t\t\t\t\t<a href=\"https:\/\/grupnexus.com\/es\/coffee-talks-empoderate-con-nexus\/\" title=\"Coffee Talks. Empod\u00e9rate con Nexus\" class=\"entry-title\">Coffee Talks. Empod\u00e9rate con Nexus<\/a>\n\t\t\t\t<\/h3>\n\t\t\t<\/div>\n\t\t<\/header>\n\t\n\t\t<div class=\"post-actions-wrapper\">\n\t\t\t\t\t\t\t<div class=\"post-date\">\n\t\t\t\t\t1 marzo, 2022\t\t\t\t<\/div>\n\t\t\t\t\t\t\t\t\t\t\n\t\t\t\t\t\t\t\t\t<\/div>\n\n\t\t<div class=\"post-content-outer\">\n\t\t\t<p>Ponemos en marcha una nueva iniciativa pensando en ti, paciente de Nexus, que conf\u00edas en&#8230;<\/p>\n\t\t<\/div>\n\n\t\t\t\t\t<div class=\"post-content-meta\">\n\t\t\t\t<div>\n\t\t\t\t\tPosted in:  <a href=\"https:\/\/grupnexus.com\/es\/category\/blog\/actualidad\/\" rel=\"category tag\">Actualidad<\/a>, <a href=\"https:\/\/grupnexus.com\/es\/category\/blog\/\" rel=\"category tag\">Blog<\/a>\t\t\t\t<\/div>\n\t\t\t\t<div class=\"the-tags\">Tags: <a href=\"https:\/\/grupnexus.com\/es\/tag\/allskinmed-es\/\" rel=\"tag\">#AllSkinMed<\/a>, <a href=\"https:\/\/grupnexus.com\/es\/tag\/cantabrialabs-es\/\" rel=\"tag\">#CantabriaLabs<\/a>, <a href=\"https:\/\/grupnexus.com\/es\/tag\/coffeetalks-es\/\" rel=\"tag\">#CoffeeTalks<\/a>, <a href=\"https:\/\/grupnexus.com\/es\/tag\/cosmeticamedica-es\/\" rel=\"tag\">#cosmeticamedica<\/a>, <a href=\"https:\/\/grupnexus.com\/es\/tag\/empoderatambnexus-es\/\" rel=\"tag\">#EmpoderatambNexus<\/a><\/div>\t\t\t<\/div>\n\t\t\t<\/div>\n\t<\/div>\n<\/div>\n\t\t\t\t<\/div>\n\t\t\t\t\t\t\t<div class=\"page-content post-head list-item cbp-item post-48249 post type-post status-publish format-standard has-post-thumbnail hentry category-actualidad category-blog tag-alopecia tag-cirugia-de-injerto-capilar tag-implante-capilar tag-implante-de-pelo tag-injerto-capilar tag-trasplantament-capillar-es tag-trasplante-capilar tag-tratamientos-capilares\">\n\t\t\t\t\t<div class=\"post-article has-image-wrapper \">\n\t<meta itemscope itemprop=\"mainEntityOfPage\" itemid=\"https:\/\/grupnexus.com\/es\/la-zona-donante-del-injerto-capilar\/\" \/><meta itemprop=\"datePublished\" content=\"2021-09-21\" \/><meta itemprop=\"dateModified\" content=\"2021-09-22\" \/><meta itemprop=\"headline\" content=\"La zona donante del injerto capilar\" \/><div itemprop=\"publisher\" itemscope itemtype=\"https:\/\/schema.org\/Organization\"><meta itemprop=\"name\" content=\"Cl\u00ednica Nexus\"><meta itemprop=\"url\" content=\"https:\/\/grupnexus.com\/es\/\"><div itemprop=\"logo\" itemscope itemtype=\"https:\/\/schema.org\/ImageObject\"><meta itemprop=\"url\" content=\"https:\/\/grupnexus.com\/wp-content\/uploads\/LOGO-300x751.png\"><\/div><\/div><div itemscope itemprop=\"author\" itemtype=\"http:\/\/schema.org\/Person\"><meta itemprop=\"url\" content=\"https:\/\/grupnexus.com\/es\/author\/hst\/\" \/><meta itemprop=\"name\" content=\"Cl\u00ednica Nexus\" \/><\/div><div itemscope itemprop=\"image\" itemtype=\"http:\/\/schema.org\/ImageObject\"><meta itemprop=\"url\" content=\"https:\/\/grupnexus.com\/wp-content\/uploads\/2021\/09\/zona-donante-injerto-capilar-ok.png\" \/><meta itemprop=\"width\" content=\"1147\" \/><meta itemprop=\"height\" content=\"768\" \/><\/div><div itemprop=\"interactionStatistic\" itemscope itemtype=\"http:\/\/schema.org\/InteractionCounter\"><meta itemprop=\"interactionType\" content=\"http:\/\/schema.org\/CommentAction\" \/><meta itemprop=\"userInteractionCount\" content=\"0\" \/><\/div>\t<div class=\"standard-post-format clearfix as-image \">\n\t\t\t<div class=\"thumbnail\">\n\t\t\t\t\t\t<img width=\"292\" height=\"225\" src=\"https:\/\/grupnexus.com\/wp-content\/uploads\/2021\/09\/zona-donante-injerto-capilar-ok-292x225.png\" class=\"attachment-post-small-4 size-post-small-4 wp-post-image\" alt=\"injerto capilar\" loading=\"lazy\" srcset=\"https:\/\/grupnexus.com\/wp-content\/uploads\/2021\/09\/zona-donante-injerto-capilar-ok-292x225.png 292w, https:\/\/grupnexus.com\/wp-content\/uploads\/2021\/09\/zona-donante-injerto-capilar-ok-480x369.png 480w, https:\/\/grupnexus.com\/wp-content\/uploads\/2021\/09\/zona-donante-injerto-capilar-ok-615x473.png 615w, https:\/\/grupnexus.com\/wp-content\/uploads\/2021\/09\/zona-donante-injerto-capilar-ok-400x307.png 400w\" sizes=\"(min-width: 900px) 50vw, 100vw\" \/>\t\t\t<\/div>\n\n\t<div class=\"post-content-wrapper\">\n\t\t\t\t<header class=\"single\">\n\t\t\t<div class=\"content\">\n\t\t\t\t<h3>\n\t\t\t\t\t<a href=\"https:\/\/grupnexus.com\/es\/la-zona-donante-del-injerto-capilar\/\" title=\"La zona donante del injerto capilar\" class=\"entry-title\">La zona donante del injerto capilar<\/a>\n\t\t\t\t<\/h3>\n\t\t\t<\/div>\n\t\t<\/header>\n\t\n\t\t<div class=\"post-actions-wrapper\">\n\t\t\t\t\t\t\t<div class=\"post-date\">\n\t\t\t\t\t21 septiembre, 2021\t\t\t\t<\/div>\n\t\t\t\t\t\t\t\t\t\t\n\t\t\t\t\t\t\t\t\t<\/div>\n\n\t\t<div class=\"post-content-outer\">\n\t\t\t<p>Nuestro cirujano pl\u00e1stico, especialista en trasplantes capilares, nos explica la importancia de la\u00a0zona donante del&#8230;<\/p>\n\t\t<\/div>\n\n\t\t\t\t\t<div class=\"post-content-meta\">\n\t\t\t\t<div>\n\t\t\t\t\tPosted in:  <a href=\"https:\/\/grupnexus.com\/es\/category\/blog\/actualidad\/\" rel=\"category tag\">Actualidad<\/a>, <a href=\"https:\/\/grupnexus.com\/es\/category\/blog\/\" rel=\"category tag\">Blog<\/a>\t\t\t\t<\/div>\n\t\t\t\t<div class=\"the-tags\">Tags: <a href=\"https:\/\/grupnexus.com\/es\/tag\/alopecia\/\" rel=\"tag\">alopecia<\/a>, <a href=\"https:\/\/grupnexus.com\/es\/tag\/cirugia-de-injerto-capilar\/\" rel=\"tag\">cirug\u00eda de injerto capilar<\/a>, <a href=\"https:\/\/grupnexus.com\/es\/tag\/implante-capilar\/\" rel=\"tag\">implante capilar<\/a>, <a href=\"https:\/\/grupnexus.com\/es\/tag\/implante-de-pelo\/\" rel=\"tag\">implante de pelo<\/a>, <a href=\"https:\/\/grupnexus.com\/es\/tag\/injerto-capilar\/\" rel=\"tag\">injerto capilar<\/a>, <a href=\"https:\/\/grupnexus.com\/es\/tag\/trasplantament-capillar-es\/\" rel=\"tag\">trasplantament capil\u00b7lar<\/a>, <a href=\"https:\/\/grupnexus.com\/es\/tag\/trasplante-capilar\/\" rel=\"tag\">trasplante capilar<\/a>, <a href=\"https:\/\/grupnexus.com\/es\/tag\/tratamientos-capilares\/\" rel=\"tag\">tratamientos capilares<\/a><\/div>\t\t\t<\/div>\n\t\t\t<\/div>\n\t<\/div>\n<\/div>\n\t\t\t\t<\/div>\n\t\t\t\t\t\t\t<div class=\"page-content post-head list-item cbp-item post-48228 post type-post status-publish format-standard has-post-thumbnail hentry category-actualidad category-blog category-testimonios tag-aumento-de-pecho tag-cirugia-de-mamas tag-cirugia-estetica tag-mamoplastia tag-tratamientos-corporales\">\n\t\t\t\t\t<div class=\"post-article has-image-wrapper \">\n\t<meta itemscope itemprop=\"mainEntityOfPage\" itemid=\"https:\/\/grupnexus.com\/es\/testimonio-mamoplastia-de-aumento\/\" \/><meta itemprop=\"datePublished\" content=\"2021-09-17\" \/><meta itemprop=\"dateModified\" content=\"2021-09-22\" \/><meta itemprop=\"headline\" content=\"\u00abEn 20 d\u00edas he conseguido lo que quer\u00eda desde hac\u00eda 20 a\u00f1os gracias a Cl\u00ednica Nexus\u00bb\" \/><div itemprop=\"publisher\" itemscope itemtype=\"https:\/\/schema.org\/Organization\"><meta itemprop=\"name\" content=\"Cl\u00ednica Nexus\"><meta itemprop=\"url\" content=\"https:\/\/grupnexus.com\/es\/\"><div itemprop=\"logo\" itemscope itemtype=\"https:\/\/schema.org\/ImageObject\"><meta itemprop=\"url\" content=\"https:\/\/grupnexus.com\/wp-content\/uploads\/LOGO-300x751.png\"><\/div><\/div><div itemscope itemprop=\"author\" itemtype=\"http:\/\/schema.org\/Person\"><meta itemprop=\"url\" content=\"https:\/\/grupnexus.com\/es\/author\/hst\/\" \/><meta itemprop=\"name\" content=\"Cl\u00ednica Nexus\" \/><\/div><div itemscope itemprop=\"image\" itemtype=\"http:\/\/schema.org\/ImageObject\"><meta itemprop=\"url\" content=\"https:\/\/grupnexus.com\/wp-content\/uploads\/2021\/09\/antesdespues-mama.jpg\" \/><meta itemprop=\"width\" content=\"1024\" \/><meta itemprop=\"height\" content=\"1024\" \/><\/div><div itemprop=\"interactionStatistic\" itemscope itemtype=\"http:\/\/schema.org\/InteractionCounter\"><meta itemprop=\"interactionType\" content=\"http:\/\/schema.org\/CommentAction\" \/><meta itemprop=\"userInteractionCount\" content=\"0\" \/><\/div>\t<div class=\"standard-post-format clearfix as-image \">\n\t\t\t<div class=\"thumbnail\">\n\t\t\t\t\t\t<img width=\"292\" height=\"225\" src=\"https:\/\/grupnexus.com\/wp-content\/uploads\/2021\/09\/antesdespues-mama-292x225.jpg\" class=\"attachment-post-small-4 size-post-small-4 wp-post-image\" alt=\"cirug\u00eda de mama\" loading=\"lazy\" srcset=\"https:\/\/grupnexus.com\/wp-content\/uploads\/2021\/09\/antesdespues-mama-292x225.jpg 292w, https:\/\/grupnexus.com\/wp-content\/uploads\/2021\/09\/antesdespues-mama-480x369.jpg 480w, https:\/\/grupnexus.com\/wp-content\/uploads\/2021\/09\/antesdespues-mama-615x473.jpg 615w, https:\/\/grupnexus.com\/wp-content\/uploads\/2021\/09\/antesdespues-mama-400x307.jpg 400w\" sizes=\"(min-width: 900px) 50vw, 100vw\" \/>\t\t\t<\/div>\n\n\t<div class=\"post-content-wrapper\">\n\t\t\t\t<header class=\"single\">\n\t\t\t<div class=\"content\">\n\t\t\t\t<h3>\n\t\t\t\t\t<a href=\"https:\/\/grupnexus.com\/es\/testimonio-mamoplastia-de-aumento\/\" title=\"\u00abEn 20 d\u00edas he conseguido lo que quer\u00eda desde hac\u00eda 20 a\u00f1os gracias a Cl\u00ednica Nexus\u00bb\" class=\"entry-title\">\u00abEn 20 d\u00edas he conseguido lo que quer\u00eda desde hac\u00eda 20 a\u00f1os gracias a Cl\u00ednica Nexus\u00bb<\/a>\n\t\t\t\t<\/h3>\n\t\t\t<\/div>\n\t\t<\/header>\n\t\n\t\t<div class=\"post-actions-wrapper\">\n\t\t\t\t\t\t\t<div class=\"post-date\">\n\t\t\t\t\t17 septiembre, 2021\t\t\t\t<\/div>\n\t\t\t\t\t\t\t\t\t\t\n\t\t\t\t\t\t\t\t\t<\/div>\n\n\t\t<div class=\"post-content-outer\">\n\t\t\t<p>Tener mejor apariencia f\u00edsica, ganar autoestima y confianza en s\u00ed misma; ver la silueta m\u00e1s&#8230;<\/p>\n\t\t<\/div>\n\n\t\t\t\t\t<div class=\"post-content-meta\">\n\t\t\t\t<div>\n\t\t\t\t\tPosted in:  <a href=\"https:\/\/grupnexus.com\/es\/category\/blog\/actualidad\/\" rel=\"category tag\">Actualidad<\/a>, <a href=\"https:\/\/grupnexus.com\/es\/category\/blog\/\" rel=\"category tag\">Blog<\/a>, <a href=\"https:\/\/grupnexus.com\/es\/category\/testimonios\/\" rel=\"category tag\">Testimonios<\/a>\t\t\t\t<\/div>\n\t\t\t\t<div class=\"the-tags\">Tags: <a href=\"https:\/\/grupnexus.com\/es\/tag\/aumento-de-pecho\/\" rel=\"tag\">aumento de pecho<\/a>, <a href=\"https:\/\/grupnexus.com\/es\/tag\/cirugia-de-mamas\/\" rel=\"tag\">cirug\u00eda de mamas<\/a>, <a href=\"https:\/\/grupnexus.com\/es\/tag\/cirugia-estetica\/\" rel=\"tag\">cirug\u00eda est\u00e9tica<\/a>, <a href=\"https:\/\/grupnexus.com\/es\/tag\/mamoplastia\/\" rel=\"tag\">mamoplastia<\/a>, <a href=\"https:\/\/grupnexus.com\/es\/tag\/tratamientos-corporales\/\" rel=\"tag\">tratamientos corporales<\/a><\/div>\t\t\t<\/div>\n\t\t\t<\/div>\n\t<\/div>\n<\/div>\n\t\t\t\t<\/div>\n\t\t\t\t\t\t\t<div class=\"page-content post-head list-item cbp-item post-47764 post type-post status-publish format-standard has-post-thumbnail hentry category-actualidad category-blog tag-brazos-tonificados tag-carboxiterapia-es tag-depilacion-laser-medica tag-flacidez tag-lifting-de-brazos tag-picosure-es tag-sculptage tag-venusfreeze-es\">\n\t\t\t\t\t<div class=\"post-article has-image-wrapper \">\n\t<meta itemscope itemprop=\"mainEntityOfPage\" itemid=\"https:\/\/grupnexus.com\/es\/como-tener-unos-brazos-tonificados\/\" \/><meta itemprop=\"datePublished\" content=\"2021-05-28\" \/><meta itemprop=\"dateModified\" content=\"2021-05-28\" \/><meta itemprop=\"headline\" content=\"Como tener unos brazos tonificados\" \/><div itemprop=\"publisher\" itemscope itemtype=\"https:\/\/schema.org\/Organization\"><meta itemprop=\"name\" content=\"Cl\u00ednica Nexus\"><meta itemprop=\"url\" content=\"https:\/\/grupnexus.com\/es\/\"><div itemprop=\"logo\" itemscope itemtype=\"https:\/\/schema.org\/ImageObject\"><meta itemprop=\"url\" content=\"https:\/\/grupnexus.com\/wp-content\/uploads\/LOGO-300x751.png\"><\/div><\/div><div itemscope itemprop=\"author\" itemtype=\"http:\/\/schema.org\/Person\"><meta itemprop=\"url\" content=\"https:\/\/grupnexus.com\/es\/author\/hst\/\" \/><meta itemprop=\"name\" content=\"Cl\u00ednica Nexus\" \/><\/div><div itemscope itemprop=\"image\" itemtype=\"http:\/\/schema.org\/ImageObject\"><meta itemprop=\"url\" content=\"https:\/\/grupnexus.com\/wp-content\/uploads\/2021\/05\/Flacciditat-bracos-noia.jpg\" \/><meta itemprop=\"width\" content=\"1151\" \/><meta itemprop=\"height\" content=\"768\" \/><\/div><div itemprop=\"interactionStatistic\" itemscope itemtype=\"http:\/\/schema.org\/InteractionCounter\"><meta itemprop=\"interactionType\" content=\"http:\/\/schema.org\/CommentAction\" \/><meta itemprop=\"userInteractionCount\" content=\"0\" \/><\/div>\t<div class=\"standard-post-format clearfix as-image \">\n\t\t\t<div class=\"thumbnail\">\n\t\t\t\t\t\t<img width=\"292\" height=\"225\" src=\"https:\/\/grupnexus.com\/wp-content\/uploads\/2021\/05\/Flacciditat-bracos-noia-292x225.jpg\" class=\"attachment-post-small-4 size-post-small-4 wp-post-image\" alt=\"Bra\u00e7os tonificats\" loading=\"lazy\" srcset=\"https:\/\/grupnexus.com\/wp-content\/uploads\/2021\/05\/Flacciditat-bracos-noia-292x225.jpg 292w, https:\/\/grupnexus.com\/wp-content\/uploads\/2021\/05\/Flacciditat-bracos-noia-480x369.jpg 480w, https:\/\/grupnexus.com\/wp-content\/uploads\/2021\/05\/Flacciditat-bracos-noia-615x473.jpg 615w, https:\/\/grupnexus.com\/wp-content\/uploads\/2021\/05\/Flacciditat-bracos-noia-400x307.jpg 400w\" sizes=\"(min-width: 900px) 50vw, 100vw\" \/>\t\t\t<\/div>\n\n\t<div class=\"post-content-wrapper\">\n\t\t\t\t<header class=\"single\">\n\t\t\t<div class=\"content\">\n\t\t\t\t<h3>\n\t\t\t\t\t<a href=\"https:\/\/grupnexus.com\/es\/como-tener-unos-brazos-tonificados\/\" title=\"Como tener unos brazos tonificados\" class=\"entry-title\">Como tener unos brazos tonificados<\/a>\n\t\t\t\t<\/h3>\n\t\t\t<\/div>\n\t\t<\/header>\n\t\n\t\t<div class=\"post-actions-wrapper\">\n\t\t\t\t\t\t\t<div class=\"post-date\">\n\t\t\t\t\t28 mayo, 2021\t\t\t\t<\/div>\n\t\t\t\t\t\t\t\t\t\t\n\t\t\t\t\t\t\t\t\t<\/div>\n\n\t\t<div class=\"post-content-outer\">\n\t\t\t<p>Un brazo perfecto podr\u00edamos decir que es aquel con un equilibrio o simetr\u00eda entre b\u00edceps,&#8230;<\/p>\n\t\t<\/div>\n\n\t\t\t\t\t<div class=\"post-content-meta\">\n\t\t\t\t<div>\n\t\t\t\t\tPosted in:  <a href=\"https:\/\/grupnexus.com\/es\/category\/blog\/actualidad\/\" rel=\"category tag\">Actualidad<\/a>, <a href=\"https:\/\/grupnexus.com\/es\/category\/blog\/\" rel=\"category tag\">Blog<\/a>\t\t\t\t<\/div>\n\t\t\t\t<div class=\"the-tags\">Tags: <a href=\"https:\/\/grupnexus.com\/es\/tag\/brazos-tonificados\/\" rel=\"tag\">brazos tonificados<\/a>, <a href=\"https:\/\/grupnexus.com\/es\/tag\/carboxiterapia-es\/\" rel=\"tag\">carboxiter\u00e0pia<\/a>, <a href=\"https:\/\/grupnexus.com\/es\/tag\/depilacion-laser-medica\/\" rel=\"tag\">Depilaci\u00f3n l\u00e1ser m\u00e9dica<\/a>, <a href=\"https:\/\/grupnexus.com\/es\/tag\/flacidez\/\" rel=\"tag\">flacidez<\/a>, <a href=\"https:\/\/grupnexus.com\/es\/tag\/lifting-de-brazos\/\" rel=\"tag\">lifting de brazos<\/a>, <a href=\"https:\/\/grupnexus.com\/es\/tag\/picosure-es\/\" rel=\"tag\">picosure<\/a>, <a href=\"https:\/\/grupnexus.com\/es\/tag\/sculptage\/\" rel=\"tag\">Sculptage<\/a>, <a href=\"https:\/\/grupnexus.com\/es\/tag\/venusfreeze-es\/\" rel=\"tag\">venusfreeze<\/a><\/div>\t\t\t<\/div>\n\t\t\t<\/div>\n\t<\/div>\n<\/div>\n\t\t\t\t<\/div>\n\t\t\t\t\t\t\t<div class=\"page-content post-head list-item cbp-item post-47585 post type-post status-publish format-video hentry category-actualidad category-blog category-testimonios tag-acne-es tag-acne-juvenil-es tag-adolescents-es tag-cura-de-la-pell-es tag-cutis-es tag-fotobiodinamica-es tag-influencer-es tag-ledsmedical-es tag-maskne-es tag-opinio-pacients-es tag-pell-jove-es tag-sense-filtres-es tag-sense-filtres-es-2 tag-testimonis-es tag-xarxes-socials-es tag-xarxes-socials-es-2 post_format-post-format-video\">\n\t\t\t\t\t<div class=\"post-article has-image-wrapper \">\n\t<meta itemscope itemprop=\"mainEntityOfPage\" itemid=\"https:\/\/grupnexus.com\/es\/testimonio-nuria-riquer-sculptage\/\" \/><meta itemprop=\"datePublished\" content=\"2021-05-03\" \/><meta itemprop=\"dateModified\" content=\"2021-05-03\" \/><meta itemprop=\"headline\" content=\"N\u00faria Riquer: \u00abVolver a tener abdominales sin hacer dieta ni ejercicio ha sido impresionante\u00bb\" \/><div itemprop=\"publisher\" itemscope itemtype=\"https:\/\/schema.org\/Organization\"><meta itemprop=\"name\" content=\"Cl\u00ednica Nexus\"><meta itemprop=\"url\" content=\"https:\/\/grupnexus.com\/es\/\"><div itemprop=\"logo\" itemscope itemtype=\"https:\/\/schema.org\/ImageObject\"><meta itemprop=\"url\" content=\"https:\/\/grupnexus.com\/wp-content\/uploads\/LOGO-300x751.png\"><\/div><\/div><div itemscope itemprop=\"author\" itemtype=\"http:\/\/schema.org\/Person\"><meta itemprop=\"url\" content=\"https:\/\/grupnexus.com\/es\/author\/administrador\/\" \/><meta itemprop=\"name\" content=\"Nexus\" \/><\/div><div itemprop=\"interactionStatistic\" itemscope itemtype=\"http:\/\/schema.org\/InteractionCounter\"><meta itemprop=\"interactionType\" content=\"http:\/\/schema.org\/CommentAction\" \/><meta itemprop=\"userInteractionCount\" content=\"0\" \/><\/div>\t<div class=\"video-post-format clearfix as-normal \">\n\t\t\t<div class=\"thumbnail\">\n\t\t\t\t\t\t<div class=\"wpv-video-frame\"><iframe title=\"Tractaments antiflacciditat despr\u00e9s de l&#039;embar\u00e0s. Reducci\u00f3 abdomen i tonificaci\u00f3 de glutis\" width=\"1380\" height=\"776\" src=\"https:\/\/www.youtube.com\/embed\/FbvfzlRQX8c?feature=oembed\" frameborder=\"0\" allow=\"accelerometer; autoplay; clipboard-write; encrypted-media; gyroscope; picture-in-picture\" allowfullscreen><\/iframe><\/div>\t\t\t<\/div>\n\n\t<div class=\"post-content-wrapper\">\n\t\t\t\t<header class=\"single\">\n\t\t\t<div class=\"content\">\n\t\t\t\t<h3>\n\t\t\t\t\t<a href=\"https:\/\/grupnexus.com\/es\/testimonio-nuria-riquer-sculptage\/\" title=\"N\u00faria Riquer: \u00abVolver a tener abdominales sin hacer dieta ni ejercicio ha sido impresionante\u00bb\" class=\"entry-title\">N\u00faria Riquer: \u00abVolver a tener abdominales sin hacer dieta ni ejercicio ha sido impresionante\u00bb<\/a>\n\t\t\t\t<\/h3>\n\t\t\t<\/div>\n\t\t<\/header>\n\t\n\t\t<div class=\"post-actions-wrapper\">\n\t\t\t\t\t\t\t<div class=\"post-date\">\n\t\t\t\t\t3 mayo, 2021\t\t\t\t<\/div>\n\t\t\t\t\t\t\t\t\t\t\n\t\t\t\t\t\t\t\t\t<\/div>\n\n\t\t<div class=\"post-content-outer\">\n\t\t\t<p>Quedarse embarazada es un viaje que no s\u00f3lo dura nueve meses, sino que va m\u00e1s&#8230;<\/p>\n\t\t<\/div>\n\n\t\t\t\t\t<div class=\"post-content-meta\">\n\t\t\t\t<div>\n\t\t\t\t\tPosted in:  <a href=\"https:\/\/grupnexus.com\/es\/category\/blog\/actualidad\/\" rel=\"category tag\">Actualidad<\/a>, <a href=\"https:\/\/grupnexus.com\/es\/category\/blog\/\" rel=\"category tag\">Blog<\/a>, <a href=\"https:\/\/grupnexus.com\/es\/category\/testimonios\/\" rel=\"category tag\">Testimonios<\/a>\t\t\t\t<\/div>\n\t\t\t\t<div class=\"the-tags\">Tags: <a href=\"https:\/\/grupnexus.com\/es\/tag\/acne-es\/\" rel=\"tag\">acne<\/a>, <a href=\"https:\/\/grupnexus.com\/es\/tag\/acne-juvenil-es\/\" rel=\"tag\">Acne juvenil<\/a>, <a href=\"https:\/\/grupnexus.com\/es\/tag\/adolescents-es\/\" rel=\"tag\">Adolescents<\/a>, <a href=\"https:\/\/grupnexus.com\/es\/tag\/cura-de-la-pell-es\/\" rel=\"tag\">Cura de la pell<\/a>, <a href=\"https:\/\/grupnexus.com\/es\/tag\/cutis-es\/\" rel=\"tag\">Cutis<\/a>, <a href=\"https:\/\/grupnexus.com\/es\/tag\/fotobiodinamica-es\/\" rel=\"tag\">Fotobiodinamica<\/a>, <a href=\"https:\/\/grupnexus.com\/es\/tag\/influencer-es\/\" rel=\"tag\">Influencer<\/a>, <a href=\"https:\/\/grupnexus.com\/es\/tag\/ledsmedical-es\/\" rel=\"tag\">LedsMedical<\/a>, <a href=\"https:\/\/grupnexus.com\/es\/tag\/maskne-es\/\" rel=\"tag\">Maskne<\/a>, <a href=\"https:\/\/grupnexus.com\/es\/tag\/opinio-pacients-es\/\" rel=\"tag\">Opini\u00f3 pacients<\/a>, <a href=\"https:\/\/grupnexus.com\/es\/tag\/pell-jove-es\/\" rel=\"tag\">Pell jove<\/a>, <a href=\"https:\/\/grupnexus.com\/es\/tag\/sense-filtres-es\/\" rel=\"tag\">Sense filtres<\/a>, <a href=\"https:\/\/grupnexus.com\/es\/tag\/sense-filtres-es-2\/\" rel=\"tag\">Sense filtres<\/a>, <a href=\"https:\/\/grupnexus.com\/es\/tag\/testimonis-es\/\" rel=\"tag\">Testimonis<\/a>, <a href=\"https:\/\/grupnexus.com\/es\/tag\/xarxes-socials-es\/\" rel=\"tag\">Xarxes Socials<\/a>, <a href=\"https:\/\/grupnexus.com\/es\/tag\/xarxes-socials-es-2\/\" rel=\"tag\">Xarxes Socials<\/a><\/div>\t\t\t<\/div>\n\t\t\t<\/div>\n\t<\/div>\n<\/div>\n\t\t\t\t<\/div>\n\t\t\t\t\t\t\t<div class=\"page-content post-head list-item cbp-item post-47181 post type-post status-publish format-standard has-post-thumbnail hentry category-actualidad category-noticias category-prensa tag-aumento-de-mamas tag-cirugia-corporal tag-cirugia-estetica tag-remodelacion-corporal tag-vaser\">\n\t\t\t\t\t<div class=\"post-article has-image-wrapper \">\n\t<meta itemscope itemprop=\"mainEntityOfPage\" itemid=\"https:\/\/grupnexus.com\/es\/articulo-cirurgia-plastica-dr-chavarria\/\" \/><meta itemprop=\"datePublished\" content=\"2021-03-22\" \/><meta itemprop=\"dateModified\" content=\"2021-08-27\" \/><meta itemprop=\"headline\" content=\"Procedimientos menos invasivos para remodelar nuestro cuerpo\" \/><div itemprop=\"publisher\" itemscope itemtype=\"https:\/\/schema.org\/Organization\"><meta itemprop=\"name\" content=\"Cl\u00ednica Nexus\"><meta itemprop=\"url\" content=\"https:\/\/grupnexus.com\/es\/\"><div itemprop=\"logo\" itemscope itemtype=\"https:\/\/schema.org\/ImageObject\"><meta itemprop=\"url\" content=\"https:\/\/grupnexus.com\/wp-content\/uploads\/LOGO-300x751.png\"><\/div><\/div><div itemscope itemprop=\"author\" itemtype=\"http:\/\/schema.org\/Person\"><meta itemprop=\"url\" content=\"https:\/\/grupnexus.com\/es\/author\/hst\/\" \/><meta itemprop=\"name\" content=\"Cl\u00ednica Nexus\" \/><\/div><div itemscope itemprop=\"image\" itemtype=\"http:\/\/schema.org\/ImageObject\"><meta itemprop=\"url\" content=\"https:\/\/grupnexus.com\/wp-content\/uploads\/2021\/03\/dr.-chavarria-615x410-1.jpg\" \/><meta itemprop=\"width\" content=\"615\" \/><meta itemprop=\"height\" content=\"410\" \/><\/div><div itemprop=\"interactionStatistic\" itemscope itemtype=\"http:\/\/schema.org\/InteractionCounter\"><meta itemprop=\"interactionType\" content=\"http:\/\/schema.org\/CommentAction\" \/><meta itemprop=\"userInteractionCount\" content=\"0\" \/><\/div>\t<div class=\"standard-post-format clearfix as-image \">\n\t\t\t<div class=\"thumbnail\">\n\t\t\t\t\t\t<img width=\"292\" height=\"225\" src=\"https:\/\/grupnexus.com\/wp-content\/uploads\/2021\/03\/dr.-chavarria-615x410-1-292x225.jpg\" class=\"attachment-post-small-4 size-post-small-4 wp-post-image\" alt=\"\" loading=\"lazy\" srcset=\"https:\/\/grupnexus.com\/wp-content\/uploads\/2021\/03\/dr.-chavarria-615x410-1-292x225.jpg 292w, https:\/\/grupnexus.com\/wp-content\/uploads\/2021\/03\/dr.-chavarria-615x410-1-480x369.jpg 480w, https:\/\/grupnexus.com\/wp-content\/uploads\/2021\/03\/dr.-chavarria-615x410-1-400x307.jpg 400w\" sizes=\"(min-width: 900px) 50vw, 100vw\" \/>\t\t\t<\/div>\n\n\t<div class=\"post-content-wrapper\">\n\t\t\t\t<header class=\"single\">\n\t\t\t<div class=\"content\">\n\t\t\t\t<h3>\n\t\t\t\t\t<a href=\"https:\/\/grupnexus.com\/es\/articulo-cirurgia-plastica-dr-chavarria\/\" title=\"Procedimientos menos invasivos para remodelar nuestro cuerpo\" class=\"entry-title\">Procedimientos menos invasivos para remodelar nuestro cuerpo<\/a>\n\t\t\t\t<\/h3>\n\t\t\t<\/div>\n\t\t<\/header>\n\t\n\t\t<div class=\"post-actions-wrapper\">\n\t\t\t\t\t\t\t<div class=\"post-date\">\n\t\t\t\t\t22 marzo, 2021\t\t\t\t<\/div>\n\t\t\t\t\t\t\t\t\t\t\n\t\t\t\t\t\t\t\t\t<\/div>\n\n\t\t<div class=\"post-content-outer\">\n\t\t\t<p>El doctor F\u00e9lix Chavarr\u00eda, cirujano de Cl\u00ednica Nexus, reconocido como referente en cirug\u00eda pl\u00e1stica por&#8230;<\/p>\n\t\t<\/div>\n\n\t\t\t\t\t<div class=\"post-content-meta\">\n\t\t\t\t<div>\n\t\t\t\t\tPosted in:  <a href=\"https:\/\/grupnexus.com\/es\/category\/blog\/actualidad\/\" rel=\"category tag\">Actualidad<\/a>, <a href=\"https:\/\/grupnexus.com\/es\/category\/prensa\/noticias\/\" rel=\"category tag\">Noticias<\/a>, <a href=\"https:\/\/grupnexus.com\/es\/category\/prensa\/\" rel=\"category tag\">Prensa<\/a>\t\t\t\t<\/div>\n\t\t\t\t<div class=\"the-tags\">Tags: <a href=\"https:\/\/grupnexus.com\/es\/tag\/aumento-de-mamas\/\" rel=\"tag\">aumento de mamas<\/a>, <a href=\"https:\/\/grupnexus.com\/es\/tag\/cirugia-corporal\/\" rel=\"tag\">cirug\u00eda corporal<\/a>, <a href=\"https:\/\/grupnexus.com\/es\/tag\/cirugia-estetica\/\" rel=\"tag\">cirug\u00eda est\u00e9tica<\/a>, <a href=\"https:\/\/grupnexus.com\/es\/tag\/remodelacion-corporal\/\" rel=\"tag\">remodelaci\u00f3n corporal<\/a>, <a href=\"https:\/\/grupnexus.com\/es\/tag\/vaser\/\" rel=\"tag\">vaser<\/a><\/div>\t\t\t<\/div>\n\t\t\t<\/div>\n\t<\/div>\n<\/div>\n\t\t\t\t<\/div>\n\t\t\t\t\t\t\t<div class=\"page-content post-head list-item cbp-item post-47107 post type-post status-publish format-standard has-post-thumbnail hentry category-actualidad category-blog tag-carboxiterapia-es tag-celulitis-es tag-cellulitis-es tag-criolipolisis tag-depilacion-laser-medica tag-eliminacion-estrias tag-eliminacion-varices tag-flacidez tag-piernas-perfectas tag-sculptage tag-terapia-fotodinamica\">\n\t\t\t\t\t<div class=\"post-article has-image-wrapper \">\n\t<meta itemscope itemprop=\"mainEntityOfPage\" itemid=\"https:\/\/grupnexus.com\/es\/guia-piernas-perfectas\/\" \/><meta itemprop=\"datePublished\" content=\"2021-03-15\" \/><meta itemprop=\"dateModified\" content=\"2021-03-15\" \/><meta itemprop=\"headline\" content=\"Gu\u00eda para conseguir unas piernas perfectas a cualquier edad\" \/><div itemprop=\"publisher\" itemscope itemtype=\"https:\/\/schema.org\/Organization\"><meta itemprop=\"name\" content=\"Cl\u00ednica Nexus\"><meta itemprop=\"url\" content=\"https:\/\/grupnexus.com\/es\/\"><div itemprop=\"logo\" itemscope itemtype=\"https:\/\/schema.org\/ImageObject\"><meta itemprop=\"url\" content=\"https:\/\/grupnexus.com\/wp-content\/uploads\/LOGO-300x751.png\"><\/div><\/div><div itemscope itemprop=\"author\" itemtype=\"http:\/\/schema.org\/Person\"><meta itemprop=\"url\" content=\"https:\/\/grupnexus.com\/es\/author\/hst\/\" \/><meta itemprop=\"name\" content=\"Cl\u00ednica Nexus\" \/><\/div><div itemscope itemprop=\"image\" itemtype=\"http:\/\/schema.org\/ImageObject\"><meta itemprop=\"url\" content=\"https:\/\/grupnexus.com\/wp-content\/uploads\/2021\/03\/cames-perfectes.jpg\" \/><meta itemprop=\"width\" content=\"2108\" \/><meta itemprop=\"height\" content=\"768\" \/><\/div><div itemprop=\"interactionStatistic\" itemscope itemtype=\"http:\/\/schema.org\/InteractionCounter\"><meta itemprop=\"interactionType\" content=\"http:\/\/schema.org\/CommentAction\" \/><meta itemprop=\"userInteractionCount\" content=\"0\" \/><\/div>\t<div class=\"standard-post-format clearfix as-image \">\n\t\t\t<div class=\"thumbnail\">\n\t\t\t\t\t\t<img width=\"292\" height=\"225\" src=\"https:\/\/grupnexus.com\/wp-content\/uploads\/2021\/03\/cames-perfectes-292x225.jpg\" class=\"attachment-post-small-4 size-post-small-4 wp-post-image\" alt=\"Cames perfectes\" loading=\"lazy\" srcset=\"https:\/\/grupnexus.com\/wp-content\/uploads\/2021\/03\/cames-perfectes-292x225.jpg 292w, https:\/\/grupnexus.com\/wp-content\/uploads\/2021\/03\/cames-perfectes-480x369.jpg 480w, https:\/\/grupnexus.com\/wp-content\/uploads\/2021\/03\/cames-perfectes-615x473.jpg 615w, https:\/\/grupnexus.com\/wp-content\/uploads\/2021\/03\/cames-perfectes-400x307.jpg 400w\" sizes=\"(min-width: 900px) 50vw, 100vw\" \/>\t\t\t<\/div>\n\n\t<div class=\"post-content-wrapper\">\n\t\t\t\t<header class=\"single\">\n\t\t\t<div class=\"content\">\n\t\t\t\t<h3>\n\t\t\t\t\t<a href=\"https:\/\/grupnexus.com\/es\/guia-piernas-perfectas\/\" title=\"Gu\u00eda para conseguir unas piernas perfectas a cualquier edad\" class=\"entry-title\">Gu\u00eda para conseguir unas piernas perfectas a cualquier edad<\/a>\n\t\t\t\t<\/h3>\n\t\t\t<\/div>\n\t\t<\/header>\n\t\n\t\t<div class=\"post-actions-wrapper\">\n\t\t\t\t\t\t\t<div class=\"post-date\">\n\t\t\t\t\t15 marzo, 2021\t\t\t\t<\/div>\n\t\t\t\t\t\t\t\t\t\t\n\t\t\t\t\t\t\t\t\t<\/div>\n\n\t\t<div class=\"post-content-outer\">\n\t\t\t<p>Conseguir tener unas piernas perfectas, desde el punto de vista de la salud y la&#8230;<\/p>\n\t\t<\/div>\n\n\t\t\t\t\t<div class=\"post-content-meta\">\n\t\t\t\t<div>\n\t\t\t\t\tPosted in:  <a href=\"https:\/\/grupnexus.com\/es\/category\/blog\/actualidad\/\" rel=\"category tag\">Actualidad<\/a>, <a href=\"https:\/\/grupnexus.com\/es\/category\/blog\/\" rel=\"category tag\">Blog<\/a>\t\t\t\t<\/div>\n\t\t\t\t<div class=\"the-tags\">Tags: <a href=\"https:\/\/grupnexus.com\/es\/tag\/carboxiterapia-es\/\" rel=\"tag\">carboxiter\u00e0pia<\/a>, <a href=\"https:\/\/grupnexus.com\/es\/tag\/celulitis-es\/\" rel=\"tag\">celulitis<\/a>, <a href=\"https:\/\/grupnexus.com\/es\/tag\/cellulitis-es\/\" rel=\"tag\">cel\u00b7lulitis<\/a>, <a href=\"https:\/\/grupnexus.com\/es\/tag\/criolipolisis\/\" rel=\"tag\">Criolip\u00f3lisis<\/a>, <a href=\"https:\/\/grupnexus.com\/es\/tag\/depilacion-laser-medica\/\" rel=\"tag\">Depilaci\u00f3n l\u00e1ser m\u00e9dica<\/a>, <a href=\"https:\/\/grupnexus.com\/es\/tag\/eliminacion-estrias\/\" rel=\"tag\">Eliminaci\u00f3n estr\u00edas<\/a>, <a href=\"https:\/\/grupnexus.com\/es\/tag\/eliminacion-varices\/\" rel=\"tag\">Eliminaci\u00f3n varices<\/a>, <a href=\"https:\/\/grupnexus.com\/es\/tag\/flacidez\/\" rel=\"tag\">flacidez<\/a>, <a href=\"https:\/\/grupnexus.com\/es\/tag\/piernas-perfectas\/\" rel=\"tag\">Piernas perfectas<\/a>, <a href=\"https:\/\/grupnexus.com\/es\/tag\/sculptage\/\" rel=\"tag\">Sculptage<\/a>, <a href=\"https:\/\/grupnexus.com\/es\/tag\/terapia-fotodinamica\/\" rel=\"tag\">Terapia fotodin\u00e1mica<\/a><\/div>\t\t\t<\/div>\n\t\t\t<\/div>\n\t<\/div>\n<\/div>\n\t\t\t\t<\/div>\n\t\t\t\t\t\t\t<div class=\"page-content post-head list-item cbp-item post-46835 post type-post status-publish format-video hentry category-actualidad category-blog category-testimonios tag-acne-es tag-acne-adultos-es tag-acne-juvenil-es tag-adolescentes tag-cosmetica-para-acne-es tag-cuidado-de-la-piel-es tag-cutis-es tag-fotoage-es tag-fotobiodinamica-es tag-granitos-es tag-influencer-es tag-leds-es tag-ledsmedical-es tag-mascarilla-es tag-maskne-es tag-medicina-estetica-facial-es tag-opiniones-pacientes-es tag-piel-joven-es tag-poro-dilatado-es tag-redes-sociales-es tag-rosacia-es tag-sin-filtros-es tag-testimonios-es tag-tratamientos-faciales post_format-post-format-video\">\n\t\t\t\t\t<div class=\"post-article has-image-wrapper \">\n\t<meta itemscope itemprop=\"mainEntityOfPage\" itemid=\"https:\/\/grupnexus.com\/es\/testimonio-ariadna-romero-terapia-fotobiodinamica\/\" \/><meta itemprop=\"datePublished\" content=\"2021-02-23\" \/><meta itemprop=\"dateModified\" content=\"2021-02-24\" \/><meta itemprop=\"headline\" content=\"La influencer leridana Ariadna Romero conf\u00eda en Cl\u00ednica Nexus y la Terapia Fotobiodin\u00e0mica para eliminar un brote de acn\u00e9 acentuado por el uso de la mascarilla.\" \/><div itemprop=\"publisher\" itemscope itemtype=\"https:\/\/schema.org\/Organization\"><meta itemprop=\"name\" content=\"Cl\u00ednica Nexus\"><meta itemprop=\"url\" content=\"https:\/\/grupnexus.com\/es\/\"><div itemprop=\"logo\" itemscope itemtype=\"https:\/\/schema.org\/ImageObject\"><meta itemprop=\"url\" content=\"https:\/\/grupnexus.com\/wp-content\/uploads\/LOGO-300x751.png\"><\/div><\/div><div itemscope itemprop=\"author\" itemtype=\"http:\/\/schema.org\/Person\"><meta itemprop=\"url\" content=\"https:\/\/grupnexus.com\/es\/author\/administrador\/\" \/><meta itemprop=\"name\" content=\"Nexus\" \/><\/div><div itemprop=\"interactionStatistic\" itemscope itemtype=\"http:\/\/schema.org\/InteractionCounter\"><meta itemprop=\"interactionType\" content=\"http:\/\/schema.org\/CommentAction\" \/><meta itemprop=\"userInteractionCount\" content=\"0\" \/><\/div>\t<div class=\"video-post-format clearfix as-normal \">\n\t\t\t<div class=\"thumbnail\">\n\t\t\t\t\t\t<div class=\"wpv-video-frame\"><iframe title=\"Ter\u00e0pia Fotobiodin\u00e0mica per tractament Maskne. Testimoni Ariadna Romero\" width=\"1380\" height=\"776\" src=\"https:\/\/www.youtube.com\/embed\/T3YlSuIn5Vc?feature=oembed\" frameborder=\"0\" allow=\"accelerometer; autoplay; clipboard-write; encrypted-media; gyroscope; picture-in-picture\" allowfullscreen><\/iframe><\/div>\t\t\t<\/div>\n\n\t<div class=\"post-content-wrapper\">\n\t\t\t\t<header class=\"single\">\n\t\t\t<div class=\"content\">\n\t\t\t\t<h3>\n\t\t\t\t\t<a href=\"https:\/\/grupnexus.com\/es\/testimonio-ariadna-romero-terapia-fotobiodinamica\/\" title=\"La influencer leridana Ariadna Romero conf\u00eda en Cl\u00ednica Nexus y la Terapia Fotobiodin\u00e0mica para eliminar un brote de acn\u00e9 acentuado por el uso de la mascarilla.\" class=\"entry-title\">La influencer leridana Ariadna Romero conf\u00eda en Cl\u00ednica Nexus y la Terapia Fotobiodin\u00e0mica para eliminar un brote de acn\u00e9 acentuado por el uso de la mascarilla.<\/a>\n\t\t\t\t<\/h3>\n\t\t\t<\/div>\n\t\t<\/header>\n\t\n\t\t<div class=\"post-actions-wrapper\">\n\t\t\t\t\t\t\t<div class=\"post-date\">\n\t\t\t\t\t23 febrero, 2021\t\t\t\t<\/div>\n\t\t\t\t\t\t\t\t\t\t\n\t\t\t\t\t\t\t\t\t<\/div>\n\n\t\t<div class=\"post-content-outer\">\n\t\t\t<p>El acn\u00e9 es uno de los problemas con que nos topamos a menudo y que&#8230;<\/p>\n\t\t<\/div>\n\n\t\t\t\t\t<div class=\"post-content-meta\">\n\t\t\t\t<div>\n\t\t\t\t\tPosted in:  <a href=\"https:\/\/grupnexus.com\/es\/category\/blog\/actualidad\/\" rel=\"category tag\">Actualidad<\/a>, <a href=\"https:\/\/grupnexus.com\/es\/category\/blog\/\" rel=\"category tag\">Blog<\/a>, <a href=\"https:\/\/grupnexus.com\/es\/category\/testimonios\/\" rel=\"category tag\">Testimonios<\/a>\t\t\t\t<\/div>\n\t\t\t\t<div class=\"the-tags\">Tags: <a href=\"https:\/\/grupnexus.com\/es\/tag\/acne-es\/\" rel=\"tag\">acne<\/a>, <a href=\"https:\/\/grupnexus.com\/es\/tag\/acne-adultos-es\/\" rel=\"tag\">Acne adultos<\/a>, <a href=\"https:\/\/grupnexus.com\/es\/tag\/acne-juvenil-es\/\" rel=\"tag\">Acne juvenil<\/a>, <a href=\"https:\/\/grupnexus.com\/es\/tag\/adolescentes\/\" rel=\"tag\">Adolescentes<\/a>, <a href=\"https:\/\/grupnexus.com\/es\/tag\/cosmetica-para-acne-es\/\" rel=\"tag\">Cosmetica para acne<\/a>, <a href=\"https:\/\/grupnexus.com\/es\/tag\/cuidado-de-la-piel-es\/\" rel=\"tag\">Cuidado de la piel<\/a>, <a href=\"https:\/\/grupnexus.com\/es\/tag\/cutis-es\/\" rel=\"tag\">Cutis<\/a>, <a href=\"https:\/\/grupnexus.com\/es\/tag\/fotoage-es\/\" rel=\"tag\">fotoage<\/a>, <a href=\"https:\/\/grupnexus.com\/es\/tag\/fotobiodinamica-es\/\" rel=\"tag\">Fotobiodinamica<\/a>, <a href=\"https:\/\/grupnexus.com\/es\/tag\/granitos-es\/\" rel=\"tag\">Granitos<\/a>, <a href=\"https:\/\/grupnexus.com\/es\/tag\/influencer-es\/\" rel=\"tag\">Influencer<\/a>, <a href=\"https:\/\/grupnexus.com\/es\/tag\/leds-es\/\" rel=\"tag\">leds<\/a>, <a href=\"https:\/\/grupnexus.com\/es\/tag\/ledsmedical-es\/\" rel=\"tag\">LedsMedical<\/a>, <a href=\"https:\/\/grupnexus.com\/es\/tag\/mascarilla-es\/\" rel=\"tag\">Mascarilla<\/a>, <a href=\"https:\/\/grupnexus.com\/es\/tag\/maskne-es\/\" rel=\"tag\">Maskne<\/a>, <a href=\"https:\/\/grupnexus.com\/es\/tag\/medicina-estetica-facial-es\/\" rel=\"tag\">Medicina Est\u00e9tica Facial<\/a>, <a href=\"https:\/\/grupnexus.com\/es\/tag\/opiniones-pacientes-es\/\" rel=\"tag\">Opiniones pacientes<\/a>, <a href=\"https:\/\/grupnexus.com\/es\/tag\/piel-joven-es\/\" rel=\"tag\">Piel joven<\/a>, <a href=\"https:\/\/grupnexus.com\/es\/tag\/poro-dilatado-es\/\" rel=\"tag\">Poro dilatado<\/a>, <a href=\"https:\/\/grupnexus.com\/es\/tag\/redes-sociales-es\/\" rel=\"tag\">Redes Sociales<\/a>, <a href=\"https:\/\/grupnexus.com\/es\/tag\/rosacia-es\/\" rel=\"tag\">Rosacia<\/a>, <a href=\"https:\/\/grupnexus.com\/es\/tag\/sin-filtros-es\/\" rel=\"tag\">Sin filtros<\/a>, <a href=\"https:\/\/grupnexus.com\/es\/tag\/testimonios-es\/\" rel=\"tag\">Testimonios<\/a>, <a href=\"https:\/\/grupnexus.com\/es\/tag\/tratamientos-faciales\/\" rel=\"tag\">tratamientos faciales<\/a><\/div>\t\t\t<\/div>\n\t\t\t<\/div>\n\t<\/div>\n<\/div>\n\t\t\t\t<\/div>\n\t\t\t\t<\/div>\n<\/div>\n\n<\/div><\/div><\/div><\/div>\n<div class=\"row \"><div class=\"wpv-grid grid-1-1  wpv-first-level first has-background unextended\" style=\"background-color:#ffffff;padding-top:30px;padding-bottom:30px\" id=\"wpv-column-f69f053acc756907825d8cf310dda1d3\" ><style scoped>#wpv-column-f69f053acc756907825d8cf310dda1d3 p,#wpv-column-f69f053acc756907825d8cf310dda1d3 em,#wpv-column-f69f053acc756907825d8cf310dda1d3 .column-title,#wpv-column-f69f053acc756907825d8cf310dda1d3 .sep-text h2.regular-title-wrapper,#wpv-column-f69f053acc756907825d8cf310dda1d3 .text-divider-double,#wpv-column-f69f053acc756907825d8cf310dda1d3 .sep-text .sep-text-line,#wpv-column-f69f053acc756907825d8cf310dda1d3 .sep,#wpv-column-f69f053acc756907825d8cf310dda1d3 .sep-2,#wpv-column-f69f053acc756907825d8cf310dda1d3 .sep-3,#wpv-column-f69f053acc756907825d8cf310dda1d3 td,#wpv-column-f69f053acc756907825d8cf310dda1d3 th,#wpv-column-f69f053acc756907825d8cf310dda1d3 caption{color:#808080;}#wpv-column-f69f053acc756907825d8cf310dda1d3:before{background-color:transparent;}<\/style><div class=\"row \"><div class=\"wpv-grid grid-1-1  first unextended animation-fade-in animated-active\" style=\"padding-top:0px;padding-bottom:0px\" id=\"wpv-column-f5a6cea003a9d2c258a142b1d06c5762\" >\t\t<h2 class=\"text-divider-double\">\t\t\tPodcast\t\t<\/h2>\t\t<div class=\"sep\"><\/div>\t<div class=\"loop-wrapper clearfix news scroll-x\">\n\t<div class=\"vamtam-cubeportfolio cbp cbp-slider-edge\" data-options=\"{&quot;layoutMode&quot;:&quot;slider&quot;,&quot;drag&quot;:true,&quot;auto&quot;:false,&quot;autoTimeout&quot;:5000,&quot;autoPauseOnHover&quot;:true,&quot;showNavigation&quot;:true,&quot;showPagination&quot;:false,&quot;scrollByPage&quot;:false,&quot;gridAdjustment&quot;:&quot;responsive&quot;,&quot;mediaQueries&quot;:[{&quot;width&quot;:1260,&quot;cols&quot;:4},{&quot;width&quot;:937.5,&quot;cols&quot;:3},{&quot;width&quot;:615,&quot;cols&quot;:2},{&quot;width&quot;:292.5,&quot;cols&quot;:1}],&quot;gapHorizontal&quot;:0,&quot;gapVertical&quot;:30,&quot;displayTypeSpeed&quot;:100}\">\n\t\t\t\t\t\t<div class=\"page-content post-head list-item cbp-item post-50637 post type-post status-publish format-standard has-post-thumbnail hentry category-actualidad category-blog category-podcast tag-bellezaemocional-es tag-podcastsegre-es tag-nexus-es\">\n\t\t\t\t\t<div class=\"post-article has-image-wrapper \">\n\t<meta itemscope itemprop=\"mainEntityOfPage\" itemid=\"https:\/\/grupnexus.com\/es\/como-cuidar-tu-piel-antiaging-y-wellaging\/\" \/><meta itemprop=\"datePublished\" content=\"2024-09-02\" \/><meta itemprop=\"dateModified\" content=\"2024-09-05\" \/><meta itemprop=\"headline\" content=\"Como cuidar tu piel Antiaging y Wellaging\" \/><div itemprop=\"publisher\" itemscope itemtype=\"https:\/\/schema.org\/Organization\"><meta itemprop=\"name\" content=\"Cl\u00ednica Nexus\"><meta itemprop=\"url\" content=\"https:\/\/grupnexus.com\/es\/\"><div itemprop=\"logo\" itemscope itemtype=\"https:\/\/schema.org\/ImageObject\"><meta itemprop=\"url\" content=\"https:\/\/grupnexus.com\/wp-content\/uploads\/LOGO-300x751.png\"><\/div><\/div><div itemscope itemprop=\"author\" itemtype=\"http:\/\/schema.org\/Person\"><meta itemprop=\"url\" content=\"https:\/\/grupnexus.com\/es\/author\/administrador\/\" \/><meta itemprop=\"name\" content=\"Nexus\" \/><\/div><div itemscope itemprop=\"image\" itemtype=\"http:\/\/schema.org\/ImageObject\"><meta itemprop=\"url\" content=\"https:\/\/grupnexus.com\/wp-content\/uploads\/2022\/06\/dr-pinos-podcast.jpg\" \/><meta itemprop=\"width\" content=\"386\" \/><meta itemprop=\"height\" content=\"234\" \/><\/div><div itemprop=\"interactionStatistic\" itemscope itemtype=\"http:\/\/schema.org\/InteractionCounter\"><meta itemprop=\"interactionType\" content=\"http:\/\/schema.org\/CommentAction\" \/><meta itemprop=\"userInteractionCount\" content=\"0\" \/><\/div>\t<div class=\"standard-post-format clearfix as-image \">\n\t\t\t<div class=\"thumbnail\">\n\t\t\t\t\t\t<img width=\"292\" height=\"225\" src=\"https:\/\/grupnexus.com\/wp-content\/uploads\/2022\/06\/dr-pinos-podcast-292x225.jpg\" class=\"attachment-post-small-4 size-post-small-4 wp-post-image\" alt=\"\" loading=\"lazy\" \/>\t\t\t<\/div>\n\n\t<div class=\"post-content-wrapper\">\n\t\t\t\t<header class=\"single\">\n\t\t\t<div class=\"content\">\n\t\t\t\t<h3>\n\t\t\t\t\t<a href=\"https:\/\/grupnexus.com\/es\/como-cuidar-tu-piel-antiaging-y-wellaging\/\" title=\"Como cuidar tu piel Antiaging y Wellaging\" class=\"entry-title\">Como cuidar tu piel Antiaging y Wellaging<\/a>\n\t\t\t\t<\/h3>\n\t\t\t<\/div>\n\t\t<\/header>\n\t\n\t\t<div class=\"post-actions-wrapper\">\n\t\t\t\t\t\t\t<div class=\"post-date\">\n\t\t\t\t\t2 septiembre, 2024\t\t\t\t<\/div>\n\t\t\t\t\t\t\t\t\t\t\n\t\t\t\t\t\t\t\t\t<\/div>\n\n\t\t<div class=\"post-content-outer\">\n\t\t\t<p>En esta segunda entrega de nuestro podcast \u201cBelleza emocional con Nexus\u201d hablamos con el doctor&#8230;<\/p>\n\t\t<\/div>\n\n\t\t\t\t\t<div class=\"post-content-meta\">\n\t\t\t\t<div>\n\t\t\t\t\tPosted in:  <a href=\"https:\/\/grupnexus.com\/es\/category\/blog\/actualidad\/\" rel=\"category tag\">Actualidad<\/a>, <a href=\"https:\/\/grupnexus.com\/es\/category\/blog\/\" rel=\"category tag\">Blog<\/a>, <a href=\"https:\/\/grupnexus.com\/es\/category\/prensa\/podcast\/\" rel=\"category tag\">Podcast<\/a>\t\t\t\t<\/div>\n\t\t\t\t<div class=\"the-tags\">Tags: <a href=\"https:\/\/grupnexus.com\/es\/tag\/bellezaemocional-es\/\" rel=\"tag\">#Bellezaemocional<\/a>, <a href=\"https:\/\/grupnexus.com\/es\/tag\/podcastsegre-es\/\" rel=\"tag\">#Podcastsegre<\/a>, <a href=\"https:\/\/grupnexus.com\/es\/tag\/nexus-es\/\" rel=\"tag\">nexus<\/a><\/div>\t\t\t<\/div>\n\t\t\t<\/div>\n\t<\/div>\n<\/div>\n\t\t\t\t<\/div>\n\t\t\t\t\t\t\t<div class=\"page-content post-head list-item cbp-item post-50675 post type-post status-publish format-standard has-post-thumbnail hentry category-actualidad category-blog category-podcast tag-bellezaemocional-es tag-podcastsegre-es tag-nexus-es\">\n\t\t\t\t\t<div class=\"post-article has-image-wrapper \">\n\t<meta itemscope itemprop=\"mainEntityOfPage\" itemid=\"https:\/\/grupnexus.com\/es\/tratamientos-medico-esteticos-especial-verano\/\" \/><meta itemprop=\"datePublished\" content=\"2024-06-21\" \/><meta itemprop=\"dateModified\" content=\"2024-09-05\" \/><meta itemprop=\"headline\" content=\"Tratamientos m\u00e9dico-est\u00e9ticos especial verano\" \/><div itemprop=\"publisher\" itemscope itemtype=\"https:\/\/schema.org\/Organization\"><meta itemprop=\"name\" content=\"Cl\u00ednica Nexus\"><meta itemprop=\"url\" content=\"https:\/\/grupnexus.com\/es\/\"><div itemprop=\"logo\" itemscope itemtype=\"https:\/\/schema.org\/ImageObject\"><meta itemprop=\"url\" content=\"https:\/\/grupnexus.com\/wp-content\/uploads\/LOGO-300x751.png\"><\/div><\/div><div itemscope itemprop=\"author\" itemtype=\"http:\/\/schema.org\/Person\"><meta itemprop=\"url\" content=\"https:\/\/grupnexus.com\/es\/author\/administrador\/\" \/><meta itemprop=\"name\" content=\"Nexus\" \/><\/div><div itemscope itemprop=\"image\" itemtype=\"http:\/\/schema.org\/ImageObject\"><meta itemprop=\"url\" content=\"https:\/\/grupnexus.com\/wp-content\/uploads\/2022\/03\/64d917b18ee008d11c4309792856d8df.jpg\" \/><meta itemprop=\"width\" content=\"720\" \/><meta itemprop=\"height\" content=\"720\" \/><\/div><div itemprop=\"interactionStatistic\" itemscope itemtype=\"http:\/\/schema.org\/InteractionCounter\"><meta itemprop=\"interactionType\" content=\"http:\/\/schema.org\/CommentAction\" \/><meta itemprop=\"userInteractionCount\" content=\"0\" \/><\/div>\t<div class=\"standard-post-format clearfix as-image \">\n\t\t\t<div class=\"thumbnail\">\n\t\t\t\t\t\t<img width=\"292\" height=\"225\" src=\"https:\/\/grupnexus.com\/wp-content\/uploads\/2022\/03\/64d917b18ee008d11c4309792856d8df-292x225.jpg\" class=\"attachment-post-small-4 size-post-small-4 wp-post-image\" alt=\"\" loading=\"lazy\" srcset=\"https:\/\/grupnexus.com\/wp-content\/uploads\/2022\/03\/64d917b18ee008d11c4309792856d8df-292x225.jpg 292w, https:\/\/grupnexus.com\/wp-content\/uploads\/2022\/03\/64d917b18ee008d11c4309792856d8df-480x369.jpg 480w, https:\/\/grupnexus.com\/wp-content\/uploads\/2022\/03\/64d917b18ee008d11c4309792856d8df-615x473.jpg 615w, https:\/\/grupnexus.com\/wp-content\/uploads\/2022\/03\/64d917b18ee008d11c4309792856d8df-400x307.jpg 400w\" sizes=\"(min-width: 900px) 50vw, 100vw\" \/>\t\t\t<\/div>\n\n\t<div class=\"post-content-wrapper\">\n\t\t\t\t<header class=\"single\">\n\t\t\t<div class=\"content\">\n\t\t\t\t<h3>\n\t\t\t\t\t<a href=\"https:\/\/grupnexus.com\/es\/tratamientos-medico-esteticos-especial-verano\/\" title=\"Tratamientos m\u00e9dico-est\u00e9ticos especial verano\" class=\"entry-title\">Tratamientos m\u00e9dico-est\u00e9ticos especial verano<\/a>\n\t\t\t\t<\/h3>\n\t\t\t<\/div>\n\t\t<\/header>\n\t\n\t\t<div class=\"post-actions-wrapper\">\n\t\t\t\t\t\t\t<div class=\"post-date\">\n\t\t\t\t\t21 junio, 2024\t\t\t\t<\/div>\n\t\t\t\t\t\t\t\t\t\t\n\t\t\t\t\t\t\t\t\t<\/div>\n\n\t\t<div class=\"post-content-outer\">\n\t\t\t<p>En nuestra tercera entrega del podcast \u201cBelleza emocional con Nexus\u201d, Montse Monjo, directora gerente de&#8230;<\/p>\n\t\t<\/div>\n\n\t\t\t\t\t<div class=\"post-content-meta\">\n\t\t\t\t<div>\n\t\t\t\t\tPosted in:  <a href=\"https:\/\/grupnexus.com\/es\/category\/blog\/actualidad\/\" rel=\"category tag\">Actualidad<\/a>, <a href=\"https:\/\/grupnexus.com\/es\/category\/blog\/\" rel=\"category tag\">Blog<\/a>, <a href=\"https:\/\/grupnexus.com\/es\/category\/prensa\/podcast\/\" rel=\"category tag\">Podcast<\/a>\t\t\t\t<\/div>\n\t\t\t\t<div class=\"the-tags\">Tags: <a href=\"https:\/\/grupnexus.com\/es\/tag\/bellezaemocional-es\/\" rel=\"tag\">#Bellezaemocional<\/a>, <a href=\"https:\/\/grupnexus.com\/es\/tag\/podcastsegre-es\/\" rel=\"tag\">#Podcastsegre<\/a>, <a href=\"https:\/\/grupnexus.com\/es\/tag\/nexus-es\/\" rel=\"tag\">nexus<\/a><\/div>\t\t\t<\/div>\n\t\t\t<\/div>\n\t<\/div>\n<\/div>\n\t\t\t\t<\/div>\n\t\t\t\t\t\t\t<div class=\"page-content post-head list-item cbp-item post-49747 post type-post status-publish format-standard has-post-thumbnail hentry category-actualidad category-blog category-podcast tag-bellezaemocional-es tag-podcastsegre-es tag-nexus-es\">\n\t\t\t\t\t<div class=\"post-article has-image-wrapper \">\n\t<meta itemscope itemprop=\"mainEntityOfPage\" itemid=\"https:\/\/grupnexus.com\/es\/belleza-emocional-con-nexus\/\" \/><meta itemprop=\"datePublished\" content=\"2022-03-22\" \/><meta itemprop=\"dateModified\" content=\"2022-03-22\" \/><meta itemprop=\"headline\" content=\"Belleza emocional con Nexus\" \/><div itemprop=\"publisher\" itemscope itemtype=\"https:\/\/schema.org\/Organization\"><meta itemprop=\"name\" content=\"Cl\u00ednica Nexus\"><meta itemprop=\"url\" content=\"https:\/\/grupnexus.com\/es\/\"><div itemprop=\"logo\" itemscope itemtype=\"https:\/\/schema.org\/ImageObject\"><meta itemprop=\"url\" content=\"https:\/\/grupnexus.com\/wp-content\/uploads\/LOGO-300x751.png\"><\/div><\/div><div itemscope itemprop=\"author\" itemtype=\"http:\/\/schema.org\/Person\"><meta itemprop=\"url\" content=\"https:\/\/grupnexus.com\/es\/author\/administrador\/\" \/><meta itemprop=\"name\" content=\"Nexus\" \/><\/div><div itemscope itemprop=\"image\" itemtype=\"http:\/\/schema.org\/ImageObject\"><meta itemprop=\"url\" content=\"https:\/\/grupnexus.com\/wp-content\/uploads\/2022\/03\/64d917b18ee008d11c4309792856d8df.jpg\" \/><meta itemprop=\"width\" content=\"720\" \/><meta itemprop=\"height\" content=\"720\" \/><\/div><div itemprop=\"interactionStatistic\" itemscope itemtype=\"http:\/\/schema.org\/InteractionCounter\"><meta itemprop=\"interactionType\" content=\"http:\/\/schema.org\/CommentAction\" \/><meta itemprop=\"userInteractionCount\" content=\"0\" \/><\/div>\t<div class=\"standard-post-format clearfix as-image \">\n\t\t\t<div class=\"thumbnail\">\n\t\t\t\t\t\t<img width=\"292\" height=\"225\" src=\"https:\/\/grupnexus.com\/wp-content\/uploads\/2022\/03\/64d917b18ee008d11c4309792856d8df-292x225.jpg\" class=\"attachment-post-small-4 size-post-small-4 wp-post-image\" alt=\"\" loading=\"lazy\" srcset=\"https:\/\/grupnexus.com\/wp-content\/uploads\/2022\/03\/64d917b18ee008d11c4309792856d8df-292x225.jpg 292w, https:\/\/grupnexus.com\/wp-content\/uploads\/2022\/03\/64d917b18ee008d11c4309792856d8df-480x369.jpg 480w, https:\/\/grupnexus.com\/wp-content\/uploads\/2022\/03\/64d917b18ee008d11c4309792856d8df-615x473.jpg 615w, https:\/\/grupnexus.com\/wp-content\/uploads\/2022\/03\/64d917b18ee008d11c4309792856d8df-400x307.jpg 400w\" sizes=\"(min-width: 900px) 50vw, 100vw\" \/>\t\t\t<\/div>\n\n\t<div class=\"post-content-wrapper\">\n\t\t\t\t<header class=\"single\">\n\t\t\t<div class=\"content\">\n\t\t\t\t<h3>\n\t\t\t\t\t<a href=\"https:\/\/grupnexus.com\/es\/belleza-emocional-con-nexus\/\" title=\"Belleza emocional con Nexus\" class=\"entry-title\">Belleza emocional con Nexus<\/a>\n\t\t\t\t<\/h3>\n\t\t\t<\/div>\n\t\t<\/header>\n\t\n\t\t<div class=\"post-actions-wrapper\">\n\t\t\t\t\t\t\t<div class=\"post-date\">\n\t\t\t\t\t22 marzo, 2022\t\t\t\t<\/div>\n\t\t\t\t\t\t\t\t\t\t\n\t\t\t\t\t\t\t\t\t<\/div>\n\n\t\t<div class=\"post-content-outer\">\n\t\t\t<p>Abrimos nuevo canal mensual de comunicaci\u00f3n. Queremos acompa\u00f1arte en esos momentos donde solo est\u00e1s t\u00fa&#8230;<\/p>\n\t\t<\/div>\n\n\t\t\t\t\t<div class=\"post-content-meta\">\n\t\t\t\t<div>\n\t\t\t\t\tPosted in:  <a href=\"https:\/\/grupnexus.com\/es\/category\/blog\/actualidad\/\" rel=\"category tag\">Actualidad<\/a>, <a href=\"https:\/\/grupnexus.com\/es\/category\/blog\/\" rel=\"category tag\">Blog<\/a>, <a href=\"https:\/\/grupnexus.com\/es\/category\/prensa\/podcast\/\" rel=\"category tag\">Podcast<\/a>\t\t\t\t<\/div>\n\t\t\t\t<div class=\"the-tags\">Tags: <a href=\"https:\/\/grupnexus.com\/es\/tag\/bellezaemocional-es\/\" rel=\"tag\">#Bellezaemocional<\/a>, <a href=\"https:\/\/grupnexus.com\/es\/tag\/podcastsegre-es\/\" rel=\"tag\">#Podcastsegre<\/a>, <a href=\"https:\/\/grupnexus.com\/es\/tag\/nexus-es\/\" rel=\"tag\">nexus<\/a><\/div>\t\t\t<\/div>\n\t\t\t<\/div>\n\t<\/div>\n<\/div>\n\t\t\t\t<\/div>\n\t\t\t\t\t\t\t<div class=\"page-content post-head list-item cbp-item post-46418 post type-post status-publish format-standard has-post-thumbnail hentry category-actualidad category-blog category-podcast\">\n\t\t\t\t\t<div class=\"post-article has-image-wrapper \">\n\t<meta itemscope itemprop=\"mainEntityOfPage\" itemid=\"https:\/\/grupnexus.com\/es\/el-sector-de-la-medicina-estetica-ante-la-covid-19\/\" \/><meta itemprop=\"datePublished\" content=\"2021-01-15\" \/><meta itemprop=\"dateModified\" content=\"2021-01-15\" \/><meta itemprop=\"headline\" content=\"El sector de la medicina est\u00e9tica ante la Covid-19\" \/><div itemprop=\"publisher\" itemscope itemtype=\"https:\/\/schema.org\/Organization\"><meta itemprop=\"name\" content=\"Cl\u00ednica Nexus\"><meta itemprop=\"url\" content=\"https:\/\/grupnexus.com\/es\/\"><div itemprop=\"logo\" itemscope itemtype=\"https:\/\/schema.org\/ImageObject\"><meta itemprop=\"url\" content=\"https:\/\/grupnexus.com\/wp-content\/uploads\/LOGO-300x751.png\"><\/div><\/div><div itemscope itemprop=\"author\" itemtype=\"http:\/\/schema.org\/Person\"><meta itemprop=\"url\" content=\"https:\/\/grupnexus.com\/es\/author\/administrador\/\" \/><meta itemprop=\"name\" content=\"Nexus\" \/><\/div><div itemscope itemprop=\"image\" itemtype=\"http:\/\/schema.org\/ImageObject\"><meta itemprop=\"url\" content=\"https:\/\/grupnexus.com\/wp-content\/uploads\/2021\/01\/Laura.jpg\" \/><meta itemprop=\"width\" content=\"2048\" \/><meta itemprop=\"height\" content=\"1536\" \/><\/div><div itemprop=\"interactionStatistic\" itemscope itemtype=\"http:\/\/schema.org\/InteractionCounter\"><meta itemprop=\"interactionType\" content=\"http:\/\/schema.org\/CommentAction\" \/><meta itemprop=\"userInteractionCount\" content=\"0\" \/><\/div>\t<div class=\"standard-post-format clearfix as-image \">\n\t\t\t<div class=\"thumbnail\">\n\t\t\t\t\t\t<img width=\"262\" height=\"201\" src=\"https:\/\/grupnexus.com\/wp-content\/uploads\/2021\/01\/Laura-262x201.jpg\" class=\"attachment-post-small-4 size-post-small-4 wp-post-image\" alt=\"\" loading=\"lazy\" srcset=\"https:\/\/grupnexus.com\/wp-content\/uploads\/2021\/01\/Laura-262x201.jpg 262w, https:\/\/grupnexus.com\/wp-content\/uploads\/2021\/01\/Laura-480x369.jpg 480w, https:\/\/grupnexus.com\/wp-content\/uploads\/2021\/01\/Laura-1140x876.jpg 1140w, https:\/\/grupnexus.com\/wp-content\/uploads\/2021\/01\/Laura-555x426.jpg 555w, https:\/\/grupnexus.com\/wp-content\/uploads\/2021\/01\/Laura-360x276.jpg 360w\" sizes=\"(min-width: 900px) 50vw, 100vw\" \/>\t\t\t<\/div>\n\n\t<div class=\"post-content-wrapper\">\n\t\t\t\t<header class=\"single\">\n\t\t\t<div class=\"content\">\n\t\t\t\t<h3>\n\t\t\t\t\t<a href=\"https:\/\/grupnexus.com\/es\/el-sector-de-la-medicina-estetica-ante-la-covid-19\/\" title=\"El sector de la medicina est\u00e9tica ante la Covid-19\" class=\"entry-title\">El sector de la medicina est\u00e9tica ante la Covid-19<\/a>\n\t\t\t\t<\/h3>\n\t\t\t<\/div>\n\t\t<\/header>\n\t\n\t\t<div class=\"post-actions-wrapper\">\n\t\t\t\t\t\t\t<div class=\"post-date\">\n\t\t\t\t\t15 enero, 2021\t\t\t\t<\/div>\n\t\t\t\t\t\t\t\t\t\t\n\t\t\t\t\t\t\t\t\t<\/div>\n\n\t\t<div class=\"post-content-outer\">\n\t\t\t<p>La emisora de radio Cadena Ser Lleida nos ha invitado al programa Soroll Lleida, dentro&#8230;<\/p>\n\t\t<\/div>\n\n\t\t\t\t\t<div class=\"post-content-meta\">\n\t\t\t\t<div>\n\t\t\t\t\tPosted in:  <a href=\"https:\/\/grupnexus.com\/es\/category\/blog\/actualidad\/\" rel=\"category tag\">Actualidad<\/a>, <a href=\"https:\/\/grupnexus.com\/es\/category\/blog\/\" rel=\"category tag\">Blog<\/a>, <a href=\"https:\/\/grupnexus.com\/es\/category\/prensa\/podcast\/\" rel=\"category tag\">Podcast<\/a>\t\t\t\t<\/div>\n\t\t\t\t\t\t\t<\/div>\n\t\t\t<\/div>\n\t<\/div>\n<\/div>\n\t\t\t\t<\/div>\n\t\t\t\t\t\t\t<div class=\"page-content post-head list-item cbp-item post-15115 post type-post status-publish format-standard has-post-thumbnail hentry category-actualidad category-blog category-podcast category-prensa\">\n\t\t\t\t\t<div class=\"post-article has-image-wrapper \">\n\t<meta itemscope itemprop=\"mainEntityOfPage\" itemid=\"https:\/\/grupnexus.com\/es\/eliminacion-de-varices-uau-radio17-febrero-de-2018\/\" \/><meta itemprop=\"datePublished\" content=\"2019-10-09\" \/><meta itemprop=\"dateModified\" content=\"2019-10-09\" \/><meta itemprop=\"headline\" content=\"Terapia fotodin\u00e1mica para eliminar varices\" \/><div itemprop=\"publisher\" itemscope itemtype=\"https:\/\/schema.org\/Organization\"><meta itemprop=\"name\" content=\"Cl\u00ednica Nexus\"><meta itemprop=\"url\" content=\"https:\/\/grupnexus.com\/es\/\"><div itemprop=\"logo\" itemscope itemtype=\"https:\/\/schema.org\/ImageObject\"><meta itemprop=\"url\" content=\"https:\/\/grupnexus.com\/wp-content\/uploads\/LOGO-300x751.png\"><\/div><\/div><div itemscope itemprop=\"author\" itemtype=\"http:\/\/schema.org\/Person\"><meta itemprop=\"url\" content=\"https:\/\/grupnexus.com\/es\/author\/administrador\/\" \/><meta itemprop=\"name\" content=\"Nexus\" \/><\/div><div itemscope itemprop=\"image\" itemtype=\"http:\/\/schema.org\/ImageObject\"><meta itemprop=\"url\" content=\"https:\/\/grupnexus.com\/wp-content\/uploads\/2018\/03\/Varius-edit.jpg\" \/><meta itemprop=\"width\" content=\"2187\" \/><meta itemprop=\"height\" content=\"1080\" \/><\/div><div itemprop=\"interactionStatistic\" itemscope itemtype=\"http:\/\/schema.org\/InteractionCounter\"><meta itemprop=\"interactionType\" content=\"http:\/\/schema.org\/CommentAction\" \/><meta itemprop=\"userInteractionCount\" content=\"0\" \/><\/div>\t<div class=\"standard-post-format clearfix as-image \">\n\t\t\t<div class=\"thumbnail\">\n\t\t\t\t\t\t<img width=\"262\" height=\"201\" src=\"https:\/\/grupnexus.com\/wp-content\/uploads\/2018\/03\/Varius-edit-262x201.jpg\" class=\"attachment-post-small-4 size-post-small-4 wp-post-image\" alt=\"tractament varius\" loading=\"lazy\" srcset=\"https:\/\/grupnexus.com\/wp-content\/uploads\/2018\/03\/Varius-edit-262x201.jpg 262w, https:\/\/grupnexus.com\/wp-content\/uploads\/2018\/03\/Varius-edit-480x369.jpg 480w, https:\/\/grupnexus.com\/wp-content\/uploads\/2018\/03\/Varius-edit-1140x876.jpg 1140w, https:\/\/grupnexus.com\/wp-content\/uploads\/2018\/03\/Varius-edit-555x426.jpg 555w, https:\/\/grupnexus.com\/wp-content\/uploads\/2018\/03\/Varius-edit-360x276.jpg 360w\" sizes=\"(min-width: 900px) 50vw, 100vw\" \/>\t\t\t<\/div>\n\n\t<div class=\"post-content-wrapper\">\n\t\t\t\t<header class=\"single\">\n\t\t\t<div class=\"content\">\n\t\t\t\t<h3>\n\t\t\t\t\t<a href=\"https:\/\/grupnexus.com\/es\/eliminacion-de-varices-uau-radio17-febrero-de-2018\/\" title=\"Terapia fotodin\u00e1mica para eliminar varices\" class=\"entry-title\">Terapia fotodin\u00e1mica para eliminar varices<\/a>\n\t\t\t\t<\/h3>\n\t\t\t<\/div>\n\t\t<\/header>\n\t\n\t\t<div class=\"post-actions-wrapper\">\n\t\t\t\t\t\t\t<div class=\"post-date\">\n\t\t\t\t\t9 octubre, 2019\t\t\t\t<\/div>\n\t\t\t\t\t\t\t\t\t\t\n\t\t\t\t\t\t\t\t\t<\/div>\n\n\t\t<div class=\"post-content-outer\">\n\t\t\t\t\t<\/div>\n\n\t\t\t\t\t<div class=\"post-content-meta\">\n\t\t\t\t<div>\n\t\t\t\t\tPosted in:  <a href=\"https:\/\/grupnexus.com\/es\/category\/blog\/actualidad\/\" rel=\"category tag\">Actualidad<\/a>, <a href=\"https:\/\/grupnexus.com\/es\/category\/blog\/\" rel=\"category tag\">Blog<\/a>, <a href=\"https:\/\/grupnexus.com\/es\/category\/prensa\/podcast\/\" rel=\"category tag\">Podcast<\/a>, <a href=\"https:\/\/grupnexus.com\/es\/category\/prensa\/\" rel=\"category tag\">Prensa<\/a>\t\t\t\t<\/div>\n\t\t\t\t\t\t\t<\/div>\n\t\t\t<\/div>\n\t<\/div>\n<\/div>\n\t\t\t\t<\/div>\n\t\t\t\t\t\t\t<div class=\"page-content post-head list-item cbp-item post-15034 post type-post status-publish format-standard has-post-thumbnail hentry category-podcast category-prensa\">\n\t\t\t\t\t<div class=\"post-article has-image-wrapper \">\n\t<meta itemscope itemprop=\"mainEntityOfPage\" itemid=\"https:\/\/grupnexus.com\/es\/criolipolisi-medica-podcast\/\" \/><meta itemprop=\"datePublished\" content=\"2018-03-03\" \/><meta itemprop=\"dateModified\" content=\"2018-03-15\" \/><meta itemprop=\"headline\" content=\"Criolip\u00f3lisis m\u00e9dica &#8211; UAU Radio\" \/><div itemprop=\"publisher\" itemscope itemtype=\"https:\/\/schema.org\/Organization\"><meta itemprop=\"name\" content=\"Cl\u00ednica Nexus\"><meta itemprop=\"url\" content=\"https:\/\/grupnexus.com\/es\/\"><div itemprop=\"logo\" itemscope itemtype=\"https:\/\/schema.org\/ImageObject\"><meta itemprop=\"url\" content=\"https:\/\/grupnexus.com\/wp-content\/uploads\/LOGO-300x751.png\"><\/div><\/div><div itemscope itemprop=\"author\" itemtype=\"http:\/\/schema.org\/Person\"><meta itemprop=\"url\" content=\"https:\/\/grupnexus.com\/es\/author\/administrador\/\" \/><meta itemprop=\"name\" content=\"Nexus\" \/><\/div><div itemscope itemprop=\"image\" itemtype=\"http:\/\/schema.org\/ImageObject\"><meta itemprop=\"url\" content=\"https:\/\/grupnexus.com\/wp-content\/uploads\/2018\/03\/Moldejament-corporal-amb-Criolip\u00f2lisis-M\u00e8dica-Febrer-17-scaled.jpg\" \/><meta itemprop=\"width\" content=\"1919\" \/><meta itemprop=\"height\" content=\"2560\" \/><\/div><div itemprop=\"interactionStatistic\" itemscope itemtype=\"http:\/\/schema.org\/InteractionCounter\"><meta itemprop=\"interactionType\" content=\"http:\/\/schema.org\/CommentAction\" \/><meta itemprop=\"userInteractionCount\" content=\"0\" \/><\/div>\t<div class=\"standard-post-format clearfix as-image \">\n\t\t\t<div class=\"thumbnail\">\n\t\t\t\t\t\t<img width=\"262\" height=\"201\" src=\"https:\/\/grupnexus.com\/wp-content\/uploads\/2018\/03\/Moldejament-corporal-amb-Criolip\u00f2lisis-M\u00e8dica-Febrer-17-262x201.jpg\" class=\"attachment-post-small-4 size-post-small-4 wp-post-image\" alt=\"\" loading=\"lazy\" srcset=\"https:\/\/grupnexus.com\/wp-content\/uploads\/2018\/03\/Moldejament-corporal-amb-Criolip\u00f2lisis-M\u00e8dica-Febrer-17-262x201.jpg 262w, https:\/\/grupnexus.com\/wp-content\/uploads\/2018\/03\/Moldejament-corporal-amb-Criolip\u00f2lisis-M\u00e8dica-Febrer-17-480x369.jpg 480w, https:\/\/grupnexus.com\/wp-content\/uploads\/2018\/03\/Moldejament-corporal-amb-Criolip\u00f2lisis-M\u00e8dica-Febrer-17-1140x876.jpg 1140w, https:\/\/grupnexus.com\/wp-content\/uploads\/2018\/03\/Moldejament-corporal-amb-Criolip\u00f2lisis-M\u00e8dica-Febrer-17-555x426.jpg 555w, https:\/\/grupnexus.com\/wp-content\/uploads\/2018\/03\/Moldejament-corporal-amb-Criolip\u00f2lisis-M\u00e8dica-Febrer-17-360x276.jpg 360w\" sizes=\"(min-width: 900px) 50vw, 100vw\" \/>\t\t\t<\/div>\n\n\t<div class=\"post-content-wrapper\">\n\t\t\t\t<header class=\"single\">\n\t\t\t<div class=\"content\">\n\t\t\t\t<h3>\n\t\t\t\t\t<a href=\"https:\/\/grupnexus.com\/es\/criolipolisi-medica-podcast\/\" title=\"Criolip\u00f3lisis m\u00e9dica &#8211; UAU Radio\" class=\"entry-title\">Criolip\u00f3lisis m\u00e9dica &#8211; UAU Radio<\/a>\n\t\t\t\t<\/h3>\n\t\t\t<\/div>\n\t\t<\/header>\n\t\n\t\t<div class=\"post-actions-wrapper\">\n\t\t\t\t\t\t\t<div class=\"post-date\">\n\t\t\t\t\t3 marzo, 2018\t\t\t\t<\/div>\n\t\t\t\t\t\t\t\t\t\t\n\t\t\t\t\t\t\t\t\t<\/div>\n\n\t\t<div class=\"post-content-outer\">\n\t\t\t\t\t<\/div>\n\n\t\t\t\t\t<div class=\"post-content-meta\">\n\t\t\t\t<div>\n\t\t\t\t\tPosted in:  <a href=\"https:\/\/grupnexus.com\/es\/category\/prensa\/podcast\/\" rel=\"category tag\">Podcast<\/a>, <a href=\"https:\/\/grupnexus.com\/es\/category\/prensa\/\" rel=\"category tag\">Prensa<\/a>\t\t\t\t<\/div>\n\t\t\t\t\t\t\t<\/div>\n\t\t\t<\/div>\n\t<\/div>\n<\/div>\n\t\t\t\t<\/div>\n\t\t\t\t\t\t\t<div class=\"page-content post-head list-item cbp-item post-11287 post type-post status-publish format-standard has-post-thumbnail hentry category-podcast category-prensa tag-laser-picosure-es tag-montse-monjo-es tag-radio-es\">\n\t\t\t\t\t<div class=\"post-article has-image-wrapper \">\n\t<meta itemscope itemprop=\"mainEntityOfPage\" itemid=\"https:\/\/grupnexus.com\/es\/entrevista-la-radio-ua1fm-laser-picosure\/\" \/><meta itemprop=\"datePublished\" content=\"2016-10-05\" \/><meta itemprop=\"dateModified\" content=\"2018-02-10\" \/><meta itemprop=\"headline\" content=\"Entrevista en la radio Ua1 FM sobre l\u00e1ser PicoSure\" \/><div itemprop=\"publisher\" itemscope itemtype=\"https:\/\/schema.org\/Organization\"><meta itemprop=\"name\" content=\"Cl\u00ednica Nexus\"><meta itemprop=\"url\" content=\"https:\/\/grupnexus.com\/es\/\"><div itemprop=\"logo\" itemscope itemtype=\"https:\/\/schema.org\/ImageObject\"><meta itemprop=\"url\" content=\"https:\/\/grupnexus.com\/wp-content\/uploads\/LOGO-300x751.png\"><\/div><\/div><div itemscope itemprop=\"author\" itemtype=\"http:\/\/schema.org\/Person\"><meta itemprop=\"url\" content=\"https:\/\/grupnexus.com\/es\/author\/administrador\/\" \/><meta itemprop=\"name\" content=\"Nexus\" \/><\/div><div itemscope itemprop=\"image\" itemtype=\"http:\/\/schema.org\/ImageObject\"><meta itemprop=\"url\" content=\"https:\/\/grupnexus.com\/wp-content\/uploads\/montse-monjo-nexus-entrevista-radio-picosure-2.jpg\" \/><meta itemprop=\"width\" content=\"1920\" \/><meta itemprop=\"height\" content=\"1080\" \/><\/div><div itemprop=\"interactionStatistic\" itemscope itemtype=\"http:\/\/schema.org\/InteractionCounter\"><meta itemprop=\"interactionType\" content=\"http:\/\/schema.org\/CommentAction\" \/><meta itemprop=\"userInteractionCount\" content=\"0\" \/><\/div>\t<div class=\"standard-post-format clearfix as-image \">\n\t\t\t<div class=\"thumbnail\">\n\t\t\t\t\t\t<img width=\"262\" height=\"201\" src=\"https:\/\/grupnexus.com\/wp-content\/uploads\/montse-monjo-nexus-entrevista-radio-picosure-2-262x201.jpg\" class=\"attachment-post-small-4 size-post-small-4 wp-post-image\" alt=\"\" loading=\"lazy\" srcset=\"https:\/\/grupnexus.com\/wp-content\/uploads\/montse-monjo-nexus-entrevista-radio-picosure-2-262x201.jpg 262w, https:\/\/grupnexus.com\/wp-content\/uploads\/montse-monjo-nexus-entrevista-radio-picosure-2-480x369.jpg 480w, https:\/\/grupnexus.com\/wp-content\/uploads\/montse-monjo-nexus-entrevista-radio-picosure-2-1140x876.jpg 1140w, https:\/\/grupnexus.com\/wp-content\/uploads\/montse-monjo-nexus-entrevista-radio-picosure-2-555x426.jpg 555w, https:\/\/grupnexus.com\/wp-content\/uploads\/montse-monjo-nexus-entrevista-radio-picosure-2-360x276.jpg 360w\" sizes=\"(min-width: 900px) 50vw, 100vw\" \/>\t\t\t<\/div>\n\n\t<div class=\"post-content-wrapper\">\n\t\t\t\t<header class=\"single\">\n\t\t\t<div class=\"content\">\n\t\t\t\t<h3>\n\t\t\t\t\t<a href=\"https:\/\/grupnexus.com\/es\/entrevista-la-radio-ua1fm-laser-picosure\/\" title=\"Entrevista en la radio Ua1 FM sobre l\u00e1ser PicoSure\" class=\"entry-title\">Entrevista en la radio Ua1 FM sobre l\u00e1ser PicoSure<\/a>\n\t\t\t\t<\/h3>\n\t\t\t<\/div>\n\t\t<\/header>\n\t\n\t\t<div class=\"post-actions-wrapper\">\n\t\t\t\t\t\t\t<div class=\"post-date\">\n\t\t\t\t\t5 octubre, 2016\t\t\t\t<\/div>\n\t\t\t\t\t\t\t\t\t\t\n\t\t\t\t\t\t\t\t\t<\/div>\n\n\t\t<div class=\"post-content-outer\">\n\t\t\t<p>Hoy en el programa \u00abLleida Millor que mai\u00bb, de Ua1 FM, han entrevistado, en directo,&#8230;<\/p>\n\t\t<\/div>\n\n\t\t\t\t\t<div class=\"post-content-meta\">\n\t\t\t\t<div>\n\t\t\t\t\tPosted in:  <a href=\"https:\/\/grupnexus.com\/es\/category\/prensa\/podcast\/\" rel=\"category tag\">Podcast<\/a>, <a href=\"https:\/\/grupnexus.com\/es\/category\/prensa\/\" rel=\"category tag\">Prensa<\/a>\t\t\t\t<\/div>\n\t\t\t\t<div class=\"the-tags\">Tags: <a href=\"https:\/\/grupnexus.com\/es\/tag\/laser-picosure-es\/\" rel=\"tag\">laser picosure<\/a>, <a href=\"https:\/\/grupnexus.com\/es\/tag\/montse-monjo-es\/\" rel=\"tag\">montse monjo<\/a>, <a href=\"https:\/\/grupnexus.com\/es\/tag\/radio-es\/\" rel=\"tag\">radio<\/a><\/div>\t\t\t<\/div>\n\t\t\t<\/div>\n\t<\/div>\n<\/div>\n\t\t\t\t<\/div>\n\t\t\t\t<\/div>\n<\/div>\n\n<\/div><\/div><\/div><\/div>\n","protected":false},"excerpt":{"rendered":"<p>Hoy en el programa \u00abLleida Millor que mai\u00bb, de Ua1 FM, han entrevistado, en directo, a nuestra Directora, sobre el l\u00e1ser de picosegundos m\u00e1s avanzado del mundo: PicoSure\u00ae: la nueva era para la eliminaci\u00f3n de tatuajes y manchas . Directamente de Estados Unidos y en exclusiva de toda Catalu\u00f1a y Arag\u00f3n, en Cl\u00ednica Nexus. Escucha&#8230;<\/p>\n","protected":false},"author":5,"featured_media":0,"parent":0,"menu_order":0,"comment_status":"closed","ping_status":"closed","template":"","meta":[],"yoast_head":"<!-- This site is optimized with the Yoast SEO plugin v18.6 - https:\/\/yoast.com\/wordpress\/plugins\/seo\/ -->\n<title>Sala de Prensa - Cl\u00ednica Nexus<\/title>\n<meta name=\"robots\" content=\"index, follow, max-snippet:-1, max-image-preview:large, max-video-preview:-1\" \/>\n<link rel=\"canonical\" href=\"https:\/\/grupnexus.com\/es\/sala-de-prensa\/\" \/>\n<meta property=\"og:locale\" content=\"es_ES\" \/>\n<meta property=\"og:type\" content=\"article\" \/>\n<meta property=\"og:title\" content=\"Sala de Prensa - Cl\u00ednica Nexus\" \/>\n<meta property=\"og:description\" content=\"Hoy en el programa \u00abLleida Millor que mai\u00bb, de Ua1 FM, han entrevistado, en directo, a nuestra Directora, sobre el l\u00e1ser de picosegundos m\u00e1s avanzado del mundo: PicoSure\u00ae: la nueva era para la eliminaci\u00f3n de tatuajes y manchas . Directamente de Estados Unidos y en exclusiva de toda Catalu\u00f1a y Arag\u00f3n, en Cl\u00ednica Nexus. Escucha...\" \/>\n<meta property=\"og:url\" content=\"https:\/\/grupnexus.com\/es\/sala-de-prensa\/\" \/>\n<meta property=\"og:site_name\" content=\"Cl\u00ednica Nexus\" \/>\n<meta property=\"article:modified_time\" content=\"2018-07-25T11:51:22+00:00\" \/>\n<meta name=\"twitter:card\" content=\"summary\" \/>\n<meta name=\"twitter:label1\" content=\"Tiempo de lectura\" \/>\n\t<meta name=\"twitter:data1\" content=\"2 minutos\" \/>\n<script type=\"application\/ld+json\" class=\"yoast-schema-graph\">{\"@context\":\"https:\/\/schema.org\",\"@graph\":[{\"@type\":\"WebSite\",\"@id\":\"https:\/\/grupnexus.com\/es\/#website\",\"url\":\"https:\/\/grupnexus.com\/es\/\",\"name\":\"Cl\u00ednica Nexus\",\"description\":\"L\u00edders en Medicina Est\u00e8tica Avan\u00e7ada\",\"potentialAction\":[{\"@type\":\"SearchAction\",\"target\":{\"@type\":\"EntryPoint\",\"urlTemplate\":\"https:\/\/grupnexus.com\/es\/?s={search_term_string}\"},\"query-input\":\"required name=search_term_string\"}],\"inLanguage\":\"es\"},{\"@type\":\"WebPage\",\"@id\":\"https:\/\/grupnexus.com\/es\/sala-de-prensa\/#webpage\",\"url\":\"https:\/\/grupnexus.com\/es\/sala-de-prensa\/\",\"name\":\"Sala de Prensa - Cl\u00ednica Nexus\",\"isPartOf\":{\"@id\":\"https:\/\/grupnexus.com\/es\/#website\"},\"datePublished\":\"2018-02-10T20:52:15+00:00\",\"dateModified\":\"2018-07-25T11:51:22+00:00\",\"breadcrumb\":{\"@id\":\"https:\/\/grupnexus.com\/es\/sala-de-prensa\/#breadcrumb\"},\"inLanguage\":\"es\",\"potentialAction\":[{\"@type\":\"ReadAction\",\"target\":[\"https:\/\/grupnexus.com\/es\/sala-de-prensa\/\"]}]},{\"@type\":\"BreadcrumbList\",\"@id\":\"https:\/\/grupnexus.com\/es\/sala-de-prensa\/#breadcrumb\",\"itemListElement\":[{\"@type\":\"ListItem\",\"position\":1,\"name\":\"Portada\",\"item\":\"https:\/\/grupnexus.com\/es\/\"},{\"@type\":\"ListItem\",\"position\":2,\"name\":\"Sala de Prensa\"}]}]}<\/script>\n<!-- \/ Yoast SEO plugin. -->","yoast_head_json":{"title":"Sala de Prensa - Cl\u00ednica Nexus","robots":{"index":"index","follow":"follow","max-snippet":"max-snippet:-1","max-image-preview":"max-image-preview:large","max-video-preview":"max-video-preview:-1"},"canonical":"https:\/\/grupnexus.com\/es\/sala-de-prensa\/","og_locale":"es_ES","og_type":"article","og_title":"Sala de Prensa - Cl\u00ednica Nexus","og_description":"Hoy en el programa \u00abLleida Millor que mai\u00bb, de Ua1 FM, han entrevistado, en directo, a nuestra Directora, sobre el l\u00e1ser de picosegundos m\u00e1s avanzado del mundo: PicoSure\u00ae: la nueva era para la eliminaci\u00f3n de tatuajes y manchas . Directamente de Estados Unidos y en exclusiva de toda Catalu\u00f1a y Arag\u00f3n, en Cl\u00ednica Nexus. Escucha...","og_url":"https:\/\/grupnexus.com\/es\/sala-de-prensa\/","og_site_name":"Cl\u00ednica Nexus","article_modified_time":"2018-07-25T11:51:22+00:00","twitter_card":"summary","twitter_misc":{"Tiempo de lectura":"2 minutos"},"schema":{"@context":"https:\/\/schema.org","@graph":[{"@type":"WebSite","@id":"https:\/\/grupnexus.com\/es\/#website","url":"https:\/\/grupnexus.com\/es\/","name":"Cl\u00ednica Nexus","description":"L\u00edders en Medicina Est\u00e8tica Avan\u00e7ada","potentialAction":[{"@type":"SearchAction","target":{"@type":"EntryPoint","urlTemplate":"https:\/\/grupnexus.com\/es\/?s={search_term_string}"},"query-input":"required name=search_term_string"}],"inLanguage":"es"},{"@type":"WebPage","@id":"https:\/\/grupnexus.com\/es\/sala-de-prensa\/#webpage","url":"https:\/\/grupnexus.com\/es\/sala-de-prensa\/","name":"Sala de Prensa - Cl\u00ednica Nexus","isPartOf":{"@id":"https:\/\/grupnexus.com\/es\/#website"},"datePublished":"2018-02-10T20:52:15+00:00","dateModified":"2018-07-25T11:51:22+00:00","breadcrumb":{"@id":"https:\/\/grupnexus.com\/es\/sala-de-prensa\/#breadcrumb"},"inLanguage":"es","potentialAction":[{"@type":"ReadAction","target":["https:\/\/grupnexus.com\/es\/sala-de-prensa\/"]}]},{"@type":"BreadcrumbList","@id":"https:\/\/grupnexus.com\/es\/sala-de-prensa\/#breadcrumb","itemListElement":[{"@type":"ListItem","position":1,"name":"Portada","item":"https:\/\/grupnexus.com\/es\/"},{"@type":"ListItem","position":2,"name":"Sala de Prensa"}]}]}},"_links":{"self":[{"href":"https:\/\/grupnexus.com\/es\/wp-json\/wp\/v2\/pages\/14615"}],"collection":[{"href":"https:\/\/grupnexus.com\/es\/wp-json\/wp\/v2\/pages"}],"about":[{"href":"https:\/\/grupnexus.com\/es\/wp-json\/wp\/v2\/types\/page"}],"author":[{"embeddable":true,"href":"https:\/\/grupnexus.com\/es\/wp-json\/wp\/v2\/users\/5"}],"replies":[{"embeddable":true,"href":"https:\/\/grupnexus.com\/es\/wp-json\/wp\/v2\/comments?post=14615"}],"version-history":[{"count":7,"href":"https:\/\/grupnexus.com\/es\/wp-json\/wp\/v2\/pages\/14615\/revisions"}],"predecessor-version":[{"id":49484,"href":"https:\/\/grupnexus.com\/es\/wp-json\/wp\/v2\/pages\/14615\/revisions\/49484"}],"wp:attachment":[{"href":"https:\/\/grupnexus.com\/es\/wp-json\/wp\/v2\/media?parent=14615"}],"curies":[{"name":"wp","href":"https:\/\/api.w.org\/{rel}","templated":true}]}}