{"id":17570,"date":"2018-10-02T11:57:18","date_gmt":"2018-10-02T09:57:18","guid":{"rendered":"https:\/\/www.grupnexus.com\/?page_id=17570\/"},"modified":"2018-10-16T10:00:33","modified_gmt":"2018-10-16T08:00:33","slug":"sol-fondevila","status":"publish","type":"page","link":"https:\/\/grupnexus.com\/es\/nuestro-equipo\/sol-fondevila\/","title":{"rendered":"Sol Fondevila"},"content":{"rendered":"<div class=\"row \"><div class=\"wpv-grid grid-1-1  wpv-first-level first unextended\" style=\"padding-top:0px;padding-bottom:0px\" id=\"wpv-column-83293a396381a74772e68f9c55919a91\" >\t\t<h2 class=\"text-divider-double\">\t\t\t\nSol Fondevila\t\t<\/h2>\t\t<div class=\"sep\"><\/div>\t<\/div><\/div>\n<div class=\"row \"><div class=\"wpv-grid grid-1-4  wpv-first-level first unextended\" style=\"padding-top:0px;padding-bottom:0px\" id=\"wpv-column-fc559e8a9339a7175707bea81d008bb8\" ><p><img loading=\"lazy\" class=\"aligncenter wp-image-14936 size-full\" src=\"https:\/\/grupnexus.com\/wp-content\/uploads\/2018\/02\/sol-fondevila.jpeg\" alt=\"\" width=\"473\" height=\"678\" srcset=\"https:\/\/grupnexus.com\/wp-content\/uploads\/2018\/02\/sol-fondevila.jpeg 473w, https:\/\/grupnexus.com\/wp-content\/uploads\/2018\/02\/sol-fondevila-209x300.jpeg 209w, https:\/\/grupnexus.com\/wp-content\/uploads\/2018\/02\/sol-fondevila-360x516.jpeg 360w, https:\/\/grupnexus.com\/wp-content\/uploads\/2018\/02\/sol-fondevila-262x376.jpeg 262w\" sizes=\"(max-width: 473px) 100vw, 473px\" \/><\/div>\n<div class=\"wpv-grid grid-3-4  wpv-first-level unextended\" style=\"padding-top:0px;padding-bottom:0px\" id=\"wpv-column-6923e6820413c8e1d59c0d0c057bec9f\" ><div class=\"row \"><div class=\"wpv-grid grid-1-1  first unextended\" style=\"padding-top:0px;padding-bottom:0px\" id=\"wpv-column-9ca7c24aa2850a9088044bba9c6e1a43\" ><h3>Educaci\u00f3n y Formaci\u00f3n<\/h3>\n<p>T\u00e9cnica Superior de Auxiliar de Cl\u00ednica<br \/>\nT\u00e9cnica en Nutrici\u00f3n y Herbodiet\u00e9tica<br \/>\nT\u00e9cnica en Marketing y atenci\u00f3n al paciente<br \/>\nT\u00e9cnica administrativa<br \/>\nT\u00e9cnica de archivos<\/p>\n<div class=\"push\" style='height:10px'><\/div>\n<h3>Experiencia Profesional<\/h3>\n<p>Responsable Biom\u00e9dico<\/div><\/div>\n<p>&nbsp;<\/div><\/div>\n<div class=\"push\" style='height:40px'><\/div>\n","protected":false},"excerpt":{"rendered":"<p>Educaci\u00f3n y Formaci\u00f3n T\u00e9cnica Superior de Auxiliar de Cl\u00ednica T\u00e9cnica en Nutrici\u00f3n y Herbodiet\u00e9tica T\u00e9cnica en Marketing y atenci\u00f3n al paciente T\u00e9cnica administrativa T\u00e9cnica de archivos Experiencia Profesional Responsable Biom\u00e9dico &nbsp;<\/p>\n","protected":false},"author":6,"featured_media":0,"parent":14354,"menu_order":0,"comment_status":"closed","ping_status":"closed","template":"","meta":[],"yoast_head":"<!-- This site is optimized with the Yoast SEO plugin v18.6 - https:\/\/yoast.com\/wordpress\/plugins\/seo\/ -->\n<title>Sol Fondevila - Cl\u00ednica Nexus<\/title>\n<meta name=\"robots\" content=\"index, follow, max-snippet:-1, max-image-preview:large, max-video-preview:-1\" \/>\n<link rel=\"canonical\" href=\"https:\/\/grupnexus.com\/es\/nuestro-equipo\/sol-fondevila\/\" \/>\n<meta property=\"og:locale\" content=\"es_ES\" \/>\n<meta property=\"og:type\" content=\"article\" \/>\n<meta property=\"og:title\" content=\"Sol Fondevila - Cl\u00ednica Nexus\" \/>\n<meta property=\"og:description\" content=\"Educaci\u00f3n y Formaci\u00f3n T\u00e9cnica Superior de Auxiliar de Cl\u00ednica T\u00e9cnica en Nutrici\u00f3n y Herbodiet\u00e9tica T\u00e9cnica en Marketing y atenci\u00f3n al paciente T\u00e9cnica administrativa T\u00e9cnica de archivos Experiencia Profesional Responsable Biom\u00e9dico &nbsp;\" \/>\n<meta property=\"og:url\" content=\"https:\/\/grupnexus.com\/es\/nuestro-equipo\/sol-fondevila\/\" \/>\n<meta property=\"og:site_name\" content=\"Cl\u00ednica Nexus\" \/>\n<meta property=\"article:modified_time\" content=\"2018-10-16T08:00:33+00:00\" \/>\n<meta property=\"og:image\" content=\"https:\/\/grupnexus.com\/wp-content\/uploads\/2018\/02\/sol-fondevila.jpeg\" \/>\n<meta name=\"twitter:card\" content=\"summary\" \/>\n<meta name=\"twitter:label1\" content=\"Tiempo de lectura\" \/>\n\t<meta name=\"twitter:data1\" content=\"1 minuto\" \/>\n<script type=\"application\/ld+json\" class=\"yoast-schema-graph\">{\"@context\":\"https:\/\/schema.org\",\"@graph\":[{\"@type\":\"WebSite\",\"@id\":\"https:\/\/grupnexus.com\/es\/#website\",\"url\":\"https:\/\/grupnexus.com\/es\/\",\"name\":\"Cl\u00ednica Nexus\",\"description\":\"L\u00edders en Medicina Est\u00e8tica Avan\u00e7ada\",\"potentialAction\":[{\"@type\":\"SearchAction\",\"target\":{\"@type\":\"EntryPoint\",\"urlTemplate\":\"https:\/\/grupnexus.com\/es\/?s={search_term_string}\"},\"query-input\":\"required name=search_term_string\"}],\"inLanguage\":\"es\"},{\"@type\":\"ImageObject\",\"@id\":\"https:\/\/grupnexus.com\/es\/nuestro-equipo\/sol-fondevila\/#primaryimage\",\"inLanguage\":\"es\",\"url\":\"https:\/\/grupnexus.com\/wp-content\/uploads\/2018\/02\/sol-fondevila.jpeg\",\"contentUrl\":\"https:\/\/grupnexus.com\/wp-content\/uploads\/2018\/02\/sol-fondevila.jpeg\",\"width\":473,\"height\":678},{\"@type\":\"WebPage\",\"@id\":\"https:\/\/grupnexus.com\/es\/nuestro-equipo\/sol-fondevila\/#webpage\",\"url\":\"https:\/\/grupnexus.com\/es\/nuestro-equipo\/sol-fondevila\/\",\"name\":\"Sol Fondevila - Cl\u00ednica Nexus\",\"isPartOf\":{\"@id\":\"https:\/\/grupnexus.com\/es\/#website\"},\"primaryImageOfPage\":{\"@id\":\"https:\/\/grupnexus.com\/es\/nuestro-equipo\/sol-fondevila\/#primaryimage\"},\"datePublished\":\"2018-10-02T09:57:18+00:00\",\"dateModified\":\"2018-10-16T08:00:33+00:00\",\"breadcrumb\":{\"@id\":\"https:\/\/grupnexus.com\/es\/nuestro-equipo\/sol-fondevila\/#breadcrumb\"},\"inLanguage\":\"es\",\"potentialAction\":[{\"@type\":\"ReadAction\",\"target\":[\"https:\/\/grupnexus.com\/es\/nuestro-equipo\/sol-fondevila\/\"]}]},{\"@type\":\"BreadcrumbList\",\"@id\":\"https:\/\/grupnexus.com\/es\/nuestro-equipo\/sol-fondevila\/#breadcrumb\",\"itemListElement\":[{\"@type\":\"ListItem\",\"position\":1,\"name\":\"Portada\",\"item\":\"https:\/\/grupnexus.com\/es\/\"},{\"@type\":\"ListItem\",\"position\":2,\"name\":\"Nuestro equipo\",\"item\":\"https:\/\/grupnexus.com\/es\/nuestro-equipo\/\"},{\"@type\":\"ListItem\",\"position\":3,\"name\":\"Sol Fondevila\"}]}]}<\/script>\n<!-- \/ Yoast SEO plugin. -->","yoast_head_json":{"title":"Sol Fondevila - Cl\u00ednica Nexus","robots":{"index":"index","follow":"follow","max-snippet":"max-snippet:-1","max-image-preview":"max-image-preview:large","max-video-preview":"max-video-preview:-1"},"canonical":"https:\/\/grupnexus.com\/es\/nuestro-equipo\/sol-fondevila\/","og_locale":"es_ES","og_type":"article","og_title":"Sol Fondevila - Cl\u00ednica Nexus","og_description":"Educaci\u00f3n y Formaci\u00f3n T\u00e9cnica Superior de Auxiliar de Cl\u00ednica T\u00e9cnica en Nutrici\u00f3n y Herbodiet\u00e9tica T\u00e9cnica en Marketing y atenci\u00f3n al paciente T\u00e9cnica administrativa T\u00e9cnica de archivos Experiencia Profesional Responsable Biom\u00e9dico &nbsp;","og_url":"https:\/\/grupnexus.com\/es\/nuestro-equipo\/sol-fondevila\/","og_site_name":"Cl\u00ednica Nexus","article_modified_time":"2018-10-16T08:00:33+00:00","og_image":[{"url":"https:\/\/grupnexus.com\/wp-content\/uploads\/2018\/02\/sol-fondevila.jpeg"}],"twitter_card":"summary","twitter_misc":{"Tiempo de lectura":"1 minuto"},"schema":{"@context":"https:\/\/schema.org","@graph":[{"@type":"WebSite","@id":"https:\/\/grupnexus.com\/es\/#website","url":"https:\/\/grupnexus.com\/es\/","name":"Cl\u00ednica Nexus","description":"L\u00edders en Medicina Est\u00e8tica Avan\u00e7ada","potentialAction":[{"@type":"SearchAction","target":{"@type":"EntryPoint","urlTemplate":"https:\/\/grupnexus.com\/es\/?s={search_term_string}"},"query-input":"required name=search_term_string"}],"inLanguage":"es"},{"@type":"ImageObject","@id":"https:\/\/grupnexus.com\/es\/nuestro-equipo\/sol-fondevila\/#primaryimage","inLanguage":"es","url":"https:\/\/grupnexus.com\/wp-content\/uploads\/2018\/02\/sol-fondevila.jpeg","contentUrl":"https:\/\/grupnexus.com\/wp-content\/uploads\/2018\/02\/sol-fondevila.jpeg","width":473,"height":678},{"@type":"WebPage","@id":"https:\/\/grupnexus.com\/es\/nuestro-equipo\/sol-fondevila\/#webpage","url":"https:\/\/grupnexus.com\/es\/nuestro-equipo\/sol-fondevila\/","name":"Sol Fondevila - Cl\u00ednica Nexus","isPartOf":{"@id":"https:\/\/grupnexus.com\/es\/#website"},"primaryImageOfPage":{"@id":"https:\/\/grupnexus.com\/es\/nuestro-equipo\/sol-fondevila\/#primaryimage"},"datePublished":"2018-10-02T09:57:18+00:00","dateModified":"2018-10-16T08:00:33+00:00","breadcrumb":{"@id":"https:\/\/grupnexus.com\/es\/nuestro-equipo\/sol-fondevila\/#breadcrumb"},"inLanguage":"es","potentialAction":[{"@type":"ReadAction","target":["https:\/\/grupnexus.com\/es\/nuestro-equipo\/sol-fondevila\/"]}]},{"@type":"BreadcrumbList","@id":"https:\/\/grupnexus.com\/es\/nuestro-equipo\/sol-fondevila\/#breadcrumb","itemListElement":[{"@type":"ListItem","position":1,"name":"Portada","item":"https:\/\/grupnexus.com\/es\/"},{"@type":"ListItem","position":2,"name":"Nuestro equipo","item":"https:\/\/grupnexus.com\/es\/nuestro-equipo\/"},{"@type":"ListItem","position":3,"name":"Sol Fondevila"}]}]}},"_links":{"self":[{"href":"https:\/\/grupnexus.com\/es\/wp-json\/wp\/v2\/pages\/17570"}],"collection":[{"href":"https:\/\/grupnexus.com\/es\/wp-json\/wp\/v2\/pages"}],"about":[{"href":"https:\/\/grupnexus.com\/es\/wp-json\/wp\/v2\/types\/page"}],"author":[{"embeddable":true,"href":"https:\/\/grupnexus.com\/es\/wp-json\/wp\/v2\/users\/6"}],"replies":[{"embeddable":true,"href":"https:\/\/grupnexus.com\/es\/wp-json\/wp\/v2\/comments?post=17570"}],"version-history":[{"count":4,"href":"https:\/\/grupnexus.com\/es\/wp-json\/wp\/v2\/pages\/17570\/revisions"}],"predecessor-version":[{"id":18325,"href":"https:\/\/grupnexus.com\/es\/wp-json\/wp\/v2\/pages\/17570\/revisions\/18325"}],"up":[{"embeddable":true,"href":"https:\/\/grupnexus.com\/es\/wp-json\/wp\/v2\/pages\/14354"}],"wp:attachment":[{"href":"https:\/\/grupnexus.com\/es\/wp-json\/wp\/v2\/media?parent=17570"}],"curies":[{"name":"wp","href":"https:\/\/api.w.org\/{rel}","templated":true}]}}