{"id":27408,"date":"2019-06-20T15:35:40","date_gmt":"2019-06-20T13:35:40","guid":{"rendered":"https:\/\/www.grupnexus.com\/?page_id=27408"},"modified":"2019-11-18T14:30:22","modified_gmt":"2019-11-18T12:30:22","slug":"rejuvenecimiento-capilar-integral","status":"publish","type":"page","link":"https:\/\/grupnexus.com\/es\/tratamientos\/unidad-capilar\/rejuvenecimiento-capilar-integral\/","title":{"rendered":"Rejuvenecimiento Capilar Integral"},"content":{"rendered":"<div class=\"row \"><div class=\"wpv-grid grid-3-4  wpv-first-level first unextended\" style=\"padding-top:0px;padding-bottom:0px\" id=\"wpv-column-c921260ae85ced15e92e943e915047fd\" >\t\t<h2 class=\"text-divider-double\">\t\t\t\nRejuvenecimiento Capilar Integral<br \/>\n\t\t<\/h2>\t\t<div class=\"sep\"><\/div>\t<\/div>\n<div class=\"wpv-grid grid-1-4  wpv-first-level unextended\" style=\"padding-top:0px;padding-bottom:0px\" id=\"wpv-column-085e302cb2b4a5fbd6b4c41f5b72b4bb\" ><div class=\"push\" style='height:44px'><\/div>\n<!-- Widget Shortcode --><div id=\"search-11\" class=\"widget widget_search widget-shortcode area-wpv_sidebar-tractament-est-facial-cat-left \"><form role=\"search\" method=\"get\" class=\"searchform clearfix\" action=\"https:\/\/grupnexus.com\/es\/\">\n\t<label for=\"search-text-widget\" class=\"visuallyhidden\">Search for:<\/label>\n\t<input id=\"search-text-widget\" type=\"text\" value=\"\" name=\"s\" placeholder=\"Buscar\" required=\"required\" \/>\n\t<input type=\"submit\" value=\"Buscar\" \/>\n\t\t\t<input type=\"hidden\" name=\"lang\" value=\"es\"\/>\n\t<\/form><\/div><!-- \/Widget Shortcode --><\/div><\/div>\n<div class=\"row \"><div class=\"wpv-grid grid-1-4  wpv-first-level first unextended\" style=\"padding-top:0px;padding-bottom:0px\" id=\"wpv-column-97125aebbbade74852c44113005da2e3\" ><!-- Widget Shortcode --><!-- \/Widget Shortcode --><\/div>\n<div class=\"wpv-grid grid-3-4  wpv-first-level unextended\" style=\"padding-top:0px;padding-bottom:0px\" id=\"wpv-column-baf25b596fb040eecd74f61222102409\" ><p><img loading=\"lazy\" class=\"wp-image-27400 alignleft\" src=\"https:\/\/grupnexus.com\/wp-content\/uploads\/2019\/06\/unitat-capilar-rejoveniment.jpg\" alt=\"\" width=\"463\" height=\"281\" srcset=\"https:\/\/grupnexus.com\/wp-content\/uploads\/2019\/06\/unitat-capilar-rejoveniment.jpg 377w, https:\/\/grupnexus.com\/wp-content\/uploads\/2019\/06\/unitat-capilar-rejoveniment-300x182.jpg 300w, https:\/\/grupnexus.com\/wp-content\/uploads\/2019\/06\/unitat-capilar-rejoveniment-360x219.jpg 360w, https:\/\/grupnexus.com\/wp-content\/uploads\/2019\/06\/unitat-capilar-rejoveniment-262x159.jpg 262w\" sizes=\"(max-width: 463px) 100vw, 463px\" \/><\/p>\n<div class=\"row \"><div class=\"wpv-grid grid-1-1  first unextended\" style=\"padding-top:0px;padding-bottom:0px\" id=\"wpv-column-03dbe4a7f106daafd523efd0e1478187\" ><p>Se trata de un innovador, exclusivo y patentado complejo de biop\u00e9ptidos de \u00faltima generaci\u00f3n, formulado con 7 biop\u00e9ptidos y \u00e1cido hialur\u00f3nico, que revitaliza el fol\u00edculo piloso y del cuero cabelludo.<\/p>\n<p>El resultado de este inyectable es un tratamiento que trabaja sobre todos los componentes del fol\u00edculo piloso y la inhibici\u00f3n de la ca\u00edda del cabello. Aumenta el grosor y la densidad capilar en menos de 8 semanas, apoyado por una \u00f3ptima seguridad y comodidad tanto para el m\u00e9dico como para el paciente m\u00e1s exigente.<\/p>\n<p>El potencial de inhibici\u00f3n del complejo de biop\u00e9ptidos Dr.CYJ Filler Capilar ofrece un mejor resultado que el de Minoxidil, dado que se refleja una presencia de fibroblastos muy superior.<\/p>\n<p>Se recomienda realizar un primer tratamiento de cuatro sesiones, con intervalos de quince d\u00edas entre una aplicaci\u00f3n y otra, continuando con una sesi\u00f3n de mantenimiento mensual durante los cuatro meses posteriores a la finalizaci\u00f3n del tratamiento.<\/p>\n<p>Es una t\u00e9cnica avalada por ensayos cl\u00ednicos que garantizan una m\u00e1xima eficacia y una \u00f3ptima tolerancia.<\/p>\n<p><a href=\"https:\/\/grupnexus.com\/wp-content\/uploads\/2018\/12\/AG-FARMA-Folleto-medico-DR-CYJ-HAIR-FILLER.pdf\" target=\"_blank\" rel=\"noopener noreferrer\">Para m\u00e1s informaci\u00f3n click aqu\u00ed<\/a><\/div><\/div><\/div><\/div>\n<div class=\"sep\"><\/div>\n<div class=\"row \"><div class=\"wpv-grid grid-1-1  wpv-first-level first unextended\" style=\"padding-top:0px;padding-bottom:0px\" id=\"wpv-column-159025dd7df2b9e90993c4fe7dc06bf3\" ><p><strong><span class=\"buscar\">Potser estava buscant:<\/span><\/strong><br \/>\n<span class=\"paraules\">Unidad Capilar Lleida, Rejuvenecimiento Capilar Integral Lleida<\/span><\/div><\/div>\n","protected":false},"excerpt":{"rendered":"<p>Se trata de un innovador, exclusivo y patentado complejo de biop\u00e9ptidos de \u00faltima generaci\u00f3n, formulado con 7 biop\u00e9ptidos y \u00e1cido hialur\u00f3nico, que revitaliza el fol\u00edculo piloso y del cuero cabelludo. El resultado de este inyectable es un tratamiento que trabaja sobre todos los componentes del fol\u00edculo piloso y la inhibici\u00f3n de la ca\u00edda del cabello&#8230;.<\/p>\n","protected":false},"author":6,"featured_media":0,"parent":14582,"menu_order":0,"comment_status":"closed","ping_status":"closed","template":"","meta":[],"yoast_head":"<!-- This site is optimized with the Yoast SEO plugin v18.6 - https:\/\/yoast.com\/wordpress\/plugins\/seo\/ -->\n<title>Rejuvenecimiento Capilar Integral - Cl\u00ednica Nexus<\/title>\n<meta name=\"description\" content=\"En Nexus te ayudamos a revitalizar el cuero cabelludo y a aumentar la densidad capilar con el tratamiento patentado y exclusivo de Dr. CYJ.\" \/>\n<meta name=\"robots\" content=\"index, follow, max-snippet:-1, max-image-preview:large, max-video-preview:-1\" \/>\n<link rel=\"canonical\" href=\"https:\/\/grupnexus.com\/es\/tratamientos\/unidad-capilar\/rejuvenecimiento-capilar-integral\/\" \/>\n<meta property=\"og:locale\" content=\"es_ES\" \/>\n<meta property=\"og:type\" content=\"article\" \/>\n<meta property=\"og:title\" content=\"Rejuvenecimiento Capilar Integral - Cl\u00ednica Nexus\" \/>\n<meta property=\"og:description\" content=\"En Nexus te ayudamos a revitalizar el cuero cabelludo y a aumentar la densidad capilar con el tratamiento patentado y exclusivo de Dr. CYJ.\" \/>\n<meta property=\"og:url\" content=\"https:\/\/grupnexus.com\/es\/tratamientos\/unidad-capilar\/rejuvenecimiento-capilar-integral\/\" \/>\n<meta property=\"og:site_name\" content=\"Cl\u00ednica Nexus\" \/>\n<meta property=\"article:modified_time\" content=\"2019-11-18T12:30:22+00:00\" \/>\n<meta property=\"og:image\" content=\"https:\/\/grupnexus.com\/wp-content\/uploads\/2019\/06\/unitat-capilar-rejoveniment.jpg\" \/>\n<meta name=\"twitter:card\" content=\"summary\" \/>\n<meta name=\"twitter:label1\" content=\"Tiempo de lectura\" \/>\n\t<meta name=\"twitter:data1\" content=\"3 minutos\" \/>\n<script type=\"application\/ld+json\" class=\"yoast-schema-graph\">{\"@context\":\"https:\/\/schema.org\",\"@graph\":[{\"@type\":\"WebSite\",\"@id\":\"https:\/\/grupnexus.com\/es\/#website\",\"url\":\"https:\/\/grupnexus.com\/es\/\",\"name\":\"Cl\u00ednica Nexus\",\"description\":\"L\u00edders en Medicina Est\u00e8tica Avan\u00e7ada\",\"potentialAction\":[{\"@type\":\"SearchAction\",\"target\":{\"@type\":\"EntryPoint\",\"urlTemplate\":\"https:\/\/grupnexus.com\/es\/?s={search_term_string}\"},\"query-input\":\"required name=search_term_string\"}],\"inLanguage\":\"es\"},{\"@type\":\"ImageObject\",\"@id\":\"https:\/\/grupnexus.com\/es\/tratamientos\/unidad-capilar\/rejuvenecimiento-capilar-integral\/#primaryimage\",\"inLanguage\":\"es\",\"url\":\"https:\/\/grupnexus.com\/wp-content\/uploads\/2019\/06\/unitat-capilar-rejoveniment.jpg\",\"contentUrl\":\"https:\/\/grupnexus.com\/wp-content\/uploads\/2019\/06\/unitat-capilar-rejoveniment.jpg\",\"width\":377,\"height\":229},{\"@type\":\"WebPage\",\"@id\":\"https:\/\/grupnexus.com\/es\/tratamientos\/unidad-capilar\/rejuvenecimiento-capilar-integral\/#webpage\",\"url\":\"https:\/\/grupnexus.com\/es\/tratamientos\/unidad-capilar\/rejuvenecimiento-capilar-integral\/\",\"name\":\"Rejuvenecimiento Capilar Integral - Cl\u00ednica Nexus\",\"isPartOf\":{\"@id\":\"https:\/\/grupnexus.com\/es\/#website\"},\"primaryImageOfPage\":{\"@id\":\"https:\/\/grupnexus.com\/es\/tratamientos\/unidad-capilar\/rejuvenecimiento-capilar-integral\/#primaryimage\"},\"datePublished\":\"2019-06-20T13:35:40+00:00\",\"dateModified\":\"2019-11-18T12:30:22+00:00\",\"description\":\"En Nexus te ayudamos a revitalizar el cuero cabelludo y a aumentar la densidad capilar con el tratamiento patentado y exclusivo de Dr. CYJ.\",\"breadcrumb\":{\"@id\":\"https:\/\/grupnexus.com\/es\/tratamientos\/unidad-capilar\/rejuvenecimiento-capilar-integral\/#breadcrumb\"},\"inLanguage\":\"es\",\"potentialAction\":[{\"@type\":\"ReadAction\",\"target\":[\"https:\/\/grupnexus.com\/es\/tratamientos\/unidad-capilar\/rejuvenecimiento-capilar-integral\/\"]}]},{\"@type\":\"BreadcrumbList\",\"@id\":\"https:\/\/grupnexus.com\/es\/tratamientos\/unidad-capilar\/rejuvenecimiento-capilar-integral\/#breadcrumb\",\"itemListElement\":[{\"@type\":\"ListItem\",\"position\":1,\"name\":\"Portada\",\"item\":\"https:\/\/grupnexus.com\/es\/\"},{\"@type\":\"ListItem\",\"position\":2,\"name\":\"Tratamientos\",\"item\":\"https:\/\/grupnexus.com\/es\/tratamientos\/\"},{\"@type\":\"ListItem\",\"position\":3,\"name\":\"Unidad Capilar\",\"item\":\"https:\/\/grupnexus.com\/es\/tratamientos\/unidad-capilar\/\"},{\"@type\":\"ListItem\",\"position\":4,\"name\":\"Rejuvenecimiento Capilar Integral\"}]}]}<\/script>\n<!-- \/ Yoast SEO plugin. -->","yoast_head_json":{"title":"Rejuvenecimiento Capilar Integral - Cl\u00ednica Nexus","description":"En Nexus te ayudamos a revitalizar el cuero cabelludo y a aumentar la densidad capilar con el tratamiento patentado y exclusivo de Dr. CYJ.","robots":{"index":"index","follow":"follow","max-snippet":"max-snippet:-1","max-image-preview":"max-image-preview:large","max-video-preview":"max-video-preview:-1"},"canonical":"https:\/\/grupnexus.com\/es\/tratamientos\/unidad-capilar\/rejuvenecimiento-capilar-integral\/","og_locale":"es_ES","og_type":"article","og_title":"Rejuvenecimiento Capilar Integral - Cl\u00ednica Nexus","og_description":"En Nexus te ayudamos a revitalizar el cuero cabelludo y a aumentar la densidad capilar con el tratamiento patentado y exclusivo de Dr. CYJ.","og_url":"https:\/\/grupnexus.com\/es\/tratamientos\/unidad-capilar\/rejuvenecimiento-capilar-integral\/","og_site_name":"Cl\u00ednica Nexus","article_modified_time":"2019-11-18T12:30:22+00:00","og_image":[{"url":"https:\/\/grupnexus.com\/wp-content\/uploads\/2019\/06\/unitat-capilar-rejoveniment.jpg"}],"twitter_card":"summary","twitter_misc":{"Tiempo de lectura":"3 minutos"},"schema":{"@context":"https:\/\/schema.org","@graph":[{"@type":"WebSite","@id":"https:\/\/grupnexus.com\/es\/#website","url":"https:\/\/grupnexus.com\/es\/","name":"Cl\u00ednica Nexus","description":"L\u00edders en Medicina Est\u00e8tica Avan\u00e7ada","potentialAction":[{"@type":"SearchAction","target":{"@type":"EntryPoint","urlTemplate":"https:\/\/grupnexus.com\/es\/?s={search_term_string}"},"query-input":"required name=search_term_string"}],"inLanguage":"es"},{"@type":"ImageObject","@id":"https:\/\/grupnexus.com\/es\/tratamientos\/unidad-capilar\/rejuvenecimiento-capilar-integral\/#primaryimage","inLanguage":"es","url":"https:\/\/grupnexus.com\/wp-content\/uploads\/2019\/06\/unitat-capilar-rejoveniment.jpg","contentUrl":"https:\/\/grupnexus.com\/wp-content\/uploads\/2019\/06\/unitat-capilar-rejoveniment.jpg","width":377,"height":229},{"@type":"WebPage","@id":"https:\/\/grupnexus.com\/es\/tratamientos\/unidad-capilar\/rejuvenecimiento-capilar-integral\/#webpage","url":"https:\/\/grupnexus.com\/es\/tratamientos\/unidad-capilar\/rejuvenecimiento-capilar-integral\/","name":"Rejuvenecimiento Capilar Integral - Cl\u00ednica Nexus","isPartOf":{"@id":"https:\/\/grupnexus.com\/es\/#website"},"primaryImageOfPage":{"@id":"https:\/\/grupnexus.com\/es\/tratamientos\/unidad-capilar\/rejuvenecimiento-capilar-integral\/#primaryimage"},"datePublished":"2019-06-20T13:35:40+00:00","dateModified":"2019-11-18T12:30:22+00:00","description":"En Nexus te ayudamos a revitalizar el cuero cabelludo y a aumentar la densidad capilar con el tratamiento patentado y exclusivo de Dr. CYJ.","breadcrumb":{"@id":"https:\/\/grupnexus.com\/es\/tratamientos\/unidad-capilar\/rejuvenecimiento-capilar-integral\/#breadcrumb"},"inLanguage":"es","potentialAction":[{"@type":"ReadAction","target":["https:\/\/grupnexus.com\/es\/tratamientos\/unidad-capilar\/rejuvenecimiento-capilar-integral\/"]}]},{"@type":"BreadcrumbList","@id":"https:\/\/grupnexus.com\/es\/tratamientos\/unidad-capilar\/rejuvenecimiento-capilar-integral\/#breadcrumb","itemListElement":[{"@type":"ListItem","position":1,"name":"Portada","item":"https:\/\/grupnexus.com\/es\/"},{"@type":"ListItem","position":2,"name":"Tratamientos","item":"https:\/\/grupnexus.com\/es\/tratamientos\/"},{"@type":"ListItem","position":3,"name":"Unidad Capilar","item":"https:\/\/grupnexus.com\/es\/tratamientos\/unidad-capilar\/"},{"@type":"ListItem","position":4,"name":"Rejuvenecimiento Capilar Integral"}]}]}},"_links":{"self":[{"href":"https:\/\/grupnexus.com\/es\/wp-json\/wp\/v2\/pages\/27408"}],"collection":[{"href":"https:\/\/grupnexus.com\/es\/wp-json\/wp\/v2\/pages"}],"about":[{"href":"https:\/\/grupnexus.com\/es\/wp-json\/wp\/v2\/types\/page"}],"author":[{"embeddable":true,"href":"https:\/\/grupnexus.com\/es\/wp-json\/wp\/v2\/users\/6"}],"replies":[{"embeddable":true,"href":"https:\/\/grupnexus.com\/es\/wp-json\/wp\/v2\/comments?post=27408"}],"version-history":[{"count":4,"href":"https:\/\/grupnexus.com\/es\/wp-json\/wp\/v2\/pages\/27408\/revisions"}],"predecessor-version":[{"id":28820,"href":"https:\/\/grupnexus.com\/es\/wp-json\/wp\/v2\/pages\/27408\/revisions\/28820"}],"up":[{"embeddable":true,"href":"https:\/\/grupnexus.com\/es\/wp-json\/wp\/v2\/pages\/14582"}],"wp:attachment":[{"href":"https:\/\/grupnexus.com\/es\/wp-json\/wp\/v2\/media?parent=27408"}],"curies":[{"name":"wp","href":"https:\/\/api.w.org\/{rel}","templated":true}]}}