{"id":28685,"date":"2019-07-22T15:02:04","date_gmt":"2019-07-22T13:02:04","guid":{"rendered":"https:\/\/www.grupnexus.com\/?page_id=28685"},"modified":"2019-12-09T11:36:20","modified_gmt":"2019-12-09T09:36:20","slug":"tratamiento-sin-cirugia","status":"publish","type":"page","link":"https:\/\/grupnexus.com\/es\/tratamientos\/unidad-capilar\/tratamiento-sin-cirugia\/","title":{"rendered":"Tratamiento sin cirug\u00eda"},"content":{"rendered":"<div class=\"row \"><div class=\"wpv-grid grid-3-4  wpv-first-level first unextended\" style=\"padding-top:0px;padding-bottom:0px\" id=\"wpv-column-8190838f2ee8842c149d34886d0db73d\" >\t\t<h2 class=\"text-divider-double\">\t\t\t\nTratamiento sin cirug\u00eda\t\t<\/h2>\t\t<div class=\"sep\"><\/div>\t<\/div>\n<div class=\"wpv-grid grid-1-4  wpv-first-level unextended\" style=\"padding-top:0px;padding-bottom:0px\" id=\"wpv-column-53a6b9fbe2082f3d16ec724d83207079\" ><div class=\"push\" style='height:44px'><\/div>\n<!-- Widget Shortcode --><div id=\"search-11\" class=\"widget widget_search widget-shortcode area-wpv_sidebar-tractament-est-facial-cat-left \"><form role=\"search\" method=\"get\" class=\"searchform clearfix\" action=\"https:\/\/grupnexus.com\/es\/\">\n\t<label for=\"search-text-widget\" class=\"visuallyhidden\">Search for:<\/label>\n\t<input id=\"search-text-widget\" type=\"text\" value=\"\" name=\"s\" placeholder=\"Buscar\" required=\"required\" \/>\n\t<input type=\"submit\" value=\"Buscar\" \/>\n\t\t\t<input type=\"hidden\" name=\"lang\" value=\"es\"\/>\n\t<\/form><\/div><!-- \/Widget Shortcode --><\/div><\/div>\n<div class=\"row \"><div class=\"wpv-grid grid-1-4  wpv-first-level first unextended\" style=\"padding-top:0px;padding-bottom:0px\" id=\"wpv-column-e55caa79cbd6e73ae2a7428de8344ad4\" ><!-- Widget Shortcode --><!-- \/Widget Shortcode --><\/div>\n<div class=\"wpv-grid grid-3-4  wpv-first-level unextended\" style=\"padding-top:0px;padding-bottom:0px\" id=\"wpv-column-4aaf138d8d71f3845a2a4ff081fc950b\" ><div class=\"row \"><div class=\"wpv-grid grid-1-1  first unextended\" style=\"padding-top:0px;padding-bottom:0px\" id=\"wpv-column-19dee61a41e3ffe22be3c1c017b022ae\" ><p><strong><u>Circuito recomendado para tratar la alopecia, la ca\u00edda del cabello y la debilidad capilar:<\/u><\/strong><\/p>\n<p><strong>En la cl\u00ednica:<\/strong><\/p>\n<ul>\n<li>1\u00aa visita de diagn\u00f3stico personalizado<\/li>\n<li>Prescripci\u00f3n de pruebas y an\u00e1lisis. Te recomendamos hacerte el test gen\u00e9tico<a href=\"https:\/\/grupnexus.com\/es\/tratamientos\/medicina-antiaging\/trichotest-tm\/\">\u00a0Trichotest<sup>TM<\/sup><\/a>\u00a0 para abordar el problema de ra\u00edz y personalizar el tratamiento<\/li>\n<li>Tratamientos M\u00e9dico-Est\u00e9ticos:\n<ul>\n<li>Bioestimulaci\u00f3n capilar mediante.\u00a0<a href=\"https:\/\/grupnexus.com\/prgf-plasma-ric-en-factors-de-creixement\/\">Plasma rico en factores de crecimiento (PRP)<\/a><\/li>\n<li><a href=\"https:\/\/grupnexus.com\/tractaments\/unitat-capillar\/rejoveniment-capillar-integral\/\">Rejuvenecimiento capilar integral Dr. CYJ Hair Filler<\/a>\u00a0(revitaliza el fol\u00edculo piloso y del cuero cabelludo, e inhibe la ca\u00edda).<\/li>\n<li><a href=\"https:\/\/grupnexus.com\/grup-nexus\/aparatologia\/carboxiterapia-dioxage\/\">Carboxiterapia con programa capilar<\/a>\u00a0(abre canales y oxigenaci\u00f3n sangu\u00ednea)<\/li>\n<li><a href=\"https:\/\/grupnexus.com\/es\/grupo-nexus\/aparatologia\/fototerapia-ledsmedical\/\">Fototerapia y bioestimulaci\u00f3n con programa capilar<\/a><\/li>\n<\/ul>\n<\/li>\n<\/ul>\n<p>Se aconsejan de 3 a 4 sesiones en intervalos de 3 a 4 semanas entre ellas para obtener un resultado notorio.<\/p>\n<p>Puedes contratar sesiones individuales o packs de tres sesiones, que es el recomendable, para obtener un resultado efectivo.<\/p>\n<p>Recuerda que con la contrataci\u00f3n de packs puedes disfrutar de precios especiales.<\/p>\n<p><strong>Tratamiento a domicilio complementario:<\/strong><\/p>\n<ul>\n<li><a href=\"https:\/\/grupnexus.com\/es\/tratamientos\/unidad-capilar\/nutricosmetica\/\">Nutricosm\u00e9tica<\/a><\/li>\n<li><a href=\"https:\/\/grupnexus.com\/es\/tratamientos\/unidad-capilar\/metodo-hr3\/\">M\u00e9todo HR3 o dispositivo de diodos l\u00e1ser en formato gorra<\/a><\/li>\n<li>Cosm\u00e9tica antica\u00edda y reforzante<\/li>\n<\/ul>\n<p><strong>Implantes quir\u00fargicos<\/strong><\/p>\n<p>Inf\u00f3rmate sobre las <a href=\"\/es\/tratamientos\/unidad-capilar\/trasplante-capilar-quirurgico\/\">t\u00e9cnicas quir\u00fargicas de implantes capilares<\/a> que llevamos a cabo en Cl\u00ednica Nexus<\/p>\n<div class=\"row \"><div class=\"wpv-grid grid-1-3  first unextended\" style=\"padding-top:0px;padding-bottom:0px\" id=\"wpv-column-1ccbda02748ded6a4519b8c951ad04ca\" ><div class=\"services clearfix fullimage has-image has-icon has-button \" style=\"text-align:left;\">\n\t<div class=\"services-inside\">\n\t\t\t\t\t\t\t\t\t<div class=\"thumbnail\">\n\t\t\t\t\t\t\t\t\t\t\t<a href=\"\/es\/tratamientos\/unidad-capilar\/rejuvenecimiento-capilar-integral\/\" title=\"Rejuvenecimiento capilar integral mediante ingenier\u00eda biol\u00f3gica molecular Dr. CyJ Hair Filler\" class=\"has-border\">\n\t\t\t\t\t\t\t\t\t\t\t\t\t\t\t\t\t\t<img width=\"377\" height=\"229\" src=\"https:\/\/grupnexus.com\/wp-content\/uploads\/2019\/06\/unitat-capilar-rejoveniment.jpg\" class=\"attachment-full size-full\" alt=\"\" loading=\"lazy\" srcset=\"https:\/\/grupnexus.com\/wp-content\/uploads\/2019\/06\/unitat-capilar-rejoveniment.jpg 377w, https:\/\/grupnexus.com\/wp-content\/uploads\/2019\/06\/unitat-capilar-rejoveniment-300x182.jpg 300w, https:\/\/grupnexus.com\/wp-content\/uploads\/2019\/06\/unitat-capilar-rejoveniment-360x219.jpg 360w, https:\/\/grupnexus.com\/wp-content\/uploads\/2019\/06\/unitat-capilar-rejoveniment-262x159.jpg 262w\" sizes=\"(max-width: 377px) 100vw, 377px\" \/>\t\t\t\t\t\t\t\t\t\t\t\t\t\t\t\t\t<\/a>\n\t\t\t\t\t\t\t\t\t<\/div>\n\t\t\t\t\t\t\t\t\t<div class=\"sep-2\"><\/div>\n\t\t\t\t\t\t\t\t\t\t\t\t\t\t<h3 class=\"services-title\">\n\t\t\t\t\t\t\t\t\t<a href=\"\/es\/tratamientos\/unidad-capilar\/rejuvenecimiento-capilar-integral\/\" title=\"Rejuvenecimiento capilar integral mediante ingenier\u00eda biol\u00f3gica molecular Dr. CyJ Hair Filler\">Rejuvenecimiento capilar integral mediante ingenier\u00eda biol\u00f3gica molecular Dr. CyJ Hair Filler<\/a>\n\t\t\t\t\t\t\t<\/h3>\n\t\t\t\t\t\t\t<div class=\"services-content\">\n<\/div>\n\t\t\t\t\t<\/div>\n<\/div>\n<\/div>\n<div class=\"wpv-grid grid-1-3  unextended\" style=\"padding-top:0px;padding-bottom:0px\" id=\"wpv-column-9964e362419084fa7e401d7c65031f4e\" ><div class=\"services clearfix fullimage has-image has-icon has-button \" style=\"text-align:left;\">\n\t<div class=\"services-inside\">\n\t\t\t\t\t\t\t\t\t<div class=\"thumbnail\">\n\t\t\t\t\t\t\t\t\t\t\t<a href=\"\/es\/tratamientos\/unidad-capilar\/metodo-hr3\/\" title=\"M\u00e9todo HR3 o dispositivo de diodos l\u00e1ser en formato gorra\" class=\"has-border\">\n\t\t\t\t\t\t\t\t\t\t\t\t\t\t\t\t\t\t<img width=\"377\" height=\"229\" src=\"https:\/\/grupnexus.com\/wp-content\/uploads\/2019\/06\/unitat-capilar-diodes-laser.jpg\" class=\"attachment-full size-full\" alt=\"\" loading=\"lazy\" srcset=\"https:\/\/grupnexus.com\/wp-content\/uploads\/2019\/06\/unitat-capilar-diodes-laser.jpg 377w, https:\/\/grupnexus.com\/wp-content\/uploads\/2019\/06\/unitat-capilar-diodes-laser-300x182.jpg 300w, https:\/\/grupnexus.com\/wp-content\/uploads\/2019\/06\/unitat-capilar-diodes-laser-360x219.jpg 360w, https:\/\/grupnexus.com\/wp-content\/uploads\/2019\/06\/unitat-capilar-diodes-laser-262x159.jpg 262w\" sizes=\"(max-width: 377px) 100vw, 377px\" \/>\t\t\t\t\t\t\t\t\t\t\t\t\t\t\t\t\t<\/a>\n\t\t\t\t\t\t\t\t\t<\/div>\n\t\t\t\t\t\t\t\t\t<div class=\"sep-2\"><\/div>\n\t\t\t\t\t\t\t\t\t\t\t\t\t\t<h3 class=\"services-title\">\n\t\t\t\t\t\t\t\t\t<a href=\"\/es\/tratamientos\/unidad-capilar\/metodo-hr3\/\" title=\"M\u00e9todo HR3 o dispositivo de diodos l\u00e1ser en formato gorra\">M\u00e9todo HR3 o dispositivo de diodos l\u00e1ser en formato gorra<\/a>\n\t\t\t\t\t\t\t<\/h3>\n\t\t\t\t\t\t\t<div class=\"services-content\">\n<\/div>\n\t\t\t\t\t<\/div>\n<\/div>\n<\/div>\n<div class=\"wpv-grid grid-1-3  unextended\" style=\"padding-top:0px;padding-bottom:0px\" id=\"wpv-column-f5151125011f4214deef3bf8e5532db5\" ><div class=\"services clearfix fullimage has-image has-icon has-button \" style=\"text-align:left;\">\n\t<div class=\"services-inside\">\n\t\t\t\t\t\t\t\t\t<div class=\"thumbnail\">\n\t\t\t\t\t\t\t\t\t\t\t<a href=\"https:\/\/grupnexus.com\/es\/tratamientos\/unidad-capilar\/nutricosmetica\/\" title=\"Nutricosm\u00e9tica\" class=\"has-border\">\n\t\t\t\t\t\t\t\t\t\t\t\t\t\t\t\t\t\t<img width=\"377\" height=\"229\" src=\"https:\/\/grupnexus.com\/wp-content\/uploads\/2019\/06\/unitat-capilar-nutricosmetica.jpg\" class=\"attachment-full size-full\" alt=\"\" loading=\"lazy\" srcset=\"https:\/\/grupnexus.com\/wp-content\/uploads\/2019\/06\/unitat-capilar-nutricosmetica.jpg 377w, https:\/\/grupnexus.com\/wp-content\/uploads\/2019\/06\/unitat-capilar-nutricosmetica-300x182.jpg 300w, https:\/\/grupnexus.com\/wp-content\/uploads\/2019\/06\/unitat-capilar-nutricosmetica-360x219.jpg 360w, https:\/\/grupnexus.com\/wp-content\/uploads\/2019\/06\/unitat-capilar-nutricosmetica-262x159.jpg 262w\" sizes=\"(max-width: 377px) 100vw, 377px\" \/>\t\t\t\t\t\t\t\t\t\t\t\t\t\t\t\t\t<\/a>\n\t\t\t\t\t\t\t\t\t<\/div>\n\t\t\t\t\t\t\t\t\t<div class=\"sep-2\"><\/div>\n\t\t\t\t\t\t\t\t\t\t\t\t\t\t<h3 class=\"services-title\">\n\t\t\t\t\t\t\t\t\t<a href=\"https:\/\/grupnexus.com\/es\/tratamientos\/unidad-capilar\/nutricosmetica\/\" title=\"Nutricosm\u00e9tica\">Nutricosm\u00e9tica<\/a>\n\t\t\t\t\t\t\t<\/h3>\n\t\t\t\t\t\t\t<div class=\"services-content\">\n<\/div>\n\t\t\t\t\t<\/div>\n<\/div>\n<\/div><\/div><\/div><\/div><\/div><\/div>\n<div class=\"sep\"><\/div>\n<div class=\"row \"><div class=\"wpv-grid grid-1-1  wpv-first-level first unextended\" style=\"padding-top:0px;padding-bottom:0px\" id=\"wpv-column-e1aed9c80bf2fbcb3cd8e751af2439f9\" ><p><strong><span class=\"buscar\">Potser estava buscant:<\/span><\/strong><br \/>\n<span class=\"paraules\">Unidad Capilar Lleida, Rejuvenecimiento Capilar Integral Lleida<\/span><\/div><\/div>\n","protected":false},"excerpt":{"rendered":"<p>Circuito recomendado para tratar la alopecia, la ca\u00edda del cabello y la debilidad capilar: En la cl\u00ednica: 1\u00aa visita de diagn\u00f3stico personalizado Prescripci\u00f3n de pruebas y an\u00e1lisis. Te recomendamos hacerte el test gen\u00e9tico\u00a0TrichotestTM\u00a0 para abordar el problema de ra\u00edz y personalizar el tratamiento Tratamientos M\u00e9dico-Est\u00e9ticos: Bioestimulaci\u00f3n capilar mediante.\u00a0Plasma rico en factores de crecimiento (PRP) Rejuvenecimiento&#8230;<\/p>\n","protected":false},"author":6,"featured_media":0,"parent":14582,"menu_order":0,"comment_status":"closed","ping_status":"closed","template":"","meta":[],"yoast_head":"<!-- This site is optimized with the Yoast SEO plugin v18.6 - https:\/\/yoast.com\/wordpress\/plugins\/seo\/ -->\n<title>Tratamiento sin cirug\u00eda - Cl\u00ednica Nexus<\/title>\n<meta name=\"description\" content=\"A Nexus comptem amb les millors f\u00f3rmules innovadores d&#039;est\u00e8tica avan\u00e7ada i micropigmentaci\u00f3.\" \/>\n<meta name=\"robots\" content=\"index, follow, max-snippet:-1, max-image-preview:large, max-video-preview:-1\" \/>\n<link rel=\"canonical\" href=\"https:\/\/grupnexus.com\/es\/tratamientos\/unidad-capilar\/tratamiento-sin-cirugia\/\" \/>\n<meta property=\"og:locale\" content=\"es_ES\" \/>\n<meta property=\"og:type\" content=\"article\" \/>\n<meta property=\"og:title\" content=\"Tratamiento sin cirug\u00eda - Cl\u00ednica Nexus\" \/>\n<meta property=\"og:description\" content=\"A Nexus comptem amb les millors f\u00f3rmules innovadores d&#039;est\u00e8tica avan\u00e7ada i micropigmentaci\u00f3.\" \/>\n<meta property=\"og:url\" content=\"https:\/\/grupnexus.com\/es\/tratamientos\/unidad-capilar\/tratamiento-sin-cirugia\/\" \/>\n<meta property=\"og:site_name\" content=\"Cl\u00ednica Nexus\" \/>\n<meta property=\"article:modified_time\" content=\"2019-12-09T09:36:20+00:00\" \/>\n<meta name=\"twitter:card\" content=\"summary\" \/>\n<meta name=\"twitter:label1\" content=\"Tiempo de lectura\" \/>\n\t<meta name=\"twitter:data1\" content=\"4 minutos\" \/>\n<script type=\"application\/ld+json\" class=\"yoast-schema-graph\">{\"@context\":\"https:\/\/schema.org\",\"@graph\":[{\"@type\":\"WebSite\",\"@id\":\"https:\/\/grupnexus.com\/es\/#website\",\"url\":\"https:\/\/grupnexus.com\/es\/\",\"name\":\"Cl\u00ednica Nexus\",\"description\":\"L\u00edders en Medicina Est\u00e8tica Avan\u00e7ada\",\"potentialAction\":[{\"@type\":\"SearchAction\",\"target\":{\"@type\":\"EntryPoint\",\"urlTemplate\":\"https:\/\/grupnexus.com\/es\/?s={search_term_string}\"},\"query-input\":\"required name=search_term_string\"}],\"inLanguage\":\"es\"},{\"@type\":\"WebPage\",\"@id\":\"https:\/\/grupnexus.com\/es\/tratamientos\/unidad-capilar\/tratamiento-sin-cirugia\/#webpage\",\"url\":\"https:\/\/grupnexus.com\/es\/tratamientos\/unidad-capilar\/tratamiento-sin-cirugia\/\",\"name\":\"Tratamiento sin cirug\u00eda - Cl\u00ednica Nexus\",\"isPartOf\":{\"@id\":\"https:\/\/grupnexus.com\/es\/#website\"},\"datePublished\":\"2019-07-22T13:02:04+00:00\",\"dateModified\":\"2019-12-09T09:36:20+00:00\",\"description\":\"A Nexus comptem amb les millors f\u00f3rmules innovadores d'est\u00e8tica avan\u00e7ada i micropigmentaci\u00f3.\",\"breadcrumb\":{\"@id\":\"https:\/\/grupnexus.com\/es\/tratamientos\/unidad-capilar\/tratamiento-sin-cirugia\/#breadcrumb\"},\"inLanguage\":\"es\",\"potentialAction\":[{\"@type\":\"ReadAction\",\"target\":[\"https:\/\/grupnexus.com\/es\/tratamientos\/unidad-capilar\/tratamiento-sin-cirugia\/\"]}]},{\"@type\":\"BreadcrumbList\",\"@id\":\"https:\/\/grupnexus.com\/es\/tratamientos\/unidad-capilar\/tratamiento-sin-cirugia\/#breadcrumb\",\"itemListElement\":[{\"@type\":\"ListItem\",\"position\":1,\"name\":\"Portada\",\"item\":\"https:\/\/grupnexus.com\/es\/\"},{\"@type\":\"ListItem\",\"position\":2,\"name\":\"Tratamientos\",\"item\":\"https:\/\/grupnexus.com\/es\/tratamientos\/\"},{\"@type\":\"ListItem\",\"position\":3,\"name\":\"Unidad Capilar\",\"item\":\"https:\/\/grupnexus.com\/es\/tratamientos\/unidad-capilar\/\"},{\"@type\":\"ListItem\",\"position\":4,\"name\":\"Tratamiento sin cirug\u00eda\"}]}]}<\/script>\n<!-- \/ Yoast SEO plugin. -->","yoast_head_json":{"title":"Tratamiento sin cirug\u00eda - Cl\u00ednica Nexus","description":"A Nexus comptem amb les millors f\u00f3rmules innovadores d'est\u00e8tica avan\u00e7ada i micropigmentaci\u00f3.","robots":{"index":"index","follow":"follow","max-snippet":"max-snippet:-1","max-image-preview":"max-image-preview:large","max-video-preview":"max-video-preview:-1"},"canonical":"https:\/\/grupnexus.com\/es\/tratamientos\/unidad-capilar\/tratamiento-sin-cirugia\/","og_locale":"es_ES","og_type":"article","og_title":"Tratamiento sin cirug\u00eda - Cl\u00ednica Nexus","og_description":"A Nexus comptem amb les millors f\u00f3rmules innovadores d'est\u00e8tica avan\u00e7ada i micropigmentaci\u00f3.","og_url":"https:\/\/grupnexus.com\/es\/tratamientos\/unidad-capilar\/tratamiento-sin-cirugia\/","og_site_name":"Cl\u00ednica Nexus","article_modified_time":"2019-12-09T09:36:20+00:00","twitter_card":"summary","twitter_misc":{"Tiempo de lectura":"4 minutos"},"schema":{"@context":"https:\/\/schema.org","@graph":[{"@type":"WebSite","@id":"https:\/\/grupnexus.com\/es\/#website","url":"https:\/\/grupnexus.com\/es\/","name":"Cl\u00ednica Nexus","description":"L\u00edders en Medicina Est\u00e8tica Avan\u00e7ada","potentialAction":[{"@type":"SearchAction","target":{"@type":"EntryPoint","urlTemplate":"https:\/\/grupnexus.com\/es\/?s={search_term_string}"},"query-input":"required name=search_term_string"}],"inLanguage":"es"},{"@type":"WebPage","@id":"https:\/\/grupnexus.com\/es\/tratamientos\/unidad-capilar\/tratamiento-sin-cirugia\/#webpage","url":"https:\/\/grupnexus.com\/es\/tratamientos\/unidad-capilar\/tratamiento-sin-cirugia\/","name":"Tratamiento sin cirug\u00eda - Cl\u00ednica Nexus","isPartOf":{"@id":"https:\/\/grupnexus.com\/es\/#website"},"datePublished":"2019-07-22T13:02:04+00:00","dateModified":"2019-12-09T09:36:20+00:00","description":"A Nexus comptem amb les millors f\u00f3rmules innovadores d'est\u00e8tica avan\u00e7ada i micropigmentaci\u00f3.","breadcrumb":{"@id":"https:\/\/grupnexus.com\/es\/tratamientos\/unidad-capilar\/tratamiento-sin-cirugia\/#breadcrumb"},"inLanguage":"es","potentialAction":[{"@type":"ReadAction","target":["https:\/\/grupnexus.com\/es\/tratamientos\/unidad-capilar\/tratamiento-sin-cirugia\/"]}]},{"@type":"BreadcrumbList","@id":"https:\/\/grupnexus.com\/es\/tratamientos\/unidad-capilar\/tratamiento-sin-cirugia\/#breadcrumb","itemListElement":[{"@type":"ListItem","position":1,"name":"Portada","item":"https:\/\/grupnexus.com\/es\/"},{"@type":"ListItem","position":2,"name":"Tratamientos","item":"https:\/\/grupnexus.com\/es\/tratamientos\/"},{"@type":"ListItem","position":3,"name":"Unidad Capilar","item":"https:\/\/grupnexus.com\/es\/tratamientos\/unidad-capilar\/"},{"@type":"ListItem","position":4,"name":"Tratamiento sin cirug\u00eda"}]}]}},"_links":{"self":[{"href":"https:\/\/grupnexus.com\/es\/wp-json\/wp\/v2\/pages\/28685"}],"collection":[{"href":"https:\/\/grupnexus.com\/es\/wp-json\/wp\/v2\/pages"}],"about":[{"href":"https:\/\/grupnexus.com\/es\/wp-json\/wp\/v2\/types\/page"}],"author":[{"embeddable":true,"href":"https:\/\/grupnexus.com\/es\/wp-json\/wp\/v2\/users\/6"}],"replies":[{"embeddable":true,"href":"https:\/\/grupnexus.com\/es\/wp-json\/wp\/v2\/comments?post=28685"}],"version-history":[{"count":14,"href":"https:\/\/grupnexus.com\/es\/wp-json\/wp\/v2\/pages\/28685\/revisions"}],"predecessor-version":[{"id":41658,"href":"https:\/\/grupnexus.com\/es\/wp-json\/wp\/v2\/pages\/28685\/revisions\/41658"}],"up":[{"embeddable":true,"href":"https:\/\/grupnexus.com\/es\/wp-json\/wp\/v2\/pages\/14582"}],"wp:attachment":[{"href":"https:\/\/grupnexus.com\/es\/wp-json\/wp\/v2\/media?parent=28685"}],"curies":[{"name":"wp","href":"https:\/\/api.w.org\/{rel}","templated":true}]}}