{"id":28695,"date":"2019-07-22T15:11:00","date_gmt":"2019-07-22T13:11:00","guid":{"rendered":"https:\/\/www.grupnexus.com\/?page_id=28695"},"modified":"2023-07-26T13:16:23","modified_gmt":"2023-07-26T11:16:23","slug":"trasplante-capilar","status":"publish","type":"page","link":"https:\/\/grupnexus.com\/es\/tratamientos\/unidad-capilar\/trasplante-capilar\/","title":{"rendered":"Trasplante capilar"},"content":{"rendered":"<div class=\"row \"><div class=\"wpv-grid grid-3-4  wpv-first-level first unextended\" style=\"padding-top:0px;padding-bottom:0px\" id=\"wpv-column-b1eed89058424f18887f8afa3ab777ff\" >\t\t<h2 class=\"text-divider-double\">\t\t\t\nTrasplante capilar\t\t<\/h2>\t\t<div class=\"sep\"><\/div>\t<\/div>\n<div class=\"wpv-grid grid-1-4  wpv-first-level unextended\" style=\"padding-top:0px;padding-bottom:0px\" id=\"wpv-column-d0f7232bf351dc6f3c64e5c93b801212\" ><div class=\"push\" style='height:44px'><\/div>\n<!-- Widget Shortcode --><div id=\"search-11\" class=\"widget widget_search widget-shortcode area-wpv_sidebar-tractament-est-facial-cat-left \"><form role=\"search\" method=\"get\" class=\"searchform clearfix\" action=\"https:\/\/grupnexus.com\/es\/\">\n\t<label for=\"search-text-widget\" class=\"visuallyhidden\">Search for:<\/label>\n\t<input id=\"search-text-widget\" type=\"text\" value=\"\" name=\"s\" placeholder=\"Buscar\" required=\"required\" \/>\n\t<input type=\"submit\" value=\"Buscar\" \/>\n\t\t\t<input type=\"hidden\" name=\"lang\" value=\"es\"\/>\n\t<\/form><\/div><!-- \/Widget Shortcode --><\/div><\/div>\n<div class=\"row \"><div class=\"wpv-grid grid-1-4  wpv-first-level first unextended\" style=\"padding-top:0px;padding-bottom:0px\" id=\"wpv-column-a82d542de6bd4f797a5e2b7cc38fe952\" ><!-- Widget Shortcode --><!-- \/Widget Shortcode --><\/div>\n<div class=\"wpv-grid grid-3-4  wpv-first-level unextended\" style=\"padding-top:0px;padding-bottom:0px\" id=\"wpv-column-abe99f35a21ef9fa1437d7253ec4c47a\" ><div class=\"row \"><div class=\"wpv-grid grid-1-1  first unextended\" style=\"padding-top:0px;padding-bottom:0px\" id=\"wpv-column-04a983df7c1c0ac5da4e4a849a45d7de\" ><p><div id=\"attachment_42861\" style=\"width: 1021px\" class=\"wp-caption aligncenter\"><img aria-describedby=\"caption-attachment-42861\" loading=\"lazy\" class=\"wp-image-42861 size-full\" src=\"https:\/\/grupnexus.com\/wp-content\/uploads\/2020\/01\/Abans_i_despr\u00e9s_.jpg\" alt=\"\" width=\"1011\" height=\"516\" srcset=\"https:\/\/grupnexus.com\/wp-content\/uploads\/2020\/01\/Abans_i_despr\u00e9s_.jpg 1011w, https:\/\/grupnexus.com\/wp-content\/uploads\/2020\/01\/Abans_i_despr\u00e9s_-510x260.jpg 510w, https:\/\/grupnexus.com\/wp-content\/uploads\/2020\/01\/Abans_i_despr\u00e9s_-300x153.jpg 300w, https:\/\/grupnexus.com\/wp-content\/uploads\/2020\/01\/Abans_i_despr\u00e9s_-768x392.jpg 768w, https:\/\/grupnexus.com\/wp-content\/uploads\/2020\/01\/Abans_i_despr\u00e9s_-555x283.jpg 555w, https:\/\/grupnexus.com\/wp-content\/uploads\/2020\/01\/Abans_i_despr\u00e9s_-360x184.jpg 360w, https:\/\/grupnexus.com\/wp-content\/uploads\/2020\/01\/Abans_i_despr\u00e9s_-262x134.jpg 262w\" sizes=\"(max-width: 1011px) 100vw, 1011px\" \/><p id=\"caption-attachment-42861\" class=\"wp-caption-text\">Antes y despu\u00e9s de un trasplante capilar<\/p><\/div><\/p>\n<p>Cl\u00ednica Nexus es la cl\u00ednica de referencia con exclusividad en Lleida y provincia, en trasplantes capilares (t\u00e9cnica FUE Zafiro) realizados por un equipo m\u00e9dico especializado, con m\u00e1s de 15 a\u00f1os de experiencia, de la Cl\u00ednica Estechic. Surgery &amp; Hair Transplant de Estambul (Turqu\u00eda).<\/p>\n<h3 style=\"text-align: center;\"><strong>Te damos la opci\u00f3n de escoger el lugar donde hacerte la intervenci\u00f3n:<br \/>\nLleida, Barcelona* o Turqu\u00eda.<\/strong><\/h3>\n<p>Zonas a tratar:<\/p>\n<ul>\n<li>Cuero cabelludo<\/li>\n<li>Barba<\/li>\n<\/ul>\n<p>*Consulta condiciones<\/p>\n<h3 style=\"text-align: center;\"><strong>Nosotros nos ocupamos de todo, t\u00fa tan s\u00f3lo tienes que decir la fecha.<\/strong><\/h3>\n<p>Te gestionamos los tr\u00e1mites necesarios, para garantizarte una completa seguridad y acompa\u00f1amiento durante todo el proceso, siendo tu cl\u00ednica de referencia cerca de tu casa, y donde poder tratarte despu\u00e9s de la intervenci\u00f3n.<\/p>\n<h3 style=\"text-align: center;\"><strong>Hacemos un estudio previo para asesorar sobre la mejor t\u00e9cnica en tu caso.<\/strong><\/h3>\n<p><strong>T\u00e9cnica FUE Zafiro<\/strong><\/p>\n<ul>\n<li>Es la t\u00e9cnica que extrae fol\u00edculos del \u00e1rea donante (generalmente nuca) sin da\u00f1ar el bulbo, se seleccionan los mejores y se injertan en la zona receptora<\/li>\n<li>Se realiza bajo anestesia local<\/li>\n<li>La duraci\u00f3n de la intervenci\u00f3n es de 6 a 9 horas, dependiendo de los bulbos a trasplantar<\/li>\n<\/ul>\n<p><strong>T\u00e9cnica DHI<\/strong><\/p>\n<ul>\n<li><span style=\"font-weight: 400;\">Se realiza mediante un l\u00e1piz espec\u00edfico que implanta el fol\u00edculo de manera directa una vez extra\u00eddo, reduciendo el tiempo durante el cual \u00e9ste est\u00e1 en condiciones externa.<\/span><\/li>\n<li>Se aconseja en caso de no querer rasurar el cabello en la zona receptora, siendo el m\u00e9todo m\u00e1s elegido por mujeres<\/li>\n<li>Tambi\u00e9n se aconseja en casos de riesgo de sangrado<\/li>\n<li>Se aconseja en \u00e1reas con menos p\u00e9rdida de cabello<\/li>\n<li>Esta t\u00e9cnica la realizamos en Lleida y Barcelona<\/li>\n<\/ul>\n<p><strong>Porqu\u00e9 Turqu\u00eda<\/strong><\/p>\n<div class=\"wpv-video-frame\"><iframe loading=\"lazy\" title=\"Trasplante Capilar Turquia_Cl\u00ednica Nexus\" width=\"1380\" height=\"776\" src=\"https:\/\/www.youtube.com\/embed\/t0BQmPsj_HU?feature=oembed\" frameborder=\"0\" allow=\"accelerometer; autoplay; clipboard-write; encrypted-media; gyroscope; picture-in-picture; web-share\" allowfullscreen><\/iframe><\/div>\n<p>Turqu\u00eda en los \u00faltimos a\u00f1os se ha convertido en el primer destino de turismo sanitario en Europa por los siguientes motivos:<\/p>\n<ul>\n<li>Gran especializaci\u00f3n en trasplante capilar<\/li>\n<li>L\u00edderes en n\u00famero de intervenciones<\/li>\n<li>Precio competitivo respecto a cualquier otro pa\u00eds europeo<\/li>\n<\/ul>\n<p><span style=\"font-weight: 400;\">Cl\u00ednica Nexus es la cl\u00ednica de referencia con exclusividad en Lleida y provincia, en trasplantes capilares (t\u00e9cnica FUE Zafiro) realizados por el equipo m\u00e9dico especializado de Cl\u00ednica Estechic. Surgery &amp; Hair Transplant de Estambul (Turqu\u00eda).<\/span><\/p>\n<p><img loading=\"lazy\" class=\"aligncenter\" src=\"https:\/\/grupnexus.com\/wp-content\/uploads\/2022\/01\/transplante-capilar-2022-es.jpg\" alt=\"\" width=\"900\" height=\"460\" \/><br \/>\n<strong>Cl\u00ednica Estechic. Surgery &amp; Hair Transplant<\/strong><\/p>\n<p>Es una sociedad hispano-italiana ubicada en Estambul. Considerada una de las m\u00e1s exclusivas y prestigiosas en trasplante de cabello en Turqu\u00eda, mediante la \u00faltima tecnolog\u00eda y avances en el tratamiento.<\/p>\n<p>M\u00e1s de 15 a\u00f1os trabajando bajo unos excelentes est\u00e1ndares de calidad y rigor m\u00e9dico-quir\u00fargico desde el primer d\u00eda.<\/p>\n<p>Estechic est\u00e1 acreditada por la Joint Commission International.<\/p>\n<p><div id=\"attachment_29543\" style=\"width: 910px\" class=\"wp-caption aligncenter\"><img aria-describedby=\"caption-attachment-29543\" loading=\"lazy\" class=\"wp-image-29543\" src=\"https:\/\/grupnexus.com\/wp-content\/uploads\/2019\/07\/Salaestudi-1-1024x576.jpg\" alt=\"\" width=\"900\" height=\"506\" srcset=\"https:\/\/grupnexus.com\/wp-content\/uploads\/2019\/07\/Salaestudi-1-1024x576.jpg 1024w, https:\/\/grupnexus.com\/wp-content\/uploads\/2019\/07\/Salaestudi-1-510x287.jpg 510w, https:\/\/grupnexus.com\/wp-content\/uploads\/2019\/07\/Salaestudi-1-300x169.jpg 300w, https:\/\/grupnexus.com\/wp-content\/uploads\/2019\/07\/Salaestudi-1-768x432.jpg 768w, https:\/\/grupnexus.com\/wp-content\/uploads\/2019\/07\/Salaestudi-1-1140x641.jpg 1140w, https:\/\/grupnexus.com\/wp-content\/uploads\/2019\/07\/Salaestudi-1-555x312.jpg 555w, https:\/\/grupnexus.com\/wp-content\/uploads\/2019\/07\/Salaestudi-1-360x203.jpg 360w, https:\/\/grupnexus.com\/wp-content\/uploads\/2019\/07\/Salaestudi-1-262x147.jpg 262w, https:\/\/grupnexus.com\/wp-content\/uploads\/2019\/07\/Salaestudi-1.jpg 1280w\" sizes=\"(max-width: 900px) 100vw, 900px\" \/><p id=\"caption-attachment-29543\" class=\"wp-caption-text\">Sala de estudio. Cl\u00ednica Florence Nightingale. Estambul<\/p><\/div><\/p>\n<p><strong>Qu\u00e9 incluye<\/strong><\/p>\n<ul>\n<li>Primera visita informativa en Cl\u00ednica Nexus<\/li>\n<li>Solicitud de pruebas preoperatorias en caso necesario*<\/li>\n<li>La intervenci\u00f3n se realiza en la prestigiosa cl\u00ednica Florence Nightingale, considerada la m\u00e1s avanzada y lujosa de Turqu\u00eda.<\/li>\n<li>Traslado en coche privado con acompa\u00f1ante de habla espa\u00f1ola<\/li>\n<li>4 d\u00edas y 3 noches en el Hotel RADISSON BLU 5 *<\/li>\n<li>Trasplante con la t\u00e9cnica FUE Zafiro hasta el m\u00e1ximo de fol\u00edculos<\/li>\n<li>Control postoperatorio en Cl\u00ednica Estechic<\/li>\n<li>Tratamiento farmacol\u00f3gico domiciliario (analg\u00e9sico, antiinflamatorio y antibi\u00f3tico) y cosm\u00e9tico (champ\u00fa y otros)<\/li>\n<li>Garant\u00eda con certificado de intervenci\u00f3n<\/li>\n<li>1\u00ba tratamiento PRP (plasma rico en plaquetas) en la Cl\u00ednica Estechic<\/li>\n<\/ul>\n<p>No incluye vuelos.<\/p>\n<p>Puedes reforzar el resultado siguiendo con el tratamiento de PRP en Cl\u00ednica Nexus.<\/p>\n<p>(*) Las pruebas preoperatorias puedes realizarlas a trav\u00e9s de tu p\u00f3liza de salud privada, o como paciente privado en cualquier cl\u00ednica. El precio no incluye la realizaci\u00f3n de las mismas.<\/p>\n<p><a href=\"https:\/\/grupnexus.com\/wp-content\/uploads\/2020\/01\/TRIPTICO_cast_BAJO.pdf\" target=\"_blank\" rel=\"noopener noreferrer\">Desc\u00e1rgate el tr\u00edptico informativo<\/a><\/p>\n<h3 style=\"text-align: center;\"><a href=\"https:\/\/grupnexus.com\/wp-content\/uploads\/2020\/01\/FLYER_cast_bajo.pdf\" target=\"_blank\" rel=\"noopener noreferrer\"><strong>\u00bfQUIERES SER PROFESIONAL PRESCRIPTOR?<\/strong><\/a><\/h3>\n<p><div role=\"form\" class=\"wpcf7\" id=\"wpcf7-f42869-o1\" lang=\"ca\" dir=\"ltr\">\n<div class=\"screen-reader-response\"><p role=\"status\" aria-live=\"polite\" aria-atomic=\"true\"><\/p> <ul><\/ul><\/div>\n<form action=\"\/es\/wp-json\/wp\/v2\/pages\/28695#wpcf7-f42869-o1\" method=\"post\" class=\"wpcf7-form init\" novalidate=\"novalidate\" data-status=\"init\">\n<div style=\"display: none;\">\n<input type=\"hidden\" name=\"_wpcf7\" value=\"42869\" \/>\n<input type=\"hidden\" name=\"_wpcf7_version\" value=\"5.5.6\" \/>\n<input type=\"hidden\" name=\"_wpcf7_locale\" value=\"ca\" \/>\n<input type=\"hidden\" name=\"_wpcf7_unit_tag\" value=\"wpcf7-f42869-o1\" \/>\n<input type=\"hidden\" name=\"_wpcf7_container_post\" value=\"0\" \/>\n<input type=\"hidden\" name=\"_wpcf7_posted_data_hash\" value=\"\" \/>\n<input type=\"hidden\" name=\"_wpcf7_recaptcha_response\" value=\"\" \/>\n<\/div>\n<div style=\"background-color: #F7F7F7; border: solid 1px #DADADE; padding: 10px;\">\n<p><span class=\"wpcf7-form-control-wrap your-name\"><input type=\"text\" name=\"your-name\" value=\"\" size=\"40\" class=\"wpcf7-form-control wpcf7-text wpcf7-validates-as-required\" aria-required=\"true\" aria-invalid=\"false\" placeholder=\"Persona de contacto\" \/><\/span> <\/p>\n<p><span class=\"wpcf7-form-control-wrap your-company\"><input type=\"text\" name=\"your-company\" value=\"\" size=\"40\" class=\"wpcf7-form-control wpcf7-text wpcf7-validates-as-required\" aria-required=\"true\" aria-invalid=\"false\" placeholder=\"Nombre del centro o la cl\u00ednica\" \/><\/span> <\/p>\n<p><span class=\"wpcf7-form-control-wrap your-telf\"><input type=\"tel\" name=\"your-telf\" value=\"\" size=\"40\" class=\"wpcf7-form-control wpcf7-text wpcf7-tel wpcf7-validates-as-tel\" aria-invalid=\"false\" placeholder=\"Tel\u00e9fono de contacto\" \/><\/span><\/p>\n<p><span class=\"wpcf7-form-control-wrap your-email\"><input type=\"email\" name=\"your-email\" value=\"\" size=\"40\" class=\"wpcf7-form-control wpcf7-text wpcf7-email wpcf7-validates-as-required wpcf7-validates-as-email\" aria-required=\"true\" aria-invalid=\"false\" placeholder=\"Mail de contacto\" \/><\/span> <\/p>\n<p><span class=\"wpcf7-form-control-wrap horari\"><select name=\"horari\" class=\"wpcf7-form-control wpcf7-select\" aria-invalid=\"false\"><option value=\"Llamar de 9:00 a 10:00\">Llamar de 9:00 a 10:00<\/option><option value=\"Llamar de 10:00 a 11:00\">Llamar de 10:00 a 11:00<\/option><option value=\"Llamar de 11:00 a 12:00\">Llamar de 11:00 a 12:00<\/option><option value=\"Llamar de 12:00 a 13:00\">Llamar de 12:00 a 13:00<\/option><option value=\"Llamar de 13:00 a 14:00\">Llamar de 13:00 a 14:00<\/option><option value=\"Llamar de 14:00 a 15:00\">Llamar de 14:00 a 15:00<\/option><option value=\"Llamar de 15:00 a 16:00\">Llamar de 15:00 a 16:00<\/option><option value=\"Llamar de 17:00 a 18:00\">Llamar de 17:00 a 18:00<\/option><option value=\"Llamar de 18:00 a 19:00\">Llamar de 18:00 a 19:00<\/option><option value=\"Llamar de 19:00 a 20:00\">Llamar de 19:00 a 20:00<\/option><\/select><\/span><\/p>\n<p><\/p>\n<p style=\"font-size:11px; text-align:justify;\">\nTratamos la informaci\u00f3n que nos facilita con el fin de enviarle publicidad relacionada con nuestros productos y servicios por cualquier medio (postal, email o tel\u00e9fono) e invitarle a eventos organizados por la empresa. Los datos proporcionados se conservar\u00e1n mientras no solicite el cese de la actividad. Los datos proporcionados se conservar\u00e1n mientras no solicite lo contrario y no se ceder\u00e1n a terceros. Usted tiene derecho a obtener confirmaci\u00f3n sobre si en NEXLASER, SL estamos tratando sus datos personales por tanto tiene derecho a acceder a sus datos personales, rectificar los datos inexactos o solicitar su supresi\u00f3n cuando los datos ya no sean necesarios para los fines que fueron recogidos.<\/p>\n<p><span class=\"wpcf7-form-control-wrap rgpd-accepto\"><span class=\"wpcf7-form-control wpcf7-checkbox wpcf7-validates-as-required\"><span class=\"wpcf7-list-item first last\"><label><input type=\"checkbox\" name=\"rgpd-accepto[]\" value=\"Acepto la &lt;a href=&#039;\/es\/politica-de-privacidad&#039; target=&#039;_blank&#039;&gt;pol\u00edtica de privacidad&lt;\/a&gt;\" \/><span class=\"wpcf7-list-item-label\">Acepto la &lt;a href=&#039;\/es\/politica-de-privacidad&#039; target=&#039;_blank&#039;&gt;pol\u00edtica de privacidad&lt;\/a&gt;<\/span><\/label><\/span><\/span><\/span><\/p>\n<p><span class=\"wpcf7-form-control-wrap rgpd-consentiments\"><span class=\"wpcf7-form-control wpcf7-checkbox\"><span class=\"wpcf7-list-item first\"><label><input type=\"checkbox\" name=\"rgpd-consentiments[]\" value=\"Autorizo recibir informaci\u00f3n de servicios relacionados\" \/><span class=\"wpcf7-list-item-label\">Autorizo recibir informaci\u00f3n de servicios relacionados<\/span><\/label><\/span><span class=\"wpcf7-list-item last\"><label><input type=\"checkbox\" name=\"rgpd-consentiments[]\" value=\"Quiero suscribirme a la NEWSLETTER\" \/><span class=\"wpcf7-list-item-label\">Quiero suscribirme a la NEWSLETTER<\/span><\/label><\/span><\/span><\/span><\/p>\n<p>Este sitio web est\u00e1 protegido por reCAPTCHA y las <a href=\"https:\/\/policies.google.com\/privacy\">Pol\u00edticas de privacidad<\/a> y <a href=\"https:\/\/policies.google.com\/terms\">T\u00e9rminos de Servicio<\/a> de Google<\/p>\n<p><input type=\"submit\" value=\"Enviar\" class=\"wpcf7-form-control has-spinner wpcf7-submit\" \/><\/p>\n<\/div>\n<input type='hidden' class='wpcf7-pum' value='{\"closepopup\":false,\"closedelay\":0,\"openpopup\":false,\"openpopup_id\":0}' \/><div class=\"wpcf7-response-output\" aria-hidden=\"true\"><\/div><\/form><\/div><\/div><\/div><\/div><\/div>\n<div class=\"sep\"><\/div>\n<div class=\"row \"><div class=\"wpv-grid grid-1-1  wpv-first-level first unextended\" style=\"padding-top:0px;padding-bottom:0px\" id=\"wpv-column-5048b97589a7c349ba8dbd93d721fe7a\" ><p><strong><span class=\"buscar\">Potser estava buscant:<\/span><\/strong><br \/>\n<span class=\"paraules\">Unidad Capilar Lleida, Rejuvenecimiento Capilar Integral Lleida, Implantes capilares, Trasplante capilar, injertos capilares, Ca\u00edda Cabello, Alopecia, Calvicie, Cirug\u00eda Capilar<\/span><\/div><\/div>\n","protected":false},"excerpt":{"rendered":"<p>Cl\u00ednica Nexus es la cl\u00ednica de referencia con exclusividad en Lleida y provincia, en trasplantes capilares (t\u00e9cnica FUE Zafiro) realizados por un equipo m\u00e9dico especializado, con m\u00e1s de 15 a\u00f1os de experiencia, de la Cl\u00ednica Estechic. Surgery &amp; Hair Transplant de Estambul (Turqu\u00eda). Te damos la opci\u00f3n de escoger el lugar donde hacerte la intervenci\u00f3n:&#8230;<\/p>\n","protected":false},"author":6,"featured_media":0,"parent":14582,"menu_order":0,"comment_status":"closed","ping_status":"closed","template":"","meta":[],"yoast_head":"<!-- This site is optimized with the Yoast SEO plugin v18.6 - https:\/\/yoast.com\/wordpress\/plugins\/seo\/ -->\n<title>Trasplante capilar<\/title>\n<meta name=\"description\" content=\"En Nexus te ofrecemos el trasplante capilar m\u00e1s avanzado e innovador, colaborando con la prestigiosa Cl\u00ednica Estechic de Turquia.T\u00e9cnica FUE Zafiro\" \/>\n<meta name=\"robots\" content=\"index, follow, max-snippet:-1, max-image-preview:large, max-video-preview:-1\" \/>\n<link rel=\"canonical\" href=\"https:\/\/grupnexus.com\/es\/tratamientos\/unidad-capilar\/trasplante-capilar\/\" \/>\n<meta property=\"og:locale\" content=\"es_ES\" \/>\n<meta property=\"og:type\" content=\"article\" \/>\n<meta property=\"og:title\" content=\"Trasplante capilar\" \/>\n<meta property=\"og:description\" content=\"En Nexus te ofrecemos el trasplante capilar m\u00e1s avanzado e innovador, colaborando con la prestigiosa Cl\u00ednica Estechic de Turquia.T\u00e9cnica FUE Zafiro\" \/>\n<meta property=\"og:url\" content=\"https:\/\/grupnexus.com\/es\/tratamientos\/unidad-capilar\/trasplante-capilar\/\" \/>\n<meta property=\"og:site_name\" content=\"Cl\u00ednica Nexus\" \/>\n<meta property=\"article:modified_time\" content=\"2023-07-26T11:16:23+00:00\" \/>\n<meta property=\"og:image\" content=\"https:\/\/grupnexus.com\/wp-content\/uploads\/2022\/01\/transplante-capilar-2022-es.jpg\" \/>\n<meta name=\"twitter:card\" content=\"summary\" \/>\n<meta name=\"twitter:label1\" content=\"Tiempo de lectura\" \/>\n\t<meta name=\"twitter:data1\" content=\"5 minutos\" \/>\n<script type=\"application\/ld+json\" class=\"yoast-schema-graph\">{\"@context\":\"https:\/\/schema.org\",\"@graph\":[{\"@type\":\"WebSite\",\"@id\":\"https:\/\/grupnexus.com\/es\/#website\",\"url\":\"https:\/\/grupnexus.com\/es\/\",\"name\":\"Cl\u00ednica Nexus\",\"description\":\"L\u00edders en Medicina Est\u00e8tica Avan\u00e7ada\",\"potentialAction\":[{\"@type\":\"SearchAction\",\"target\":{\"@type\":\"EntryPoint\",\"urlTemplate\":\"https:\/\/grupnexus.com\/es\/?s={search_term_string}\"},\"query-input\":\"required name=search_term_string\"}],\"inLanguage\":\"es\"},{\"@type\":\"ImageObject\",\"@id\":\"https:\/\/grupnexus.com\/es\/tratamientos\/unidad-capilar\/trasplante-capilar\/#primaryimage\",\"inLanguage\":\"es\",\"url\":\"https:\/\/grupnexus.com\/wp-content\/uploads\/2022\/01\/transplante-capilar-2022-es.jpg\",\"contentUrl\":\"https:\/\/grupnexus.com\/wp-content\/uploads\/2022\/01\/transplante-capilar-2022-es.jpg\",\"width\":1024,\"height\":523},{\"@type\":\"WebPage\",\"@id\":\"https:\/\/grupnexus.com\/es\/tratamientos\/unidad-capilar\/trasplante-capilar\/#webpage\",\"url\":\"https:\/\/grupnexus.com\/es\/tratamientos\/unidad-capilar\/trasplante-capilar\/\",\"name\":\"Trasplante capilar\",\"isPartOf\":{\"@id\":\"https:\/\/grupnexus.com\/es\/#website\"},\"primaryImageOfPage\":{\"@id\":\"https:\/\/grupnexus.com\/es\/tratamientos\/unidad-capilar\/trasplante-capilar\/#primaryimage\"},\"datePublished\":\"2019-07-22T13:11:00+00:00\",\"dateModified\":\"2023-07-26T11:16:23+00:00\",\"description\":\"En Nexus te ofrecemos el trasplante capilar m\u00e1s avanzado e innovador, colaborando con la prestigiosa Cl\u00ednica Estechic de Turquia.T\u00e9cnica FUE Zafiro\",\"breadcrumb\":{\"@id\":\"https:\/\/grupnexus.com\/es\/tratamientos\/unidad-capilar\/trasplante-capilar\/#breadcrumb\"},\"inLanguage\":\"es\",\"potentialAction\":[{\"@type\":\"ReadAction\",\"target\":[\"https:\/\/grupnexus.com\/es\/tratamientos\/unidad-capilar\/trasplante-capilar\/\"]}]},{\"@type\":\"BreadcrumbList\",\"@id\":\"https:\/\/grupnexus.com\/es\/tratamientos\/unidad-capilar\/trasplante-capilar\/#breadcrumb\",\"itemListElement\":[{\"@type\":\"ListItem\",\"position\":1,\"name\":\"Portada\",\"item\":\"https:\/\/grupnexus.com\/es\/\"},{\"@type\":\"ListItem\",\"position\":2,\"name\":\"Tratamientos\",\"item\":\"https:\/\/grupnexus.com\/es\/tratamientos\/\"},{\"@type\":\"ListItem\",\"position\":3,\"name\":\"Unidad Capilar\",\"item\":\"https:\/\/grupnexus.com\/es\/tratamientos\/unidad-capilar\/\"},{\"@type\":\"ListItem\",\"position\":4,\"name\":\"Trasplante capilar\"}]}]}<\/script>\n<!-- \/ Yoast SEO plugin. -->","yoast_head_json":{"title":"Trasplante capilar","description":"En Nexus te ofrecemos el trasplante capilar m\u00e1s avanzado e innovador, colaborando con la prestigiosa Cl\u00ednica Estechic de Turquia.T\u00e9cnica FUE Zafiro","robots":{"index":"index","follow":"follow","max-snippet":"max-snippet:-1","max-image-preview":"max-image-preview:large","max-video-preview":"max-video-preview:-1"},"canonical":"https:\/\/grupnexus.com\/es\/tratamientos\/unidad-capilar\/trasplante-capilar\/","og_locale":"es_ES","og_type":"article","og_title":"Trasplante capilar","og_description":"En Nexus te ofrecemos el trasplante capilar m\u00e1s avanzado e innovador, colaborando con la prestigiosa Cl\u00ednica Estechic de Turquia.T\u00e9cnica FUE Zafiro","og_url":"https:\/\/grupnexus.com\/es\/tratamientos\/unidad-capilar\/trasplante-capilar\/","og_site_name":"Cl\u00ednica Nexus","article_modified_time":"2023-07-26T11:16:23+00:00","og_image":[{"url":"https:\/\/grupnexus.com\/wp-content\/uploads\/2022\/01\/transplante-capilar-2022-es.jpg"}],"twitter_card":"summary","twitter_misc":{"Tiempo de lectura":"5 minutos"},"schema":{"@context":"https:\/\/schema.org","@graph":[{"@type":"WebSite","@id":"https:\/\/grupnexus.com\/es\/#website","url":"https:\/\/grupnexus.com\/es\/","name":"Cl\u00ednica Nexus","description":"L\u00edders en Medicina Est\u00e8tica Avan\u00e7ada","potentialAction":[{"@type":"SearchAction","target":{"@type":"EntryPoint","urlTemplate":"https:\/\/grupnexus.com\/es\/?s={search_term_string}"},"query-input":"required name=search_term_string"}],"inLanguage":"es"},{"@type":"ImageObject","@id":"https:\/\/grupnexus.com\/es\/tratamientos\/unidad-capilar\/trasplante-capilar\/#primaryimage","inLanguage":"es","url":"https:\/\/grupnexus.com\/wp-content\/uploads\/2022\/01\/transplante-capilar-2022-es.jpg","contentUrl":"https:\/\/grupnexus.com\/wp-content\/uploads\/2022\/01\/transplante-capilar-2022-es.jpg","width":1024,"height":523},{"@type":"WebPage","@id":"https:\/\/grupnexus.com\/es\/tratamientos\/unidad-capilar\/trasplante-capilar\/#webpage","url":"https:\/\/grupnexus.com\/es\/tratamientos\/unidad-capilar\/trasplante-capilar\/","name":"Trasplante capilar","isPartOf":{"@id":"https:\/\/grupnexus.com\/es\/#website"},"primaryImageOfPage":{"@id":"https:\/\/grupnexus.com\/es\/tratamientos\/unidad-capilar\/trasplante-capilar\/#primaryimage"},"datePublished":"2019-07-22T13:11:00+00:00","dateModified":"2023-07-26T11:16:23+00:00","description":"En Nexus te ofrecemos el trasplante capilar m\u00e1s avanzado e innovador, colaborando con la prestigiosa Cl\u00ednica Estechic de Turquia.T\u00e9cnica FUE Zafiro","breadcrumb":{"@id":"https:\/\/grupnexus.com\/es\/tratamientos\/unidad-capilar\/trasplante-capilar\/#breadcrumb"},"inLanguage":"es","potentialAction":[{"@type":"ReadAction","target":["https:\/\/grupnexus.com\/es\/tratamientos\/unidad-capilar\/trasplante-capilar\/"]}]},{"@type":"BreadcrumbList","@id":"https:\/\/grupnexus.com\/es\/tratamientos\/unidad-capilar\/trasplante-capilar\/#breadcrumb","itemListElement":[{"@type":"ListItem","position":1,"name":"Portada","item":"https:\/\/grupnexus.com\/es\/"},{"@type":"ListItem","position":2,"name":"Tratamientos","item":"https:\/\/grupnexus.com\/es\/tratamientos\/"},{"@type":"ListItem","position":3,"name":"Unidad Capilar","item":"https:\/\/grupnexus.com\/es\/tratamientos\/unidad-capilar\/"},{"@type":"ListItem","position":4,"name":"Trasplante capilar"}]}]}},"_links":{"self":[{"href":"https:\/\/grupnexus.com\/es\/wp-json\/wp\/v2\/pages\/28695"}],"collection":[{"href":"https:\/\/grupnexus.com\/es\/wp-json\/wp\/v2\/pages"}],"about":[{"href":"https:\/\/grupnexus.com\/es\/wp-json\/wp\/v2\/types\/page"}],"author":[{"embeddable":true,"href":"https:\/\/grupnexus.com\/es\/wp-json\/wp\/v2\/users\/6"}],"replies":[{"embeddable":true,"href":"https:\/\/grupnexus.com\/es\/wp-json\/wp\/v2\/comments?post=28695"}],"version-history":[{"count":24,"href":"https:\/\/grupnexus.com\/es\/wp-json\/wp\/v2\/pages\/28695\/revisions"}],"predecessor-version":[{"id":53079,"href":"https:\/\/grupnexus.com\/es\/wp-json\/wp\/v2\/pages\/28695\/revisions\/53079"}],"up":[{"embeddable":true,"href":"https:\/\/grupnexus.com\/es\/wp-json\/wp\/v2\/pages\/14582"}],"wp:attachment":[{"href":"https:\/\/grupnexus.com\/es\/wp-json\/wp\/v2\/media?parent=28695"}],"curies":[{"name":"wp","href":"https:\/\/api.w.org\/{rel}","templated":true}]}}