{"id":45452,"date":"2020-09-23T12:58:34","date_gmt":"2020-09-23T10:58:34","guid":{"rendered":"https:\/\/www.grupnexus.com\/?page_id=45452"},"modified":"2022-06-28T09:16:51","modified_gmt":"2022-06-28T07:16:51","slug":"terapia-fotobiodinamica","status":"publish","type":"page","link":"https:\/\/grupnexus.com\/es\/tratamientos\/terapia-fotobiodinamica\/","title":{"rendered":"Terapia Fotobiodin\u00e1mica"},"content":{"rendered":"<div class=\"row \"><div class=\"wpv-grid grid-3-4  wpv-first-level first unextended\" style=\"padding-top:0px;padding-bottom:0px\" id=\"wpv-column-b83df31975b4f21f564d848a541199d4\" >\t\t<h2 class=\"text-divider-double\">\t\t\t\nTer\u00e0pia Fotobiodin\u00e0mica\t\t<\/h2>\t\t<div class=\"sep\"><\/div>\t<\/div>\n<div class=\"wpv-grid grid-1-4  wpv-first-level unextended\" style=\"padding-top:0px;padding-bottom:0px\" id=\"wpv-column-10a058131b7ec1da85d1309af1f75278\" ><div class=\"push\" style='height:44px'><\/div>\n<!-- Widget Shortcode --><div id=\"search-11\" class=\"widget widget_search widget-shortcode area-wpv_sidebar-tractament-est-facial-cat-left \"><form role=\"search\" method=\"get\" class=\"searchform clearfix\" action=\"https:\/\/grupnexus.com\/es\/\">\n\t<label for=\"search-text-widget\" class=\"visuallyhidden\">Search for:<\/label>\n\t<input id=\"search-text-widget\" type=\"text\" value=\"\" name=\"s\" placeholder=\"Buscar\" required=\"required\" \/>\n\t<input type=\"submit\" value=\"Buscar\" \/>\n\t\t\t<input type=\"hidden\" name=\"lang\" value=\"es\"\/>\n\t<\/form><\/div><!-- \/Widget Shortcode --><\/div><\/div>\n<div class=\"row \"><div class=\"wpv-grid grid-1-4  wpv-first-level first unextended\" style=\"padding-top:0px;padding-bottom:0px\" id=\"wpv-column-22b059bf683687c2a5044fcf2d71aa77\" ><!-- Widget Shortcode --><div id=\"nav_menu-19\" class=\"widget widget_nav_menu widget-shortcode area-wpv_sidebar-tractaments-cat-left \"><h2 class=\"widgettitle\">Tractaments<\/h2><div class=\"menu-menu-tratamientos-es-container\"><ul id=\"menu-menu-tratamientos-es\" class=\"menu\"><li id=\"menu-item-9584\" class=\"menu-item menu-item-type-post_type menu-item-object-page menu-item-9584\"><a href=\"https:\/\/grupnexus.com\/es\/tratamientos\/medicina-estetica-facial\/\">Medicina est\u00e9tica facial<\/a><\/li>\n<li id=\"menu-item-9583\" class=\"menu-item menu-item-type-post_type menu-item-object-page menu-item-9583\"><a href=\"https:\/\/grupnexus.com\/es\/tratamientos\/medicina-estetica-corporal\/\">Medicina est\u00e9tica corporal<\/a><\/li>\n<li id=\"menu-item-9667\" class=\"menu-item menu-item-type-post_type menu-item-object-page menu-item-9667\"><a href=\"https:\/\/grupnexus.com\/es\/tratamientos\/plataforma-laser\/\">Plataforma l\u00e1ser<\/a><\/li>\n<li id=\"menu-item-9578\" class=\"menu-item menu-item-type-post_type menu-item-object-page menu-item-9578\"><a href=\"https:\/\/grupnexus.com\/es\/tratamientos\/cirugia-estetica\/\">Cirug\u00eda est\u00e9tica<\/a><\/li>\n<li id=\"menu-item-9581\" class=\"menu-item menu-item-type-post_type menu-item-object-page menu-item-9581\"><a href=\"https:\/\/grupnexus.com\/es\/tratamientos\/medicina-antiaging\/\">Medicina Antiaging Preventiva<\/a><\/li>\n<li id=\"menu-item-9582\" class=\"menu-item menu-item-type-post_type menu-item-object-page menu-item-9582\"><a href=\"https:\/\/grupnexus.com\/es\/tratamientos\/medicina-biologica\/\">Medicina biol\u00f3gica<\/a><\/li>\n<li id=\"menu-item-9580\" class=\"menu-item menu-item-type-post_type menu-item-object-page menu-item-9580\"><a href=\"https:\/\/grupnexus.com\/es\/tratamientos\/estetica-avanzada\/\">Est\u00e9tica avanzada<\/a><\/li>\n<\/ul><\/div><\/div><!-- \/Widget Shortcode --><\/div>\n<div class=\"wpv-grid grid-3-4  wpv-first-level unextended\" style=\"padding-top:0px;padding-bottom:0px\" id=\"wpv-column-ed2316578857286c58d2da0e0a89ed9e\" ><p><img loading=\"lazy\" class=\"size-full wp-image-24309\" src=\"https:\/\/grupnexus.com\/wp-content\/uploads\/2020\/09\/LedsMedical.png\" alt=\"\" width=\"1200\" height=\"800\" \/><\/p>\n<div class=\"row \"><div class=\"wpv-grid grid-1-1  first unextended\" style=\"padding-top:0px;padding-bottom:0px\" id=\"wpv-column-6e3bb5ff6be38bf1cac03499dc607e58\" ><p>Durante el largo recorrido en el campo de la Medicina Est\u00e9tica hemos podido comprobar que, una estudiada combinaci\u00f3n de t\u00e9cnicas y tratamientos, junto con productos dermocosm\u00e9ticos y\/o nutricosm\u00e9ticos espec\u00edficos, magnifican los resultados e incluso los aceleran.<\/p>\n<p>Precisamente esto conseguimos con la \u00faltima <a href=\"https:\/\/www.terapiafotobiodinamica.com\" target=\"_blank\" rel=\"noopener\"><strong>Terapia Fotobiodin\u00e1mica<\/strong><\/a>, la t\u00e9cnica no invasiva que combina mediante protocolos m\u00e9dicos:<\/p>\n<ul>\n<li><strong>FOTODIN\u00c1MICA:<\/strong>Peeling m\u00e9dicos + Productos fotosensibles con factores de crecimiento y p\u00e9ptidos biom\u00e9dicos<\/li>\n<li><strong>FOTOBIOL\u00d3GICA:<\/strong>Regeneraci\u00f3n tisular con luz HDD (High Density Diodes). Un tratamiento que emite luz monocrom\u00e1tica o combinada. Cada color es una longitud de onda que incide en diferentes capas de la dermis, activando el producto t\u00f3pico fotosensible y tratando una afecci\u00f3n en concreto<\/li>\n<li><strong>HOME CARE:<\/strong>Tratamiento domiciliario con dermocosm\u00e9tica de alta gama<\/li>\n<\/ul>\n<h3>Indicaciones<\/h3>\n<ul>\n<li>Melasma y manchas de fotoenvejecimiento<\/li>\n<li>Acn\u00e9<\/li>\n<li>Rejuvenecimiento (arrugas)<\/li>\n<li>Ca\u00edda y fortalecimiento del cabello<\/li>\n<li>Estr\u00edas<\/li>\n<\/ul>\n<p><img loading=\"lazy\" class=\"alignleft wp-image-45986 size-full\" src=\"https:\/\/grupnexus.com\/wp-content\/uploads\/2020\/11\/nexus-terapia-fotobiodinamica-1.jpg\" alt=\"\" width=\"2244\" height=\"366\" data-id=\"659\" srcset=\"https:\/\/grupnexus.com\/wp-content\/uploads\/2020\/11\/nexus-terapia-fotobiodinamica-1.jpg 2244w, https:\/\/grupnexus.com\/wp-content\/uploads\/2020\/11\/nexus-terapia-fotobiodinamica-1-300x49.jpg 300w, https:\/\/grupnexus.com\/wp-content\/uploads\/2020\/11\/nexus-terapia-fotobiodinamica-1-1024x167.jpg 1024w, https:\/\/grupnexus.com\/wp-content\/uploads\/2020\/11\/nexus-terapia-fotobiodinamica-1-768x125.jpg 768w, https:\/\/grupnexus.com\/wp-content\/uploads\/2020\/11\/nexus-terapia-fotobiodinamica-1-1536x251.jpg 1536w, https:\/\/grupnexus.com\/wp-content\/uploads\/2020\/11\/nexus-terapia-fotobiodinamica-1-2048x334.jpg 2048w, https:\/\/grupnexus.com\/wp-content\/uploads\/2020\/11\/nexus-terapia-fotobiodinamica-1-1140x186.jpg 1140w, https:\/\/grupnexus.com\/wp-content\/uploads\/2020\/11\/nexus-terapia-fotobiodinamica-1-555x91.jpg 555w, https:\/\/grupnexus.com\/wp-content\/uploads\/2020\/11\/nexus-terapia-fotobiodinamica-1-360x59.jpg 360w, https:\/\/grupnexus.com\/wp-content\/uploads\/2020\/11\/nexus-terapia-fotobiodinamica-1-262x43.jpg 262w, https:\/\/grupnexus.com\/wp-content\/uploads\/2020\/11\/nexus-terapia-fotobiodinamica-1-510x83.jpg 510w\" sizes=\"(max-width: 2244px) 100vw, 2244px\" \/><\/p>\n<h3>Resultados antes y despu\u00e9s en tratamientos de acn\u00e9:<\/h3>\n<p><img loading=\"lazy\" class=\"wp-image-45927 size-large alignleft\" src=\"https:\/\/grupnexus.com\/wp-content\/uploads\/2020\/11\/nexus-acnel-es-1024x320.jpg\" alt=\"\" width=\"1024\" height=\"320\" data-id=\"659\" srcset=\"https:\/\/grupnexus.com\/wp-content\/uploads\/2020\/11\/nexus-acnel-es-1024x320.jpg 1024w, https:\/\/grupnexus.com\/wp-content\/uploads\/2020\/11\/nexus-acnel-es-300x94.jpg 300w, https:\/\/grupnexus.com\/wp-content\/uploads\/2020\/11\/nexus-acnel-es-768x240.jpg 768w, https:\/\/grupnexus.com\/wp-content\/uploads\/2020\/11\/nexus-acnel-es-1536x480.jpg 1536w, https:\/\/grupnexus.com\/wp-content\/uploads\/2020\/11\/nexus-acnel-es-1140x356.jpg 1140w, https:\/\/grupnexus.com\/wp-content\/uploads\/2020\/11\/nexus-acnel-es-555x173.jpg 555w, https:\/\/grupnexus.com\/wp-content\/uploads\/2020\/11\/nexus-acnel-es-360x113.jpg 360w, https:\/\/grupnexus.com\/wp-content\/uploads\/2020\/11\/nexus-acnel-es-262x82.jpg 262w, https:\/\/grupnexus.com\/wp-content\/uploads\/2020\/11\/nexus-acnel-es-510x159.jpg 510w, https:\/\/grupnexus.com\/wp-content\/uploads\/2020\/11\/nexus-acnel-es.jpg 1920w\" sizes=\"(max-width: 1024px) 100vw, 1024px\" \/><\/p>\n<h3><\/h3>\n<h3><\/h3>\n<h3><\/h3>\n<h3><\/h3>\n<h3><\/h3>\n<h3><\/h3>\n<h3><\/h3>\n<h3 style=\"padding-top: 15px;\">Resultados antes y despu\u00e9s en tratamientos de la rojor:<\/h3>\n<p><img loading=\"lazy\" class=\"wp-image-45921 size-large alignleft\" src=\"https:\/\/grupnexus.com\/wp-content\/uploads\/2020\/11\/nexus-ros-es-1024x320.jpg\" alt=\"\" width=\"1024\" height=\"320\" data-id=\"659\" srcset=\"https:\/\/grupnexus.com\/wp-content\/uploads\/2020\/11\/nexus-ros-es-1024x320.jpg 1024w, https:\/\/grupnexus.com\/wp-content\/uploads\/2020\/11\/nexus-ros-es-300x94.jpg 300w, https:\/\/grupnexus.com\/wp-content\/uploads\/2020\/11\/nexus-ros-es-768x240.jpg 768w, https:\/\/grupnexus.com\/wp-content\/uploads\/2020\/11\/nexus-ros-es-1536x480.jpg 1536w, https:\/\/grupnexus.com\/wp-content\/uploads\/2020\/11\/nexus-ros-es-1140x356.jpg 1140w, https:\/\/grupnexus.com\/wp-content\/uploads\/2020\/11\/nexus-ros-es-555x173.jpg 555w, https:\/\/grupnexus.com\/wp-content\/uploads\/2020\/11\/nexus-ros-es-360x113.jpg 360w, https:\/\/grupnexus.com\/wp-content\/uploads\/2020\/11\/nexus-ros-es-262x82.jpg 262w, https:\/\/grupnexus.com\/wp-content\/uploads\/2020\/11\/nexus-ros-es-510x159.jpg 510w, https:\/\/grupnexus.com\/wp-content\/uploads\/2020\/11\/nexus-ros-es.jpg 1920w\" sizes=\"(max-width: 1024px) 100vw, 1024px\" \/><\/p>\n<h3><\/h3>\n<h3><\/h3>\n<h3><\/h3>\n<h3><\/h3>\n<h3><\/h3>\n<h3><\/h3>\n<h3><\/h3>\n<h3 style=\"padding-top: 15px;\">Resultados antes y despu\u00e9s en tratamientos de arrugas y fotoenvejecimiento:<\/h3>\n<p><img loading=\"lazy\" class=\"wp-image-45925 size-large alignleft\" src=\"https:\/\/grupnexus.com\/wp-content\/uploads\/2020\/11\/nexus-rejuven-facial-es-1024x320.jpg\" alt=\"\" width=\"1024\" height=\"320\" data-id=\"659\" srcset=\"https:\/\/grupnexus.com\/wp-content\/uploads\/2020\/11\/nexus-rejuven-facial-es-1024x320.jpg 1024w, https:\/\/grupnexus.com\/wp-content\/uploads\/2020\/11\/nexus-rejuven-facial-es-300x94.jpg 300w, https:\/\/grupnexus.com\/wp-content\/uploads\/2020\/11\/nexus-rejuven-facial-es-768x240.jpg 768w, https:\/\/grupnexus.com\/wp-content\/uploads\/2020\/11\/nexus-rejuven-facial-es-1536x480.jpg 1536w, https:\/\/grupnexus.com\/wp-content\/uploads\/2020\/11\/nexus-rejuven-facial-es-1140x356.jpg 1140w, https:\/\/grupnexus.com\/wp-content\/uploads\/2020\/11\/nexus-rejuven-facial-es-555x173.jpg 555w, https:\/\/grupnexus.com\/wp-content\/uploads\/2020\/11\/nexus-rejuven-facial-es-360x113.jpg 360w, https:\/\/grupnexus.com\/wp-content\/uploads\/2020\/11\/nexus-rejuven-facial-es-262x82.jpg 262w, https:\/\/grupnexus.com\/wp-content\/uploads\/2020\/11\/nexus-rejuven-facial-es-510x159.jpg 510w, https:\/\/grupnexus.com\/wp-content\/uploads\/2020\/11\/nexus-rejuven-facial-es.jpg 1920w\" sizes=\"(max-width: 1024px) 100vw, 1024px\" \/><\/p>\n<h3><\/h3>\n<h3><\/h3>\n<h3><\/h3>\n<h3><\/h3>\n<h3><\/h3>\n<h3><\/h3>\n<h3><\/h3>\n<h3 style=\"padding-top: 15px;\">Resultados antes y despu\u00e9s en tratamientos de manchas o melasma:<\/h3>\n<p><img loading=\"lazy\" class=\"size-large wp-image-45923 alignleft\" src=\"https:\/\/grupnexus.com\/wp-content\/uploads\/2020\/11\/nexus-darkspot-es-1024x320.jpg\" alt=\"\" width=\"1024\" height=\"320\" srcset=\"https:\/\/grupnexus.com\/wp-content\/uploads\/2020\/11\/nexus-darkspot-es-1024x320.jpg 1024w, https:\/\/grupnexus.com\/wp-content\/uploads\/2020\/11\/nexus-darkspot-es-300x94.jpg 300w, https:\/\/grupnexus.com\/wp-content\/uploads\/2020\/11\/nexus-darkspot-es-768x240.jpg 768w, https:\/\/grupnexus.com\/wp-content\/uploads\/2020\/11\/nexus-darkspot-es-1536x480.jpg 1536w, https:\/\/grupnexus.com\/wp-content\/uploads\/2020\/11\/nexus-darkspot-es-1140x356.jpg 1140w, https:\/\/grupnexus.com\/wp-content\/uploads\/2020\/11\/nexus-darkspot-es-555x173.jpg 555w, https:\/\/grupnexus.com\/wp-content\/uploads\/2020\/11\/nexus-darkspot-es-360x113.jpg 360w, https:\/\/grupnexus.com\/wp-content\/uploads\/2020\/11\/nexus-darkspot-es-262x82.jpg 262w, https:\/\/grupnexus.com\/wp-content\/uploads\/2020\/11\/nexus-darkspot-es-510x159.jpg 510w, https:\/\/grupnexus.com\/wp-content\/uploads\/2020\/11\/nexus-darkspot-es.jpg 1920w\" sizes=\"(max-width: 1024px) 100vw, 1024px\" \/><\/p>\n<h3><\/h3>\n<h3><\/h3>\n<h3><\/h3>\n<h3><\/h3>\n<h3><\/h3>\n<h3><\/h3>\n<h3><\/h3>\n<h3><\/h3>\n<h3>En qu\u00e9 consiste<\/h3>\n<p><strong>Paso 1.<\/strong> Te preparamos la piel mediante un peeling y te aplicamos los productos espec\u00edficos seg\u00fan qu\u00e9 debe tratarse.<\/p>\n<p><strong>Paso 2.<\/strong> Aplicamos la luz sobre la piel para activar el producto.<\/p>\n<p><strong>Estos dos primeros pasos tienen una duraci\u00f3n entre 25 &#8211; 30 minutos como m\u00e1ximo.<\/strong><\/p>\n<p><strong>Paso 3.<\/strong> C\u00f3modamente desde casa vas activando el resultado con tu Home Care.<\/p>\n<h3>C\u00f3mo act\u00faa la fotobiolog\u00eda<\/h3>\n<p style=\"color: #315aa2;\"><strong>Luz azul:<\/strong><\/p>\n<ul>\n<li>Bactericida<\/li>\n<li>Act\u00faa a nivel epid\u00e9rmico<\/li>\n<li>Inhibe el crecimiento de la capa c\u00f3rnea<\/li>\n<\/ul>\n<p style=\"color: #2c8a31;\"><strong>Luz Verde:<\/strong><\/p>\n<ul>\n<li>Inhibe el exceso de melanina<\/li>\n<li>Estimula el col\u00e1geno y la elastina<\/li>\n<li>Antiinflamatoria<\/li>\n<\/ul>\n<p style=\"color: #e0911c;\"><strong>Luz amarilla:<\/strong><\/p>\n<ul>\n<li>Antiinflamatoria<\/li>\n<li>Linfotr\u00f3fica<\/li>\n<\/ul>\n<p style=\"color: #be0b14;\"><strong>Luz roja:<\/strong><\/p>\n<ul>\n<li>Estimula el col\u00e1geno y la elastina<\/li>\n<li>Regeneraci\u00f3n celular<\/li>\n<li>Estimula el crecimiento del cabello<\/li>\n<li>Antiinflamatoria<\/li>\n<\/ul>\n<p><img loading=\"lazy\" class=\"alignnone wp-image-23901 size-full\" src=\"https:\/\/grupnexus.com\/wp-content\/uploads\/2020\/09\/Llum.png\" alt=\"\" width=\"652\" height=\"397\" data-id=\"660\" \/><br \/>\nCada color penetra en la dermis seg\u00fan la longitud de onda, activando la zona a tratar. En muchos casos, utilizaremos simult\u00e1neamente dos luces, de esta manera en una misma sesi\u00f3n conseguimos resultados m\u00e1s polivalentes.<\/p>\n<h3>Aparatolog\u00eda:<\/h3>\n<ul>\n<li><a href=\"https:\/\/grupnexus.com\/es\/grupo-nexus\/aparatologia\/fototerapia-ledsmedical\/\">LedsMedical<\/a><\/li>\n<li><a href=\"https:\/\/grupnexus.com\/es\/grupo-nexus\/aparatologia\/fototerapia-led-omnilux\/\">Fototerapia Led Omnilux <\/a><\/li>\n<li><a href=\"https:\/\/grupnexus.com\/es\/terapia-fotobiodinamica-con-mascara-biofotonica\/\">Fotoage<\/a><\/li>\n<\/ul>\n<h3>Ventajas:<\/h3>\n<ul>\n<li><strong>Tratamientos m\u00e1s r\u00e1pidos y con mayor efectividad:<\/strong> Sesiones de 30 minutos y los resultados son espectaculares en tan s\u00f3lo 4 sesiones. Lo que antes pod\u00edas conseguir en 3 meses, ahora, lo consigues en 1 mes<\/li>\n<li><strong>Tratamientos m\u00e1s econ\u00f3micos:<\/strong> menos sesiones y menos tiempo de duraci\u00f3n contribuye a que el precio final sea menor que otras terapias<\/li>\n<li><strong>Indoloro e inocuo: <\/strong>sus longitudes de onda se parametrizan de manera espec\u00edfica para incidir en el objetivo diana<\/li>\n<li><strong>M\u00ednima o nula descamaci\u00f3n de la piel, <\/strong> por lo que puedes volver a tus rutinas habituales. Nutre la piel de manera profunda, mejorando notablemente su aspecto<\/li>\n<li>Id\u00f3neo en <strong>cualquier fototipo de piel y \u00e9poca del a\u00f1o<\/strong><\/li>\n<\/ul><\/div><\/div><\/div><\/div>\n<div class=\"sep\"><\/div>\n<div class=\"row \"><div class=\"wpv-grid grid-1-1  wpv-first-level first unextended\" style=\"padding-top:0px;padding-bottom:0px\" id=\"wpv-column-75d811158e85b0ba61e432ef544b4323\" ><p><strong><span class=\"buscar\">Quiz\u00e1s estabas buscando:<\/span><\/strong><br \/>\n<span class=\"paraules\">Medicina Estetica, Estetica Avanzada, Acne, Adolescencia, Estrias, Antienvejecimiento, Antiaging, Arrugas, Manchas, Tratamientos faciales, Tratamientos corporales, Ca\u00edda Cabello, Trasplante Capilar, Fotoenvejecimiento, Terapia Fotobiodinamica, Leds, Peelings medicos, Protocolos Medicos, Formacion continua<\/span><\/div><\/div>\n","protected":false},"excerpt":{"rendered":"<p>Durante el largo recorrido en el campo de la Medicina Est\u00e9tica hemos podido comprobar que, una estudiada combinaci\u00f3n de t\u00e9cnicas y tratamientos, junto con productos dermocosm\u00e9ticos y\/o nutricosm\u00e9ticos espec\u00edficos, magnifican los resultados e incluso los aceleran. Precisamente esto conseguimos con la \u00faltima Terapia Fotobiodin\u00e1mica, la t\u00e9cnica no invasiva que combina mediante protocolos m\u00e9dicos: FOTODIN\u00c1MICA:Peeling m\u00e9dicos&#8230;<\/p>\n","protected":false},"author":5,"featured_media":45454,"parent":1021,"menu_order":0,"comment_status":"closed","ping_status":"closed","template":"","meta":[],"yoast_head":"<!-- This site is optimized with the Yoast SEO plugin v18.6 - https:\/\/yoast.com\/wordpress\/plugins\/seo\/ -->\n<title>Terapia Fotobiodin\u00e1mica<\/title>\n<meta name=\"description\" content=\"El equipo profesional y la aparatolog\u00eda de \u00faltima generaci\u00f3n hacen del centre Nexus el primer centro de est\u00e9tica integral para la belleza y la salud.\" \/>\n<meta name=\"robots\" content=\"index, follow, max-snippet:-1, max-image-preview:large, max-video-preview:-1\" \/>\n<link rel=\"canonical\" href=\"https:\/\/grupnexus.com\/es\/tratamientos\/terapia-fotobiodinamica\/\" \/>\n<meta property=\"og:locale\" content=\"es_ES\" \/>\n<meta property=\"og:type\" content=\"article\" \/>\n<meta property=\"og:title\" content=\"Terapia Fotobiodin\u00e1mica\" \/>\n<meta property=\"og:description\" content=\"El equipo profesional y la aparatolog\u00eda de \u00faltima generaci\u00f3n hacen del centre Nexus el primer centro de est\u00e9tica integral para la belleza y la salud.\" \/>\n<meta property=\"og:url\" content=\"https:\/\/grupnexus.com\/es\/tratamientos\/terapia-fotobiodinamica\/\" \/>\n<meta property=\"og:site_name\" content=\"Cl\u00ednica Nexus\" \/>\n<meta property=\"article:modified_time\" content=\"2022-06-28T07:16:51+00:00\" \/>\n<meta property=\"og:image\" content=\"https:\/\/grupnexus.com\/wp-content\/uploads\/2020\/09\/LedsMedical.png\" \/>\n\t<meta property=\"og:image:width\" content=\"1140\" \/>\n\t<meta property=\"og:image:height\" content=\"716\" \/>\n\t<meta property=\"og:image:type\" content=\"image\/png\" \/>\n<meta name=\"twitter:card\" content=\"summary\" \/>\n<meta name=\"twitter:label1\" content=\"Tiempo de lectura\" \/>\n\t<meta name=\"twitter:data1\" content=\"4 minutos\" \/>\n<script type=\"application\/ld+json\" class=\"yoast-schema-graph\">{\"@context\":\"https:\/\/schema.org\",\"@graph\":[{\"@type\":\"WebSite\",\"@id\":\"https:\/\/grupnexus.com\/es\/#website\",\"url\":\"https:\/\/grupnexus.com\/es\/\",\"name\":\"Cl\u00ednica Nexus\",\"description\":\"L\u00edders en Medicina Est\u00e8tica Avan\u00e7ada\",\"potentialAction\":[{\"@type\":\"SearchAction\",\"target\":{\"@type\":\"EntryPoint\",\"urlTemplate\":\"https:\/\/grupnexus.com\/es\/?s={search_term_string}\"},\"query-input\":\"required name=search_term_string\"}],\"inLanguage\":\"es\"},{\"@type\":\"ImageObject\",\"@id\":\"https:\/\/grupnexus.com\/es\/tratamientos\/terapia-fotobiodinamica\/#primaryimage\",\"inLanguage\":\"es\",\"url\":\"https:\/\/grupnexus.com\/wp-content\/uploads\/2020\/09\/LedsMedical.png\",\"contentUrl\":\"https:\/\/grupnexus.com\/wp-content\/uploads\/2020\/09\/LedsMedical.png\",\"width\":1140,\"height\":716},{\"@type\":\"WebPage\",\"@id\":\"https:\/\/grupnexus.com\/es\/tratamientos\/terapia-fotobiodinamica\/#webpage\",\"url\":\"https:\/\/grupnexus.com\/es\/tratamientos\/terapia-fotobiodinamica\/\",\"name\":\"Terapia Fotobiodin\u00e1mica\",\"isPartOf\":{\"@id\":\"https:\/\/grupnexus.com\/es\/#website\"},\"primaryImageOfPage\":{\"@id\":\"https:\/\/grupnexus.com\/es\/tratamientos\/terapia-fotobiodinamica\/#primaryimage\"},\"datePublished\":\"2020-09-23T10:58:34+00:00\",\"dateModified\":\"2022-06-28T07:16:51+00:00\",\"description\":\"El equipo profesional y la aparatolog\u00eda de \u00faltima generaci\u00f3n hacen del centre Nexus el primer centro de est\u00e9tica integral para la belleza y la salud.\",\"breadcrumb\":{\"@id\":\"https:\/\/grupnexus.com\/es\/tratamientos\/terapia-fotobiodinamica\/#breadcrumb\"},\"inLanguage\":\"es\",\"potentialAction\":[{\"@type\":\"ReadAction\",\"target\":[\"https:\/\/grupnexus.com\/es\/tratamientos\/terapia-fotobiodinamica\/\"]}]},{\"@type\":\"BreadcrumbList\",\"@id\":\"https:\/\/grupnexus.com\/es\/tratamientos\/terapia-fotobiodinamica\/#breadcrumb\",\"itemListElement\":[{\"@type\":\"ListItem\",\"position\":1,\"name\":\"Portada\",\"item\":\"https:\/\/grupnexus.com\/es\/\"},{\"@type\":\"ListItem\",\"position\":2,\"name\":\"Tratamientos\",\"item\":\"https:\/\/grupnexus.com\/es\/tratamientos\/\"},{\"@type\":\"ListItem\",\"position\":3,\"name\":\"Terapia Fotobiodin\u00e1mica\"}]}]}<\/script>\n<!-- \/ Yoast SEO plugin. -->","yoast_head_json":{"title":"Terapia Fotobiodin\u00e1mica","description":"El equipo profesional y la aparatolog\u00eda de \u00faltima generaci\u00f3n hacen del centre Nexus el primer centro de est\u00e9tica integral para la belleza y la salud.","robots":{"index":"index","follow":"follow","max-snippet":"max-snippet:-1","max-image-preview":"max-image-preview:large","max-video-preview":"max-video-preview:-1"},"canonical":"https:\/\/grupnexus.com\/es\/tratamientos\/terapia-fotobiodinamica\/","og_locale":"es_ES","og_type":"article","og_title":"Terapia Fotobiodin\u00e1mica","og_description":"El equipo profesional y la aparatolog\u00eda de \u00faltima generaci\u00f3n hacen del centre Nexus el primer centro de est\u00e9tica integral para la belleza y la salud.","og_url":"https:\/\/grupnexus.com\/es\/tratamientos\/terapia-fotobiodinamica\/","og_site_name":"Cl\u00ednica Nexus","article_modified_time":"2022-06-28T07:16:51+00:00","og_image":[{"width":1140,"height":716,"url":"https:\/\/grupnexus.com\/wp-content\/uploads\/2020\/09\/LedsMedical.png","type":"image\/png"}],"twitter_card":"summary","twitter_misc":{"Tiempo de lectura":"4 minutos"},"schema":{"@context":"https:\/\/schema.org","@graph":[{"@type":"WebSite","@id":"https:\/\/grupnexus.com\/es\/#website","url":"https:\/\/grupnexus.com\/es\/","name":"Cl\u00ednica Nexus","description":"L\u00edders en Medicina Est\u00e8tica Avan\u00e7ada","potentialAction":[{"@type":"SearchAction","target":{"@type":"EntryPoint","urlTemplate":"https:\/\/grupnexus.com\/es\/?s={search_term_string}"},"query-input":"required name=search_term_string"}],"inLanguage":"es"},{"@type":"ImageObject","@id":"https:\/\/grupnexus.com\/es\/tratamientos\/terapia-fotobiodinamica\/#primaryimage","inLanguage":"es","url":"https:\/\/grupnexus.com\/wp-content\/uploads\/2020\/09\/LedsMedical.png","contentUrl":"https:\/\/grupnexus.com\/wp-content\/uploads\/2020\/09\/LedsMedical.png","width":1140,"height":716},{"@type":"WebPage","@id":"https:\/\/grupnexus.com\/es\/tratamientos\/terapia-fotobiodinamica\/#webpage","url":"https:\/\/grupnexus.com\/es\/tratamientos\/terapia-fotobiodinamica\/","name":"Terapia Fotobiodin\u00e1mica","isPartOf":{"@id":"https:\/\/grupnexus.com\/es\/#website"},"primaryImageOfPage":{"@id":"https:\/\/grupnexus.com\/es\/tratamientos\/terapia-fotobiodinamica\/#primaryimage"},"datePublished":"2020-09-23T10:58:34+00:00","dateModified":"2022-06-28T07:16:51+00:00","description":"El equipo profesional y la aparatolog\u00eda de \u00faltima generaci\u00f3n hacen del centre Nexus el primer centro de est\u00e9tica integral para la belleza y la salud.","breadcrumb":{"@id":"https:\/\/grupnexus.com\/es\/tratamientos\/terapia-fotobiodinamica\/#breadcrumb"},"inLanguage":"es","potentialAction":[{"@type":"ReadAction","target":["https:\/\/grupnexus.com\/es\/tratamientos\/terapia-fotobiodinamica\/"]}]},{"@type":"BreadcrumbList","@id":"https:\/\/grupnexus.com\/es\/tratamientos\/terapia-fotobiodinamica\/#breadcrumb","itemListElement":[{"@type":"ListItem","position":1,"name":"Portada","item":"https:\/\/grupnexus.com\/es\/"},{"@type":"ListItem","position":2,"name":"Tratamientos","item":"https:\/\/grupnexus.com\/es\/tratamientos\/"},{"@type":"ListItem","position":3,"name":"Terapia Fotobiodin\u00e1mica"}]}]}},"_links":{"self":[{"href":"https:\/\/grupnexus.com\/es\/wp-json\/wp\/v2\/pages\/45452"}],"collection":[{"href":"https:\/\/grupnexus.com\/es\/wp-json\/wp\/v2\/pages"}],"about":[{"href":"https:\/\/grupnexus.com\/es\/wp-json\/wp\/v2\/types\/page"}],"author":[{"embeddable":true,"href":"https:\/\/grupnexus.com\/es\/wp-json\/wp\/v2\/users\/5"}],"replies":[{"embeddable":true,"href":"https:\/\/grupnexus.com\/es\/wp-json\/wp\/v2\/comments?post=45452"}],"version-history":[{"count":14,"href":"https:\/\/grupnexus.com\/es\/wp-json\/wp\/v2\/pages\/45452\/revisions"}],"predecessor-version":[{"id":50699,"href":"https:\/\/grupnexus.com\/es\/wp-json\/wp\/v2\/pages\/45452\/revisions\/50699"}],"up":[{"embeddable":true,"href":"https:\/\/grupnexus.com\/es\/wp-json\/wp\/v2\/pages\/1021"}],"wp:featuredmedia":[{"embeddable":true,"href":"https:\/\/grupnexus.com\/es\/wp-json\/wp\/v2\/media\/45454"}],"wp:attachment":[{"href":"https:\/\/grupnexus.com\/es\/wp-json\/wp\/v2\/media?parent=45452"}],"curies":[{"name":"wp","href":"https:\/\/api.w.org\/{rel}","templated":true}]}}