{"id":963,"date":"2015-01-21T08:08:23","date_gmt":"2015-01-21T07:08:23","guid":{"rendered":"http:\/\/www.grupnexus.com\/grup-nexus\/acreditacions\/"},"modified":"2023-04-18T17:26:42","modified_gmt":"2023-04-18T15:26:42","slug":"acreditaciones-y-reconocimientos","status":"publish","type":"page","link":"https:\/\/grupnexus.com\/es\/grupo-nexus\/acreditaciones-y-reconocimientos\/","title":{"rendered":"Acreditaciones y Reconocimientos"},"content":{"rendered":"\t\t<h2 class=\"text-divider-double\">\t\t\t\nAcreditaciones\t\t<\/h2>\t\t<div class=\"sep\"><\/div>\t\n<div class=\"row \"><div class=\"wpv-grid grid-1-3  wpv-first-level first unextended\" style=\"padding-top:0px;padding-bottom:0px\" id=\"wpv-column-8cf2a34a3f4352beea594c1e85c14ca8\" ><p><img loading=\"lazy\" class=\"alignnone size-full wp-image-389\" src=\"\/wp-content\/uploads\/acreditacions.jpg\" alt=\"acreditaciones\" width=\"400\" height=\"279\" data-id=\"389\" srcset=\"https:\/\/grupnexus.com\/wp-content\/uploads\/acreditacions.jpg 400w, https:\/\/grupnexus.com\/wp-content\/uploads\/acreditacions-300x209.jpg 300w\" sizes=\"(max-width: 400px) 100vw, 400px\" \/><\/div><\/div>\n<p>Nuestro equipo m\u00e9dico es miembro de las siguientes Sociedades:<\/p>\n<div class=\"row \"><div class=\"wpv-grid grid-1-4  wpv-first-level first unextended animation-fade-in animated-active\" style=\"padding-top:0px;padding-bottom:0px\" id=\"wpv-column-017dbd8f0b9d710d47e4c58af0075aeb\" >\n<div  data-href=\"https:\/\/grupnexus.com\/wp-content\/uploads\/aslms-news-release.pdf\" tabindex=\"1\" data-target=\"_blank\" class=\"linkarea clearfix accent1  background-transparent\">\n\t\t\t<div class=\"first\"><img width=\"419\" height=\"200\" src=\"https:\/\/grupnexus.com\/wp-content\/uploads\/aslms_logo_fc_tag.png\" class=\"attachment-full size-full\" alt=\"\" loading=\"lazy\" srcset=\"https:\/\/grupnexus.com\/wp-content\/uploads\/aslms_logo_fc_tag.png 419w, https:\/\/grupnexus.com\/wp-content\/uploads\/aslms_logo_fc_tag-300x143.png 300w, https:\/\/grupnexus.com\/wp-content\/uploads\/aslms_logo_fc_tag-360x172.png 360w, https:\/\/grupnexus.com\/wp-content\/uploads\/aslms_logo_fc_tag-262x125.png 262w\" sizes=\"(max-width: 419px) 100vw, 419px\" \/><\/div>\n\t\t<\/div><\/div>\n<div class=\"wpv-grid grid-1-4  wpv-first-level unextended animation-fade-in animated-active\" style=\"padding-top:0px;padding-bottom:0px\" id=\"wpv-column-4df28eeffd09022cb02a649aca6f76e8\" >\n<div  data-href=\"http:\/\/www.eslas.com\/\" tabindex=\"1\" data-target=\"_blank\" class=\"linkarea clearfix accent1  background-transparent\">\n\t\t\t<div class=\"first\"><img width=\"190\" height=\"130\" src=\"https:\/\/grupnexus.com\/wp-content\/uploads\/acreditacions_eslas.jpg\" class=\"attachment-full size-full\" alt=\"\" loading=\"lazy\" \/><\/div>\n\t\t<\/div><\/div>\n<div class=\"wpv-grid grid-1-4  wpv-first-level unextended animation-fade-in animated-active\" style=\"padding-top:0px;padding-bottom:0px\" id=\"wpv-column-dffb073ab509ac0a7727ce1d53436618\" >\n<div  data-href=\"http:\/\/www.selmq.net\/component\/k2\/item\/46-pinos-pedra-samuel-dr\" tabindex=\"1\" data-target=\"_blank\" class=\"linkarea clearfix accent1  background-transparent\">\n\t\t\t<div class=\"first\"><img width=\"190\" height=\"130\" src=\"https:\/\/grupnexus.com\/wp-content\/uploads\/acreditacions_selmq.jpg\" class=\"attachment-full size-full\" alt=\"\" loading=\"lazy\" \/><\/div>\n\t\t<\/div><\/div>\n<div class=\"wpv-grid grid-1-4  wpv-first-level unextended animation-fade-in animated-active\" style=\"padding-top:0px;padding-bottom:0px\" id=\"wpv-column-24140d0554d210511d72416d01568fe3\" >\n<div  data-href=\"http:\/\/www.seme.org\/\" tabindex=\"1\" data-target=\"_blank\" class=\"linkarea clearfix accent1  background-transparent\">\n\t\t\t<div class=\"first\"><img width=\"190\" height=\"130\" src=\"https:\/\/grupnexus.com\/wp-content\/uploads\/acreditacions_seme.jpg\" class=\"attachment-full size-full\" alt=\"\" loading=\"lazy\" \/><\/div>\n\t\t<\/div><\/div><\/div>\n<div class=\"row \"><div class=\"wpv-grid grid-1-4  wpv-first-level first unextended animation-fade-in animated-active\" style=\"padding-top:0px;padding-bottom:0px\" id=\"wpv-column-688f1487004b78fb3976e0362671f35d\" >\n<div  data-href=\"http:\/\/www.semcc.com\/\" tabindex=\"1\" data-target=\"_blank\" class=\"linkarea clearfix accent1  background-transparent\">\n\t\t\t<div class=\"first\"><img width=\"190\" height=\"130\" src=\"https:\/\/grupnexus.com\/wp-content\/uploads\/acreditacions_semcc.jpg\" class=\"attachment-full size-full\" alt=\"\" loading=\"lazy\" \/><\/div>\n\t\t<\/div><\/div>\n<div class=\"wpv-grid grid-1-4  wpv-first-level unextended animation-fade-in animated-active\" style=\"padding-top:0px;padding-bottom:0px\" id=\"wpv-column-3a97185604fd1faabf51b5dab92e21a7\" >\n<div  data-href=\"http:\/\/www.secpre.org\/\" tabindex=\"1\" data-target=\"_blank\" class=\"linkarea clearfix accent1  background-transparent\">\n\t\t\t<div class=\"first\"><img width=\"190\" height=\"130\" src=\"https:\/\/grupnexus.com\/wp-content\/uploads\/acreditacions_secpre.jpg\" class=\"attachment-full size-full\" alt=\"\" loading=\"lazy\" \/><\/div>\n\t\t<\/div><\/div>\n<div class=\"wpv-grid grid-1-4  wpv-first-level unextended animation-fade-in animated-active\" style=\"padding-top:0px;padding-bottom:0px\" id=\"wpv-column-2ff67adf1e762543b346f4f4952a9bc2\" >\n<div  data-href=\"http:\/\/svnra.es\/\" tabindex=\"1\" data-target=\"_blank\" class=\"linkarea clearfix accent1  background-transparent\">\n\t\t\t<div class=\"first\"><img width=\"110\" height=\"114\" src=\"https:\/\/grupnexus.com\/wp-content\/uploads\/acreditacions_svnra.png\" class=\"attachment-full size-full\" alt=\"\" loading=\"lazy\" \/><\/div>\n\t\t<\/div><\/div>\n<div class=\"wpv-grid grid-1-4  wpv-first-level unextended animation-fade-in animated-active\" style=\"padding-top:0px;padding-bottom:0px\" id=\"wpv-column-6b64e4f006cc552dd5fe6e5655aa30b9\" >\n<div  data-href=\"https:\/\/aepromo.org\/\" tabindex=\"1\" data-target=\"_blank\" class=\"linkarea clearfix accent1  background-transparent\">\n\t\t\t<div class=\"first\"><img width=\"190\" height=\"130\" src=\"https:\/\/grupnexus.com\/wp-content\/uploads\/2019\/02\/aeropromo.jpg\" class=\"attachment-full size-full\" alt=\"\" loading=\"lazy\" \/><\/div>\n\t\t<\/div><\/div><\/div>\n\t\t<h2 class=\"text-divider-double\">\t\t\t\nReconocimientos\t\t<\/h2>\t\t<div class=\"sep\"><\/div>\t\n<div class=\"row \"><div class=\"wpv-grid grid-1-1  wpv-first-level first unextended\" style=\"padding-top:0px;padding-bottom:0px\" id=\"wpv-column-7ba8a7b86692d92539c469a7d0d7ba34\" ><p>Cl\u00ednica Nexus trabaja bajo unos est\u00e1ndares de calidad y profesionalidad, que llegan a ser merecedores de premios.<br \/>\nOrgullosos de estos reconocimientos, fruto del empuje y dedicaci\u00f3n diaria, queremos compartirlos todos y todas ustedes.<\/p>\n<div class=\"row \"><div class=\"wpv-grid grid-1-2  first unextended\" style=\"padding-top:0px;padding-bottom:0px\" id=\"wpv-column-762768e0ad880bd1e7e7c0d2c0083d4e\" ><p><strong>Premio a la \u201cMillor directiva de l\u2019any\u201d atorgado a Montse Monjo<br \/>\n<\/strong><strong>Premios Funde &#8211; Asociaci\u00f3n de empresarias, directivas y profesionales 2014<\/strong><\/div>\n<div class=\"wpv-grid grid-1-2  unextended\" style=\"padding-top:0px;padding-bottom:0px\" id=\"wpv-column-d06a8d22a1910b1806952ea013bd6ec7\" ><p><strong>Premio a la \u00abIgualdad de Oportunidades en el \u00e1mbito laboral y Conciliaci\u00f3n familiar y personal\u00bb<br \/>\n<\/strong><strong>Premios Ap! Lleida &#8211; Asociaci\u00f3n Profesional de Empresarias 2018<\/strong><\/div><\/div>\n<div class=\"row \"><div class=\"wpv-grid grid-1-2  first unextended\" style=\"padding-top:0px;padding-bottom:0px\" id=\"wpv-column-a51c405ae5de5a130d75db2f34d2a4e1\" ><p>Funde premia aquella directiva de departamento o de empresa que haya liderado con \u00e9xito un proyecto o una empresa, logrando objetivos de crecimiento, consolidaci\u00f3n, expansi\u00f3n o innovaci\u00f3n fijados.<\/p>\n<blockquote><p><em>\u00abRecibir este premio ha sido para m\u00ed una gran satisfacci\u00f3n. De muy joven sab\u00eda a ciencia cierta que me quer\u00eda dedicar a la belleza, he ido sembrando el camino con dedicaci\u00f3n, pero sobre todo mucha pasi\u00f3n y empuje. He asumido riesgos, he vivido muy buenos momentos &#8230; amo mi trabajo, y en todo mi equipo, sin ellos ser\u00eda muy dif\u00edcil estar donde estamos, por tanto, en parte este reconocimiento tambi\u00e9n es para ellos y para ellas. \u00ab<\/em><\/p>\n<p><em>Montse Monjo<\/em><\/p><\/blockquote><\/div>\n<div class=\"wpv-grid grid-1-2  unextended\" style=\"padding-top:0px;padding-bottom:0px\" id=\"wpv-column-853f0df083cd4e72f2e08761f17f17b8\" ><p>Categor\u00eda donde se premia aquella empresa del territorio, que implemente pol\u00edticas de igualdad: sueldos y condiciones laborales, conciliaci\u00f3n de la vida familiar, laboral y personal (horario europeo, horario flexible, etc.) y tenga en cuenta el bienestar de sus trabajadores y trabajadoras.<\/p>\n<blockquote><p><em>\u201cPonemos en valor a las personas que forman nuestro equipo. Trabajamos para crear un entorno saludable, amigable a la vez que profesional. Con este reconocimiento, honramos a todas las personas que trabajan en Cl\u00ednica Nexus \u00ab.<\/em><\/p>\n<p><em>Montse Monjo y Samuel Pin\u00f3s <\/em><\/p><\/blockquote><\/div><\/div>\n<div class=\"row \"><div class=\"wpv-grid grid-1-2  first unextended\" style=\"padding-top:0px;padding-bottom:0px\" id=\"wpv-column-5db06d041fcd6d791faf71073456671c\" ><p><a href=\"https:\/\/grupnexus.com\/wp-content\/uploads\/2019\/01\/llibret_premis_funde_2014.pdf\" target=\"_blank\" rel=\"noopener noreferrer\"><img loading=\"lazy\" class=\"aligncenter wp-image-25430\" src=\"https:\/\/grupnexus.com\/wp-content\/uploads\/2019\/01\/Millor_directiva_Premis_Funde_2014-727x1024.png\" alt=\"Grup Nexus\" width=\"600\" height=\"845\" srcset=\"https:\/\/grupnexus.com\/wp-content\/uploads\/2019\/01\/Millor_directiva_Premis_Funde_2014-727x1024.png 727w, https:\/\/grupnexus.com\/wp-content\/uploads\/2019\/01\/Millor_directiva_Premis_Funde_2014-510x718.png 510w, https:\/\/grupnexus.com\/wp-content\/uploads\/2019\/01\/Millor_directiva_Premis_Funde_2014-213x300.png 213w, https:\/\/grupnexus.com\/wp-content\/uploads\/2019\/01\/Millor_directiva_Premis_Funde_2014-768x1082.png 768w, https:\/\/grupnexus.com\/wp-content\/uploads\/2019\/01\/Millor_directiva_Premis_Funde_2014-545x768.png 545w, https:\/\/grupnexus.com\/wp-content\/uploads\/2019\/01\/Millor_directiva_Premis_Funde_2014-1140x1605.png 1140w, https:\/\/grupnexus.com\/wp-content\/uploads\/2019\/01\/Millor_directiva_Premis_Funde_2014-555x782.png 555w, https:\/\/grupnexus.com\/wp-content\/uploads\/2019\/01\/Millor_directiva_Premis_Funde_2014-360x507.png 360w, https:\/\/grupnexus.com\/wp-content\/uploads\/2019\/01\/Millor_directiva_Premis_Funde_2014-262x369.png 262w, https:\/\/grupnexus.com\/wp-content\/uploads\/2019\/01\/Millor_directiva_Premis_Funde_2014.png 1352w\" sizes=\"(max-width: 600px) 100vw, 600px\" \/><\/a><\/div>\n<div class=\"wpv-grid grid-1-2  unextended\" style=\"padding-top:0px;padding-bottom:0px\" id=\"wpv-column-453938f19d1fe1a953f547407fa83f9a\" ><p><a href=\"https:\/\/grupnexus.com\/wp-content\/uploads\/2019\/01\/Llibret_Premis_AP!_Lleida_2018.pdf\" target=\"_blank\" rel=\"noopener noreferrer\"><img loading=\"lazy\" class=\"aligncenter wp-image-25431\" src=\"https:\/\/grupnexus.com\/wp-content\/uploads\/2019\/01\/Igualtat_i_Conciliacio_CC_81_Premis_Ap_Lleida_2018-721x1024.png\" alt=\"\" width=\"600\" height=\"852\" srcset=\"https:\/\/grupnexus.com\/wp-content\/uploads\/2019\/01\/Igualtat_i_Conciliacio_CC_81_Premis_Ap_Lleida_2018-721x1024.png 721w, https:\/\/grupnexus.com\/wp-content\/uploads\/2019\/01\/Igualtat_i_Conciliacio_CC_81_Premis_Ap_Lleida_2018-510x724.png 510w, https:\/\/grupnexus.com\/wp-content\/uploads\/2019\/01\/Igualtat_i_Conciliacio_CC_81_Premis_Ap_Lleida_2018-211x300.png 211w, https:\/\/grupnexus.com\/wp-content\/uploads\/2019\/01\/Igualtat_i_Conciliacio_CC_81_Premis_Ap_Lleida_2018-768x1091.png 768w, https:\/\/grupnexus.com\/wp-content\/uploads\/2019\/01\/Igualtat_i_Conciliacio_CC_81_Premis_Ap_Lleida_2018-541x768.png 541w, https:\/\/grupnexus.com\/wp-content\/uploads\/2019\/01\/Igualtat_i_Conciliacio_CC_81_Premis_Ap_Lleida_2018-1140x1619.png 1140w, https:\/\/grupnexus.com\/wp-content\/uploads\/2019\/01\/Igualtat_i_Conciliacio_CC_81_Premis_Ap_Lleida_2018-555x788.png 555w, https:\/\/grupnexus.com\/wp-content\/uploads\/2019\/01\/Igualtat_i_Conciliacio_CC_81_Premis_Ap_Lleida_2018-360x511.png 360w, https:\/\/grupnexus.com\/wp-content\/uploads\/2019\/01\/Igualtat_i_Conciliacio_CC_81_Premis_Ap_Lleida_2018-262x372.png 262w, https:\/\/grupnexus.com\/wp-content\/uploads\/2019\/01\/Igualtat_i_Conciliacio_CC_81_Premis_Ap_Lleida_2018.png 1332w\" sizes=\"(max-width: 600px) 100vw, 600px\" \/><\/a><\/div><\/div><\/div><\/div>\n\t\t<h2 class=\"text-divider-double\">\t\t\t\nDoctoralia\t\t<\/h2>\t\t<div class=\"sep\"><\/div>\t\n<div class=\"row \"><div class=\"wpv-grid grid-1-1  wpv-first-level first unextended\" style=\"padding-top:0px;padding-bottom:0px\" id=\"wpv-column-135e9d942afa351803c0378b649af4a5\" ><div class=\"row \"><div class=\"wpv-grid grid-3-5  first unextended\" style=\"padding-top:0px;padding-bottom:0px\" id=\"wpv-column-e0e09ee6ae7c66f4a5f86f123b18ea79\" ><p>Nuestra Coordinadora, Sandra Grau, ha sido certificada por Doctoralia, como profesional de gesti\u00f3n administrativa y comunicaci\u00f3n. Un reconocimiento a sus habilidades y experiencia en gesti\u00f3n y atenci\u00f3n a los pacientes. Su figura es el coraz\u00f3n de todo centro m\u00e9dico.<\/div>\n<div class=\"wpv-grid grid-2-5  unextended\" style=\"padding-top:0px;padding-bottom:0px\" id=\"wpv-column-fd36da2da1fe7076be5609ca1fdb9edf\" ><p><img loading=\"lazy\" class=\"aligncenter wp-image-25050\" src=\"https:\/\/grupnexus.com\/wp-content\/uploads\/2018\/05\/sandra-grau.png\" alt=\"\" width=\"200\" height=\"287\" srcset=\"https:\/\/grupnexus.com\/wp-content\/uploads\/2018\/05\/sandra-grau.png 473w, https:\/\/grupnexus.com\/wp-content\/uploads\/2018\/05\/sandra-grau-209x300.png 209w, https:\/\/grupnexus.com\/wp-content\/uploads\/2018\/05\/sandra-grau-360x516.png 360w, https:\/\/grupnexus.com\/wp-content\/uploads\/2018\/05\/sandra-grau-262x376.png 262w\" sizes=\"(max-width: 200px) 100vw, 200px\" \/><\/div><\/div><\/div><\/div>\n\t\t<h2 class=\"text-divider-double\">\t\t\t\nMultiest\u00e9tica\t\t<\/h2>\t\t<div class=\"sep\"><\/div>\t\n<div class=\"row \"><div class=\"wpv-grid grid-3-5  wpv-first-level first unextended\" style=\"padding-top:0px;padding-bottom:0px\" id=\"wpv-column-ffe3df4c3dda41efe0e9b376153401b6\" ><p>El portal m\u00e9dico Multiest\u00e9tica reconoce a Cl\u00ednica Nexus el reconocimiento como uno de los 50 especialistas m\u00e1s recomendados en Medicina y Cirug\u00eda Est\u00e9tica del 2019 en Espa\u00f1a. La posici\u00f3n obtenida ha sido la 3 de 4.707 cl\u00ednicas.<\/div>\n<div class=\"wpv-grid grid-2-5  wpv-first-level unextended\" style=\"padding-top:0px;padding-bottom:0px\" id=\"wpv-column-fbd7489ba3b17576357102fc36b52f5f\" ><div style=\"text-align: center;\">\n<div id=\"box_awards_2019\" style=\"background-color: white; border-radius: 10px; box-shadow: 0 0 10px 0 rgba(0, 0, 0, 0.08); padding: 21px; max-width: 180px; display: inline-block;\" align=\"center\"><a href=\"https:\/\/www.multiestetica.com\/centros\/clinica-nexus\" target=\"_blank\" rel=\"noopener noreferrer\"><span style=\"display: table; width: auto; text-align: center; border-radius: 4px; border: 1px solid #4D92DF; padding: 5px 10px; color: #4d92df; margin: 19px auto 10px;\">Ver perfil<\/span><\/a><a href=\"https:\/\/www.multiestetica.com\/centros\/clinica-nexus\" target=\"_blank\" rel=\"noopener noreferrer\"><img loading=\"lazy\" class=\"aligncenter wp-image-52386 size-full\" src=\"https:\/\/grupnexus.com\/wp-content\/uploads\/2023\/04\/multiestetica.jpg\" alt=\"\" width=\"234\" height=\"56\" \/><\/a><\/div>\n<\/div><\/div><\/div>\n","protected":false},"excerpt":{"rendered":"<p>Nuestro equipo m\u00e9dico es miembro de las siguientes Sociedades: Cl\u00ednica Nexus trabaja bajo unos est\u00e1ndares de calidad y profesionalidad, que llegan a ser merecedores de premios. Orgullosos de estos reconocimientos, fruto del empuje y dedicaci\u00f3n diaria, queremos compartirlos todos y todas ustedes. Premio a la \u201cMillor directiva de l\u2019any\u201d atorgado a Montse Monjo Premios Funde&#8230;<\/p>\n","protected":false},"author":5,"featured_media":0,"parent":962,"menu_order":0,"comment_status":"closed","ping_status":"closed","template":"","meta":[],"yoast_head":"<!-- This site is optimized with the Yoast SEO plugin v18.6 - https:\/\/yoast.com\/wordpress\/plugins\/seo\/ -->\n<title>Acreditaciones y Reconocimientos - Cl\u00ednica Nexus<\/title>\n<meta name=\"description\" content=\"Nuestro equipo m\u00e9dico es miembro de las siguientes Sociedades:\" \/>\n<meta name=\"robots\" content=\"index, follow, max-snippet:-1, max-image-preview:large, max-video-preview:-1\" \/>\n<link rel=\"canonical\" href=\"https:\/\/grupnexus.com\/es\/grupo-nexus\/acreditaciones-y-reconocimientos\/\" \/>\n<meta property=\"og:locale\" content=\"es_ES\" \/>\n<meta property=\"og:type\" content=\"article\" \/>\n<meta property=\"og:title\" content=\"Acreditaciones y Reconocimientos - Cl\u00ednica Nexus\" \/>\n<meta property=\"og:description\" content=\"Nuestro equipo m\u00e9dico es miembro de las siguientes Sociedades:\" \/>\n<meta property=\"og:url\" content=\"https:\/\/grupnexus.com\/es\/grupo-nexus\/acreditaciones-y-reconocimientos\/\" \/>\n<meta property=\"og:site_name\" content=\"Cl\u00ednica Nexus\" \/>\n<meta property=\"article:modified_time\" content=\"2023-04-18T15:26:42+00:00\" \/>\n<meta property=\"og:image\" content=\"https:\/\/grupnexus.com\/wp-content\/uploads\/2019\/01\/Millor_directiva_Premis_Funde_2014-727x1024.png\" \/>\n<meta name=\"twitter:card\" content=\"summary\" \/>\n<meta name=\"twitter:label1\" content=\"Tiempo de lectura\" \/>\n\t<meta name=\"twitter:data1\" content=\"6 minutos\" \/>\n<script type=\"application\/ld+json\" class=\"yoast-schema-graph\">{\"@context\":\"https:\/\/schema.org\",\"@graph\":[{\"@type\":\"WebSite\",\"@id\":\"https:\/\/grupnexus.com\/es\/#website\",\"url\":\"https:\/\/grupnexus.com\/es\/\",\"name\":\"Cl\u00ednica Nexus\",\"description\":\"L\u00edders en Medicina Est\u00e8tica Avan\u00e7ada\",\"potentialAction\":[{\"@type\":\"SearchAction\",\"target\":{\"@type\":\"EntryPoint\",\"urlTemplate\":\"https:\/\/grupnexus.com\/es\/?s={search_term_string}\"},\"query-input\":\"required name=search_term_string\"}],\"inLanguage\":\"es\"},{\"@type\":\"ImageObject\",\"@id\":\"https:\/\/grupnexus.com\/es\/grupo-nexus\/acreditaciones-y-reconocimientos\/#primaryimage\",\"inLanguage\":\"es\",\"url\":\"https:\/\/grupnexus.com\/wp-content\/uploads\/2019\/01\/Millor_directiva_Premis_Funde_2014.png\",\"contentUrl\":\"https:\/\/grupnexus.com\/wp-content\/uploads\/2019\/01\/Millor_directiva_Premis_Funde_2014.png\",\"width\":1352,\"height\":1904},{\"@type\":\"WebPage\",\"@id\":\"https:\/\/grupnexus.com\/es\/grupo-nexus\/acreditaciones-y-reconocimientos\/#webpage\",\"url\":\"https:\/\/grupnexus.com\/es\/grupo-nexus\/acreditaciones-y-reconocimientos\/\",\"name\":\"Acreditaciones y Reconocimientos - Cl\u00ednica Nexus\",\"isPartOf\":{\"@id\":\"https:\/\/grupnexus.com\/es\/#website\"},\"primaryImageOfPage\":{\"@id\":\"https:\/\/grupnexus.com\/es\/grupo-nexus\/acreditaciones-y-reconocimientos\/#primaryimage\"},\"datePublished\":\"2015-01-21T07:08:23+00:00\",\"dateModified\":\"2023-04-18T15:26:42+00:00\",\"description\":\"Nuestro equipo m\u00e9dico es miembro de las siguientes Sociedades:\",\"breadcrumb\":{\"@id\":\"https:\/\/grupnexus.com\/es\/grupo-nexus\/acreditaciones-y-reconocimientos\/#breadcrumb\"},\"inLanguage\":\"es\",\"potentialAction\":[{\"@type\":\"ReadAction\",\"target\":[\"https:\/\/grupnexus.com\/es\/grupo-nexus\/acreditaciones-y-reconocimientos\/\"]}]},{\"@type\":\"BreadcrumbList\",\"@id\":\"https:\/\/grupnexus.com\/es\/grupo-nexus\/acreditaciones-y-reconocimientos\/#breadcrumb\",\"itemListElement\":[{\"@type\":\"ListItem\",\"position\":1,\"name\":\"Portada\",\"item\":\"https:\/\/grupnexus.com\/es\/\"},{\"@type\":\"ListItem\",\"position\":2,\"name\":\"Grupo Nexus\",\"item\":\"https:\/\/grupnexus.com\/es\/grupo-nexus\/\"},{\"@type\":\"ListItem\",\"position\":3,\"name\":\"Acreditaciones y Reconocimientos\"}]}]}<\/script>\n<!-- \/ Yoast SEO plugin. -->","yoast_head_json":{"title":"Acreditaciones y Reconocimientos - Cl\u00ednica Nexus","description":"Nuestro equipo m\u00e9dico es miembro de las siguientes Sociedades:","robots":{"index":"index","follow":"follow","max-snippet":"max-snippet:-1","max-image-preview":"max-image-preview:large","max-video-preview":"max-video-preview:-1"},"canonical":"https:\/\/grupnexus.com\/es\/grupo-nexus\/acreditaciones-y-reconocimientos\/","og_locale":"es_ES","og_type":"article","og_title":"Acreditaciones y Reconocimientos - Cl\u00ednica Nexus","og_description":"Nuestro equipo m\u00e9dico es miembro de las siguientes Sociedades:","og_url":"https:\/\/grupnexus.com\/es\/grupo-nexus\/acreditaciones-y-reconocimientos\/","og_site_name":"Cl\u00ednica Nexus","article_modified_time":"2023-04-18T15:26:42+00:00","og_image":[{"url":"https:\/\/grupnexus.com\/wp-content\/uploads\/2019\/01\/Millor_directiva_Premis_Funde_2014-727x1024.png"}],"twitter_card":"summary","twitter_misc":{"Tiempo de lectura":"6 minutos"},"schema":{"@context":"https:\/\/schema.org","@graph":[{"@type":"WebSite","@id":"https:\/\/grupnexus.com\/es\/#website","url":"https:\/\/grupnexus.com\/es\/","name":"Cl\u00ednica Nexus","description":"L\u00edders en Medicina Est\u00e8tica Avan\u00e7ada","potentialAction":[{"@type":"SearchAction","target":{"@type":"EntryPoint","urlTemplate":"https:\/\/grupnexus.com\/es\/?s={search_term_string}"},"query-input":"required name=search_term_string"}],"inLanguage":"es"},{"@type":"ImageObject","@id":"https:\/\/grupnexus.com\/es\/grupo-nexus\/acreditaciones-y-reconocimientos\/#primaryimage","inLanguage":"es","url":"https:\/\/grupnexus.com\/wp-content\/uploads\/2019\/01\/Millor_directiva_Premis_Funde_2014.png","contentUrl":"https:\/\/grupnexus.com\/wp-content\/uploads\/2019\/01\/Millor_directiva_Premis_Funde_2014.png","width":1352,"height":1904},{"@type":"WebPage","@id":"https:\/\/grupnexus.com\/es\/grupo-nexus\/acreditaciones-y-reconocimientos\/#webpage","url":"https:\/\/grupnexus.com\/es\/grupo-nexus\/acreditaciones-y-reconocimientos\/","name":"Acreditaciones y Reconocimientos - Cl\u00ednica Nexus","isPartOf":{"@id":"https:\/\/grupnexus.com\/es\/#website"},"primaryImageOfPage":{"@id":"https:\/\/grupnexus.com\/es\/grupo-nexus\/acreditaciones-y-reconocimientos\/#primaryimage"},"datePublished":"2015-01-21T07:08:23+00:00","dateModified":"2023-04-18T15:26:42+00:00","description":"Nuestro equipo m\u00e9dico es miembro de las siguientes Sociedades:","breadcrumb":{"@id":"https:\/\/grupnexus.com\/es\/grupo-nexus\/acreditaciones-y-reconocimientos\/#breadcrumb"},"inLanguage":"es","potentialAction":[{"@type":"ReadAction","target":["https:\/\/grupnexus.com\/es\/grupo-nexus\/acreditaciones-y-reconocimientos\/"]}]},{"@type":"BreadcrumbList","@id":"https:\/\/grupnexus.com\/es\/grupo-nexus\/acreditaciones-y-reconocimientos\/#breadcrumb","itemListElement":[{"@type":"ListItem","position":1,"name":"Portada","item":"https:\/\/grupnexus.com\/es\/"},{"@type":"ListItem","position":2,"name":"Grupo Nexus","item":"https:\/\/grupnexus.com\/es\/grupo-nexus\/"},{"@type":"ListItem","position":3,"name":"Acreditaciones y Reconocimientos"}]}]}},"_links":{"self":[{"href":"https:\/\/grupnexus.com\/es\/wp-json\/wp\/v2\/pages\/963"}],"collection":[{"href":"https:\/\/grupnexus.com\/es\/wp-json\/wp\/v2\/pages"}],"about":[{"href":"https:\/\/grupnexus.com\/es\/wp-json\/wp\/v2\/types\/page"}],"author":[{"embeddable":true,"href":"https:\/\/grupnexus.com\/es\/wp-json\/wp\/v2\/users\/5"}],"replies":[{"embeddable":true,"href":"https:\/\/grupnexus.com\/es\/wp-json\/wp\/v2\/comments?post=963"}],"version-history":[{"count":27,"href":"https:\/\/grupnexus.com\/es\/wp-json\/wp\/v2\/pages\/963\/revisions"}],"predecessor-version":[{"id":52388,"href":"https:\/\/grupnexus.com\/es\/wp-json\/wp\/v2\/pages\/963\/revisions\/52388"}],"up":[{"embeddable":true,"href":"https:\/\/grupnexus.com\/es\/wp-json\/wp\/v2\/pages\/962"}],"wp:attachment":[{"href":"https:\/\/grupnexus.com\/es\/wp-json\/wp\/v2\/media?parent=963"}],"curies":[{"name":"wp","href":"https:\/\/api.w.org\/{rel}","templated":true}]}}