{"id":987,"date":"2015-01-21T08:06:54","date_gmt":"2015-01-21T07:06:54","guid":{"rendered":"http:\/\/www.grupnexus.com\/grupo-nexus\/filosofia\/"},"modified":"2018-02-26T20:55:26","modified_gmt":"2018-02-26T18:55:26","slug":"filosofia","status":"publish","type":"page","link":"https:\/\/grupnexus.com\/es\/grupo-nexus\/filosofia\/","title":{"rendered":"Filosofia"},"content":{"rendered":"\t\t<h2 class=\"text-divider-double\">\t\t\t\nFilosofia\t\t<\/h2>\t\t<div class=\"sep\"><\/div>\t\n<p><img loading=\"lazy\" class=\"aligncenter wp-image-311 size-full\" src=\"\/wp-content\/uploads\/filosofia.jpg\" alt=\"filosofia\" width=\"1080\" height=\"622\" srcset=\"https:\/\/grupnexus.com\/wp-content\/uploads\/filosofia.jpg 1080w, https:\/\/grupnexus.com\/wp-content\/uploads\/filosofia-510x294.jpg 510w, https:\/\/grupnexus.com\/wp-content\/uploads\/filosofia-300x173.jpg 300w, https:\/\/grupnexus.com\/wp-content\/uploads\/filosofia-1024x590.jpg 1024w\" sizes=\"(max-width: 1080px) 100vw, 1080px\" \/><\/p>\n<div style=\"padding: 10px;\">\n<p>Nexus naci\u00f3 en 1996 a ra\u00edz de la uni\u00f3n de la Est\u00e9tica con la Salud.<\/p>\n<p>Desde entonces, los ejes principales sobre los que ha fundamentado su actuaci\u00f3n han sido la\u00a0<strong>seguridad m\u00e9dica y la salud del paciente.<\/strong><\/p>\n<p><strong>Esta forma de ejercer la Medicina Est\u00e9tica es la que aporta diferenciaci\u00f3n y valor a\u00f1adido a Nexus.<\/strong><\/p>\n<p>Los rasgos fundamentales de nuestra actividad como centro de Medicina Est\u00e9tica y Salud son:<\/p>\n<ul>\n<li>La amplia gama de servicios.<\/li>\n<li>La evoluci\u00f3n constante en la implantaci\u00f3n de las t\u00e9cnicas m\u00e1s innovadoras.<\/li>\n<li>Los aparatos de vanguardia y en exclusiva (en nuestras cl\u00ednicas).<\/li>\n<li>La especializaci\u00f3n y la preparaci\u00f3n cient\u00edfica del equipo profesional.<\/li>\n<\/ul>\n<p>Junto con:<\/p>\n<ul>\n<li>Los valores de nuestro equipo humano.<\/li>\n<li>Nuestra filosof\u00eda, que prima la seguridad, el rigor y la ciencia.<\/li>\n<li>Nuestra experiencia, con miles de pacientes satisfechos.<\/li>\n<li>Velar por el bienestar y la salud de nuestros pacientes.<\/li>\n<\/ul>\n<p>Todo ello ha hecho de Nexus el primer centro de Est\u00e9tica Integral para la Belleza y la Salud, adem\u00e1s de un referente a escala estatal<\/p>\n<\/div>\n<div class=\"loop-wrapper clearfix news scroll-x\">\n\t<div class=\"vamtam-cubeportfolio cbp cbp-slider-edge\" data-options=\"{&quot;layoutMode&quot;:&quot;slider&quot;,&quot;drag&quot;:true,&quot;auto&quot;:false,&quot;autoTimeout&quot;:5000,&quot;autoPauseOnHover&quot;:true,&quot;showNavigation&quot;:true,&quot;showPagination&quot;:false,&quot;scrollByPage&quot;:false,&quot;gridAdjustment&quot;:&quot;responsive&quot;,&quot;mediaQueries&quot;:[{&quot;width&quot;:937.5,&quot;cols&quot;:3},{&quot;width&quot;:615,&quot;cols&quot;:2},{&quot;width&quot;:292.5,&quot;cols&quot;:1}],&quot;gapHorizontal&quot;:0,&quot;gapVertical&quot;:30,&quot;displayTypeSpeed&quot;:100}\">\n\t\t\t\t\t\t<div class=\"page-content post-head list-item cbp-item post-14997 post type-post status-publish format-standard has-post-thumbnail hentry category-materiales-de-recursos category-prensa\">\n\t\t\t\t\t<div class=\"post-article has-image-wrapper \">\n\t<meta itemscope itemprop=\"mainEntityOfPage\" itemid=\"https:\/\/grupnexus.com\/es\/propositos-y-valores\/\" \/><meta itemprop=\"datePublished\" content=\"2018-02-26\" \/><meta itemprop=\"dateModified\" content=\"2018-03-01\" \/><meta itemprop=\"headline\" content=\"Prop\u00f3sitos y valores Nexus\" \/><div itemprop=\"publisher\" itemscope itemtype=\"https:\/\/schema.org\/Organization\"><meta itemprop=\"name\" content=\"Cl\u00ednica Nexus\"><meta itemprop=\"url\" content=\"https:\/\/grupnexus.com\/es\/\"><div itemprop=\"logo\" itemscope itemtype=\"https:\/\/schema.org\/ImageObject\"><meta itemprop=\"url\" content=\"https:\/\/grupnexus.com\/wp-content\/uploads\/LOGO-300x751.png\"><\/div><\/div><div itemscope itemprop=\"author\" itemtype=\"http:\/\/schema.org\/Person\"><meta itemprop=\"url\" content=\"https:\/\/grupnexus.com\/es\/author\/hst\/\" \/><meta itemprop=\"name\" content=\"Cl\u00ednica Nexus\" \/><\/div><div itemscope itemprop=\"image\" itemtype=\"http:\/\/schema.org\/ImageObject\"><meta itemprop=\"url\" content=\"https:\/\/grupnexus.com\/wp-content\/uploads\/2018\/02\/Valor-y-compromiso.jpg\" \/><meta itemprop=\"width\" content=\"1200\" \/><meta itemprop=\"height\" content=\"802\" \/><\/div><div itemprop=\"interactionStatistic\" itemscope itemtype=\"http:\/\/schema.org\/InteractionCounter\"><meta itemprop=\"interactionType\" content=\"http:\/\/schema.org\/CommentAction\" \/><meta itemprop=\"userInteractionCount\" content=\"0\" \/><\/div>\t<div class=\"standard-post-format clearfix as-image \">\n\t\t\t<div class=\"thumbnail\">\n\t\t\t\t\t\t<img width=\"360\" height=\"276\" src=\"https:\/\/grupnexus.com\/wp-content\/uploads\/2018\/02\/Valor-y-compromiso-360x276.jpg\" class=\"attachment-post-small-3 size-post-small-3 wp-post-image\" alt=\"valores nexus\" loading=\"lazy\" srcset=\"https:\/\/grupnexus.com\/wp-content\/uploads\/2018\/02\/Valor-y-compromiso-360x276.jpg 360w, https:\/\/grupnexus.com\/wp-content\/uploads\/2018\/02\/Valor-y-compromiso-480x369.jpg 480w, https:\/\/grupnexus.com\/wp-content\/uploads\/2018\/02\/Valor-y-compromiso-555x426.jpg 555w, https:\/\/grupnexus.com\/wp-content\/uploads\/2018\/02\/Valor-y-compromiso-262x201.jpg 262w\" sizes=\"(min-width: 900px) 50vw, 100vw\" \/>\t\t\t<\/div>\n\n\t<div class=\"post-content-wrapper\">\n\t\t\t\t<header class=\"single\">\n\t\t\t<div class=\"content\">\n\t\t\t\t<h3>\n\t\t\t\t\t<a href=\"https:\/\/grupnexus.com\/es\/propositos-y-valores\/\" title=\"Prop\u00f3sitos y valores Nexus\" class=\"entry-title\">Prop\u00f3sitos y valores Nexus<\/a>\n\t\t\t\t<\/h3>\n\t\t\t<\/div>\n\t\t<\/header>\n\t\n\t\t<div class=\"post-actions-wrapper\">\n\t\t\t\t\t\t\t<div class=\"post-date\">\n\t\t\t\t\t26 febrero, 2018\t\t\t\t<\/div>\n\t\t\t\t\t\t\t\t\t\t\n\t\t\t\t\t\t\t\t\t<\/div>\n\n\t\t<div class=\"post-content-outer\">\n\t\t\t<p>El fil\u00f3sofo Jean Paul Sartre dec\u00eda que, el \u00abcompromiso es un acto, no una palabra\u00bb&#8230;<\/p>\n\t\t<\/div>\n\n\t\t\t\t\t<div class=\"post-content-meta\">\n\t\t\t\t<div>\n\t\t\t\t\tPosted in:  <a href=\"https:\/\/grupnexus.com\/es\/category\/prensa\/materiales-de-recursos\/\" rel=\"category tag\">Materiales de recursos<\/a>, <a href=\"https:\/\/grupnexus.com\/es\/category\/prensa\/\" rel=\"category tag\">Prensa<\/a>\t\t\t\t<\/div>\n\t\t\t\t\t\t\t<\/div>\n\t\t\t<\/div>\n\t<\/div>\n<\/div>\n\t\t\t\t<\/div>\n\t\t\t\t<\/div>\n<\/div>\n\n\n<div class=\"sep\"><\/div>\n","protected":false},"excerpt":{"rendered":"<p>El fil\u00f3sofo Jean Paul Sartre dec\u00eda que, el \u00abcompromiso es un acto, no una palabra\u00bb y, aunque estamos ante palabras, son para explicaros actos, hechos que demuestran que somos y como somos: el resultado de un compromiso hacia la salud y el bienestar. Cl\u00ednica Nexus, hace 22 a\u00f1os, nace con una firme convicci\u00f3n:\u00a0 ser una&#8230;<\/p>\n","protected":false},"author":5,"featured_media":0,"parent":962,"menu_order":0,"comment_status":"closed","ping_status":"closed","template":"","meta":[],"yoast_head":"<!-- This site is optimized with the Yoast SEO plugin v18.6 - https:\/\/yoast.com\/wordpress\/plugins\/seo\/ -->\n<title>Filosofia - Cl\u00ednica Nexus<\/title>\n<meta name=\"robots\" content=\"index, follow, max-snippet:-1, max-image-preview:large, max-video-preview:-1\" \/>\n<link rel=\"canonical\" href=\"https:\/\/grupnexus.com\/es\/grupo-nexus\/filosofia\/\" \/>\n<meta property=\"og:locale\" content=\"es_ES\" \/>\n<meta property=\"og:type\" content=\"article\" \/>\n<meta property=\"og:title\" content=\"Filosofia - Cl\u00ednica Nexus\" \/>\n<meta property=\"og:description\" content=\"El fil\u00f3sofo Jean Paul Sartre dec\u00eda que, el \u00abcompromiso es un acto, no una palabra\u00bb y, aunque estamos ante palabras, son para explicaros actos, hechos que demuestran que somos y como somos: el resultado de un compromiso hacia la salud y el bienestar. Cl\u00ednica Nexus, hace 22 a\u00f1os, nace con una firme convicci\u00f3n:\u00a0 ser una...\" \/>\n<meta property=\"og:url\" content=\"https:\/\/grupnexus.com\/es\/grupo-nexus\/filosofia\/\" \/>\n<meta property=\"og:site_name\" content=\"Cl\u00ednica Nexus\" \/>\n<meta property=\"article:modified_time\" content=\"2018-02-26T18:55:26+00:00\" \/>\n<meta property=\"og:image\" content=\"https:\/\/grupnexus.com\/wp-content\/uploads\/filosofia.jpg\" \/>\n<meta name=\"twitter:card\" content=\"summary\" \/>\n<meta name=\"twitter:label1\" content=\"Tiempo de lectura\" \/>\n\t<meta name=\"twitter:data1\" content=\"1 minuto\" \/>\n<script type=\"application\/ld+json\" class=\"yoast-schema-graph\">{\"@context\":\"https:\/\/schema.org\",\"@graph\":[{\"@type\":\"WebSite\",\"@id\":\"https:\/\/grupnexus.com\/es\/#website\",\"url\":\"https:\/\/grupnexus.com\/es\/\",\"name\":\"Cl\u00ednica Nexus\",\"description\":\"L\u00edders en Medicina Est\u00e8tica Avan\u00e7ada\",\"potentialAction\":[{\"@type\":\"SearchAction\",\"target\":{\"@type\":\"EntryPoint\",\"urlTemplate\":\"https:\/\/grupnexus.com\/es\/?s={search_term_string}\"},\"query-input\":\"required name=search_term_string\"}],\"inLanguage\":\"es\"},{\"@type\":\"WebPage\",\"@id\":\"https:\/\/grupnexus.com\/es\/grupo-nexus\/filosofia\/#webpage\",\"url\":\"https:\/\/grupnexus.com\/es\/grupo-nexus\/filosofia\/\",\"name\":\"Filosofia - Cl\u00ednica Nexus\",\"isPartOf\":{\"@id\":\"https:\/\/grupnexus.com\/es\/#website\"},\"datePublished\":\"2015-01-21T07:06:54+00:00\",\"dateModified\":\"2018-02-26T18:55:26+00:00\",\"breadcrumb\":{\"@id\":\"https:\/\/grupnexus.com\/es\/grupo-nexus\/filosofia\/#breadcrumb\"},\"inLanguage\":\"es\",\"potentialAction\":[{\"@type\":\"ReadAction\",\"target\":[\"https:\/\/grupnexus.com\/es\/grupo-nexus\/filosofia\/\"]}]},{\"@type\":\"BreadcrumbList\",\"@id\":\"https:\/\/grupnexus.com\/es\/grupo-nexus\/filosofia\/#breadcrumb\",\"itemListElement\":[{\"@type\":\"ListItem\",\"position\":1,\"name\":\"Portada\",\"item\":\"https:\/\/grupnexus.com\/es\/\"},{\"@type\":\"ListItem\",\"position\":2,\"name\":\"Grupo Nexus\",\"item\":\"https:\/\/grupnexus.com\/es\/grupo-nexus\/\"},{\"@type\":\"ListItem\",\"position\":3,\"name\":\"Filosofia\"}]}]}<\/script>\n<!-- \/ Yoast SEO plugin. -->","yoast_head_json":{"title":"Filosofia - Cl\u00ednica Nexus","robots":{"index":"index","follow":"follow","max-snippet":"max-snippet:-1","max-image-preview":"max-image-preview:large","max-video-preview":"max-video-preview:-1"},"canonical":"https:\/\/grupnexus.com\/es\/grupo-nexus\/filosofia\/","og_locale":"es_ES","og_type":"article","og_title":"Filosofia - Cl\u00ednica Nexus","og_description":"El fil\u00f3sofo Jean Paul Sartre dec\u00eda que, el \u00abcompromiso es un acto, no una palabra\u00bb y, aunque estamos ante palabras, son para explicaros actos, hechos que demuestran que somos y como somos: el resultado de un compromiso hacia la salud y el bienestar. Cl\u00ednica Nexus, hace 22 a\u00f1os, nace con una firme convicci\u00f3n:\u00a0 ser una...","og_url":"https:\/\/grupnexus.com\/es\/grupo-nexus\/filosofia\/","og_site_name":"Cl\u00ednica Nexus","article_modified_time":"2018-02-26T18:55:26+00:00","og_image":[{"url":"https:\/\/grupnexus.com\/wp-content\/uploads\/filosofia.jpg"}],"twitter_card":"summary","twitter_misc":{"Tiempo de lectura":"1 minuto"},"schema":{"@context":"https:\/\/schema.org","@graph":[{"@type":"WebSite","@id":"https:\/\/grupnexus.com\/es\/#website","url":"https:\/\/grupnexus.com\/es\/","name":"Cl\u00ednica Nexus","description":"L\u00edders en Medicina Est\u00e8tica Avan\u00e7ada","potentialAction":[{"@type":"SearchAction","target":{"@type":"EntryPoint","urlTemplate":"https:\/\/grupnexus.com\/es\/?s={search_term_string}"},"query-input":"required name=search_term_string"}],"inLanguage":"es"},{"@type":"WebPage","@id":"https:\/\/grupnexus.com\/es\/grupo-nexus\/filosofia\/#webpage","url":"https:\/\/grupnexus.com\/es\/grupo-nexus\/filosofia\/","name":"Filosofia - Cl\u00ednica Nexus","isPartOf":{"@id":"https:\/\/grupnexus.com\/es\/#website"},"datePublished":"2015-01-21T07:06:54+00:00","dateModified":"2018-02-26T18:55:26+00:00","breadcrumb":{"@id":"https:\/\/grupnexus.com\/es\/grupo-nexus\/filosofia\/#breadcrumb"},"inLanguage":"es","potentialAction":[{"@type":"ReadAction","target":["https:\/\/grupnexus.com\/es\/grupo-nexus\/filosofia\/"]}]},{"@type":"BreadcrumbList","@id":"https:\/\/grupnexus.com\/es\/grupo-nexus\/filosofia\/#breadcrumb","itemListElement":[{"@type":"ListItem","position":1,"name":"Portada","item":"https:\/\/grupnexus.com\/es\/"},{"@type":"ListItem","position":2,"name":"Grupo Nexus","item":"https:\/\/grupnexus.com\/es\/grupo-nexus\/"},{"@type":"ListItem","position":3,"name":"Filosofia"}]}]}},"_links":{"self":[{"href":"https:\/\/grupnexus.com\/es\/wp-json\/wp\/v2\/pages\/987"}],"collection":[{"href":"https:\/\/grupnexus.com\/es\/wp-json\/wp\/v2\/pages"}],"about":[{"href":"https:\/\/grupnexus.com\/es\/wp-json\/wp\/v2\/types\/page"}],"author":[{"embeddable":true,"href":"https:\/\/grupnexus.com\/es\/wp-json\/wp\/v2\/users\/5"}],"replies":[{"embeddable":true,"href":"https:\/\/grupnexus.com\/es\/wp-json\/wp\/v2\/comments?post=987"}],"version-history":[{"count":4,"href":"https:\/\/grupnexus.com\/es\/wp-json\/wp\/v2\/pages\/987\/revisions"}],"predecessor-version":[{"id":15003,"href":"https:\/\/grupnexus.com\/es\/wp-json\/wp\/v2\/pages\/987\/revisions\/15003"}],"up":[{"embeddable":true,"href":"https:\/\/grupnexus.com\/es\/wp-json\/wp\/v2\/pages\/962"}],"wp:attachment":[{"href":"https:\/\/grupnexus.com\/es\/wp-json\/wp\/v2\/media?parent=987"}],"curies":[{"name":"wp","href":"https:\/\/api.w.org\/{rel}","templated":true}]}}