{"id":989,"date":"2015-02-10T12:37:37","date_gmt":"2015-02-10T11:37:37","guid":{"rendered":"http:\/\/www.grupnexus.com\/noticies-2\/"},"modified":"2015-10-05T20:17:04","modified_gmt":"2015-10-05T18:17:04","slug":"noticias","status":"publish","type":"page","link":"https:\/\/grupnexus.com\/es\/noticias\/","title":{"rendered":"Noticias"},"content":{"rendered":"<div class=\"loop-wrapper clearfix regular normal paginated\" data-columns=\"1\"  >\n\t\t<div class=\"page-content post-header clearfix list-item post-50637 post type-post status-publish format-standard has-post-thumbnail hentry category-actualidad category-blog category-podcast tag-bellezaemocional-es tag-podcastsegre-es tag-nexus-es\" itemscope=\"itemscope\" itemtype=\"http:\/\/schema.org\/BlogPosting\">\n\t\t\t<div>\n\t\t\t\t<div class=\"post-article has-image-wrapper \">\n\t<meta itemscope itemprop=\"mainEntityOfPage\" itemid=\"https:\/\/grupnexus.com\/es\/como-cuidar-tu-piel-antiaging-y-wellaging\/\" \/><meta itemprop=\"datePublished\" content=\"2024-09-02\" \/><meta itemprop=\"dateModified\" content=\"2024-09-05\" \/><meta itemprop=\"headline\" content=\"Como cuidar tu piel Antiaging y Wellaging\" \/><div itemprop=\"publisher\" itemscope itemtype=\"https:\/\/schema.org\/Organization\"><meta itemprop=\"name\" content=\"Cl\u00ednica Nexus\"><meta itemprop=\"url\" content=\"https:\/\/grupnexus.com\/es\/\"><div itemprop=\"logo\" itemscope itemtype=\"https:\/\/schema.org\/ImageObject\"><meta itemprop=\"url\" content=\"https:\/\/grupnexus.com\/wp-content\/uploads\/LOGO-300x751.png\"><\/div><\/div><div itemscope itemprop=\"author\" itemtype=\"http:\/\/schema.org\/Person\"><meta itemprop=\"url\" content=\"https:\/\/grupnexus.com\/es\/author\/administrador\/\" \/><meta itemprop=\"name\" content=\"Nexus\" \/><\/div><div itemscope itemprop=\"image\" itemtype=\"http:\/\/schema.org\/ImageObject\"><meta itemprop=\"url\" content=\"https:\/\/grupnexus.com\/wp-content\/uploads\/2022\/06\/dr-pinos-podcast.jpg\" \/><meta itemprop=\"width\" content=\"386\" \/><meta itemprop=\"height\" content=\"234\" \/><\/div><div itemprop=\"interactionStatistic\" itemscope itemtype=\"http:\/\/schema.org\/InteractionCounter\"><meta itemprop=\"interactionType\" content=\"http:\/\/schema.org\/CommentAction\" \/><meta itemprop=\"userInteractionCount\" content=\"0\" \/><\/div>\t<div class=\"standard-post-format clearfix as-image \">\n\t\t<div class=\"post-row\">\n\t<div class=\"post-row-left\">\n\t\n<div class=\"post-date\">\n\t\t\t<span class=\"top-part\">\n\t\t\t02\t\t<\/span>\n\t\t<span class=\"bottom-part\">\n\t\t\t09 '24\t\t<\/span>\n\t<\/div><\/div>\n\t<div class=\"post-row-center\">\n\t\t\t\t\t<div class=\"post-media\">\n\t\t\t\t<div class='media-inner'>\n\t\t\t\t\t\n\t\t\t\t\t<img width=\"386\" height=\"234\" src=\"https:\/\/grupnexus.com\/wp-content\/uploads\/2022\/06\/dr-pinos-podcast.jpg\" class=\"attachment-post-loop size-post-loop wp-post-image\" alt=\"\" loading=\"lazy\" srcset=\"https:\/\/grupnexus.com\/wp-content\/uploads\/2022\/06\/dr-pinos-podcast.jpg 386w, https:\/\/grupnexus.com\/wp-content\/uploads\/2022\/06\/dr-pinos-podcast-300x182.jpg 300w, https:\/\/grupnexus.com\/wp-content\/uploads\/2022\/06\/dr-pinos-podcast-292x177.jpg 292w\" sizes=\"(min-width: 900px) 50vw, 100vw\" \/>\n\t\t\t\t\t\t\t\t\t<\/div>\n\t\t\t<\/div>\n\t\t\t\t<div class=\"post-content-outer\">\n\t\t\t\t\t<header class=\"single\">\n\t\t\t<div class=\"content\">\n\t\t\t\t\t\t\t\t<h3>\n\t\t\t\t\t<a href=\"https:\/\/grupnexus.com\/es\/como-cuidar-tu-piel-antiaging-y-wellaging\/\" title=\"Como cuidar tu piel Antiaging y Wellaging\">Como cuidar tu piel Antiaging y Wellaging<\/a>\n\t\t\t\t<\/h3>\n\t\t\t<\/div>\n\t\t<\/header>\n\t<div class=\"post-content the-content\">\n\t<p>En esta segunda entrega de nuestro podcast \u201cBelleza emocional con Nexus\u201d hablamos con el doctor Samuel Pin\u00f3s, director m\u00e9dico de Cl\u00ednica Nexus, sobre como cuidar tu piel seg\u00fan tu edad. A partir de los 40 a\u00f1os empezamos a ver m\u00e1s cambios en nuestra piel y nuestro cuerpo, pero, \u00bfa partir de qu\u00e9 edad debemos empezar&#8230;<\/p>\n<\/div><div class=\"post-meta\">\n\t<nav class=\"clearfix\">\n\t\t\n\t\t\t\t\t\t\t\t\t<div><span class=\"icon\">&#57451;<\/span><span class=\"visuallyhidden\">Category<\/span><a href=\"https:\/\/grupnexus.com\/es\/category\/blog\/actualidad\/\" rel=\"category tag\">Actualidad<\/a>, <a href=\"https:\/\/grupnexus.com\/es\/category\/blog\/\" rel=\"category tag\">Blog<\/a>, <a href=\"https:\/\/grupnexus.com\/es\/category\/prensa\/podcast\/\" rel=\"category tag\">Podcast<\/a><\/div>\n\t\t\t\t<div class=\"the-tags\"><span class=\"icon\">&#57461;<\/span><span class=\"visuallyhidden\">Category<\/span><a href=\"https:\/\/grupnexus.com\/es\/tag\/bellezaemocional-es\/\" rel=\"tag\">#Bellezaemocional<\/a>, <a href=\"https:\/\/grupnexus.com\/es\/tag\/podcastsegre-es\/\" rel=\"tag\">#Podcastsegre<\/a>, <a href=\"https:\/\/grupnexus.com\/es\/tag\/nexus-es\/\" rel=\"tag\">nexus<\/a><\/div>\t\t\t\t\t\t\t\t<\/nav>\n<\/div>\t\t<\/div>\n\t<\/div>\n<\/div>\t<\/div>\n<\/div>\n\t\t\t<\/div>\n\t\t<\/div>\n\t\t<div class=\"page-content post-header clearfix list-item post-50675 post type-post status-publish format-standard has-post-thumbnail hentry category-actualidad category-blog category-podcast tag-bellezaemocional-es tag-podcastsegre-es tag-nexus-es\" itemscope=\"itemscope\" itemtype=\"http:\/\/schema.org\/BlogPosting\">\n\t\t\t<div>\n\t\t\t\t<div class=\"post-article has-image-wrapper \">\n\t<meta itemscope itemprop=\"mainEntityOfPage\" itemid=\"https:\/\/grupnexus.com\/es\/tratamientos-medico-esteticos-especial-verano\/\" \/><meta itemprop=\"datePublished\" content=\"2024-06-21\" \/><meta itemprop=\"dateModified\" content=\"2024-09-05\" \/><meta itemprop=\"headline\" content=\"Tratamientos m\u00e9dico-est\u00e9ticos especial verano\" \/><div itemprop=\"publisher\" itemscope itemtype=\"https:\/\/schema.org\/Organization\"><meta itemprop=\"name\" content=\"Cl\u00ednica Nexus\"><meta itemprop=\"url\" content=\"https:\/\/grupnexus.com\/es\/\"><div itemprop=\"logo\" itemscope itemtype=\"https:\/\/schema.org\/ImageObject\"><meta itemprop=\"url\" content=\"https:\/\/grupnexus.com\/wp-content\/uploads\/LOGO-300x751.png\"><\/div><\/div><div itemscope itemprop=\"author\" itemtype=\"http:\/\/schema.org\/Person\"><meta itemprop=\"url\" content=\"https:\/\/grupnexus.com\/es\/author\/administrador\/\" \/><meta itemprop=\"name\" content=\"Nexus\" \/><\/div><div itemscope itemprop=\"image\" itemtype=\"http:\/\/schema.org\/ImageObject\"><meta itemprop=\"url\" content=\"https:\/\/grupnexus.com\/wp-content\/uploads\/2022\/03\/64d917b18ee008d11c4309792856d8df.jpg\" \/><meta itemprop=\"width\" content=\"720\" \/><meta itemprop=\"height\" content=\"720\" \/><\/div><div itemprop=\"interactionStatistic\" itemscope itemtype=\"http:\/\/schema.org\/InteractionCounter\"><meta itemprop=\"interactionType\" content=\"http:\/\/schema.org\/CommentAction\" \/><meta itemprop=\"userInteractionCount\" content=\"0\" \/><\/div>\t<div class=\"standard-post-format clearfix as-image \">\n\t\t<div class=\"post-row\">\n\t<div class=\"post-row-left\">\n\t\n<div class=\"post-date\">\n\t\t\t<span class=\"top-part\">\n\t\t\t21\t\t<\/span>\n\t\t<span class=\"bottom-part\">\n\t\t\t06 '24\t\t<\/span>\n\t<\/div><\/div>\n\t<div class=\"post-row-center\">\n\t\t\t\t\t<div class=\"post-media\">\n\t\t\t\t<div class='media-inner'>\n\t\t\t\t\t\n\t\t\t\t\t<img width=\"480\" height=\"369\" src=\"https:\/\/grupnexus.com\/wp-content\/uploads\/2022\/03\/64d917b18ee008d11c4309792856d8df-480x369.jpg\" class=\"attachment-post-loop size-post-loop wp-post-image\" alt=\"\" loading=\"lazy\" srcset=\"https:\/\/grupnexus.com\/wp-content\/uploads\/2022\/03\/64d917b18ee008d11c4309792856d8df-480x369.jpg 480w, https:\/\/grupnexus.com\/wp-content\/uploads\/2022\/03\/64d917b18ee008d11c4309792856d8df-615x473.jpg 615w, https:\/\/grupnexus.com\/wp-content\/uploads\/2022\/03\/64d917b18ee008d11c4309792856d8df-400x307.jpg 400w, https:\/\/grupnexus.com\/wp-content\/uploads\/2022\/03\/64d917b18ee008d11c4309792856d8df-292x225.jpg 292w\" sizes=\"(min-width: 900px) 50vw, 100vw\" \/>\n\t\t\t\t\t\t\t\t\t<\/div>\n\t\t\t<\/div>\n\t\t\t\t<div class=\"post-content-outer\">\n\t\t\t\t\t<header class=\"single\">\n\t\t\t<div class=\"content\">\n\t\t\t\t\t\t\t\t<h3>\n\t\t\t\t\t<a href=\"https:\/\/grupnexus.com\/es\/tratamientos-medico-esteticos-especial-verano\/\" title=\"Tratamientos m\u00e9dico-est\u00e9ticos especial verano\">Tratamientos m\u00e9dico-est\u00e9ticos especial verano<\/a>\n\t\t\t\t<\/h3>\n\t\t\t<\/div>\n\t\t<\/header>\n\t<div class=\"post-content the-content\">\n\t<p>En nuestra tercera entrega del podcast \u201cBelleza emocional con Nexus\u201d, Montse Monjo, directora gerente de Cl\u00ednica Nexus, nos revela los tratamientos faciales y corporales que triunfan en verano. Un par de meses antes del verano, empezamos a vernos esos \u201cdefectos o complejos\u201d como la flacidez, la celulitis, o la grasa localizada\u2026 que quedar\u00e1 al descubierto&#8230;<\/p>\n<\/div><div class=\"post-meta\">\n\t<nav class=\"clearfix\">\n\t\t\n\t\t\t\t\t\t\t\t\t<div><span class=\"icon\">&#57451;<\/span><span class=\"visuallyhidden\">Category<\/span><a href=\"https:\/\/grupnexus.com\/es\/category\/blog\/actualidad\/\" rel=\"category tag\">Actualidad<\/a>, <a href=\"https:\/\/grupnexus.com\/es\/category\/blog\/\" rel=\"category tag\">Blog<\/a>, <a href=\"https:\/\/grupnexus.com\/es\/category\/prensa\/podcast\/\" rel=\"category tag\">Podcast<\/a><\/div>\n\t\t\t\t<div class=\"the-tags\"><span class=\"icon\">&#57461;<\/span><span class=\"visuallyhidden\">Category<\/span><a href=\"https:\/\/grupnexus.com\/es\/tag\/bellezaemocional-es\/\" rel=\"tag\">#Bellezaemocional<\/a>, <a href=\"https:\/\/grupnexus.com\/es\/tag\/podcastsegre-es\/\" rel=\"tag\">#Podcastsegre<\/a>, <a href=\"https:\/\/grupnexus.com\/es\/tag\/nexus-es\/\" rel=\"tag\">nexus<\/a><\/div>\t\t\t\t\t\t\t\t<\/nav>\n<\/div>\t\t<\/div>\n\t<\/div>\n<\/div>\t<\/div>\n<\/div>\n\t\t\t<\/div>\n\t\t<\/div>\n\t\t<div class=\"page-content post-header clearfix list-item post-51985 post type-post status-publish format-standard has-post-thumbnail hentry category-actualidad category-nota-de-prensa category-prensa\" itemscope=\"itemscope\" itemtype=\"http:\/\/schema.org\/BlogPosting\">\n\t\t\t<div>\n\t\t\t\t<div class=\"post-article has-image-wrapper \">\n\t<meta itemscope itemprop=\"mainEntityOfPage\" itemid=\"https:\/\/grupnexus.com\/es\/clinica-nexus-la-primera-del-estado-espanol-en-ofrecer-el-tratamiento-cynoglow\/\" \/><meta itemprop=\"datePublished\" content=\"2023-01-30\" \/><meta itemprop=\"dateModified\" content=\"2023-01-30\" \/><meta itemprop=\"headline\" content=\"Cl\u00ednica Nexus, la primera del estado espa\u00f1ol en ofrecer el tratamiento CYNOGLOW\" \/><div itemprop=\"publisher\" itemscope itemtype=\"https:\/\/schema.org\/Organization\"><meta itemprop=\"name\" content=\"Cl\u00ednica Nexus\"><meta itemprop=\"url\" content=\"https:\/\/grupnexus.com\/es\/\"><div itemprop=\"logo\" itemscope itemtype=\"https:\/\/schema.org\/ImageObject\"><meta itemprop=\"url\" content=\"https:\/\/grupnexus.com\/wp-content\/uploads\/LOGO-300x751.png\"><\/div><\/div><div itemscope itemprop=\"author\" itemtype=\"http:\/\/schema.org\/Person\"><meta itemprop=\"url\" content=\"https:\/\/grupnexus.com\/es\/author\/administrador\/\" \/><meta itemprop=\"name\" content=\"Nexus\" \/><\/div><div itemscope itemprop=\"image\" itemtype=\"http:\/\/schema.org\/ImageObject\"><meta itemprop=\"url\" content=\"https:\/\/grupnexus.com\/wp-content\/uploads\/2023\/01\/Dr-Pinos_Picosure-Pro.jpg\" \/><meta itemprop=\"width\" content=\"1920\" \/><meta itemprop=\"height\" content=\"1080\" \/><\/div><div itemprop=\"interactionStatistic\" itemscope itemtype=\"http:\/\/schema.org\/InteractionCounter\"><meta itemprop=\"interactionType\" content=\"http:\/\/schema.org\/CommentAction\" \/><meta itemprop=\"userInteractionCount\" content=\"0\" \/><\/div>\t<div class=\"standard-post-format clearfix as-image \">\n\t\t<div class=\"post-row\">\n\t<div class=\"post-row-left\">\n\t\n<div class=\"post-date\">\n\t\t\t<span class=\"top-part\">\n\t\t\t30\t\t<\/span>\n\t\t<span class=\"bottom-part\">\n\t\t\t01 '23\t\t<\/span>\n\t<\/div><\/div>\n\t<div class=\"post-row-center\">\n\t\t\t\t\t<div class=\"post-media\">\n\t\t\t\t<div class='media-inner'>\n\t\t\t\t\t\n\t\t\t\t\t<img width=\"480\" height=\"369\" src=\"https:\/\/grupnexus.com\/wp-content\/uploads\/2023\/01\/Dr-Pinos_Picosure-Pro-480x369.jpg\" class=\"attachment-post-loop size-post-loop wp-post-image\" alt=\"\" loading=\"lazy\" srcset=\"https:\/\/grupnexus.com\/wp-content\/uploads\/2023\/01\/Dr-Pinos_Picosure-Pro-480x369.jpg 480w, https:\/\/grupnexus.com\/wp-content\/uploads\/2023\/01\/Dr-Pinos_Picosure-Pro-1260x969.jpg 1260w, https:\/\/grupnexus.com\/wp-content\/uploads\/2023\/01\/Dr-Pinos_Picosure-Pro-615x473.jpg 615w, https:\/\/grupnexus.com\/wp-content\/uploads\/2023\/01\/Dr-Pinos_Picosure-Pro-400x307.jpg 400w, https:\/\/grupnexus.com\/wp-content\/uploads\/2023\/01\/Dr-Pinos_Picosure-Pro-292x225.jpg 292w\" sizes=\"(min-width: 900px) 50vw, 100vw\" \/>\n\t\t\t\t\t\t\t\t\t<\/div>\n\t\t\t<\/div>\n\t\t\t\t<div class=\"post-content-outer\">\n\t\t\t\t\t<header class=\"single\">\n\t\t\t<div class=\"content\">\n\t\t\t\t\t\t\t\t<h3>\n\t\t\t\t\t<a href=\"https:\/\/grupnexus.com\/es\/clinica-nexus-la-primera-del-estado-espanol-en-ofrecer-el-tratamiento-cynoglow\/\" title=\"Cl\u00ednica Nexus, la primera del estado espa\u00f1ol en ofrecer el tratamiento CYNOGLOW\">Cl\u00ednica Nexus, la primera del estado espa\u00f1ol en ofrecer el tratamiento CYNOGLOW<\/a>\n\t\t\t\t<\/h3>\n\t\t\t<\/div>\n\t\t<\/header>\n\t<div class=\"post-content the-content\">\n\t<p>&nbsp; Cynoglow combina el l\u00e1ser Picosure Pro y su lente Focus junto a Potenza, la \u00faltima generaci\u00f3n de Radiofrecuencia con microagujas del sector Una nueva v\u00eda terap\u00e9utica con extensas aplicaciones m\u00e9dico-est\u00e9ticas Cl\u00ednica Nexus este a\u00f1o celebra su 25 aniversario &nbsp; &nbsp; Lleida, 30 de enero de 2023.- Cl\u00ednica Nexus, que este a\u00f1o celebra su 25&#8230;<\/p>\n<\/div><div class=\"post-meta\">\n\t<nav class=\"clearfix\">\n\t\t\n\t\t\t\t\t\t\t\t\t<div><span class=\"icon\">&#57451;<\/span><span class=\"visuallyhidden\">Category<\/span><a href=\"https:\/\/grupnexus.com\/es\/category\/blog\/actualidad\/\" rel=\"category tag\">Actualidad<\/a>, <a href=\"https:\/\/grupnexus.com\/es\/category\/prensa\/nota-de-prensa\/\" rel=\"category tag\">Notas de prensa<\/a>, <a href=\"https:\/\/grupnexus.com\/es\/category\/prensa\/\" rel=\"category tag\">Prensa<\/a><\/div>\n\t\t\t\t\t\t\t\t\t\t\t\t<\/nav>\n<\/div>\t\t<\/div>\n\t<\/div>\n<\/div>\t<\/div>\n<\/div>\n\t\t\t<\/div>\n\t\t<\/div>\n\t\t<div class=\"page-content post-header clearfix list-item post-51965 post type-post status-publish format-standard has-post-thumbnail hentry category-actualidad category-blog category-noticias category-prensa\" itemscope=\"itemscope\" itemtype=\"http:\/\/schema.org\/BlogPosting\">\n\t\t\t<div>\n\t\t\t\t<div class=\"post-article has-image-wrapper \">\n\t<meta itemscope itemprop=\"mainEntityOfPage\" itemid=\"https:\/\/grupnexus.com\/es\/open-padel-nexus-2023\/\" \/><meta itemprop=\"datePublished\" content=\"2023-01-24\" \/><meta itemprop=\"dateModified\" content=\"2023-01-24\" \/><meta itemprop=\"headline\" content=\"Open P\u00e1del Nexus 2023\" \/><div itemprop=\"publisher\" itemscope itemtype=\"https:\/\/schema.org\/Organization\"><meta itemprop=\"name\" content=\"Cl\u00ednica Nexus\"><meta itemprop=\"url\" content=\"https:\/\/grupnexus.com\/es\/\"><div itemprop=\"logo\" itemscope itemtype=\"https:\/\/schema.org\/ImageObject\"><meta itemprop=\"url\" content=\"https:\/\/grupnexus.com\/wp-content\/uploads\/LOGO-300x751.png\"><\/div><\/div><div itemscope itemprop=\"author\" itemtype=\"http:\/\/schema.org\/Person\"><meta itemprop=\"url\" content=\"https:\/\/grupnexus.com\/es\/author\/administrador\/\" \/><meta itemprop=\"name\" content=\"Nexus\" \/><\/div><div itemscope itemprop=\"image\" itemtype=\"http:\/\/schema.org\/ImageObject\"><meta itemprop=\"url\" content=\"https:\/\/grupnexus.com\/wp-content\/uploads\/2023\/01\/9385-scaled.jpg\" \/><meta itemprop=\"width\" content=\"2560\" \/><meta itemprop=\"height\" content=\"1920\" \/><\/div><div itemprop=\"interactionStatistic\" itemscope itemtype=\"http:\/\/schema.org\/InteractionCounter\"><meta itemprop=\"interactionType\" content=\"http:\/\/schema.org\/CommentAction\" \/><meta itemprop=\"userInteractionCount\" content=\"0\" \/><\/div>\t<div class=\"standard-post-format clearfix as-image \">\n\t\t<div class=\"post-row\">\n\t<div class=\"post-row-left\">\n\t\n<div class=\"post-date\">\n\t\t\t<span class=\"top-part\">\n\t\t\t24\t\t<\/span>\n\t\t<span class=\"bottom-part\">\n\t\t\t01 '23\t\t<\/span>\n\t<\/div><\/div>\n\t<div class=\"post-row-center\">\n\t\t\t\t\t<div class=\"post-media\">\n\t\t\t\t<div class='media-inner'>\n\t\t\t\t\t\n\t\t\t\t\t<img width=\"480\" height=\"369\" src=\"https:\/\/grupnexus.com\/wp-content\/uploads\/2023\/01\/9385-480x369.jpg\" class=\"attachment-post-loop size-post-loop wp-post-image\" alt=\"\" loading=\"lazy\" srcset=\"https:\/\/grupnexus.com\/wp-content\/uploads\/2023\/01\/9385-480x369.jpg 480w, https:\/\/grupnexus.com\/wp-content\/uploads\/2023\/01\/9385-1260x969.jpg 1260w, https:\/\/grupnexus.com\/wp-content\/uploads\/2023\/01\/9385-615x473.jpg 615w, https:\/\/grupnexus.com\/wp-content\/uploads\/2023\/01\/9385-400x307.jpg 400w, https:\/\/grupnexus.com\/wp-content\/uploads\/2023\/01\/9385-292x225.jpg 292w\" sizes=\"(min-width: 900px) 50vw, 100vw\" \/>\n\t\t\t\t\t\t\t\t\t<\/div>\n\t\t\t<\/div>\n\t\t\t\t<div class=\"post-content-outer\">\n\t\t\t\t\t<header class=\"single\">\n\t\t\t<div class=\"content\">\n\t\t\t\t\t\t\t\t<h3>\n\t\t\t\t\t<a href=\"https:\/\/grupnexus.com\/es\/open-padel-nexus-2023\/\" title=\"Open P\u00e1del Nexus 2023\">Open P\u00e1del Nexus 2023<\/a>\n\t\t\t\t<\/h3>\n\t\t\t<\/div>\n\t\t<\/header>\n\t<div class=\"post-content the-content\">\n\t<p>&nbsp; Con el af\u00e1n de promover la salud y el deporte, Cl\u00ednica Nexus ha celebrado de nuevo el Open P\u00e1del Nexus en Padel Indoor de Lleida, del 9 al 22 de enero de este a\u00f1o. Empezar el a\u00f1o con el prop\u00f3sito de compartir todos los valores que un deporte como el p\u00e1del simboliza: cooperaci\u00f3n, compa\u00f1erismo,&#8230;<\/p>\n<\/div><div class=\"post-meta\">\n\t<nav class=\"clearfix\">\n\t\t\n\t\t\t\t\t\t\t\t\t<div><span class=\"icon\">&#57451;<\/span><span class=\"visuallyhidden\">Category<\/span><a href=\"https:\/\/grupnexus.com\/es\/category\/blog\/actualidad\/\" rel=\"category tag\">Actualidad<\/a>, <a href=\"https:\/\/grupnexus.com\/es\/category\/blog\/\" rel=\"category tag\">Blog<\/a>, <a href=\"https:\/\/grupnexus.com\/es\/category\/prensa\/noticias\/\" rel=\"category tag\">Noticias<\/a>, <a href=\"https:\/\/grupnexus.com\/es\/category\/prensa\/\" rel=\"category tag\">Prensa<\/a><\/div>\n\t\t\t\t\t\t\t\t\t\t\t\t<\/nav>\n<\/div>\t\t<\/div>\n\t<\/div>\n<\/div>\t<\/div>\n<\/div>\n\t\t\t<\/div>\n\t\t<\/div>\n\t\t<div class=\"page-content post-header clearfix list-item post-1181 post type-post status-publish format-video hentry category-noticias post_format-post-format-video\" itemscope=\"itemscope\" itemtype=\"http:\/\/schema.org\/BlogPosting\">\n\t\t\t<div>\n\t\t\t\t<div class=\"post-article has-image-wrapper \">\n\t<meta itemscope itemprop=\"mainEntityOfPage\" itemid=\"https:\/\/grupnexus.com\/es\/criolipolisi-medica\/\" \/><meta itemprop=\"datePublished\" content=\"2022-11-23\" \/><meta itemprop=\"dateModified\" content=\"2022-11-23\" \/><meta itemprop=\"headline\" content=\"COOLTECH. \u00a1Reduce una talla por sesi\u00f3n mientras te refrescas!\" \/><div itemprop=\"publisher\" itemscope itemtype=\"https:\/\/schema.org\/Organization\"><meta itemprop=\"name\" content=\"Cl\u00ednica Nexus\"><meta itemprop=\"url\" content=\"https:\/\/grupnexus.com\/es\/\"><div itemprop=\"logo\" itemscope itemtype=\"https:\/\/schema.org\/ImageObject\"><meta itemprop=\"url\" content=\"https:\/\/grupnexus.com\/wp-content\/uploads\/LOGO-300x751.png\"><\/div><\/div><div itemscope itemprop=\"author\" itemtype=\"http:\/\/schema.org\/Person\"><meta itemprop=\"url\" content=\"https:\/\/grupnexus.com\/es\/author\/administrador\/\" \/><meta itemprop=\"name\" content=\"Nexus\" \/><\/div><div itemprop=\"interactionStatistic\" itemscope itemtype=\"http:\/\/schema.org\/InteractionCounter\"><meta itemprop=\"interactionType\" content=\"http:\/\/schema.org\/CommentAction\" \/><meta itemprop=\"userInteractionCount\" content=\"0\" \/><\/div>\t<div class=\"video-post-format clearfix as-normal \">\n\t\t<div class=\"post-row\">\n\t<div class=\"post-row-left\">\n\t\n<div class=\"post-date\">\n\t\t\t<span class=\"top-part\">\n\t\t\t23\t\t<\/span>\n\t\t<span class=\"bottom-part\">\n\t\t\t11 '22\t\t<\/span>\n\t<\/div><\/div>\n\t<div class=\"post-row-center\">\n\t\t\t\t\t<div class=\"post-media\">\n\t\t\t\t<div class='media-inner'>\n\t\t\t\t\t\n\t\t\t\t\t<div class=\"wpv-video-frame\"><iframe title=\"Cooltech Define Nexus\" width=\"1380\" height=\"776\" src=\"https:\/\/www.youtube.com\/embed\/F1XHbvNgEUM?feature=oembed\" frameborder=\"0\" allow=\"accelerometer; autoplay; clipboard-write; encrypted-media; gyroscope; picture-in-picture\" allowfullscreen><\/iframe><\/div>\n\t\t\t\t\t\t\t\t\t<\/div>\n\t\t\t<\/div>\n\t\t\t\t<div class=\"post-content-outer\">\n\t\t\t\t\t<header class=\"single\">\n\t\t\t<div class=\"content\">\n\t\t\t\t\t\t\t\t<h3>\n\t\t\t\t\t<a href=\"https:\/\/grupnexus.com\/es\/criolipolisi-medica\/\" title=\"COOLTECH. \u00a1Reduce una talla por sesi\u00f3n mientras te refrescas!\">COOLTECH. \u00a1Reduce una talla por sesi\u00f3n mientras te refrescas!<\/a>\n\t\t\t\t<\/h3>\n\t\t\t<\/div>\n\t\t<\/header>\n\t<div class=\"post-content the-content\">\n\t<p>CRIO = fr\u00edo LIPO = grasa LISI = eliminaci\u00f3n &nbsp; ORIGEN La criolip\u00f3lisis m\u00e9dica selectiva, un nuevo m\u00e9todo no invasivo para la eliminaci\u00f3n de la grasa, fue descubierta en 2008 por los reconocidos dermat\u00f3logos americanos Dieter Manstein, y R. Rox Anderson, que pertenecen a Wellman Center for Photomedicine del Hospital de Massachusetts y la Harvard&#8230;<\/p>\n<\/div><div class=\"post-meta\">\n\t<nav class=\"clearfix\">\n\t\t\n\t\t\t\t\t\t\t\t\t<div><span class=\"icon\">&#57451;<\/span><span class=\"visuallyhidden\">Category<\/span><a href=\"https:\/\/grupnexus.com\/es\/category\/prensa\/noticias\/\" rel=\"category tag\">Noticias<\/a><\/div>\n\t\t\t\t\t\t\t\t\t\t\t\t<\/nav>\n<\/div>\t\t<\/div>\n\t<\/div>\n<\/div>\t<\/div>\n<\/div>\n\t\t\t<\/div>\n\t\t<\/div>\n\t\t<div class=\"page-content post-header clearfix list-item post-51522 post type-post status-publish format-image has-post-thumbnail hentry category-actualidad category-blog category-noticias category-prensa post_format-post-format-image\" itemscope=\"itemscope\" itemtype=\"http:\/\/schema.org\/BlogPosting\">\n\t\t\t<div>\n\t\t\t\t<div class=\"post-article has-image-wrapper \">\n\t<meta itemscope itemprop=\"mainEntityOfPage\" itemid=\"https:\/\/grupnexus.com\/es\/nexus-asiste-al-wem-world-experts-meeting-de-este-ano\/\" \/><meta itemprop=\"datePublished\" content=\"2022-11-07\" \/><meta itemprop=\"dateModified\" content=\"2022-11-08\" \/><meta itemprop=\"headline\" content=\"Nexus asiste al WEM (World Experts Meeting) de este a\u00f1o\" \/><div itemprop=\"publisher\" itemscope itemtype=\"https:\/\/schema.org\/Organization\"><meta itemprop=\"name\" content=\"Cl\u00ednica Nexus\"><meta itemprop=\"url\" content=\"https:\/\/grupnexus.com\/es\/\"><div itemprop=\"logo\" itemscope itemtype=\"https:\/\/schema.org\/ImageObject\"><meta itemprop=\"url\" content=\"https:\/\/grupnexus.com\/wp-content\/uploads\/LOGO-300x751.png\"><\/div><\/div><div itemscope itemprop=\"author\" itemtype=\"http:\/\/schema.org\/Person\"><meta itemprop=\"url\" content=\"https:\/\/grupnexus.com\/es\/author\/administrador\/\" \/><meta itemprop=\"name\" content=\"Nexus\" \/><\/div><div itemscope itemprop=\"image\" itemtype=\"http:\/\/schema.org\/ImageObject\"><meta itemprop=\"url\" content=\"https:\/\/grupnexus.com\/wp-content\/uploads\/2022\/11\/IMG_3532.jpg\" \/><meta itemprop=\"width\" content=\"876\" \/><meta itemprop=\"height\" content=\"941\" \/><\/div><div itemprop=\"interactionStatistic\" itemscope itemtype=\"http:\/\/schema.org\/InteractionCounter\"><meta itemprop=\"interactionType\" content=\"http:\/\/schema.org\/CommentAction\" \/><meta itemprop=\"userInteractionCount\" content=\"0\" \/><\/div>\t<div class=\"image-post-format clearfix as-normal \">\n\t\t<div class=\"post-row\">\n\t<div class=\"post-row-left\">\n\t\n<div class=\"post-date\">\n\t\t\t<span class=\"top-part\">\n\t\t\t07\t\t<\/span>\n\t\t<span class=\"bottom-part\">\n\t\t\t11 '22\t\t<\/span>\n\t<\/div><\/div>\n\t<div class=\"post-row-center\">\n\t\t\t\t\t<div class=\"post-media\">\n\t\t\t\t<div class='media-inner'>\n\t\t\t\t\t\t\t\t\t\t\t<a href=\"https:\/\/grupnexus.com\/es\/nexus-asiste-al-wem-world-experts-meeting-de-este-ano\/\" title=\"Nexus asiste al WEM (World Experts Meeting) de este a\u00f1o\">\n\t\t\t\t\t\n\t\t\t\t\t<img width=\"480\" height=\"369\" src=\"https:\/\/grupnexus.com\/wp-content\/uploads\/2022\/11\/IMG_3532-480x369.jpg\" class=\"attachment-post-loop size-post-loop wp-post-image\" alt=\"\" loading=\"lazy\" srcset=\"https:\/\/grupnexus.com\/wp-content\/uploads\/2022\/11\/IMG_3532-480x369.jpg 480w, https:\/\/grupnexus.com\/wp-content\/uploads\/2022\/11\/IMG_3532-615x473.jpg 615w, https:\/\/grupnexus.com\/wp-content\/uploads\/2022\/11\/IMG_3532-400x307.jpg 400w, https:\/\/grupnexus.com\/wp-content\/uploads\/2022\/11\/IMG_3532-292x225.jpg 292w\" sizes=\"(min-width: 900px) 50vw, 100vw\" \/>\n\t\t\t\t\t\t\t\t\t\t\t<\/a>\n\t\t\t\t\t\t\t\t\t<\/div>\n\t\t\t<\/div>\n\t\t\t\t<div class=\"post-content-outer\">\n\t\t\t\t\t<header class=\"single\">\n\t\t\t<div class=\"content\">\n\t\t\t\t\t\t\t\t<h3>\n\t\t\t\t\t<a href=\"https:\/\/grupnexus.com\/es\/nexus-asiste-al-wem-world-experts-meeting-de-este-ano\/\" title=\"Nexus asiste al WEM (World Experts Meeting) de este a\u00f1o\">Nexus asiste al WEM (World Experts Meeting) de este a\u00f1o<\/a>\n\t\t\t\t<\/h3>\n\t\t\t<\/div>\n\t\t<\/header>\n\t<div class=\"post-content the-content\">\n\t<p>WEM (World Experts Meeting), organizado por Sinclair, convoca a los m\u00e1s prestigiosos cirujanos pl\u00e1sticos, m\u00e9dicos est\u00e9ticos y dermat\u00f3logos a escala internacional, durante los d\u00edas 4 y 5 de noviembre, en Barcelona. Este encuentro tiene como objetivo principal compartir t\u00e9cnicas y experiencias con los productos Sinclair en un foro de formaci\u00f3n m\u00e9dica y networking, dirigido a&#8230;<\/p>\n<\/div><div class=\"post-meta\">\n\t<nav class=\"clearfix\">\n\t\t\n\t\t\t\t\t\t\t\t\t<div><span class=\"icon\">&#57451;<\/span><span class=\"visuallyhidden\">Category<\/span><a href=\"https:\/\/grupnexus.com\/es\/category\/blog\/actualidad\/\" rel=\"category tag\">Actualidad<\/a>, <a href=\"https:\/\/grupnexus.com\/es\/category\/blog\/\" rel=\"category tag\">Blog<\/a>, <a href=\"https:\/\/grupnexus.com\/es\/category\/prensa\/noticias\/\" rel=\"category tag\">Noticias<\/a>, <a href=\"https:\/\/grupnexus.com\/es\/category\/prensa\/\" rel=\"category tag\">Prensa<\/a><\/div>\n\t\t\t\t\t\t\t\t\t\t\t\t<\/nav>\n<\/div>\t\t<\/div>\n\t<\/div>\n<\/div>\t<\/div>\n<\/div>\n\t\t\t<\/div>\n\t\t<\/div>\n<\/div>\n\n<div class=\"wp-pagenavi\"><span class=\"pages\">Page 1 of 47<\/span><span aria-current=\"page\" class=\"page-numbers current\">1<\/span>\n<a class=\"page-numbers\" href=\"https:\/\/grupnexus.com\/es\/wp-json\/wp\/v2\/pages\/989\/page\/2\/\">2<\/a>\n<a class=\"page-numbers\" href=\"https:\/\/grupnexus.com\/es\/wp-json\/wp\/v2\/pages\/989\/page\/3\/\">3<\/a>\n<span class=\"page-numbers dots\">&hellip;<\/span>\n<a class=\"page-numbers\" href=\"https:\/\/grupnexus.com\/es\/wp-json\/wp\/v2\/pages\/989\/page\/47\/\">47<\/a>\n<a class=\"next page-numbers\" href=\"https:\/\/grupnexus.com\/es\/wp-json\/wp\/v2\/pages\/989\/page\/2\/\">Next<\/a><\/div>\n","protected":false},"excerpt":{"rendered":"<p>WEM (World Experts Meeting), organizado por Sinclair, convoca a los m\u00e1s prestigiosos cirujanos pl\u00e1sticos, m\u00e9dicos est\u00e9ticos y dermat\u00f3logos a escala internacional, durante los d\u00edas 4 y 5 de noviembre, en Barcelona. Este encuentro tiene como objetivo principal compartir t\u00e9cnicas y experiencias con los productos Sinclair en un foro de formaci\u00f3n m\u00e9dica y networking, dirigido a&#8230;<\/p>\n","protected":false},"author":5,"featured_media":0,"parent":0,"menu_order":0,"comment_status":"closed","ping_status":"closed","template":"","meta":[],"yoast_head":"<!-- This site is optimized with the Yoast SEO plugin v18.6 - https:\/\/yoast.com\/wordpress\/plugins\/seo\/ -->\n<title>Noticias - Cl\u00ednica Nexus<\/title>\n<meta name=\"robots\" content=\"index, follow, max-snippet:-1, max-image-preview:large, max-video-preview:-1\" \/>\n<link rel=\"canonical\" href=\"https:\/\/grupnexus.com\/es\/noticias\/\" \/>\n<meta property=\"og:locale\" content=\"es_ES\" \/>\n<meta property=\"og:type\" content=\"article\" \/>\n<meta property=\"og:title\" content=\"Noticias - Cl\u00ednica Nexus\" \/>\n<meta property=\"og:description\" content=\"WEM (World Experts Meeting), organizado por Sinclair, convoca a los m\u00e1s prestigiosos cirujanos pl\u00e1sticos, m\u00e9dicos est\u00e9ticos y dermat\u00f3logos a escala internacional, durante los d\u00edas 4 y 5 de noviembre, en Barcelona. Este encuentro tiene como objetivo principal compartir t\u00e9cnicas y experiencias con los productos Sinclair en un foro de formaci\u00f3n m\u00e9dica y networking, dirigido a...\" \/>\n<meta property=\"og:url\" content=\"https:\/\/grupnexus.com\/es\/noticias\/\" \/>\n<meta property=\"og:site_name\" content=\"Cl\u00ednica Nexus\" \/>\n<meta property=\"article:modified_time\" content=\"2015-10-05T18:17:04+00:00\" \/>\n<meta name=\"twitter:card\" content=\"summary\" \/>\n<script type=\"application\/ld+json\" class=\"yoast-schema-graph\">{\"@context\":\"https:\/\/schema.org\",\"@graph\":[{\"@type\":\"WebSite\",\"@id\":\"https:\/\/grupnexus.com\/es\/#website\",\"url\":\"https:\/\/grupnexus.com\/es\/\",\"name\":\"Cl\u00ednica Nexus\",\"description\":\"L\u00edders en Medicina Est\u00e8tica Avan\u00e7ada\",\"potentialAction\":[{\"@type\":\"SearchAction\",\"target\":{\"@type\":\"EntryPoint\",\"urlTemplate\":\"https:\/\/grupnexus.com\/es\/?s={search_term_string}\"},\"query-input\":\"required name=search_term_string\"}],\"inLanguage\":\"es\"},{\"@type\":\"WebPage\",\"@id\":\"https:\/\/grupnexus.com\/es\/noticias\/#webpage\",\"url\":\"https:\/\/grupnexus.com\/es\/noticias\/\",\"name\":\"Noticias - Cl\u00ednica Nexus\",\"isPartOf\":{\"@id\":\"https:\/\/grupnexus.com\/es\/#website\"},\"datePublished\":\"2015-02-10T11:37:37+00:00\",\"dateModified\":\"2015-10-05T18:17:04+00:00\",\"breadcrumb\":{\"@id\":\"https:\/\/grupnexus.com\/es\/noticias\/#breadcrumb\"},\"inLanguage\":\"es\",\"potentialAction\":[{\"@type\":\"ReadAction\",\"target\":[\"https:\/\/grupnexus.com\/es\/noticias\/\"]}]},{\"@type\":\"BreadcrumbList\",\"@id\":\"https:\/\/grupnexus.com\/es\/noticias\/#breadcrumb\",\"itemListElement\":[{\"@type\":\"ListItem\",\"position\":1,\"name\":\"Portada\",\"item\":\"https:\/\/grupnexus.com\/es\/\"},{\"@type\":\"ListItem\",\"position\":2,\"name\":\"Noticias\"}]}]}<\/script>\n<!-- \/ Yoast SEO plugin. -->","yoast_head_json":{"title":"Noticias - Cl\u00ednica Nexus","robots":{"index":"index","follow":"follow","max-snippet":"max-snippet:-1","max-image-preview":"max-image-preview:large","max-video-preview":"max-video-preview:-1"},"canonical":"https:\/\/grupnexus.com\/es\/noticias\/","og_locale":"es_ES","og_type":"article","og_title":"Noticias - Cl\u00ednica Nexus","og_description":"WEM (World Experts Meeting), organizado por Sinclair, convoca a los m\u00e1s prestigiosos cirujanos pl\u00e1sticos, m\u00e9dicos est\u00e9ticos y dermat\u00f3logos a escala internacional, durante los d\u00edas 4 y 5 de noviembre, en Barcelona. Este encuentro tiene como objetivo principal compartir t\u00e9cnicas y experiencias con los productos Sinclair en un foro de formaci\u00f3n m\u00e9dica y networking, dirigido a...","og_url":"https:\/\/grupnexus.com\/es\/noticias\/","og_site_name":"Cl\u00ednica Nexus","article_modified_time":"2015-10-05T18:17:04+00:00","twitter_card":"summary","schema":{"@context":"https:\/\/schema.org","@graph":[{"@type":"WebSite","@id":"https:\/\/grupnexus.com\/es\/#website","url":"https:\/\/grupnexus.com\/es\/","name":"Cl\u00ednica Nexus","description":"L\u00edders en Medicina Est\u00e8tica Avan\u00e7ada","potentialAction":[{"@type":"SearchAction","target":{"@type":"EntryPoint","urlTemplate":"https:\/\/grupnexus.com\/es\/?s={search_term_string}"},"query-input":"required name=search_term_string"}],"inLanguage":"es"},{"@type":"WebPage","@id":"https:\/\/grupnexus.com\/es\/noticias\/#webpage","url":"https:\/\/grupnexus.com\/es\/noticias\/","name":"Noticias - Cl\u00ednica Nexus","isPartOf":{"@id":"https:\/\/grupnexus.com\/es\/#website"},"datePublished":"2015-02-10T11:37:37+00:00","dateModified":"2015-10-05T18:17:04+00:00","breadcrumb":{"@id":"https:\/\/grupnexus.com\/es\/noticias\/#breadcrumb"},"inLanguage":"es","potentialAction":[{"@type":"ReadAction","target":["https:\/\/grupnexus.com\/es\/noticias\/"]}]},{"@type":"BreadcrumbList","@id":"https:\/\/grupnexus.com\/es\/noticias\/#breadcrumb","itemListElement":[{"@type":"ListItem","position":1,"name":"Portada","item":"https:\/\/grupnexus.com\/es\/"},{"@type":"ListItem","position":2,"name":"Noticias"}]}]}},"_links":{"self":[{"href":"https:\/\/grupnexus.com\/es\/wp-json\/wp\/v2\/pages\/989"}],"collection":[{"href":"https:\/\/grupnexus.com\/es\/wp-json\/wp\/v2\/pages"}],"about":[{"href":"https:\/\/grupnexus.com\/es\/wp-json\/wp\/v2\/types\/page"}],"author":[{"embeddable":true,"href":"https:\/\/grupnexus.com\/es\/wp-json\/wp\/v2\/users\/5"}],"replies":[{"embeddable":true,"href":"https:\/\/grupnexus.com\/es\/wp-json\/wp\/v2\/comments?post=989"}],"version-history":[{"count":0,"href":"https:\/\/grupnexus.com\/es\/wp-json\/wp\/v2\/pages\/989\/revisions"}],"wp:attachment":[{"href":"https:\/\/grupnexus.com\/es\/wp-json\/wp\/v2\/media?parent=989"}],"curies":[{"name":"wp","href":"https:\/\/api.w.org\/{rel}","templated":true}]}}